{"id":1100,"date":"2021-07-01T20:24:55","date_gmt":"2021-07-01T20:24:55","guid":{"rendered":"https:\/\/www.tsv-holzerode.de\/?page_id=1100"},"modified":"2021-07-05T17:52:22","modified_gmt":"2021-07-05T17:52:22","slug":"geschichte","status":"publish","type":"page","link":"https:\/\/www.tsv-holzerode.de\/?page_id=1100","title":{"rendered":"Geschichte"},"content":{"rendered":"\n<h2 class=\"wp-block-heading\"><strong>Liebe Mitglieder, liebe Holzer\u00f6der\/innen, liebe Freunde des TSV Holzerode von 1921 e.V.,<\/strong><\/h2>\n\n\n\n<p>der TSV Holzerode von 1921 e.V. feiert in diesem Jahr sein 100-j\u00e4hriges Jubil\u00e4um. Das Jahr 2021 sowie auch das vergangene Jahr sind f\u00fcr uns alle eine besondere Zeit. Die Pandemie hat uns alle immer noch fest im Griff und mit sehr gro\u00dfem Bedauern mussten auch wir den Sportbetrieb \u00fcber einen langen Zeitraum weitestgehend einstellen. Eine Feier zum 100-j\u00e4hrigen Jubil\u00e4um ist derzeit leider nicht m\u00f6glich. Trotz der Pandemie und den negativen Auswirkungen auf den Sportbetrieb und das Vereinsleben konnte der TSV im vergangenen Jahr einen Mitgliederzuwachs verzeichnen. Hier\u00fcber freuen wir uns sehr.<\/p>\n\n\n\n<div class=\"wp-block-columns is-layout-flex wp-container-core-columns-is-layout-9d6595d7 wp-block-columns-is-layout-flex\">\n<div class=\"wp-block-column is-layout-flow wp-block-column-is-layout-flow\" style=\"flex-basis:66.66%\">\n<p>In den vergangenen 100 Jahren haben sich zahlreiche Unterst\u00fctzer und Helfer des Vereins ehrenamtlich engagiert, denen wir bei dieser Gelegenheit ganz herzlich danken m\u00f6chten. Ein ganz besonderer Dank geht jedoch an <strong>Prof. Dr. Wolfgang Buss<\/strong>, dem wir die wundervolle Chronik \u00fcber den TSV Holzerode von 1921 e.V., die ihr auf den folgenden Seiten finden werdet, zu verdanken haben.<\/p>\n<\/div>\n\n\n\n<div class=\"wp-block-column is-layout-flow wp-block-column-is-layout-flow\" style=\"flex-basis:33.33%\">\n<figure class=\"wp-block-image size-large\"><a href=\"https:\/\/www.tsv-holzerode.de\/wp-content\/uploads\/2021\/06\/image-1.png\" target=\"_blank\" rel=\"noopener\"><img loading=\"lazy\" decoding=\"async\" width=\"196\" height=\"273\" src=\"https:\/\/www.tsv-holzerode.de\/wp-content\/uploads\/2021\/06\/image-1.png\" alt=\"\" class=\"wp-image-1106\"\/><\/a><\/figure>\n<\/div>\n<\/div>\n\n\n\n<p>Prof. Dr. Wolfgang Buss hat \u00fcber Monate recherchiert, telefoniert und Gespr\u00e4che mit ehemaligen Vorsitzenden gef\u00fchrt, um f\u00fcr uns diese einmalige Chronik zu erstellen, die uns noch in vielen Jahren Freude beim Lesen bereiten wird. Noch einmal herzlichen Dank daf\u00fcr!<\/p>\n\n\n\n<p>Wir w\u00fcnschen euch nun viel Spa\u00df beim Lesen und \u201ein Erinnerung schwelgen\u201c mit dieser tollen Zeitreise. Wir danken unseren Mitgliedern und Unterst\u00fctzern f\u00fcr ihre Treue und schauen als Vorstand gemeinsam, zuversichtlich und motiviert in die Zukunft des Vereins.<\/p>\n\n\n\n<p><strong>Auch wir, der Team-Vorstand des TSV Holzerode, m\u00f6chten uns bei euch vorstellen:<\/strong><\/p>\n\n\n\n<p><strong>Seit Februar 2020 f\u00fchren wir gemeinsam in einem Team-Vorstand den TSV Holzerode von 1921 e.V. Johannes Diedrich \u00fcbernahm mit seiner Wahl die Aufgaben der Organisation, Mike Kaufhold den Bereich des Sportbetriebs, Petra Kolle weiterhin die Finanzen und die Mitgliederverwaltung, Carola Grub die Organisation der Veranstaltungen und Janina Behmke ist als Schriftf\u00fchrerin auch f\u00fcr die&nbsp; \u00d6ffentlichkeitsarbeit zust\u00e4ndig.<\/strong><\/p>\n\n\n\n<div class=\"wp-block-image\"><figure class=\"aligncenter size-large\"><a href=\"https:\/\/www.tsv-holzerode.de\/wp-content\/uploads\/2021\/06\/image.png\" target=\"_blank\" rel=\"noopener\"><img loading=\"lazy\" decoding=\"async\" width=\"449\" height=\"214\" src=\"https:\/\/www.tsv-holzerode.de\/wp-content\/uploads\/2021\/06\/image.png\" alt=\"\" class=\"wp-image-1102\" srcset=\"https:\/\/www.tsv-holzerode.de\/wp-content\/uploads\/2021\/06\/image.png 449w, https:\/\/www.tsv-holzerode.de\/wp-content\/uploads\/2021\/06\/image-300x143.png 300w\" sizes=\"auto, (max-width: 449px) 100vw, 449px\" \/><\/a><\/figure><\/div>\n\n\n\n<p><strong>Mit sportlichem Gru\u00df &#8211; Der Vorstand des TSV Holzerode<\/strong><\/p>\n\n\n\n<h2 class=\"wp-block-heading\"><strong>1. Vorbemerkung<\/strong><\/h2>\n\n\n\n<p>Die 100j\u00e4hrige Geschichte des \u201eTurn- und Sportvereins Holzerode von 1921 e.V.\u201c beruht auf sehr unterschiedlichen Quellen. F\u00fcr die Fr\u00fchgeschichte der ersten 50 Jahre bis Anfang der 1970er Jahre &nbsp;sind dies \u00fcberwiegend Interviews, die der Autor mit damals noch lebenden Zeitzeugen gef\u00fchrt hat. Schriftliche Aufzeichnungen und Dokumente zu dieser Phase waren nur in sehr geringem Umfang vorhanden, da die Vereinsverwaltung weitestgehend \u201aaus der Aktentasche heraus\u2018 gef\u00fchrt und kaum etwas \u00fcberliefert bzw. dokumentiert wurde. Auf dieser Basis wurden jedoch schon zwei fr\u00fchere Festschriften vom Autor erarbeitet (1981 zusammen mit Prof. Hartmut Tietze und 1996), die hier eingeflossen sind. F\u00fcr die Fr\u00fchgeschichte in der \u201eWeimarer Republik\u201c konnten statistische Angaben aus dem <em>\u201eReichsadressbuch der Beh\u00f6rden, Verb\u00e4nde und Vereine f\u00fcr Leibes\u00fcbungen\u201c<\/em>, Ausgabe 1930, herangezogen werden. Ein Gro\u00dfteil der Bilder wurden vom Autor in Holzerode gesammelt und gesichert, andere ihm von Mitgliedern zur Verf\u00fcgung gestellt. Erst mit der Schrift- und Protokollf\u00fchrung von Eveline Hartmann mit einem vorbildlichen Protokollbuch von 1971 bis 1993 und dann der gleicherma\u00dfen umfangreichen Dokumentation der \u201aGesch\u00e4fte\u2018 des Vereins durch Lothar Becker in der Zeit von 2005 bis 2015 ist die Entwicklung des Vereins einigerma\u00dfen vollst\u00e4ndig zu erfassen gewesen. F\u00fcr die Zwischenzeiten fehlen \u2013 so wie f\u00fcr die Fr\u00fchzeit \u2013 weitgehend Aufzeichnungen. Auch bzw. gerade in Zeiten der Digitalisierung muss das in Zukunft vollst\u00e4ndig und systematisch gehandhabt werden, damit die n\u00e4chsten 100 Jahre das Vereinsgeschehen leichter zu erfassen sind.&nbsp;Im folgenden Text wurde versucht, vor allem die Vereinsabl\u00e4ufe nachzuzeichnen; sie wurden von vielen Einzelpersonen, aber auch Gruppen initiiert und getragen. Dies waren die Vorst\u00e4nde seit 1921, die Abteilungs- und Spartenleiter sowie unz\u00e4hlige Helfer\/innen bei den einzelnen Ereignissen. Es war unm\u00f6glich alle diese Personen \u2013 ohne die der Verein sich allerdings nicht h\u00e4tte entwickeln k\u00f6nnen \u2013 zu erw\u00e4hnen. Hervorgehoben wurden deshalb nur die jeweiligen Vorsitzenden und einzelne besonders engagierte Mitglieder, die sich besondere Dienste erworben haben bzw. herausragende Entwicklungen beeinflusst haben. Vergessen sind damit aber all die nicht erw\u00e4hnten Mitglieder nicht \u2013 ohne diese h\u00e4tten auch die Vorst\u00e4nde und Abteilungsleitungen ihre Arbeit nicht zum Erfolg f\u00fchren k\u00f6nnen. Letztlich sei noch all denen aus der aktuellen Mitgliedschaft gedankt, die mich im letzten Jahr bis heute bei der Suche nach Einzelinformationen und Dokumenten unterst\u00fctzt haben.<\/p>\n\n\n\n<h2 class=\"wp-block-heading\"><strong>2. Die &nbsp;Gr\u00fcndung des ersten Sportvereins im Jahre 1921<\/strong><\/h2>\n\n\n\n<p>In der Notzeit nach dem Zusammenbruch des Wilhelminischen Kaiserreiches 1918 und trotz der &nbsp;Belastungen durch den verlorenen Krieg sowie die politischen Wirren um die Errichtung der jungen Weimarer Demokratie regte sich \u00fcberall in Deutschland neues gesellschaftliches Leben, auch bei uns in den D\u00f6rfern rund um die \u201eAlte Herrschaft Plesse\u201c. Die hier \u00fcberwiegend in \u00e4rmlichen Verh\u00e4ltnissen lebende und politisch unterprivilegierte Landbev\u00f6lkerung, Arbeiter und Kleinbauern, wollte nun auch gleichberechtigt am \u00f6ffentlichen Geschehen teilhaben und zur Gestaltung des eigenen Lebensbereichs aktiver beitragen. Holzerode war damals ein Ort von ca. 500 Einwohnern, in dem es au\u00dfer dem M\u00e4nnergesangverein und dem Kriegerverein keine weiteren Angebote gab, um die \u2013 bei einer 6-Tage-Woche mit durchschnittlich 60 Arbeitsstunden \u2013 geringe freie Zeit mit sinnvollen Bet\u00e4tigungen in geselliger Runde zu nutzen; dazu geh\u00f6rte neben der schon traditionellen Turnerei auch der noch junge Sport, insbesondere die immer popul\u00e4rer werdenden gro\u00dfen Sportspiele wie Fu\u00dfball und Handball.&nbsp;&nbsp;&nbsp;&nbsp;&nbsp; Die ersten Anst\u00f6\u00dfe zu sportlichen Aktivit\u00e4ten gingen in Holzerode von einem Kreis junger M\u00e4nner aus, der sich 1920 in der Gastwirtschaft Heinrich Degenhardts, dem \u201eKrug\u201c, zusammengefunden hatte und zun\u00e4chst dem Fu\u00dfballspiel zugetan war. Schon bald danach trat man mit zwei Mannschaften untereinander an; in noch inoffiziellen Spielen k\u00e4mpfte eine 1. Mannschaft in blau-wei\u00dfen Trikots gegen eine 2. Mannschaft in rot-wei\u00dfen, den sp\u00e4teren Vereinsfarben. Bald wurden auch Vergleichsspiele mit Mannschaften aus den Nachbarorten durchgef\u00fchrt, dort, wo im Sport die gleiche Aufbruchsstimmung herrschte und sich schon vorher junge Sportler organisiert hatten. Die ersten Holzer\u00f6der Fu\u00dfballer verf\u00fcgten auch schon \u00fcber einen echten Lederball, den die besonders engagierten Aktiven Walter Dietrich, Wilhelm Vollbrecht und Karl Schnur eigens per Fahrradtour aus G\u00f6ttingen herbeigeschafft hatten. Wenngleich es diesen ersten sportlichen Aktivit\u00e4ten im Sommer 1920 auch noch an Stetigkeit fehlte, so wirkten sie jedoch ermutigend und brachten Bewegung in die Etablierung einer festen Sportkultur im Dorfe. Dabei folgte man den Vorbildern aus den n\u00e4chsten Nachbarorten Spanbeck, Eberg\u00f6tzen, Oberbillingshausen oder Gillersheim, wo entweder wie in Spanbeck und Eberg\u00f6tzen schon seit der Vorkriegszeit ein Turnverein bestand (seit 1913 in Spanbeck \u201eTreu deutsch\u201c und in Eberg\u00f6tzen der \u201eM\u00e4nnerturnverein\u201c) oder in dieser fr\u00fchen Nachkriegszeit wie wiederum in Spanbeck, aber auch in Oberbillingshausen und Gillersheim gerade Neugr\u00fcndungen erfolgt waren (1919 in Oberbillingshausen der Arbeitersportverein \u201eFrisch auf\u201c, in Gillersheim der Arbeitersportverein \u201eEintracht\u201c sowie 1920 in Spanbeck ein zweiter Verein, der Arbeitersportverein \u201eVorw\u00e4rts\u201c). <strong>Am 01. Juni 1921 fanden sich also in Holzerode im Vereinszimmer des Gasthauses R\u00fchling, der \u201eLinde\u201c, 28 sportinteressierte M\u00e4nner ein und gr\u00fcndeten den ersten Sportverein in Holzerode, den \u201eFreien Jugend-, Turn- und Sport-Verein&#8220;, <\/strong>der sogleich Mitglied im deutschlandweiten Dachverband des Arbeitersports, dem \u201eArbeiter-Turn- und Sportbund\u201c (ATSB) wurde.Unter den Gr\u00fcndern findet man viele vertraute Holzer\u00f6der Namen, die das sportliche Leben in den 1920er und 1930er Jahren pr\u00e4gten. Dazu geh\u00f6rten aus dem Kreis der \u00c4lteren Philipp Schilling, Robert Dankenbrink, Georg B\u00e4hrens und Otto Finke sowie eine gr\u00f6\u00dfere Anzahl j\u00fcngerer Sportbegeisterter wie Walter Dietrich, Wilhelm Vollbrecht, Wilhelm R\u00fchling, Karl Kolle, August Waldmann, August Dietrich, August Lechte, Karl Schnur, Wilhelm Gebhardt, Karl Lechte, Heinrich B\u00e4hrens, Richard Waldmann, Wilhelm Schnur, Karl Vollbrecht, Wilhelm Linnemann und einige namentlich nicht mehr feststellbare.<\/p>\n\n\n\n<div class=\"wp-block-image\"><figure class=\"aligncenter size-large is-resized\"><a href=\"https:\/\/www.tsv-holzerode.de\/wp-content\/uploads\/2021\/06\/1-Turnerriege-1921.jpg\" target=\"_blank\" rel=\"noopener\"><img loading=\"lazy\" decoding=\"async\" src=\"https:\/\/www.tsv-holzerode.de\/wp-content\/uploads\/2021\/06\/1-Turnerriege-1921.jpg\" alt=\"\" class=\"wp-image-1107\" width=\"541\" height=\"396\" srcset=\"https:\/\/www.tsv-holzerode.de\/wp-content\/uploads\/2021\/06\/1-Turnerriege-1921.jpg 541w, https:\/\/www.tsv-holzerode.de\/wp-content\/uploads\/2021\/06\/1-Turnerriege-1921-300x220.jpg 300w\" sizes=\"auto, (max-width: 541px) 100vw, 541px\" \/><\/a><figcaption>Turnerriege der \u201eFreien Turner\u201c von 1921<br><strong>hintere Reihe v.l.n.r.: <\/strong>August Waldmann, Hermann Vollbrecht, Wilhelm Finke, Hermann Finke, August Lechte, unbekannt, Wilhelm Heise und Wilhelm Vollbrecht<br><strong>mittlere Reihe v.l.n.r.:<\/strong> Wilhelm R\u00fchling, Walter Dietrich, Georg B\u00e4hrens und Karl Kolle<br><strong>vordere Reihe v.l.n.r.:<\/strong> August Dietrich, Karl Lechte und Karl Vollbrecht<\/figcaption><\/figure><\/div>\n\n\n\n<p>Zum <strong>ersten Vereinsvorsitzenden<\/strong> wurde der aus Gillersheim stammende <strong>Otto Finke<\/strong> gew\u00e4hlt. Dass man sich sogleich mit der Vereinsgr\u00fcndung als Arbeitersportverein dem zum sozialdemokratischen Lager geh\u00f6renden ATSB anschloss, konnte nicht verwundern, denn der gr\u00f6\u00dfte Teil der Bewohner des Dorfes geh\u00f6rte in den 20er Jahren zum Arbeiterclientel, das hier jetzt auch schon einen SPD-Ortsverein und ein kleines Gewerkschaftskartell gegr\u00fcndet hatte. Viele von ihnen verdienten ihren Lebensunterhalt im Kalibergwerk Reyershausen, in der Ziegelei \u201eH\u00f6lle&#8220; oder in der Forstwirtschaft als Waldarbeiter, daneben bewirtschaftete man eine kleine \u201aScholle\u2018 mit etwas Vieh zur Selbstversorgung und lebte zumeist immer so am Existenzminimum. Mit gro\u00dfem Engagement nahm man nun den Sportbetrieb auf und bald gewann der Verein gro\u00dfes Ansehen im ganzen Ort. Die Mitgliedschaft erweiterte sich schnell und neben der M\u00e4nnerturnriege konnte auch eine Jugendgruppe aus schulpflichtigen M\u00e4dchen und Jungen eingerichtet werden. Die Tatsache, dass man sich als Arbeitersportverein verstand, hinderte zun\u00e4chst auch die sog.&nbsp; \u201eB\u00fcrgerlichen\u201c (die selbst\u00e4ndigen Bauern und Handwerker) nicht an einer Mitgliedschaft \u2013 der Verein war offen f\u00fcr jedermann, der Sport treiben wollte.<\/p>\n\n\n\n<h2 class=\"wp-block-heading\"><strong>3. Erste \u00dcbungsst\u00e4tten und das Sportprogramm<\/strong><\/h2>\n\n\n\n<p>In der heutigen Zeit ist es kaum noch vorstellbar, unter welchen schwierigen Bedingungen in den Gr\u00fcnderjahren des Vereins das sportliche Geschehen ablief. Es geh\u00f6rte schon viel Idealismus dazu, sich trotz einer 6-Tage-Woche, langen Arbeitswegen und zumeist schwerer k\u00f6rperlicher Arbeit noch dazu aufzuraffen, abends bzw. am Wochenende gemeinsam Sport zu treiben. Auch ein Sportplatz oder eine Sporthalle, wie sie uns heute selbstverst\u00e4ndlich erscheinen, standen ja noch nicht zur Verf\u00fcgung. Das sogenannte volkst\u00fcmliche Turnen, die heutige Leichtathletik, fand auf primitiven Natursportst\u00e4tten (Feldwegen und Wiesen) statt, die f\u00fcr den \u00dcbungsbetrieb durch Eigenleistungen immer wieder hergerichtet werden mussten. So dienten die alte Schulwiese in der N\u00e4he des heutigen \u201aAlten Friedhofs\u2018 und der Garten des Gasthauses R\u00fchling im Sommer als \u00dcbungsst\u00e4tten. Hier wurden der Weit- und Hochsprung sowie der Speerwurf ge\u00fcbt, w\u00e4hrend der Kurzstreckenlauf im heutigen Billingsh\u00e4user Weg ausgetragen wurde. Die Fu\u00dfballer trafen sich schon damals auf der relativ weit vom Ort entfernten Forstwiese am Osterholz und niemand konnte damals ahnen, dass auf diesem Gel\u00e4nde der Holzer\u00f6der Fu\u00dfballsport eine Generation sp\u00e4ter eine erste Glanzzeit erleben w\u00fcrde. Die Turner versammelten sich zu ihren regelm\u00e4\u00dfigen \u00dcbungsabenden zweimal in der Woche auf dem Saal des Gasthauses R\u00fchling, nachdem dieser als Neubau im Jahre 1923 fertiggestellt worden war. Dass der Kassenstand des gerade gegr\u00fcndeten Vereins noch ziemlich mager war, tat dem Engagement keinen Abbruch. <\/p>\n\n\n\n<figure class=\"wp-block-image size-large\"><a href=\"https:\/\/www.tsv-holzerode.de\/wp-content\/uploads\/2021\/06\/2-Fahrradriege-1924-in-Spanbeck.jpg\" target=\"_blank\" rel=\"noopener\"><img loading=\"lazy\" decoding=\"async\" width=\"639\" height=\"377\" src=\"https:\/\/www.tsv-holzerode.de\/wp-content\/uploads\/2021\/06\/2-Fahrradriege-1924-in-Spanbeck.jpg\" alt=\"\" class=\"wp-image-1108\" srcset=\"https:\/\/www.tsv-holzerode.de\/wp-content\/uploads\/2021\/06\/2-Fahrradriege-1924-in-Spanbeck.jpg 639w, https:\/\/www.tsv-holzerode.de\/wp-content\/uploads\/2021\/06\/2-Fahrradriege-1924-in-Spanbeck-300x177.jpg 300w\" sizes=\"auto, (max-width: 639px) 100vw, 639px\" \/><\/a><figcaption>Eine Fahrradgruppe der \u201eFreien Turner\u201c festlich geschm\u00fcckt beim Kreisgruppenturnfest des ATSB in Spanbeck 1924<br><strong>v.l.n.r.: <\/strong>unbekannt, Otto Thiele, Heinrich Wertheim, Karl Thiele und Wilhelm Vollbrecht<\/figcaption><\/figure>\n\n\n\n<p>Im Gegenteil, die jungen Sportler f\u00fchlten sich dadurch nur um so mehr angespornt und legten tatkr\u00e4ftig Hand an, um die Vereinskasse nicht zu belasten. So schmiedeten die Br\u00fcder Wilhelm und Heinrich Linnemann auf ihrer Arbeitsstelle im Kalischacht Reyershausen selbst die erste Reckstange f\u00fcr den Verein. Und bald konnte auch ein erster Barren aus Mitteln der Vereinskasse beschafft werden. Unter diesen g\u00fcnstigen Bedingungen, nicht zuletzt durch die vorbildliche Leitung des Vorturners Georg B\u00e4hrens, kurz \u201eSchorse&#8220; (2)&nbsp;&nbsp;&nbsp; genannt, nahm das Ger\u00e4teturnen einen kr\u00e4ftigen Aufschwung. Wilhelm R\u00fchling entwickelte sich bald zum besten Mann an den Ger\u00e4ten und mit seinen Leistungen auch \u00fcber die Ortsgrenze hinaus zum Stolz des jungen Vereins. Bei Wettk\u00e4mpfen und festlichen Anl\u00e4ssen konnten die \u201eFreien Turner&#8220; in den 20er Jahren dar\u00fcber hinaus mit einer heute vergessenen Spezial\u00fcbung aufwarten. Acht M\u00e4nner traten in Formation an und unter Musikbegleitung wurden schwere H\u00e4mmer in rhythmischen und synchronen Bewegungen von ihnen durch die Luft geschwungen. Mit dieser \u201eHolzer\u00f6der Hammer\u00fcbung\u201c konnten die beteiligten Turner nat\u00fcrlich immer viel Beifall ernten. Dar\u00fcber hinaus war man immer gern gesehener Gast mit seiner Fahrradgruppe bei den Festen der befreundeten Vereine.<\/p>\n\n\n\n<div class=\"wp-block-columns is-layout-flex wp-container-core-columns-is-layout-9d6595d7 wp-block-columns-is-layout-flex\">\n<div class=\"wp-block-column is-layout-flow wp-block-column-is-layout-flow\">\n<figure class=\"wp-block-image size-large\"><a href=\"https:\/\/www.tsv-holzerode.de\/wp-content\/uploads\/2021\/06\/3-Turnergruppe-FT-1924-in-Spanbeck.jpg\" target=\"_blank\" rel=\"noopener\"><img loading=\"lazy\" decoding=\"async\" width=\"628\" height=\"415\" src=\"https:\/\/www.tsv-holzerode.de\/wp-content\/uploads\/2021\/06\/3-Turnergruppe-FT-1924-in-Spanbeck.jpg\" alt=\"\" class=\"wp-image-1109\" srcset=\"https:\/\/www.tsv-holzerode.de\/wp-content\/uploads\/2021\/06\/3-Turnergruppe-FT-1924-in-Spanbeck.jpg 628w, https:\/\/www.tsv-holzerode.de\/wp-content\/uploads\/2021\/06\/3-Turnergruppe-FT-1924-in-Spanbeck-300x198.jpg 300w\" sizes=\"auto, (max-width: 628px) 100vw, 628px\" \/><\/a><figcaption><strong>Holzer\u00f6der Arbeitersportler beim Turnfest in Spanbeck 1924<\/strong><br><strong>v.l.n.r.:<\/strong> Karl Schnur, Hermann Finke, Heinrich Thiele, Robert Finke und Walter Dietrich<\/figcaption><\/figure>\n<\/div>\n\n\n\n<div class=\"wp-block-column is-layout-flow wp-block-column-is-layout-flow\">\n<figure class=\"wp-block-image size-large\"><a href=\"https:\/\/www.tsv-holzerode.de\/wp-content\/uploads\/2021\/06\/4-Turnergruppe-1925-mit-W.-Vollbrecht.jpg\" target=\"_blank\" rel=\"noopener\"><img loading=\"lazy\" decoding=\"async\" width=\"536\" height=\"380\" src=\"https:\/\/www.tsv-holzerode.de\/wp-content\/uploads\/2021\/06\/4-Turnergruppe-1925-mit-W.-Vollbrecht.jpg\" alt=\"\" class=\"wp-image-1110\" srcset=\"https:\/\/www.tsv-holzerode.de\/wp-content\/uploads\/2021\/06\/4-Turnergruppe-1925-mit-W.-Vollbrecht.jpg 536w, https:\/\/www.tsv-holzerode.de\/wp-content\/uploads\/2021\/06\/4-Turnergruppe-1925-mit-W.-Vollbrecht-300x213.jpg 300w\" sizes=\"auto, (max-width: 536px) 100vw, 536px\" \/><\/a><figcaption><strong>eine Gruppe ausw\u00e4rtiger Turner mit dem Holzer\u00f6der Wilhelm Vollbrecht in der Mitte ca. 1925<\/strong><\/figcaption><\/figure>\n<\/div>\n<\/div>\n\n\n\n<h2 class=\"wp-block-heading\"><strong>4. Die Spaltung des Vereins und die Gr\u00fcndung des zweiten Vereins \u201eTreu deutsch\u201c im Jahre 1925<\/strong><\/h2>\n\n\n\n<p>Es wurde bereits erw\u00e4hnt, dass der erste Sportverein im Dorf aus der Tradition &nbsp;der Arbeiterbewegung heraus entstanden war. Man wollte mehr sein als nur ein loser Zusammenschluss von Sporttreibenden. Als bewusster Arbeitersportverein verstand man sich zugleich auch als eine politische Organisation, d.h. als eine \u201eKampforganisation f\u00fcr das arbeitende Volk&#8220;, wie es der aus Spanbeck kommende ATSB-Kreisgruppenvorsitzende Klapproth anl\u00e4sslich einer Vorturnerstunde im Jahre 1924 zum Ausdruck brachte. Die als H\u00f6hepunkte des Vereinslebens allj\u00e4hrlich stattfindenden Turnerb\u00e4lle waren in diesem Sinne auch eine politische Demonstration und die Teilnahme daran zugleich ein Solidarit\u00e4tsbeweis f\u00fcr die eigene politische \u00dcberzeugung. Bei den durch die&nbsp; Inflation, Arbeitslosigkeit, Streiks und Aussperrungen gepr\u00e4gten schwierigen gesellschaftlichen, vor allem wirtschaftlichen Verh\u00e4ltnissen in der ersten H\u00e4lfte der 1920er Jahre konnte selbstverst\u00e4ndlich auch das sportliche Leben im Ort von den zunehmenden politischen Spannungen nicht unber\u00fchrt bleiben. Derjenige Teil der Dorfbewohner, der aufgrund seiner Interessenlage eher \u201eb\u00fcrgerlich&#8220; (so die sprachliche Unterscheidung im Dorf zwischen Arbeitern und Bauern und Handwerkern) dachte und orientiert war, sah im Arbeitersportverein zumeist einen letztlich nur noch \u201eroten Club&#8220;, mit dem man politisch durchaus nichts gemeinsam haben wollte. Unter diesen Umst\u00e4nden kam es Anfang 1925 \u2013 weniger aus sportlichen als aus politischen Gr\u00fcnden \u2013 zu einer schweren Ersch\u00fctterung und schlie\u00dflich zur Spaltung des ersten Sportvereins. Fast ein Drittel des inzwischen auf rund 50 Mitglieder angewachsenen Vereins verlie\u00dfen denselben und gr\u00fcndeten einen eigenen Turnverein, den \u201eDeutschen Turn- und Sportverein \u201aTreu deutsch\u2018 Holzerode&#8220;, der sogleich Mitglied in dem b\u00fcrgerlich-konservativen Dachverband der \u201eDeutschen Turnerschaft&#8220; (DT) wurde. Bei der Gr\u00fcndungsversammlung im Postraum der Gastwirtschaft Degenhardt fanden sich 27 Gr\u00fcndungsmitglieder ein: August Linnemann, Wilhelm Hemmers, Paul Hemmers, August Meyer, Karl Meyer sen. und jun., Georg und August Linnemann, Wilhelm und Heinrich Dettmar, Heinrich Heise, Hermann Heinemann, Karl und Wilhelm Vollbrecht, Heinrich Sindram, Karl Linnemann, Heinrich Degenhardt, Otto Dettmar, Wilhelm Fahlbusch, Adolf und August Hartmann, Wilhelm und Richard Waldmann, Ludwig Dankenbrink, August Kolle, August Ernst und Otto Linnemann. Vereinslokal wurde das Gasthaus Lechte und als 1. Vorsitzender (auch \u201ePr\u00e4sident\u201c genannt) \u00fcbernahm der Landwirt August Linnemann die Vereinsgesch\u00e4fte; sein Schriftf\u00fchrer wurde Wilhelm Hemmers, Vorturner August Meyer. Somit gab es in dem kleinen Ort Holzerode ab 1925 zwei stark miteinander rivalisierende Vereine mit fast dem gleichen sportlichen Programm, denn auch die \u201eDeutschen Turner&#8220; pflegten unter der Leitung ihres sehr aktiven Vorturners August Meyer vor allem das Ger\u00e4teturnen und die Gymnastik. Die \u00dcbungsst\u00e4tte dieses zweiten Vereins war zun\u00e4chst der Saal des Gasthauses Heinrich Degenhardt, sp\u00e4ter der Saal des Gasthauses Fahlbusch, der bekannte \u201eStruthkrug\u201c (heute der Reiterhof Klengel). Damit hatte sich in Holzerode die gleiche Entwicklung vollzogen wie vorher schon in Spanbeck und Gillersheim \u2013 \u00fcbergeordnete politische Differenzen spaltete nicht nur die sportliche Dorfgemeinschaft in zwei Lager, und das bei einer nur sehr kleinen Gesamtbev\u00f6lkerung. Hinzu kam, dass in Reaktion auf die Spaltung im Sport auch im M\u00e4nnergesangverein von 1892 sich der gleiche Prozess vollzog, nur jetzt umgekehrt; die Arbeiter im MGV verlie\u00dfen den Verein und gr\u00fcndeten am 01. Mai 1925 auch einen zweiten Verein, den \u201eArbeitergesangverein Waldesgr\u00fcn\u201c. In der \u201eAmtlichen Statistik des Freistaates Preu\u00dfen\u201c werden f\u00fcr das Erhebungsjahr 1926 f\u00fcr Holzerode im Bereich \u201eTurnen, Sport und Wandern\u201c &nbsp;nun zwei Vereine ausgewiesen: Der \u201eFreie Jugend-Turn- und Sportverein\u201c im ATSB mit insgesamt 32 Mitgliedern (davon 14 Jugendliche) und der \u201eDeutsche Turn- und Sportverein\u201c in der DT mit ebenfalls 32 Mitgliedern (davon 2 Jugendliche).<\/p>\n\n\n\n<div class=\"wp-block-columns is-layout-flex wp-container-core-columns-is-layout-9d6595d7 wp-block-columns-is-layout-flex\">\n<div class=\"wp-block-column is-layout-flow wp-block-column-is-layout-flow\">\n<figure class=\"wp-block-image size-large is-resized\"><a href=\"https:\/\/www.tsv-holzerode.de\/wp-content\/uploads\/2021\/06\/5-Wilhelm-Hemmers-Mitbegruender-DT.jpg\" target=\"_blank\" rel=\"noopener\"><img loading=\"lazy\" decoding=\"async\" src=\"https:\/\/www.tsv-holzerode.de\/wp-content\/uploads\/2021\/06\/5-Wilhelm-Hemmers-Mitbegruender-DT-736x1024.jpg\" alt=\"\" class=\"wp-image-1112\" width=\"321\" height=\"446\" srcset=\"https:\/\/www.tsv-holzerode.de\/wp-content\/uploads\/2021\/06\/5-Wilhelm-Hemmers-Mitbegruender-DT-736x1024.jpg 736w, https:\/\/www.tsv-holzerode.de\/wp-content\/uploads\/2021\/06\/5-Wilhelm-Hemmers-Mitbegruender-DT-216x300.jpg 216w, https:\/\/www.tsv-holzerode.de\/wp-content\/uploads\/2021\/06\/5-Wilhelm-Hemmers-Mitbegruender-DT-768x1069.jpg 768w, https:\/\/www.tsv-holzerode.de\/wp-content\/uploads\/2021\/06\/5-Wilhelm-Hemmers-Mitbegruender-DT-1104x1536.jpg 1104w, https:\/\/www.tsv-holzerode.de\/wp-content\/uploads\/2021\/06\/5-Wilhelm-Hemmers-Mitbegruender-DT.jpg 1279w\" sizes=\"auto, (max-width: 321px) 100vw, 321px\" \/><\/a><figcaption>Revierf\u00f6rster Wilhelm Hemmers Gr\u00fcndungs- und langj\u00e4hriges Vorstandsmitglied des Holzer\u00f6der \u201eDeutschen Turn- und Sportvereins\u201c von 1925<\/figcaption><\/figure>\n<\/div>\n\n\n\n<div class=\"wp-block-column is-layout-flow wp-block-column-is-layout-flow\">\n<figure class=\"wp-block-image size-large\"><a href=\"https:\/\/www.tsv-holzerode.de\/wp-content\/uploads\/2021\/06\/6-Karl-Linnemann-DT-Mitbegruender.jpg\" target=\"_blank\" rel=\"noopener\"><img loading=\"lazy\" decoding=\"async\" width=\"682\" height=\"1024\" src=\"https:\/\/www.tsv-holzerode.de\/wp-content\/uploads\/2021\/06\/6-Karl-Linnemann-DT-Mitbegruender-682x1024.jpg\" alt=\"\" class=\"wp-image-1113\" srcset=\"https:\/\/www.tsv-holzerode.de\/wp-content\/uploads\/2021\/06\/6-Karl-Linnemann-DT-Mitbegruender-682x1024.jpg 682w, https:\/\/www.tsv-holzerode.de\/wp-content\/uploads\/2021\/06\/6-Karl-Linnemann-DT-Mitbegruender-200x300.jpg 200w, https:\/\/www.tsv-holzerode.de\/wp-content\/uploads\/2021\/06\/6-Karl-Linnemann-DT-Mitbegruender-768x1153.jpg 768w, https:\/\/www.tsv-holzerode.de\/wp-content\/uploads\/2021\/06\/6-Karl-Linnemann-DT-Mitbegruender-1023x1536.jpg 1023w, https:\/\/www.tsv-holzerode.de\/wp-content\/uploads\/2021\/06\/6-Karl-Linnemann-DT-Mitbegruender-1364x2048.jpg 1364w, https:\/\/www.tsv-holzerode.de\/wp-content\/uploads\/2021\/06\/6-Karl-Linnemann-DT-Mitbegruender.jpg 1380w\" sizes=\"auto, (max-width: 682px) 100vw, 682px\" \/><\/a><figcaption>Landwirt und Ratsherr Karl Linnemann Mitbegr\u00fcnder und F\u00f6rderer des \u201eDeutschen Turn- und Sportvereins\u201c von 1925<\/figcaption><\/figure>\n<\/div>\n<\/div>\n\n\n\n<h2 class=\"wp-block-heading\"><strong>5. Die H\u00f6hepunkte im Vereinsleben der 1920er Jahre<\/strong><\/h2>\n\n\n\n<p>Die Rivalit\u00e4t und die Frontstellung der beiden Vereine belasteten in der zweiten H\u00e4lfte der 1920er Jahre nicht nur das sportliche Treiben, sondern das gesamte politische und kulturelle Leben im Ort. Doch so bedauernswert und schmerzlich diese innere Zerrissenheit des \u00f6rtlichen Vereinslebens von vielen Dorfbewohnern sicherlich auch empfunden wurde, weil sie zuweilen selbst Nachbarn und Familien trennte, auf die Begeisterung f\u00fcr den Sport und die erfolgreiche Entwicklung beider Vereine hatte dieser Gegensatz keine nachteiligen Auswirkungen. Man f\u00fchlte sich umso mehr angespornt und wollte nun erst recht erfolgreich sein. Die Arbeiterturner, die im Jahre 1923 in Nachfolge von Otto Finke und dem auch <strong>nur ein Jahr (1922) amtierenden Philipp Schilling<\/strong> den sp\u00e4teren (nach 1945) langj\u00e4hrigen B\u00fcrgermeister <strong>Karl Kolle zu ihrem 1. Vorsitzenden gew\u00e4hlt<\/strong> hatten, folgten konsequent ihrem Wahlspruch \u201eVorw\u00e4rts immer, r\u00fcckw\u00e4rts nimmer&#8220; und f\u00fcr die \u201aDeutschen Turner\u2018 galt \u201etreu deutsch\u201c. Vom gro\u00dfen Arbeiterbezirksturnfest am 14. Juni 1925 in Northeim brachten die Arbeiterturner nicht weniger als 10 Siegerurkunden mit nach Hause, die u. a. von den damals besonders erfolgreichen \u201aVereins-Assen\u2018 Wilhelm Vollbrecht und Walter Dietrich errungen wurden. Und das erfolgreiche Auftreten bei zahlreichen Wettk\u00e4mpfen brachte es mit sich, dass dem Verein f\u00fcr den Sommer des Jahres 1926 die Durchf\u00fchrung des j\u00e4hrlich stattfindenden Kreisgruppenturnfestes des Arbeitersports \u00fcbertragen wurde. Das bedeutete nat\u00fcrlich eine hohe Auszeichnung f\u00fcr den gerade erst f\u00fcnf Jahre bestehenden Verein. Nach gr\u00fcndlichen Vorbereitungen seit dem Winter war es endlich vom 18. bis 20. Juli 1926 soweit und in Holzerode wurde ein gro\u00dfes Sportfest gefeiert. 25 Vereine waren zu Gast, fast ganz Holzerode war in den Vereinsfarben rot und wei\u00df geschm\u00fcckt und rund 800 Aktive sowie mehr als 1000 Besucher (!) bewegten sich im gro\u00dfen Festumzug durch den Ort. Dieses gelungene Kreisturnfest war zweifellos ein gro\u00dfer Erfolg f\u00fcr den \u201eFreien Turn- und Sportverein&#8220;. Aber auch dieses glanzvolle Ereignis konnte nicht dar\u00fcber hinwegt\u00e4uschen, dass das sportliche Leben im gastgebenden Ort Holzerode in geteilten \u201aLagern\u2018 stattfand: Die Turner von &#8222;Treu Deutsch\u201c waren n\u00e4mlich trotz Einladung bewusst ferngeblieben, sie hatten an diesem herrlichen Wochenende den Ort verlassen und waren zu einem Schauturnen nach Schwiegershausen gefahren.<\/p>\n\n\n\n<figure class=\"wp-block-image size-large\"><a href=\"https:\/\/www.tsv-holzerode.de\/wp-content\/uploads\/2021\/06\/7-Turnerriege-der-Freien-Turner-1926.jpg\" target=\"_blank\" rel=\"noopener\"><img loading=\"lazy\" decoding=\"async\" width=\"626\" height=\"322\" src=\"https:\/\/www.tsv-holzerode.de\/wp-content\/uploads\/2021\/06\/7-Turnerriege-der-Freien-Turner-1926.jpg\" alt=\"\" class=\"wp-image-1114\" srcset=\"https:\/\/www.tsv-holzerode.de\/wp-content\/uploads\/2021\/06\/7-Turnerriege-der-Freien-Turner-1926.jpg 626w, https:\/\/www.tsv-holzerode.de\/wp-content\/uploads\/2021\/06\/7-Turnerriege-der-Freien-Turner-1926-300x154.jpg 300w\" sizes=\"auto, (max-width: 626px) 100vw, 626px\" \/><\/a><figcaption>Turnerriege der \u201aArbeiterturner\u2018 beim Kreisgruppenturnfest in Holzerode 1926 <br><strong>stehend v.l.n.r.:<\/strong> August Waldmann, Karl Thiele, Karl Kolle, Wilhelm R\u00fchling, Walter Dietrich, Wilhelm Vollbrecht (Nr. 46), Wilhelm Finke, Wilhelm Vollbrecht (Nr. 91), Richard Waldmann und August Vollbrecht (2. Vorsitzender)<br><strong>sitzend v.l.n.r.:<\/strong> Wilhelm Heise, Heinrich Lechte, August Dietrich, Georg B\u00e4hrens, Wilhelm Gebhardt, Otto Finke, Georg Thiele, August Breiding und Karl Lechte<\/figcaption><\/figure>\n\n\n\n<p>Bei diesem Fest pr\u00e4sentierte sich auch zum ersten Mal eine Handballmannschaft des Vereins, das Spiel, das im Gegensatz zu Holzerode vor allem in den drei benachbarten Plessed\u00f6rfern Spanbeck, Oberbillingshausen und Reyershausen zur Hauptsportart wurde. Immer wieder eindrucksvoll waren auch die regelm\u00e4\u00dfigen Auftritte der \u201aSchwerathleten\u2018 im Verein, an deren \u00dcbungen und Darbietungen auch schon Kinder und Jugendliche teilnahmen \u2013 typisch f\u00fcr den Arbeitersport in dieser Zeit; es sollte zumindest physische St\u00e4rke und Gesundheit demonstriert werde.<\/p>\n\n\n\n<div class=\"wp-block-columns is-layout-flex wp-container-core-columns-is-layout-9d6595d7 wp-block-columns-is-layout-flex\">\n<div class=\"wp-block-column is-layout-flow wp-block-column-is-layout-flow\">\n<figure class=\"wp-block-image size-large\"><a href=\"https:\/\/www.tsv-holzerode.de\/wp-content\/uploads\/2021\/06\/8-Handballer-FT-1928.jpg\" target=\"_blank\" rel=\"noopener\"><img loading=\"lazy\" decoding=\"async\" width=\"364\" height=\"386\" src=\"https:\/\/www.tsv-holzerode.de\/wp-content\/uploads\/2021\/06\/8-Handballer-FT-1928.jpg\" alt=\"\" class=\"wp-image-1116\" srcset=\"https:\/\/www.tsv-holzerode.de\/wp-content\/uploads\/2021\/06\/8-Handballer-FT-1928.jpg 364w, https:\/\/www.tsv-holzerode.de\/wp-content\/uploads\/2021\/06\/8-Handballer-FT-1928-283x300.jpg 283w\" sizes=\"auto, (max-width: 364px) 100vw, 364px\" \/><\/a><\/figure>\n<\/div>\n\n\n\n<div class=\"wp-block-column is-layout-flow wp-block-column-is-layout-flow\">\n<figure class=\"wp-block-image size-large\"><a href=\"https:\/\/www.tsv-holzerode.de\/wp-content\/uploads\/2021\/06\/9-Gewichtheber-FT-jpg.jpg\" target=\"_blank\" rel=\"noopener\"><img loading=\"lazy\" decoding=\"async\" width=\"608\" height=\"410\" src=\"https:\/\/www.tsv-holzerode.de\/wp-content\/uploads\/2021\/06\/9-Gewichtheber-FT-jpg.jpg\" alt=\"\" class=\"wp-image-1117\" srcset=\"https:\/\/www.tsv-holzerode.de\/wp-content\/uploads\/2021\/06\/9-Gewichtheber-FT-jpg.jpg 608w, https:\/\/www.tsv-holzerode.de\/wp-content\/uploads\/2021\/06\/9-Gewichtheber-FT-jpg-300x202.jpg 300w\" sizes=\"auto, (max-width: 608px) 100vw, 608px\" \/><\/a><figcaption>Richard Waldmann (l.) und Vorturner Georg B\u00e4hrens beim Gewichtheben<\/figcaption><\/figure>\n<\/div>\n<\/div>\n\n\n\n<div class=\"wp-block-columns is-layout-flex wp-container-core-columns-is-layout-9d6595d7 wp-block-columns-is-layout-flex\">\n<div class=\"wp-block-column is-layout-flow wp-block-column-is-layout-flow\">\n<figure class=\"wp-block-image size-large\"><a href=\"https:\/\/www.tsv-holzerode.de\/wp-content\/uploads\/2021\/06\/10.-Standbild-FT-Ende-1920er.jpg\" target=\"_blank\" rel=\"noopener\"><img loading=\"lazy\" decoding=\"async\" width=\"495\" height=\"648\" src=\"https:\/\/www.tsv-holzerode.de\/wp-content\/uploads\/2021\/06\/10.-Standbild-FT-Ende-1920er.jpg\" alt=\"\" class=\"wp-image-1118\" srcset=\"https:\/\/www.tsv-holzerode.de\/wp-content\/uploads\/2021\/06\/10.-Standbild-FT-Ende-1920er.jpg 495w, https:\/\/www.tsv-holzerode.de\/wp-content\/uploads\/2021\/06\/10.-Standbild-FT-Ende-1920er-229x300.jpg 229w\" sizes=\"auto, (max-width: 495px) 100vw, 495px\" \/><\/a><figcaption>Gruppenbild der Arbeitersportler Ende der 1920er Jahre<br><strong>stehend v.l.n.r.<\/strong>: Wilhelm Vollbrecht, Richard Krengel und Walter Dietrich<br><strong>sitzend v.l.n.r.<\/strong>: August Waldmann, unbekannt und Wilhelm Heise<\/figcaption><\/figure>\n<\/div>\n\n\n\n<div class=\"wp-block-column is-layout-flow wp-block-column-is-layout-flow\">\n<p>Bereits drei Jahre sp\u00e4ter fand der zweite gro\u00dfe H\u00f6hepunkt in der Holzer\u00f6der Sportgeschichte statt. Jetzt feierte der \u201eDeutsche Turn- und Sportverein&#8220; am 09. und 10. Juni 1929 im Rahmen eines Bezirksturnfestes der \u201eDeutschen Turnerschaft&#8220; die Weihe seiner neuen Fahne, jener Fahne, die auch heute noch dem Nachfolgeverein \u201eTSV Holzerode&#8220; bei feierlichen Anl\u00e4ssen vorangetragen wird. Die Fahne war f\u00fcr den damals sehr gro\u00dfen Betrag von 265,00 RM bei \u201eFahnenmaler\u201c in B\u00fchle erworben worden. Zur Teilnahme an diesem (10) Sportfest war wiederum der gesamte Ort eingeladen, doch dieses Mal schlossen sich die Arbeitersportler aus. Nach dem Boykott ihres Festes drei Jahren zuvor blieben sie nun ihrerseits diesem Fest fern und machten an diesem Wochenende mit ihren Familien einen \u201aAusflug\u2019 per Rad (!) nach Gebhardshagen bei Kassel; deutlich wurde damit die anhaltende Trennungslinie zwischen den beiden Sportvereinen unterstrichen.<\/p>\n<\/div>\n<\/div>\n\n\n\n<figure class=\"wp-block-image size-large is-resized\"><a href=\"https:\/\/www.tsv-holzerode.de\/wp-content\/uploads\/2021\/06\/11-Fahnenweihe-1929-DT.jpg\" target=\"_blank\" rel=\"noopener\"><img loading=\"lazy\" decoding=\"async\" src=\"https:\/\/www.tsv-holzerode.de\/wp-content\/uploads\/2021\/06\/11-Fahnenweihe-1929-DT.jpg\" alt=\"\" class=\"wp-image-1119\" width=\"646\" height=\"407\" srcset=\"https:\/\/www.tsv-holzerode.de\/wp-content\/uploads\/2021\/06\/11-Fahnenweihe-1929-DT.jpg 646w, https:\/\/www.tsv-holzerode.de\/wp-content\/uploads\/2021\/06\/11-Fahnenweihe-1929-DT-300x189.jpg 300w\" sizes=\"auto, (max-width: 646px) 100vw, 646px\" \/><\/a><figcaption>Vereinsbild anl\u00e4sslich des Bezirksturnfestes der DT in Holzerode und der Fahnenweihe des \u201eTurn- und Sportvereins Holzerode\u201c von 1925 am 09. und 10. Juni 1929 &#8211; aufgenommen vor dem Gasthaus \u201eZum Struthkrug\u201c<br><strong>hintere Reihe v.l.n.r.:<\/strong> Wilhelm F\u00fchrer, Otto Sindram, Karl Lechte, August Hartmann, Wilhelm Waldmann, August Linnemann, Karl Kasten und Wilhelm Fahlbusch<br><strong>mittlere Reihe v.l.n.r.:<\/strong> August Meyer, Heinrich Hinze, Richard Waldmann, Wilhelm Vollbrecht, Karl Meyer, Ludwig Dankenbrink, Otto Dettmar, Adolf Hartmann, Karl Meyer, Heinrich Dettmar, Georg Linnemann und Wilhelm Dettmar<br><strong>vordere Reihe sitzend v.l.n.r.:<\/strong> August Ernst, August Linnemann, Otto Lieberwirt, Heinrich Degenhardt, August Kolle (Pr\u00e4sident), Hermann Heinemann, Heinrich Heise und Otto Kolle<br><strong>vorn liegend v.l.n.r.:<\/strong> Georg Bothmann, August Vollbrecht, \u201aunbekannt\u2018, \u201aunbekannt\u2018, Heinrich Hinze, Robert Dankenbrink und \u201aunbekannt<\/figcaption><\/figure>\n\n\n\n<div class=\"wp-block-columns is-layout-flex wp-container-core-columns-is-layout-9d6595d7 wp-block-columns-is-layout-flex\">\n<div class=\"wp-block-column is-layout-flow wp-block-column-is-layout-flow\">\n<figure class=\"wp-block-image size-large\"><a href=\"https:\/\/www.tsv-holzerode.de\/wp-content\/uploads\/2021\/06\/12-Umzug-DT-1929.jpg\" target=\"_blank\" rel=\"noopener\"><img loading=\"lazy\" decoding=\"async\" width=\"1024\" height=\"740\" src=\"https:\/\/www.tsv-holzerode.de\/wp-content\/uploads\/2021\/06\/12-Umzug-DT-1929-1024x740.jpg\" alt=\"\" class=\"wp-image-1121\" srcset=\"https:\/\/www.tsv-holzerode.de\/wp-content\/uploads\/2021\/06\/12-Umzug-DT-1929-1024x740.jpg 1024w, https:\/\/www.tsv-holzerode.de\/wp-content\/uploads\/2021\/06\/12-Umzug-DT-1929-300x217.jpg 300w, https:\/\/www.tsv-holzerode.de\/wp-content\/uploads\/2021\/06\/12-Umzug-DT-1929-768x555.jpg 768w, https:\/\/www.tsv-holzerode.de\/wp-content\/uploads\/2021\/06\/12-Umzug-DT-1929-1536x1110.jpg 1536w, https:\/\/www.tsv-holzerode.de\/wp-content\/uploads\/2021\/06\/12-Umzug-DT-1929.jpg 1919w\" sizes=\"auto, (max-width: 767px) 89vw, (max-width: 1000px) 54vw, (max-width: 1071px) 543px, 580px\" \/><\/a><figcaption>Festumzug zum Bezirksturnfest 1929 auf dem Vorplatz des Gasthauses \u201eZum Struthkrug\u201c \u2013 im Hintergrund das damalige Haus der Familie D\u00f6ring<\/figcaption><\/figure>\n<\/div>\n\n\n\n<div class=\"wp-block-column is-layout-flow wp-block-column-is-layout-flow\">\n<p>Wie bei dem gro\u00dfen Turnfest der \u201eFreien Turner&#8220; 1926 hatten sich auch bei diesem Bezirksturnfest der \u201eDeutschen Turner&#8220; zahlreiche Aktive aus befreundeten Vereinen angemeldet und das rund um den Struthkrug gefeierte Turnfest wurde ebenfalls ein gro\u00dfer Erfolg, wenn auch nicht ohne kleinere Probleme. Da ein Teil der ausw\u00e4rtigen Aktiven unerwartet bereits nach den Wettk\u00e4mpfen wieder nach Hause fuhr, sahen sich die Holzer\u00f6der Turner pl\u00f6tzlich mit einer ganz speziellen \u201aAufgabe\u2018 konfrontiert: Sie hatten so viel Bier auf Vorrat bestellt, dass sie nach den sportlichen Aktivit\u00e4ten am Tage den zu gro\u00dfen Vorrat abends an der Theke im \u201eStruthkrug\u201c allein \u201al\u00f6schen&#8220; mussten.<\/p>\n<\/div>\n<\/div>\n\n\n\n<p>Dass man auf einigen F\u00e4ssern Bier aus der N\u00f6rtener Brauerei Wiederholdt schlie\u00dflich doch sitzen blieb, war aber die einzige Pleite dieses zweiten gro\u00dfenTurnfestes in der Holzer\u00f6der Sportgeschichte der 1920er Jahre.<\/p>\n\n\n\n<figure class=\"wp-block-image size-large\"><a href=\"https:\/\/www.tsv-holzerode.de\/wp-content\/uploads\/2021\/06\/13-Fahnenweihe-Dt-1929-ehrenjungfrauen.jpg\" target=\"_blank\" rel=\"noopener\"><img loading=\"lazy\" decoding=\"async\" width=\"1024\" height=\"681\" src=\"https:\/\/www.tsv-holzerode.de\/wp-content\/uploads\/2021\/06\/13-Fahnenweihe-Dt-1929-ehrenjungfrauen-1024x681.jpg\" alt=\"\" class=\"wp-image-1122\" srcset=\"https:\/\/www.tsv-holzerode.de\/wp-content\/uploads\/2021\/06\/13-Fahnenweihe-Dt-1929-ehrenjungfrauen-1024x681.jpg 1024w, https:\/\/www.tsv-holzerode.de\/wp-content\/uploads\/2021\/06\/13-Fahnenweihe-Dt-1929-ehrenjungfrauen-300x200.jpg 300w, https:\/\/www.tsv-holzerode.de\/wp-content\/uploads\/2021\/06\/13-Fahnenweihe-Dt-1929-ehrenjungfrauen-768x511.jpg 768w, https:\/\/www.tsv-holzerode.de\/wp-content\/uploads\/2021\/06\/13-Fahnenweihe-Dt-1929-ehrenjungfrauen-1536x1022.jpg 1536w, https:\/\/www.tsv-holzerode.de\/wp-content\/uploads\/2021\/06\/13-Fahnenweihe-Dt-1929-ehrenjungfrauen.jpg 1891w\" sizes=\"auto, (max-width: 767px) 89vw, (max-width: 1000px) 54vw, (max-width: 1071px) 543px, 580px\" \/><\/a><figcaption>\u201aEhrenjungfrauen\u2018 anl\u00e4sslich des Bezirksturnfestes der DT in Holzerode und der Fahnenweihe des \u201eTurn- und Sportvereins Holzerode\u201c von 1925 am 09. und 10. Juni 1929 &#8211; aufgenommen vor dem Gasthaus \u201eZum Struthkrug\u201c<br><strong>hintere Reihe v.l.n.r.:<\/strong> Frieda Bierwirth, Minna Finke, Frieda Dehne, Ida Vollbrecht, Amalie Ernst, Minna Gleitze, Lina Vollbrecht, Emma Dettmar, Lina Sindram, Helene Klemme, Hilda Hartmann und Herta Thiele<br><strong>mittlere Reihe stehend v.l.n.r.:<\/strong> Minna Linnemann, Auguste Gleitze, Lina Hinze, Auguste Bierwirth, Erna Finke, Irma Gleitze, Hilda Recke, Helene Kasten, Auguste Thiele, Lina Bierwirth, Hermine Klemme, Amalie Vollbrecht, Auguste Thiele und Anna Kolle<br><strong>vordere Reihe sitzend v.l.n.r.:<\/strong> Klara \u00d6sterheld, Minna Tinnappel, Emma Bothmann, Emma Vollbrecht, Irene Lieberwirth, Lina Heinemann, Auguste Dettmar, Emma Linnemann, Emma Dankenbrink und Auguste Thiele<br><strong>vorn liegend v.l.n.r.:<\/strong> Martha Gleitze und Emma Bothmann<\/figcaption><\/figure>\n\n\n\n<div class=\"wp-block-columns is-layout-flex wp-container-core-columns-is-layout-9d6595d7 wp-block-columns-is-layout-flex\">\n<div class=\"wp-block-column is-layout-flow wp-block-column-is-layout-flow\">\n<figure class=\"wp-block-image size-large is-resized\"><a href=\"https:\/\/www.tsv-holzerode.de\/wp-content\/uploads\/2021\/06\/14-Fahne-DT-1929-mit-Ehrenjungfrauen.jpg\" target=\"_blank\" rel=\"noopener\"><img loading=\"lazy\" decoding=\"async\" src=\"https:\/\/www.tsv-holzerode.de\/wp-content\/uploads\/2021\/06\/14-Fahne-DT-1929-mit-Ehrenjungfrauen-1024x765.jpg\" alt=\"\" class=\"wp-image-1123\" width=\"321\" height=\"239\" srcset=\"https:\/\/www.tsv-holzerode.de\/wp-content\/uploads\/2021\/06\/14-Fahne-DT-1929-mit-Ehrenjungfrauen-1024x765.jpg 1024w, https:\/\/www.tsv-holzerode.de\/wp-content\/uploads\/2021\/06\/14-Fahne-DT-1929-mit-Ehrenjungfrauen-300x224.jpg 300w, https:\/\/www.tsv-holzerode.de\/wp-content\/uploads\/2021\/06\/14-Fahne-DT-1929-mit-Ehrenjungfrauen-768x573.jpg 768w, https:\/\/www.tsv-holzerode.de\/wp-content\/uploads\/2021\/06\/14-Fahne-DT-1929-mit-Ehrenjungfrauen-1536x1147.jpg 1536w, https:\/\/www.tsv-holzerode.de\/wp-content\/uploads\/2021\/06\/14-Fahne-DT-1929-mit-Ehrenjungfrauen.jpg 1764w\" sizes=\"auto, (max-width: 321px) 100vw, 321px\" \/><\/a><figcaption>Die Holzer\u00f6der \u201aEhrenjungfrauen\u2018 Emma Linnemann (sp\u00e4tere verh. Bundfu\u00df) und Auguste Dettmar (sp\u00e4tere verh. Renne-berg) mit der Delegation des MTV Rosdorf<\/figcaption><\/figure>\n<\/div>\n\n\n\n<div class=\"wp-block-column is-layout-flow wp-block-column-is-layout-flow\">\n<p>Erreichte das Fest auch l\u00e4ngst nicht die Teilnehmerzahlen des \u201eArbeitersportfestes\u201c von 1926, so waren die sportlichen Wettk\u00e4mpfe doch auch sehr abwechslungsreich. Die Wettkampfpl\u00e4tze lagen alle in der N\u00e4he des Festsaales Fahlbusch: Der 100m-Lauf fand auf dem Feldweg bei Wilhelm Schnur (heute die (Struthbreite\u201c) statt, zwei Weitsprunggruben lagen gegen\u00fcber dem \u201eStruthkrug\u201c und geturnt wurde auf dem Saale.<\/p>\n<\/div>\n<\/div>\n\n\n\n<p>Auch das sportliche Alltagsleben der \u201eDeutschen Turner\u201c gestaltete sich kontinuierlich mit gro\u00dfen Fortschritten. Zweimal w\u00f6chentlich wurde unter Leitung des hervorragenden Vorturners August Meyer geturnt und auch hier schon bald eine Jugendgruppe unter Leitung von Wilhelm Dettmar eingerichtet. Neben dem Ger\u00e4tturnen wurde im Sommer noch des \u201evolkst\u00fcmliche Turnen\u201c, die heutige Leichtathletik betrieben. H\u00f6hepunkte im sportlichen Jahresablauf waren jeweils das An- und Abturnen im Fr\u00fchjahr und im Herbst, einmal im Jahr das \u201ePokalturnen\u201c mit befreundeten DT-Vereinen aus Eberg\u00f6tzen, Waake und Klein-Lengden sowie die Teilnahme an den \u201eReichsjugendwettk\u00e4mpfen\u201c.&nbsp; Bei diesen Wettk\u00e4mpfen war man \u00fcbrigens \u2013 nolens volens \u2013 zusammen mit den Holzer\u00f6der Arbeitersportlern in einer Arbeitsgemeinschaft unter Leitung des Landolfsh\u00e4user Lehrers Bote. Sie wurden im j\u00e4hrlichen Wechsel jeweils in einem anderen Ort durchgef\u00fchrt. Und die sportlichen Erfolge lie\u00dfen auch in diesem jungen Verein nicht lange auf sich warten. Herausragend war dabei sicherlich der Gewinn des 4 x100m-Staffellaufs in Spanbeck u.a. mit den Staffelmitgliedern Paul Hemmers und Wilhelm Dettmar. Wilhelm Dettmar war \u00fcberhaupt einer der vielseitigsten Mitglieder. Er war nicht nur als Vorstandsmitglied in den \u00c4mtern des Schriftf\u00fchrers ab 1929 (nach dem Tode des Revierf\u00f6rsters Wilhelm Hemmers), als Jugendgruppenvorturner und als 1. Vorsitzender (\u201ePr\u00e4sident\u201c) von 1932-1934 t\u00e4tig, er war auch das einzige Vereinsmitglied, das in Bovenden das Sportabzeichen errang, und zwar mit sehr respektablen Leistungen: 38 Min. f\u00fcr die 10000m-Strecke, 12,2 Sek. \u00fcber 100m und einer Weite von 9,50m im Kugelsto\u00dfen.<\/p>\n\n\n\n<p>Bei aller sonstiger Gegens\u00e4tzlichkeit der beiden Vereine wurde eine gro\u00dfe Gemeinschaftsleistung von Sportbegeisterten im Dorf aber doch zusammen realisiert, und zwar der Bau einer Badeanstalt ab 1928.<\/p>\n\n\n\n<figure class=\"wp-block-image size-large\"><a href=\"https:\/\/www.tsv-holzerode.de\/wp-content\/uploads\/2021\/06\/15-Bau-Badeanstalt-1928-scaled.jpg\" target=\"_blank\" rel=\"noopener\"><img loading=\"lazy\" decoding=\"async\" width=\"1024\" height=\"668\" src=\"https:\/\/www.tsv-holzerode.de\/wp-content\/uploads\/2021\/06\/15-Bau-Badeanstalt-1928-1024x668.jpg\" alt=\"\" class=\"wp-image-1124\" srcset=\"https:\/\/www.tsv-holzerode.de\/wp-content\/uploads\/2021\/06\/15-Bau-Badeanstalt-1928-1024x668.jpg 1024w, https:\/\/www.tsv-holzerode.de\/wp-content\/uploads\/2021\/06\/15-Bau-Badeanstalt-1928-300x196.jpg 300w, https:\/\/www.tsv-holzerode.de\/wp-content\/uploads\/2021\/06\/15-Bau-Badeanstalt-1928-768x501.jpg 768w, https:\/\/www.tsv-holzerode.de\/wp-content\/uploads\/2021\/06\/15-Bau-Badeanstalt-1928-1536x1002.jpg 1536w, https:\/\/www.tsv-holzerode.de\/wp-content\/uploads\/2021\/06\/15-Bau-Badeanstalt-1928-2048x1336.jpg 2048w\" sizes=\"auto, (max-width: 767px) 89vw, (max-width: 1000px) 54vw, (max-width: 1071px) 543px, 580px\" \/><\/a><figcaption>Hand- und Spanndienst beim Bau der Badeanstalt 1928\/29<\/figcaption><\/figure>\n\n\n\n<p>Unterhalb der aus \u201eBauers Berg\u201c heraus flie\u00dfenden Beverquelle in der Eichstrasse (heute auf dem Gel\u00e4nde hinter der Tischlerei von Christian Dehn) wurde im Sommer 1929 ein ausgemauertes Becken mit den Ma\u00dfen von ca. 30 x 10 Metern mit Flach- und Tiefwasser von der ganzen Dorfgemeinschaft eingeweiht. Dies wurde der Ort, an dem von da ab regelm\u00e4\u00dfig auch Schul- und Vereinsschwimmen stattfand und viele Holzer\u00f6der bis Mitte der 1950er Jahre auch das Schwimmen erlernten. Diese Badeanstalt wurde in den 1950er Jahren wegen vermeintlich nicht mehr ausreichender hygienischer Standards auf Anordnung der Kreisverwaltung wieder geschlossen und dann eingeebnet.<\/p>\n\n\n\n<figure class=\"wp-block-image size-large\"><a href=\"https:\/\/www.tsv-holzerode.de\/wp-content\/uploads\/2021\/06\/16-Badeanstalt-Holzerode-1930er-Jahre-mittlere-Reihe-5.v.l.-Wilhelm-Vollbrecht-scaled.jpg\" target=\"_blank\" rel=\"noopener\"><img loading=\"lazy\" decoding=\"async\" width=\"1024\" height=\"647\" src=\"https:\/\/www.tsv-holzerode.de\/wp-content\/uploads\/2021\/06\/16-Badeanstalt-Holzerode-1930er-Jahre-mittlere-Reihe-5.v.l.-Wilhelm-Vollbrecht-1024x647.jpg\" alt=\"\" class=\"wp-image-1125\" srcset=\"https:\/\/www.tsv-holzerode.de\/wp-content\/uploads\/2021\/06\/16-Badeanstalt-Holzerode-1930er-Jahre-mittlere-Reihe-5.v.l.-Wilhelm-Vollbrecht-1024x647.jpg 1024w, https:\/\/www.tsv-holzerode.de\/wp-content\/uploads\/2021\/06\/16-Badeanstalt-Holzerode-1930er-Jahre-mittlere-Reihe-5.v.l.-Wilhelm-Vollbrecht-300x190.jpg 300w, https:\/\/www.tsv-holzerode.de\/wp-content\/uploads\/2021\/06\/16-Badeanstalt-Holzerode-1930er-Jahre-mittlere-Reihe-5.v.l.-Wilhelm-Vollbrecht-768x485.jpg 768w, https:\/\/www.tsv-holzerode.de\/wp-content\/uploads\/2021\/06\/16-Badeanstalt-Holzerode-1930er-Jahre-mittlere-Reihe-5.v.l.-Wilhelm-Vollbrecht-1536x970.jpg 1536w, https:\/\/www.tsv-holzerode.de\/wp-content\/uploads\/2021\/06\/16-Badeanstalt-Holzerode-1930er-Jahre-mittlere-Reihe-5.v.l.-Wilhelm-Vollbrecht-2048x1294.jpg 2048w\" sizes=\"auto, (max-width: 767px) 89vw, (max-width: 1000px) 54vw, (max-width: 1071px) 543px, 580px\" \/><\/a><figcaption>badefreudige Holzer\u00f6der auf Nordseite der Badeanstalt 1929<\/figcaption><\/figure>\n\n\n\n<h2 class=\"wp-block-heading\"><strong>6. Die Entwicklung des Holzer\u00f6der Sportvereinswesens in der Zeit des Nationalsozialismus \u2013 Zwangsaufl\u00f6sung und notgedrungene Aufgabe des Sportbetriebs<\/strong><\/h2>\n\n\n\n<p>Schon seit Beginn der 1930er Jahre war die weitere Entwicklung des Sports und der Sportvereine auch in Holzerode durch die Versch\u00e4rfung der allgemeinen politischen Spannungen in der Weimarer Republik gepr\u00e4gt. Das Geschehen in der \u201agro\u00dfen Politik&#8220; fand auch unmittelbar im d\u00f6rflichen Lebens seinen Niederschlag. Die Konfrontationen zwischen den politischen Gegnern und die zunehmenden Intoleranzen wirkten immer tiefer in alle gesellschaftlichen Bereiche hinein und hatten letztlich auch existentielle Folgen f\u00fcr das sportliche Alltagsleben.<\/p>\n\n\n\n<p>Bereits wenige Monate nach der sogenannten \u201aMachtergreifung\u2018 durch die Nationalsozialisten und dem Beginn ihrer diktatorischen Herrschaft in ganz Deutschland \u00fcberschlugen sich im Mai 1933 auch in unserem Ort die Ereignisse. Traditionsgem\u00e4\u00df war der 01. Mai, der \u201eTag der Arbeit\u201c, von den Arbeitern und ihren Organisationen \u2013 dem \u201eFreien Jugend-Turn- und Sportverein\u201c, dem Gesangverein \u201eWaldesgr\u00fcn\u201c, dem \u00f6rtlichen Gewerkschaftskartell und dem SPD-Ortsverein \u2013 wieder mit einem gro\u00dfen, musikbegleiteten Umzug durch das Dorf gefeiert worden. Dieses selbstbewusste und furchtlose Auftreten war den neuen Machthabern offensichtlich der gew\u00fcnschte Anlass, schon wenige Tage sp\u00e4ter die zwangsweise Aufl\u00f6sung dieser Organisationen wegen sogenannter \u201estaatsfeindlicher Aktivit\u00e4ten&#8220; anzuordnen. Dabei wurde auch das gesamte Verm\u00f6gen und die Vereinsunterlagen der \u201eFreien Turner&#8220; beschlagnahmt. Allerdings gelang es der Vereinsf\u00fchrung noch, wenigstens ihre Sport- und Turnger\u00e4te offiziell der Schule zu \u00fcbergeben.<\/p>\n\n\n\n<p>Im Unterschied zum Arbeitersportverein musste der zweite Sportverein im Ort zun\u00e4chst mit keinerlei Beeintr\u00e4chtigung durch die Nationalsozialisten rechnen. Die \u201eDeutsche Turnerschaft&#8220; und ihre Mitgliedsvereine galten dem neuen System als loyale Vereinigungen und viele ihrer Mitglieder waren auch in Holzerode schon in die \u00f6rtlichen Gliederungen der SA oder der NSDAP eingetreten. Aber auf l\u00e4ngere Sicht wurde auch auf der gesellschaftlichen Ebene des Sports deutlich, dass der totalit\u00e4re Apparat der Nationalsozialismus letztlich die totale Kontrolle beanspruchte und nur noch systemtreue Vereinsaktivit\u00e4ten duldeten. Dar\u00fcber hinaus nahm schon in den ersten Jahren der NS-Diktatur die Teilnahme an \u201aDiensten\u2018 in der SA und in der Partei sowie bei den Kindern und&nbsp; Jugendlichen in der \u201eHitler-Jugend\u201c so viel Zeit der Mitglieder in Anspruch, dass f\u00fcr andere Aktivit\u00e4ten kaum noch Raum und Zeit blieb. Unter dieser Doppelbelastung wurden dem verbliebenen Turnverein \u201eTreu Deutsch\u201c allm\u00e4hlich von innen heraus die Kr\u00e4fte entzogen. Die Br\u00fcder Wilhelm und Heinrich Dettmar (in Nachfolge seines Bruders von 1934-1936 Vereinsvorsitzender) sowie der engagierte Vorturner August Meyer hielten den Sportbetrieb zwar noch \u00fcber einige Jahre aufrecht, aber 1936 kam es schlie\u00dflich mit der Aufl\u00f6sung des nationalen Dachverbandes der \u201eDeutschen Turnerschaft\u201c auch in Holzerode zur Einstellung des Turnbetriebs. Damit gab es \u2013 nach nur eineinhalb Jahrzehnten besonders intensiver und erfolgreicher sportlicher Aktivit\u00e4ten \u2013 von 1937 bis zum Ende des 2.Weltkrieges 1945 keinen eigenen Vereinssport mehr in unserem Ort.<\/p>\n\n\n\n<h2 class=\"wp-block-heading\"><strong>7. Die Reaktivierung sportlichen Lebens und die Wiederbegr\u00fcndung eines Sportvereins in der fr\u00fchen Nachkriegszeit nach 1945<\/strong><\/h2>\n\n\n\n<p>Als man nach harten Entbehrungen und bitteren Kriegserfahrungen im Herbst 1945 daran ging, das sportliche Leben wieder in Gang zu bringen, waren die Lebensbedingungen im Ort grundlegend ver\u00e4ndert. Als unmittelbare Kriegsfolge str\u00f6mten zahlreiche Fl\u00fcchtlinge aus den deutschen Ostgebieten nach Westen und erreichten auch Holzerode, jetzt in der westlichen britischen Besatzungszone gelegen; dazu kamen die sog. \u201aEvakuierten\u2018 aus den bombardierten St\u00e4dten vor allem im Westen, aber vor allem auch aus Hannover. Die Einwohnerzahl des ehemals kleinen Ortes erfuhr dadurch in den ersten Nachkriegsjahren rund eine Verdoppelung und wuchs auf fast 1000 Personen an. So mussten die Menschen, noch gepr\u00e4gt von den Leiden des Krieges, unter den d\u00fcrftigen materiellen Bedingungen auf engstem Raum miteinander leben. In dieser Situation war der Sport vielen eine Hilfe, wieder Lebensfreude und Lebensmut zu gewinnen.<\/p>\n\n\n\n<p>Das Interesse, wieder selbstbestimmt und in freier Entscheidung aktiv zu werden, f\u00fchrte zuerst die Turner wieder zusammen, die sich um den erfahrenen Wilhelm R\u00fchling versammelten. Dabei spielte die Frage, an welche Tradition man nun ankn\u00fcpfte sollte, zun\u00e4chst \u00fcberhaupt keine Rolle. Kurz vor den Weihnachtstagen des Jahres 1945 bildete sich die erste Nachkriegsgruppe um die jungen Turner Willi Finke, Gerd Borntr\u00e4ger, Horst B\u00e4hrens und Helmut B\u00e4hrens herum und bestimmte <strong>Willi Finke zu ihrem Sprecher.<\/strong> Damit hatte der bald ins Leben tretende, aber zu dieser Zeit noch inoffizielle Sportverein quasi seinen ersten kommissarischen Vorsitzenden gefunden; er wurde danach von dem <strong>ersten offiziell gew\u00e4hlten 1. Vorsitzenden August Thiele <\/strong>abgel\u00f6st.<\/p>\n\n\n\n<p>Als im Winter und Fr\u00fchjahr aktive Vorkriegsmitglieder vor allem aus dem ehemaligen Arbeitersportverein hinzukamen, tauchte teilweise die Forderung auf, direkt an deren alte Vereinstradition anzukn\u00fcpfen. Doch als man im Laufe des Jahres 1946 mehr und mehr zu einem wieder richtigen Vereinsgef\u00fcge zusammenwuchs, wurde eine eventuelle Festlegung als \u201aRichtungsverein\u2018 im Sinne einer bestimmten politischen Grundhaltung bewusst vermieden. Offensichtlich hatte man aus den Br\u00fcchen der Vergangenheit gelernt, Br\u00fcche, die gerade in der kleinen d\u00f6rflichen Gemeinschaft zu tiefen Verletzungen innerhalb von Nachbarschaften und Familien gef\u00fchrt hatten. Dar\u00fcber hinaus galt es jetzt in der politischen und wirtschaftlichen Notsituation nach der Befreiung vom Nationalsozialismus alle Kr\u00e4fte f\u00fcr den Wiederaufbau der gemeinschaftlichen Einrichtungen auf demokratischer und \u00fcberparteilicher Basis zu b\u00fcndeln.<\/p>\n\n\n\n<p>In dem ersten erhaltenen Dokument des wieder gegr\u00fcndeten Nachfolgevereins (und keinesfalls neubegr\u00fcndeten, denn der Arbeitersportverein von &nbsp;&nbsp;&nbsp;&nbsp;&nbsp; 1921 hatte sich ja nie selbst aufgel\u00f6st, sondern war 1933 \u201azwangsaufgel\u00f6st\u2018 worden), einer Mitgliederliste vom 26. September 1946, deklarierte sich dieser &nbsp;&nbsp;&nbsp;jetzt ganz neutral als \u201eTurn- und Sportverein Holzerode&#8220; (TSV Holzerode). Durch diese Offenheit gegen\u00fcber beiden Traditionsstr\u00e4ngen des organisierten Sports in Holzerode wurde deutlich, dass der \u201aneue\u2018 TSV f\u00fcr alle Sportinteressierten unabh\u00e4ngig von ihrer politischen Grund\u00fcberzeugung offen sein wollte (allerdings bei der jetzt gebotenen klaren Ablehnung des Nationalsozialismus) und in Zukunft allein die Zusammenarbeit auf der Basis sportlicher Werte und Regeln angesagt war.<\/p>\n\n\n\n<div class=\"wp-block-columns is-layout-flex wp-container-core-columns-is-layout-9d6595d7 wp-block-columns-is-layout-flex\">\n<div class=\"wp-block-column is-layout-flow wp-block-column-is-layout-flow\">\n<figure class=\"wp-block-image size-large\"><a href=\"https:\/\/www.tsv-holzerode.de\/wp-content\/uploads\/2021\/06\/17-Mitgliederliste-1946.jpg\" target=\"_blank\" rel=\"noopener\"><img loading=\"lazy\" decoding=\"async\" width=\"522\" height=\"726\" src=\"https:\/\/www.tsv-holzerode.de\/wp-content\/uploads\/2021\/06\/17-Mitgliederliste-1946.jpg\" alt=\"\" class=\"wp-image-1126\" srcset=\"https:\/\/www.tsv-holzerode.de\/wp-content\/uploads\/2021\/06\/17-Mitgliederliste-1946.jpg 522w, https:\/\/www.tsv-holzerode.de\/wp-content\/uploads\/2021\/06\/17-Mitgliederliste-1946-216x300.jpg 216w\" sizes=\"auto, (max-width: 522px) 100vw, 522px\" \/><\/a><\/figure>\n<\/div>\n\n\n\n<div class=\"wp-block-column is-layout-flow wp-block-column-is-layout-flow\">\n<p>Neben dem Turnbetrieb entwickelten sich bald auch noch andere sportliche Interessen, wobei das Fu\u00dfballspiel in den Mittelpunkt r\u00fcckte. Diese brachten insbesondere die als Fl\u00fcchtlinge und Evakuierte dazu gekommenen \u201aNeub\u00fcrger\u2018 mit ein. Ende 1946 kam z.B. Friedrich Jurgeleit aus der Kriegsgefangenschaft und bildete zusammen mit seinem Bruder Erich und dem westdeutschen Landsmann Fritz Hofmann die Kernzelle der nun bald einsetzenden \u201aFu\u00dfballerei\u2018 in Holzerode.&nbsp; Friedrich und Erich Jurgeleit hatten schon in ihrer Heimatstadt Duisburg h\u00f6herklassig Fu\u00dfball gespielt und Erich war auch sogleich nach seiner Ansiedlung in Holzerode im Jahre 1945 bei den Fu\u00dfballern in Weende gelandet. <\/p>\n<\/div>\n<\/div>\n\n\n\n<p>Zun\u00e4chst begann eine noch \u201awilde\u2018 Spielerei auf einer Wiese neben dem heutigen \u201eNeuen Friedhof\u201c, wo die Tore noch durch Bohnenstangen markiert wurden. Die Attraktivit\u00e4t dieses Spiels war so gro\u00df, dass schon bald ein gr\u00f6\u00dferer Kreis auch seitens der Turner mitspielte und die Idee einer festen Organisation Gestalt annahm. So kam es am 01. Februar 1947 zur Gr\u00fcndung einer Fu\u00dfballabteilung im TSV Holzerode, an deren Spitze Paul Baron gew\u00e4hlt wurde, bald danach auch zum 1. Vorsitzenden des gesamten Vereins. <\/p>\n\n\n\n<p>Durch die Gr\u00fcndung der Fu\u00dfballabteilung erh\u00f6hte sich die personelle Gr\u00f6\u00dfe des neuen Vereins sehr schnell auf etwa 40 Mitglieder, so dass es notwendig wurde, den Verein auch offiziell bei der alliierten Milit\u00e4rregierung anzumelden. Auf Antrag des 1. Vorsitzenden Paul Baron, des Schriftf\u00fchrers Erich Finke und des Schatzmeisters G\u00fcnther D\u00f6ring wurde dann auch am 02. Februar 1948 die Bildung eines \u201eTurn- und Sportvereins\u201c zum Zwecke der Jugendpflege und des Sports von der regionalen britischen Milit\u00e4rverwaltung genehmigt. Unter demselben Datum wurde die Fu\u00dfballabteilung auch in den Kreisfu\u00dfballverband aufgenommen. Administrative oder politische Probleme hatte man also am Anfang keine, daf\u00fcr aber umso mehr materielle und finanzielle, entsprechend der allgemeinen Notsituation der Nachkriegsjahre in Deutschland. Einige, heute als Kuriosit\u00e4ten erscheinende Anekdoten verdeutlichen dies. Bei den Vorbereitungsspielen zum k\u00fcnftigen Punktspielbetrieb der Fu\u00dfballer stand zun\u00e4chst Horst B\u00e4hrens im Tor, der sich als Schneider seinen Torwartanzug noch selbst gen\u00e4ht hatte. Es war \u00fcberhaupt erstaunlich, wie die Not in diesen Jahren erfinderisch machte. So hatte man die Mittel f\u00fcr den ersten richtigen Lederball \u201afl\u00fcssig gemacht\u2018, indem man kurz entschlossen Lebensmittelmarken, \u201eFettmarken\u201c, sammelte. Dem Verein standen zun\u00e4chst auch nur <strong>ein<\/strong> Paar (!) richtige Fu\u00dfballschuhe aus der zentralen Sportartikelverteilung des Kreissportbundes zur Verf\u00fcgung, und es war klar, sozusagen Ehrensache, dass sie dem Mannschaftsf\u00fchrer zur Verf\u00fcgung gestellt wurden.Im Fr\u00fchjahr 1948 wurde die junge Mannschaft dann noch durch einen Spieler verst\u00e4rkt, der fortan f\u00fcr viele Jahre die Geschicke des Vereins entscheidend mitbestimmen sollte: Hans Wieczorek. Zuerst \u00fcbernahm er nur die Aufgabe, das Tor zu h\u00fcten. Nachdem dann aber der bisherige 1. Vorsitzende Paul Baron mit der Vereinskasse \u201edas Weite gesucht&#8220; hatte,sprang Hans Wieczorek in die Bresche und \u00fcbernahm auch die Leitung &nbsp;&nbsp;&nbsp;&nbsp;&nbsp; des Vereins; 2.Vorsitzender wurde Albert Vollbrecht und Schatzmeister Otto Finke jun. Mit Hans Wieczorek verband sich dann sogleich die erste gro\u00dfe \u201a\u00c4ra \u2018des Fu\u00dfballsports im TSV Holzerode; von nun an waren f\u00fcr zwei Jahrzehnte fast alle Aktivit\u00e4ten auf das \u201arunde Leder\u2018 ausgerichtet.<\/p>\n\n\n\n<div class=\"wp-block-columns is-layout-flex wp-container-core-columns-is-layout-9d6595d7 wp-block-columns-is-layout-flex\">\n<div class=\"wp-block-column is-layout-flow wp-block-column-is-layout-flow\" style=\"flex-basis:66.66%\">\n<p>Bereits im Sommer 1948 erlebte das Dorf einen ersten fu\u00dfballerischen H\u00f6hepunkt: Eine Holzer\u00f6der Mannschaft spielte im Rahmen eines von den Jurgeleits arrangierten Einladungsspieles gegen den westdeutschen Amateur-Oberligisten \u201eVFB Duisburg-Ruhrort\u201c (einem sog. \u201eMettwurstspiel\u201c, bei dem die \u201ahungernden\u2018 St\u00e4dter gern aufs Land fuhren, um sich einmal satt zu essen) und siegte 2:1. Nach dem Beginn der Punktspielserie am 12. September 1948 in der Kreisklasse Nord des Kreisfu\u00dfballverbandes G\u00f6ttingen konnte bald die Tabellenspitze erk\u00e4mpft werden. Zusammen mit der \u201eSpielvereinigung G\u00f6ttingen&#8220; (SVG III) wurde die erste Saison 1948\/49 auf Rang 1 der Tabelle beendet.<\/p>\n<\/div>\n\n\n\n<div class=\"wp-block-column is-layout-flow wp-block-column-is-layout-flow\" style=\"flex-basis:33.33%\">\n<figure class=\"wp-block-image size-large\"><a href=\"https:\/\/www.tsv-holzerode.de\/wp-content\/uploads\/2021\/06\/18-Wieczorek.jpg\" target=\"_blank\" rel=\"noopener\"><img loading=\"lazy\" decoding=\"async\" width=\"273\" height=\"518\" src=\"https:\/\/www.tsv-holzerode.de\/wp-content\/uploads\/2021\/06\/18-Wieczorek.jpg\" alt=\"\" class=\"wp-image-1127\" srcset=\"https:\/\/www.tsv-holzerode.de\/wp-content\/uploads\/2021\/06\/18-Wieczorek.jpg 273w, https:\/\/www.tsv-holzerode.de\/wp-content\/uploads\/2021\/06\/18-Wieczorek-158x300.jpg 158w\" sizes=\"auto, (max-width: 273px) 100vw, 273px\" \/><\/a><figcaption>Hans Wieczorek 1948<\/figcaption><\/figure>\n<\/div>\n<\/div>\n\n\n\n<figure class=\"wp-block-image size-large\"><a href=\"https:\/\/www.tsv-holzerode.de\/wp-content\/uploads\/2021\/06\/19-Fuba-1949-II.jpg\" target=\"_blank\" rel=\"noopener\"><img loading=\"lazy\" decoding=\"async\" width=\"1024\" height=\"554\" src=\"https:\/\/www.tsv-holzerode.de\/wp-content\/uploads\/2021\/06\/19-Fuba-1949-II-1024x554.jpg\" alt=\"\" class=\"wp-image-1128\" srcset=\"https:\/\/www.tsv-holzerode.de\/wp-content\/uploads\/2021\/06\/19-Fuba-1949-II-1024x554.jpg 1024w, https:\/\/www.tsv-holzerode.de\/wp-content\/uploads\/2021\/06\/19-Fuba-1949-II-300x162.jpg 300w, https:\/\/www.tsv-holzerode.de\/wp-content\/uploads\/2021\/06\/19-Fuba-1949-II-768x416.jpg 768w, https:\/\/www.tsv-holzerode.de\/wp-content\/uploads\/2021\/06\/19-Fuba-1949-II-1536x831.jpg 1536w, https:\/\/www.tsv-holzerode.de\/wp-content\/uploads\/2021\/06\/19-Fuba-1949-II.jpg 1896w\" sizes=\"auto, (max-width: 767px) 89vw, (max-width: 1000px) 54vw, (max-width: 1071px) 543px, 580px\" \/><\/a><figcaption>Die 1. Herrenmannschaft des TSV Holzerode im August 1948<br><strong>v.l.n.r.:<\/strong> Helmut B\u00e4hrens, Erich Finke, Albert Vollbrecht, Heinrich Schnur, Erich Jurgeleit, Hans Wieczorek, Friedel Jurgeleit, G\u00fcnther D\u00f6ring, Werner Dankenbrink, Fritz Hoffmann und Rudolf M\u00fcckisch<\/figcaption><\/figure>\n\n\n\n<div class=\"wp-block-columns is-layout-flex wp-container-core-columns-is-layout-9d6595d7 wp-block-columns-is-layout-flex\">\n<div class=\"wp-block-column is-layout-flow wp-block-column-is-layout-flow\">\n<figure class=\"wp-block-image size-large\"><a href=\"https:\/\/www.tsv-holzerode.de\/wp-content\/uploads\/2021\/06\/20-Osrani-1948.jpg\" target=\"_blank\" rel=\"noopener\"><img loading=\"lazy\" decoding=\"async\" width=\"486\" height=\"698\" src=\"https:\/\/www.tsv-holzerode.de\/wp-content\/uploads\/2021\/06\/20-Osrani-1948.jpg\" alt=\"\" class=\"wp-image-1129\" srcset=\"https:\/\/www.tsv-holzerode.de\/wp-content\/uploads\/2021\/06\/20-Osrani-1948.jpg 486w, https:\/\/www.tsv-holzerode.de\/wp-content\/uploads\/2021\/06\/20-Osrani-1948-209x300.jpg 209w\" sizes=\"auto, (max-width: 486px) 100vw, 486px\" \/><\/a><figcaption>Einladungsplakat zum Sportfest 1948 mit Programm<\/figcaption><\/figure>\n<\/div>\n\n\n\n<div class=\"wp-block-column is-layout-flow wp-block-column-is-layout-flow\">\n<p>Hatten die Sportler in den 1920er Jahren ihre gro\u00dfenTurnerb\u00e4lle zumeist im geschlossenen Rahmen mit ihren Mitgliedern und Anh\u00e4ngern gefeiert, so &nbsp;&nbsp;&nbsp;&nbsp;&nbsp;&nbsp;&nbsp;&nbsp;&nbsp;&nbsp;&nbsp; feierten die Fu\u00dfballer in dieser schwierigen Nachkriegszeit wenige Monate nach der W\u00e4hrungsreform jetzt mit einem \u00f6ffentlichen Tanzvergn\u00fcgen f\u00fcr die gesamte Ortsbev\u00f6lkerung. Nach dramatischen K\u00e4mpfen der 2. Mannschaft gegen Renshausen und der 1. Mannschaft gegen Rot-Wei\u00df G\u00f6ttingen (5:4 nach Halbzeitr\u00fcckstand von 1:4) am &nbsp;&nbsp;&nbsp;&nbsp;&nbsp;&nbsp;&nbsp; Nachmittag, versammelte man sich am 17. Oktober 1948 abends auf dem Saale R\u00fchling, um endlich &nbsp; wieder einmal unbeschwerte Stunden im gro\u00dfen Kreis der sich aus \u201aEinheimischen\u2018 und \u201aFl\u00fcchtlingen\u2018 neu zusammenfindenden Dorfgemeinschaft zu erleben. <\/p>\n<\/div>\n<\/div>\n\n\n\n<p>Eine 16-Mann-Kapelle (!), die \u201eMusik-Mixer&#8220;, sorgten f\u00fcr Unterhaltung. Als besondere Attraktion hatte man aus Hannover den bekannten Conf\u00e9rencier \u201eOsrani, den Einmaligen&#8220; engagiert, der aber leider nur mit einem einmaligen Auftritt erfreuen konnte. Zum einen war er bald zu betrunken f\u00fcr weitere Einlagen und zum anderen musste er auch den freundschaftlichen Schlag erst verdauen, mit dem Mittelst\u00fcrmer Erich Jurgeleit nach seinem Zylinder gelangt hatte. Die Wiederaufnahme des traditionsreichen Ger\u00e4teturnens im Ort war leider nur von kurzer Dauer. Zwar gab es vielversprechende Ans\u00e4tze und unter g\u00fcnstigeren Umst\u00e4nden h\u00e4tten die jungen Nachkriegsturner vielleicht auch die gro\u00dfe Tradition der V\u00e4tergeneration fortsetzen k\u00f6nnen. Nachdem man noch bei dem 40j\u00e4hrigen Jubil\u00e4umsturnfest in Herberhausen Mitte 1947 mit einer Turnerriege gestartet war, stellte die erste Sportgruppe des Vereins nach dem Kriege ihren Betrieb schon wieder ein. Der Fu\u00dfballsport dominierte von jetzt ab f\u00fcr mindestens zwei Jahrzehnte den Vereinsbetrieb.<\/p>\n\n\n\n<figure class=\"wp-block-image size-large\"><a href=\"https:\/\/www.tsv-holzerode.de\/wp-content\/uploads\/2021\/06\/21-Fuba-Mannschaft-1949-Kopie.jpg\" target=\"_blank\" rel=\"noopener\"><img loading=\"lazy\" decoding=\"async\" width=\"1024\" height=\"641\" src=\"https:\/\/www.tsv-holzerode.de\/wp-content\/uploads\/2021\/06\/21-Fuba-Mannschaft-1949-Kopie-1024x641.jpg\" alt=\"\" class=\"wp-image-1131\" srcset=\"https:\/\/www.tsv-holzerode.de\/wp-content\/uploads\/2021\/06\/21-Fuba-Mannschaft-1949-Kopie-1024x641.jpg 1024w, https:\/\/www.tsv-holzerode.de\/wp-content\/uploads\/2021\/06\/21-Fuba-Mannschaft-1949-Kopie-300x188.jpg 300w, https:\/\/www.tsv-holzerode.de\/wp-content\/uploads\/2021\/06\/21-Fuba-Mannschaft-1949-Kopie-768x480.jpg 768w, https:\/\/www.tsv-holzerode.de\/wp-content\/uploads\/2021\/06\/21-Fuba-Mannschaft-1949-Kopie-1536x961.jpg 1536w, https:\/\/www.tsv-holzerode.de\/wp-content\/uploads\/2021\/06\/21-Fuba-Mannschaft-1949-Kopie.jpg 1843w\" sizes=\"auto, (max-width: 767px) 89vw, (max-width: 1000px) 54vw, (max-width: 1071px) 543px, 580px\" \/><\/a><figcaption>Die 1. Herrenmannschaft des TSV als Pokalsieger \u00fcber Bilshausen und Bodensee im August 1949<br><strong>stehend v.l.n.r.:<\/strong> Helmut B\u00e4hrens, Albert Vollbrecht, Fritz Hoffmann, Erich Jurgeleit, Friedel Jurgeleit, G\u00fcnther D\u00f6ring, Heinrich Schnur und Rudolf M\u00fcckisch<br><strong>sitzend v.l.n.r.:<\/strong> Erich Finke, Hans Wieczorek und Werner Dankenbrink<\/figcaption><\/figure>\n\n\n\n<p>Neben den auf dem Mannschaftsbild abgebildeten Spielern geh\u00f6rten zu dieser Zeit noch Werner Petsch, Manfred Pichottka, Edmund und Alfons Behmke sowie Helmut Waldmann zur Mannschaft.&nbsp;Der sportliche Erfolg auf dem Spielfeld war also inzwischen voll da, Schwierigkeiten gab es jedoch mit der Sportplatznutzung. Nachdem der Platz (richtiger die Wiese) am \u201eNeuen Friedhof\u201c schon Mitte 1947 durch den Eigent\u00fcmer wegen landwirtschaftlicher Nutzung gesperrt worden und man auf die Forstwiese am Osterholz \u2013 die St\u00e4tte der ersten Fu\u00dfballaktivit\u00e4ten aus den 1920er Jahren \u2013 umgezogen war, gab es auch hier bald Schwierigkeiten. Im September 1948 hatte der \u00f6rtliche Revierf\u00f6rster Nethe zum nachfolgenden 01. Oktober die Benutzung des im Forsteigentum befindlichen Platzes am Osterholz untersagt, sodass dem Verein drohte, bald ohne Sportst\u00e4tte dazustehen. Am 25. September beantragte daher der Vorstand umgehend bei der Forstverwaltung die Pachtung des Platzes, erhielt jedoch zun\u00e4chst keine Antwort. Selbst die Einschaltung des Gemeinderates und der \u00f6rtlichen Lehrer Liers, Albermann und Jahn \u2013 schlie\u00dflich sogar des Landrates Ernst Fahlbusch \u2013 blieben zun\u00e4chst ohne Erfolg. Stattdessen pfl\u00fcgte am 10. Dezember der Bauer Albert Meyer den Platz um und eine weitere Nutzung erschien noch unwahrscheinlicher. Man musste deshalb nach Billingshausen ausweichen und seit Ende 1948 auf dem dortigen Sportplatz die \u201aHeimspiele\u2018 austragen. Erst zum Fr\u00fchjahr 1949 hatten die Bem\u00fchungen um die Nutzung des Platzes am Osterholz Erfolg. Vom zust\u00e4ndigen Forstamt in Sarstedt bekam man jetzt den gew\u00fcnschten Pachtvertrag und wurde nun endg\u00fcltig f\u00fcr viele Jahre am Osterholz heimisch. Da der alte Platz immer schon etwas zu klein war und auch eine ung\u00fcnstige Ausrichtung hatte, ging man sogleich an eine Umgestaltung. Man verlegte ihn geringf\u00fcgig und &#8218;drehte&#8216; ihn um 90 Grad. Am 21. August 1949 feierte der Verein dann im festlichen Rahmen die Einweihung des neugestalteten Platzes mit einem sogenannten \u201aFu\u00dfball-Blitzturnier\u2018. Welche starke Anziehungskraft der Fu\u00dfballsport in diesen Jahren aus\u00fcbte, wurde bei einem weiteren gro\u00dfen Ereignis deutlich als am 27. August 1950 eine kombinierte Mannschaft aus Waake, Eberg\u00f6tzen, Landolfshausen und Holzerode wiederum gegen einen westdeutschen Gastclub antrat (den Club \u201eRheinland Duisburg-Ruhrort&#8220;) und sich auf dem Sportplatz am Osterholz nicht weniger als 1600 Zuschauer (!) einfanden. Wenn der sportliche Erfolg diesmal auch ausblieb (1:6 Niederlage), so hatte doch der Kassenwart gro\u00dfe Freude an diesem Treffen.<\/p>\n\n\n\n<figure class=\"wp-block-image size-large\"><a href=\"https:\/\/www.tsv-holzerode.de\/wp-content\/uploads\/2021\/06\/22-Fuba-mit-LKW-1949-50.jpg\" target=\"_blank\" rel=\"noopener\"><img loading=\"lazy\" decoding=\"async\" width=\"1024\" height=\"661\" src=\"https:\/\/www.tsv-holzerode.de\/wp-content\/uploads\/2021\/06\/22-Fuba-mit-LKW-1949-50-1024x661.jpg\" alt=\"\" class=\"wp-image-1133\" srcset=\"https:\/\/www.tsv-holzerode.de\/wp-content\/uploads\/2021\/06\/22-Fuba-mit-LKW-1949-50-1024x661.jpg 1024w, https:\/\/www.tsv-holzerode.de\/wp-content\/uploads\/2021\/06\/22-Fuba-mit-LKW-1949-50-300x194.jpg 300w, https:\/\/www.tsv-holzerode.de\/wp-content\/uploads\/2021\/06\/22-Fuba-mit-LKW-1949-50-768x496.jpg 768w, https:\/\/www.tsv-holzerode.de\/wp-content\/uploads\/2021\/06\/22-Fuba-mit-LKW-1949-50-1536x991.jpg 1536w, https:\/\/www.tsv-holzerode.de\/wp-content\/uploads\/2021\/06\/22-Fuba-mit-LKW-1949-50.jpg 2028w\" sizes=\"auto, (max-width: 767px) 89vw, (max-width: 1000px) 54vw, (max-width: 1071px) 543px, 580px\" \/><\/a><figcaption>Die Holzer\u00f6der Fu\u00dfballer und ihre Fans unterwegs zu einem ausw\u00e4rtigen Fu\u00dfballspiel mit dem LKW der Billingsh\u00e4user Firma Seiffert 1949\/1950<br><strong>auf dem Wagen v.l.n.r.:<\/strong> Heinrich Schnur, Albert Finke, G\u00fcnther D\u00f6ring, Ewald Heise, Erich Finke, Otto Finke, Kurt Finke und Helmut Hoffmann<br><strong>stehend v.l.n.r.:<\/strong> Erich Jurgeleit, Fritz Hoffmann, Fritz Meyer, Werner Dankenbrink, Albert Vollbrecht, Manfred Pichotka, Albert Gunkel, Konrad Weibel, Hans Wieczorek, Willi Heise, Rudolf M\u00fcckisch, Klaus H\u00f6feler, Heinz Finke, Friedel Jurgeleit und Rudi Seifert (sitzend im Wagen)<\/figcaption><\/figure>\n\n\n\n<h2 class=\"wp-block-heading\"><strong>8. Der Verein in den 1950er Jahren &#8211; in Konkurrenz zum \u201eWirtschaftswunder&#8220;<\/strong><\/h2>\n\n\n\n<p>Anfang der 50er Jahre war diese erste begeisternde Phase im Holzer\u00f6der Nachkriegsfu\u00dfball allerdings schon wieder vorbei. Die Jahre des beginnenden wirtschaftlichen Aufschwungs, des sog. \u201eWirtschaftswunders\u201c, boten ung\u00fcnstige Bedingungen f\u00fcr den l\u00e4ndlichen Amateursport. Nach dem Idealismus noch in der ersten Nachkriegszeit war man nun eher &#8218;materialistisch&#8216; eingestellt. Den zunehmenden Freizeitangeboten und Konsumm\u00f6glichkeiten, besonders das sehr beliebte Kinoangebot in G\u00f6ttingen, hatte der kleine Verein, in dem nur Fu\u00dfball gespielt werden konnte, keine entsprechend anziehenden Alternativen entgegenzusetzen. Eine Damen-Gymnastikgruppe, in der Zweckgymnastik und Volkstanz betrieben wurde, brachte zwar das erste spezielle Sportangebot f\u00fcr Frauen im Verein, aber diese im Jahre 1950 von Anna Biskup gegr\u00fcndete und geleitete Gruppe bestand nur bis 1952. Einem in diesen Jahren von Hermann Werder jun., der selbst noch als Boxer in G\u00f6ttingen aktiv war, unternommener Versuch, den Turnbetrieb zumindest f\u00fcr Sch\u00fcler und Jugendliche wieder zu beleben, war ebenfalls nur eine kurzlebige Episode.<\/p>\n\n\n\n<div class=\"wp-block-columns is-layout-flex wp-container-core-columns-is-layout-9d6595d7 wp-block-columns-is-layout-flex\">\n<div class=\"wp-block-column is-layout-flow wp-block-column-is-layout-flow\">\n<figure class=\"wp-block-image size-large is-resized\"><a href=\"https:\/\/www.tsv-holzerode.de\/wp-content\/uploads\/2021\/06\/23-Turnstunde-mit-Hermann-Werder-1950er-Jahre.jpg\" target=\"_blank\" rel=\"noopener\"><img loading=\"lazy\" decoding=\"async\" src=\"https:\/\/www.tsv-holzerode.de\/wp-content\/uploads\/2021\/06\/23-Turnstunde-mit-Hermann-Werder-1950er-Jahre-1024x692.jpg\" alt=\"\" class=\"wp-image-1134\" width=\"321\" height=\"216\" srcset=\"https:\/\/www.tsv-holzerode.de\/wp-content\/uploads\/2021\/06\/23-Turnstunde-mit-Hermann-Werder-1950er-Jahre-1024x692.jpg 1024w, https:\/\/www.tsv-holzerode.de\/wp-content\/uploads\/2021\/06\/23-Turnstunde-mit-Hermann-Werder-1950er-Jahre-300x203.jpg 300w, https:\/\/www.tsv-holzerode.de\/wp-content\/uploads\/2021\/06\/23-Turnstunde-mit-Hermann-Werder-1950er-Jahre-768x519.jpg 768w, https:\/\/www.tsv-holzerode.de\/wp-content\/uploads\/2021\/06\/23-Turnstunde-mit-Hermann-Werder-1950er-Jahre-1536x1038.jpg 1536w, https:\/\/www.tsv-holzerode.de\/wp-content\/uploads\/2021\/06\/23-Turnstunde-mit-Hermann-Werder-1950er-Jahre.jpg 1612w\" sizes=\"auto, (max-width: 321px) 100vw, 321px\" \/><\/a><figcaption>Turnen Jugendlicher mit Hermann Werder auf dem Saal R\u00fchling Anfang der 1950er Jahre<\/figcaption><\/figure>\n<\/div>\n\n\n\n<div class=\"wp-block-column is-layout-flow wp-block-column-is-layout-flow\">\n<figure class=\"wp-block-image size-large\"><a href=\"https:\/\/www.tsv-holzerode.de\/wp-content\/uploads\/2021\/06\/24-Weihnachtsfeier-1949-50.jpg\" target=\"_blank\" rel=\"noopener\"><img loading=\"lazy\" decoding=\"async\" width=\"1024\" height=\"680\" src=\"https:\/\/www.tsv-holzerode.de\/wp-content\/uploads\/2021\/06\/24-Weihnachtsfeier-1949-50-1024x680.jpg\" alt=\"\" class=\"wp-image-1135\" srcset=\"https:\/\/www.tsv-holzerode.de\/wp-content\/uploads\/2021\/06\/24-Weihnachtsfeier-1949-50-1024x680.jpg 1024w, https:\/\/www.tsv-holzerode.de\/wp-content\/uploads\/2021\/06\/24-Weihnachtsfeier-1949-50-300x199.jpg 300w, https:\/\/www.tsv-holzerode.de\/wp-content\/uploads\/2021\/06\/24-Weihnachtsfeier-1949-50-768x510.jpg 768w, https:\/\/www.tsv-holzerode.de\/wp-content\/uploads\/2021\/06\/24-Weihnachtsfeier-1949-50-1536x1019.jpg 1536w, https:\/\/www.tsv-holzerode.de\/wp-content\/uploads\/2021\/06\/24-Weihnachtsfeier-1949-50.jpg 1579w\" sizes=\"auto, (max-width: 767px) 89vw, (max-width: 1000px) 54vw, (max-width: 1071px) 543px, 580px\" \/><\/a><figcaption>Weihnachtsfeier Jugendlicher im Gasthaus \u201eZum Struthkrug\u201c 1950<\/figcaption><\/figure>\n<\/div>\n<\/div>\n\n\n\n<div class=\"wp-block-columns is-layout-flex wp-container-core-columns-is-layout-9d6595d7 wp-block-columns-is-layout-flex\">\n<div class=\"wp-block-column is-layout-flow wp-block-column-is-layout-flow\">\n<figure class=\"wp-block-image size-large\"><a href=\"https:\/\/www.tsv-holzerode.de\/wp-content\/uploads\/2021\/06\/25-Wanderung-Jugend-Sportverein-mit-Hermann-Werder-195501112017.jpg\" target=\"_blank\" rel=\"noopener\"><img loading=\"lazy\" decoding=\"async\" width=\"1024\" height=\"615\" src=\"https:\/\/www.tsv-holzerode.de\/wp-content\/uploads\/2021\/06\/25-Wanderung-Jugend-Sportverein-mit-Hermann-Werder-195501112017-1024x615.jpg\" alt=\"\" class=\"wp-image-1136\" srcset=\"https:\/\/www.tsv-holzerode.de\/wp-content\/uploads\/2021\/06\/25-Wanderung-Jugend-Sportverein-mit-Hermann-Werder-195501112017-1024x615.jpg 1024w, https:\/\/www.tsv-holzerode.de\/wp-content\/uploads\/2021\/06\/25-Wanderung-Jugend-Sportverein-mit-Hermann-Werder-195501112017-300x180.jpg 300w, https:\/\/www.tsv-holzerode.de\/wp-content\/uploads\/2021\/06\/25-Wanderung-Jugend-Sportverein-mit-Hermann-Werder-195501112017-768x461.jpg 768w, https:\/\/www.tsv-holzerode.de\/wp-content\/uploads\/2021\/06\/25-Wanderung-Jugend-Sportverein-mit-Hermann-Werder-195501112017-1536x922.jpg 1536w, https:\/\/www.tsv-holzerode.de\/wp-content\/uploads\/2021\/06\/25-Wanderung-Jugend-Sportverein-mit-Hermann-Werder-195501112017.jpg 1905w\" sizes=\"auto, (max-width: 767px) 89vw, (max-width: 1000px) 54vw, (max-width: 1071px) 543px, 580px\" \/><\/a><figcaption>Wanderung unter Leitung von Hermann Werder und Gerd Duwe<br><strong>vordere Reihe v.l.n.r.<\/strong>:Gerd Waldmann, Victor Krause, Horst Heise und unbekannt, <br><strong>hintere Reihe v.l.n.r.:<\/strong> Hannelore Finke, Elisabeth Beyer, Marga Beyer, Lisa Waldmann, Walli Werder, Oswin Hoffmann, Hermann Werder, Gerd Duwe und Horst Duwe<\/figcaption><\/figure>\n<\/div>\n\n\n\n<div class=\"wp-block-column is-layout-flow wp-block-column-is-layout-flow\">\n<figure class=\"wp-block-image size-large\"><a href=\"https:\/\/www.tsv-holzerode.de\/wp-content\/uploads\/2021\/06\/26-Ausflug-nach-Eddigehausen-195501112017.jpg\" target=\"_blank\" rel=\"noopener\"><img loading=\"lazy\" decoding=\"async\" width=\"1024\" height=\"680\" src=\"https:\/\/www.tsv-holzerode.de\/wp-content\/uploads\/2021\/06\/26-Ausflug-nach-Eddigehausen-195501112017-1024x680.jpg\" alt=\"\" class=\"wp-image-1137\" srcset=\"https:\/\/www.tsv-holzerode.de\/wp-content\/uploads\/2021\/06\/26-Ausflug-nach-Eddigehausen-195501112017-1024x680.jpg 1024w, https:\/\/www.tsv-holzerode.de\/wp-content\/uploads\/2021\/06\/26-Ausflug-nach-Eddigehausen-195501112017-300x199.jpg 300w, https:\/\/www.tsv-holzerode.de\/wp-content\/uploads\/2021\/06\/26-Ausflug-nach-Eddigehausen-195501112017-768x510.jpg 768w, https:\/\/www.tsv-holzerode.de\/wp-content\/uploads\/2021\/06\/26-Ausflug-nach-Eddigehausen-195501112017-1536x1021.jpg 1536w, https:\/\/www.tsv-holzerode.de\/wp-content\/uploads\/2021\/06\/26-Ausflug-nach-Eddigehausen-195501112017.jpg 1791w\" sizes=\"auto, (max-width: 767px) 89vw, (max-width: 1000px) 54vw, (max-width: 1071px) 543px, 580px\" \/><\/a><figcaption>\u201eAm Brunnen vor dem Tore\u201c in Rauschenwasser.<br><strong>v.l.n.r.:<\/strong> Gerd Waldmann, unbekannt, Elisabeth Beyer, Hannelore Finke, unbekannt, Marga Beyer und Horst Heise.<\/figcaption><\/figure>\n<\/div>\n<\/div>\n\n\n\n<p>Angesichts dieser geringen Breitenwirkung und mangelnden Beteiligung am Vereinsgeschehen wurde 1953 vereinzelt sogar die Forderung laut, man solle den Verein doch wieder ganz aufl\u00f6sen. Dem damaligen 1. Vorsitzenden Hans Wieczorek und dem Kreissportbund ist es zu verdanken, dass diese Forderungen nicht durchdrangen und die gro\u00dfe &#8218;Durststrecke&#8216; in der Vereinsentwicklung mit unerm\u00fcdlichem Engagement \u00fcberstanden wurde. Und als dann im Fu\u00dfball eine neue Generation von Spielern herangewachsen war, konnte man ab 1956 wieder an die erste erfolgreiche Nachkriegszeit ankn\u00fcpfen. Hans Wieczorek konnte zusammen mit seinem jetzigen 2.Vorsitzenden Walter Wienecke, der zugleich P\u00e4chter des Vereinslokals \u201eZur Linde\u201c (Eigent\u00fcmer Familie R\u00fchling) war, sogar wieder drei Herrenmannschaften und eine Jugendmannschaft zum Spielbetrieb in den Kreisklassen anmelden. Insbesondere die \u00fcberraschende Erringung der Fu\u00dfballweltmeisterschaft durch die bundesrepublikanische Nationalmannschaft 1954 hatte den Fu\u00dfballsport auch in Holzerode neuerlich popul\u00e4r gemacht. Durch gute Leistungen \u2013 insbesondere des jungen Mittelst\u00fcrmers Siegfried Daberkow \u2013 konnte die 1. Mannschaft nach der Saison 1956\/57 auch sogleich in die 2. Kreisklasse aufsteigen. Der begeisternde Torj\u00e4ger erzielte in dieser Saison allein 64 Treffer der \u00fcber 100 von der Mannschaft insgesamt geschossenen Tore und stellte damit eine \u00fcberragende Leistung auf &#8211; auch insgesamt auf nieders\u00e4chsischer Ebene.<\/p>\n\n\n\n<figure class=\"wp-block-image size-large\"><a href=\"https:\/\/www.tsv-holzerode.de\/wp-content\/uploads\/2021\/06\/27-TSV-Holzerode-1.-Mannachaft-1956-scaled.jpg\" target=\"_blank\" rel=\"noopener\"><img loading=\"lazy\" decoding=\"async\" width=\"1024\" height=\"660\" src=\"https:\/\/www.tsv-holzerode.de\/wp-content\/uploads\/2021\/06\/27-TSV-Holzerode-1.-Mannachaft-1956-1024x660.jpg\" alt=\"\" class=\"wp-image-1139\" srcset=\"https:\/\/www.tsv-holzerode.de\/wp-content\/uploads\/2021\/06\/27-TSV-Holzerode-1.-Mannachaft-1956-1024x660.jpg 1024w, https:\/\/www.tsv-holzerode.de\/wp-content\/uploads\/2021\/06\/27-TSV-Holzerode-1.-Mannachaft-1956-300x193.jpg 300w, https:\/\/www.tsv-holzerode.de\/wp-content\/uploads\/2021\/06\/27-TSV-Holzerode-1.-Mannachaft-1956-768x495.jpg 768w, https:\/\/www.tsv-holzerode.de\/wp-content\/uploads\/2021\/06\/27-TSV-Holzerode-1.-Mannachaft-1956-1536x990.jpg 1536w, https:\/\/www.tsv-holzerode.de\/wp-content\/uploads\/2021\/06\/27-TSV-Holzerode-1.-Mannachaft-1956-2048x1320.jpg 2048w\" sizes=\"auto, (max-width: 767px) 89vw, (max-width: 1000px) 54vw, (max-width: 1071px) 543px, 580px\" \/><\/a><figcaption>Die \u201aneue\u2018 Fu\u00dfballmannschaft des TSV im Jahre 1956<br><strong>stehend v.l.n.r.:<\/strong> Betreuer Hermann Werder, Werner Thiele, Helmut Behmke, Siegfried Daberkow, Horst Behmke, Dieter Zwirner und Betreuer Arthur Drechsler<br><strong>knieend v.l.n.r.:<\/strong> Albert Drechsler, Reinhard Rau, Willi Vollbrecht, Gerd Duwe, Albert Gunkel und Kurt Finke.<\/figcaption><\/figure>\n\n\n\n<div class=\"wp-block-columns is-layout-flex wp-container-core-columns-is-layout-9d6595d7 wp-block-columns-is-layout-flex\">\n<div class=\"wp-block-column is-layout-flow wp-block-column-is-layout-flow\">\n<figure class=\"wp-block-image size-large\"><a href=\"https:\/\/www.tsv-holzerode.de\/wp-content\/uploads\/2021\/06\/28-Vereinsausflug-1958.jpg\" target=\"_blank\" rel=\"noopener\"><img loading=\"lazy\" decoding=\"async\" width=\"1024\" height=\"762\" src=\"https:\/\/www.tsv-holzerode.de\/wp-content\/uploads\/2021\/06\/28-Vereinsausflug-1958-1024x762.jpg\" alt=\"\" class=\"wp-image-1140\" srcset=\"https:\/\/www.tsv-holzerode.de\/wp-content\/uploads\/2021\/06\/28-Vereinsausflug-1958-1024x762.jpg 1024w, https:\/\/www.tsv-holzerode.de\/wp-content\/uploads\/2021\/06\/28-Vereinsausflug-1958-300x223.jpg 300w, https:\/\/www.tsv-holzerode.de\/wp-content\/uploads\/2021\/06\/28-Vereinsausflug-1958-768x572.jpg 768w, https:\/\/www.tsv-holzerode.de\/wp-content\/uploads\/2021\/06\/28-Vereinsausflug-1958.jpg 1408w\" sizes=\"auto, (max-width: 767px) 89vw, (max-width: 1000px) 54vw, (max-width: 1071px) 543px, 580px\" \/><\/a><figcaption>Vereinsausflug zur Porta Westfalica 1958<\/figcaption><\/figure>\n<\/div>\n\n\n\n<div class=\"wp-block-column is-layout-flow wp-block-column-is-layout-flow\">\n<p>Mit dem Wiederbeginn des Punkt- spielbetriebes im Fu\u00dfball stieg auch das allgemeine Interesse im Dorf f\u00fcr den Sport und den TSV wieder deutlich an. Es gab Vereinsausfl\u00fcge und ab 1960 dann auch wieder erweiterte sportliche Aktivit\u00e4ten. Unter der Leitung von Hildegard Woop und Renate Zwirner wurde die Frauengymnastik wiederbelebt und unter der Leitung von Dieter B\u00e4hrens eine Tischtennisabteilung gegr\u00fcndet (mit dem Saal des Gasthauses \u201eStruthkrug\u201c als Spielst\u00e4tte).<\/p>\n<\/div>\n<\/div>\n\n\n\n<figure class=\"wp-block-image size-large\"><a href=\"https:\/\/www.tsv-holzerode.de\/wp-content\/uploads\/2021\/06\/29-Gymnastikgruppe-1960-62.jpg\" target=\"_blank\" rel=\"noopener\"><img loading=\"lazy\" decoding=\"async\" width=\"1024\" height=\"715\" src=\"https:\/\/www.tsv-holzerode.de\/wp-content\/uploads\/2021\/06\/29-Gymnastikgruppe-1960-62-1024x715.jpg\" alt=\"\" class=\"wp-image-1141\" srcset=\"https:\/\/www.tsv-holzerode.de\/wp-content\/uploads\/2021\/06\/29-Gymnastikgruppe-1960-62-1024x715.jpg 1024w, https:\/\/www.tsv-holzerode.de\/wp-content\/uploads\/2021\/06\/29-Gymnastikgruppe-1960-62-300x210.jpg 300w, https:\/\/www.tsv-holzerode.de\/wp-content\/uploads\/2021\/06\/29-Gymnastikgruppe-1960-62-768x536.jpg 768w, https:\/\/www.tsv-holzerode.de\/wp-content\/uploads\/2021\/06\/29-Gymnastikgruppe-1960-62-1536x1073.jpg 1536w, https:\/\/www.tsv-holzerode.de\/wp-content\/uploads\/2021\/06\/29-Gymnastikgruppe-1960-62-2048x1430.jpg 2048w\" sizes=\"auto, (max-width: 767px) 89vw, (max-width: 1000px) 54vw, (max-width: 1071px) 543px, 580px\" \/><\/a><figcaption>Frauengymnastikabteilung 1960-1962 unter Leitung von Hilde Woop<br><strong>v.l.n.r.:<\/strong> Irmgard Behmke, Renate Zwirner, Elisabeth Beyer, Christa Adam, Hildegard Woop, Ursel Hinze, Marga Beyer, Lisa Waldmann und Christa Behmke<\/figcaption><\/figure>\n\n\n\n<h2 class=\"wp-block-heading\"><strong>9. Der Fu\u00dfballsport dominierte die 1960er Jahre<\/strong><\/h2>\n\n\n\n<p>Das wichtigste Projekt am \u00dcbergang in die 1960er Jahre war die Renovierung und Erweiterung des Sportplatzes am Osterholz. Der dort seit 1949 bestehende Platz am Osterholz war in seinen Ausma\u00dfen zu klein und musste endlich auf das vorgeschriebene Regelma\u00df gebracht werden. Man beschloss deshalb, den ganzen Spielbetrieb nach Renshausen zu verlegen, wo man bei den dortigen Sportsfreunden f\u00fcr nur 10.00 DM Miete pro Spieltag deren Platz nutzen konnte. Nach 15 Monaten Bauzeit und vielen freiwilligen Arbeitseins\u00e4tzen konnte am 07. August 1961 im Rahmen eines gro\u00dfen Sportfestes der erweiterte und gr\u00fcndlich renovierte Sportplatz am Osterholz seiner Bestimmung \u00fcbergeben werden. Trotz 1100 freiwilliger Arbeitsstunden der insgesamt jetzt 90 Mitglieder hatte die Erweiterung der Platzanlage auf das jetzt auch \u00fcberregionalen Anspr\u00fcchen gerecht werdende Ma\u00df von 105 x 66,5 m immer noch 10.000 DM gekostet, eine f\u00fcr damalige Verh\u00e4ltnisse enorme Summe f\u00fcr den kleinen Verein. Aber es hatte sich gelohnt, was vor allem dem Einsatz des 1. Vorsitzenden Hans Wieczorek und seiner ganzen mitt\u00e4tigen Familie zu verdanken war. Das \u201eG\u00f6ttinger Tageblatt&#8220; r\u00fchmte die Anlage sogar als \u201eeinen der besten Pl\u00e4tze des ganzen Kreises&#8220;. Nun verf\u00fcgten die Holzer\u00f6der Mannschaften \u00fcber gute Bedingungen, wenn es dort \u201adrau\u00dfen am Walde\u2018 (heute in der N\u00e4he des Holzer\u00f6der Sch\u00fctzenhauses als Heimst\u00e4tte der Pfadfinder genutzt) auch weiterhin noch keine Umkleidem\u00f6glichkeiten oder flie\u00dfend Wasser gab; hierf\u00fcr stand \u2013 wie fast auf allen D\u00f6rfern dieser Zeit \u2013 lediglich nur im Dorf der Clubraum des Vereinslokals \u201eR\u00fchling\u201c&nbsp; mit einer Blechwanne auf dem Hof zur Verf\u00fcgung.<\/p>\n\n\n\n<p>Die aber zumindest deutlich verbesserte Situation f\u00fchrte nun auch kontinuierlich fu\u00dfballinteressierte Sportler aus den Nachbard\u00f6rfern Spanbeck, Billingshausen und Reyershausen nach Holzerode, denn in diesen Orten konnte nur Handball wettkampfm\u00e4\u00dfig gespielt werden. Der erste von diesen Spielern \u201avon ausw\u00e4rts\u2018 war Roland Schulz aus Reyershausen, der dann auch fast 10 Jahre lang Stammspieler war (siehe Bild unten, vorne zweiter von links).<\/p>\n\n\n\n<figure class=\"wp-block-image size-large\"><a href=\"https:\/\/www.tsv-holzerode.de\/wp-content\/uploads\/2021\/07\/30-Fuba-Platzeinweihung-1961jpg.jpg\" target=\"_blank\" rel=\"noopener\"><img loading=\"lazy\" decoding=\"async\" width=\"1024\" height=\"587\" src=\"https:\/\/www.tsv-holzerode.de\/wp-content\/uploads\/2021\/07\/30-Fuba-Platzeinweihung-1961jpg-1024x587.jpg\" alt=\"\" class=\"wp-image-1143\" srcset=\"https:\/\/www.tsv-holzerode.de\/wp-content\/uploads\/2021\/07\/30-Fuba-Platzeinweihung-1961jpg-1024x587.jpg 1024w, https:\/\/www.tsv-holzerode.de\/wp-content\/uploads\/2021\/07\/30-Fuba-Platzeinweihung-1961jpg-300x172.jpg 300w, https:\/\/www.tsv-holzerode.de\/wp-content\/uploads\/2021\/07\/30-Fuba-Platzeinweihung-1961jpg-768x440.jpg 768w, https:\/\/www.tsv-holzerode.de\/wp-content\/uploads\/2021\/07\/30-Fuba-Platzeinweihung-1961jpg-1536x880.jpg 1536w, https:\/\/www.tsv-holzerode.de\/wp-content\/uploads\/2021\/07\/30-Fuba-Platzeinweihung-1961jpg.jpg 2030w\" sizes=\"auto, (max-width: 767px) 89vw, (max-width: 1000px) 54vw, (max-width: 1071px) 543px, 580px\" \/><\/a><figcaption>Die 1. Mannschaft des TSV Holzerode zur Einweihung des neuen Sportplatzes \u201eAm Osterholz\u201c 1961 <br><strong>stehend v.l.n.r.:<\/strong> Dieter Zwirner (Schiedsrichter), Siegfried Daberkow, Reinhard Kolle, Kurt Waldmann, Heinz Beyer, Werner Thiele, Horst Behmke, Hans Wieczorek knieend v.l.n.r.: J\u00fcrgen Kolle, Roland Schulz, Horst Adam, Dieter Vollbrecht und Helmut Behmke<\/figcaption><\/figure>\n\n\n\n<p>Mit der Zeit wurde die 1. Mannschaft des TSV so auch immer st\u00e4rker, nicht zuletzt durch den kontinuierlichen \u201aEinbau\u2018 j\u00fcngerer Spieler aus dem Nachwuchs der A\/B-Mannschaft.<\/p>\n\n\n\n<div class=\"wp-block-columns is-layout-flex wp-container-core-columns-is-layout-9d6595d7 wp-block-columns-is-layout-flex\">\n<div class=\"wp-block-column is-layout-flow wp-block-column-is-layout-flow\">\n<figure class=\"wp-block-image size-large\"><a href=\"https:\/\/www.tsv-holzerode.de\/wp-content\/uploads\/2021\/07\/31-B-Jugend-Fuba-1961.jpg\" target=\"_blank\" rel=\"noopener\"><img loading=\"lazy\" decoding=\"async\" width=\"1024\" height=\"586\" src=\"https:\/\/www.tsv-holzerode.de\/wp-content\/uploads\/2021\/07\/31-B-Jugend-Fuba-1961-1024x586.jpg\" alt=\"\" class=\"wp-image-1144\" srcset=\"https:\/\/www.tsv-holzerode.de\/wp-content\/uploads\/2021\/07\/31-B-Jugend-Fuba-1961-1024x586.jpg 1024w, https:\/\/www.tsv-holzerode.de\/wp-content\/uploads\/2021\/07\/31-B-Jugend-Fuba-1961-300x172.jpg 300w, https:\/\/www.tsv-holzerode.de\/wp-content\/uploads\/2021\/07\/31-B-Jugend-Fuba-1961-768x439.jpg 768w, https:\/\/www.tsv-holzerode.de\/wp-content\/uploads\/2021\/07\/31-B-Jugend-Fuba-1961.jpg 1329w\" sizes=\"auto, (max-width: 767px) 89vw, (max-width: 1000px) 54vw, (max-width: 1071px) 543px, 580px\" \/><\/a><figcaption>Die Fu\u00dfball-A\/B-Jugend 1961 <br><strong>stehend v.l.n.r.:<\/strong> Manfred Daberkow, Erich Germershausen, Rainer Thiele, Wolfgang Buss, Dieter Daberkow, Joachim Lechte, Lutz Woop, unbekannt, Reiner Kolle, Klaus Wieczorek und Dieter Zwirner (Schiedsrichter) <br><strong>vorn knieend:<\/strong> Willi Meyer und Klaus Steinbach<\/figcaption><\/figure>\n<\/div>\n\n\n\n<div class=\"wp-block-column is-layout-flow wp-block-column-is-layout-flow\">\n<figure class=\"wp-block-image size-large\"><a href=\"https:\/\/www.tsv-holzerode.de\/wp-content\/uploads\/2021\/07\/32-Jugend-Fuba-1964.jpg\" target=\"_blank\" rel=\"noopener\"><img loading=\"lazy\" decoding=\"async\" width=\"1024\" height=\"635\" src=\"https:\/\/www.tsv-holzerode.de\/wp-content\/uploads\/2021\/07\/32-Jugend-Fuba-1964-1024x635.jpg\" alt=\"\" class=\"wp-image-1145\" srcset=\"https:\/\/www.tsv-holzerode.de\/wp-content\/uploads\/2021\/07\/32-Jugend-Fuba-1964-1024x635.jpg 1024w, https:\/\/www.tsv-holzerode.de\/wp-content\/uploads\/2021\/07\/32-Jugend-Fuba-1964-300x186.jpg 300w, https:\/\/www.tsv-holzerode.de\/wp-content\/uploads\/2021\/07\/32-Jugend-Fuba-1964-768x476.jpg 768w, https:\/\/www.tsv-holzerode.de\/wp-content\/uploads\/2021\/07\/32-Jugend-Fuba-1964-1536x952.jpg 1536w, https:\/\/www.tsv-holzerode.de\/wp-content\/uploads\/2021\/07\/32-Jugend-Fuba-1964.jpg 1855w\" sizes=\"auto, (max-width: 767px) 89vw, (max-width: 1000px) 54vw, (max-width: 1071px) 543px, 580px\" \/><\/a><figcaption>Die A\/B-Jugend 1963\/64 <br><strong>stehend v.l.n.r.:<\/strong> Dieter Zwirner (Schiedsrichter), Klaus Wieczorek, Erich Germershausen, Lutz Woop, Dieter Daberkow, Willi Meyer, Manfred Daberkow; Hans Wieczorek (1. Vorsitzender) und Hans-J\u00fcrgen Linke <strong>vorne kniend v.l.n.r.<\/strong>: Rainer Thiele, Heinz Kasper, Klaus Steinbach und Klaus-Dieter Fahlbusch<\/figcaption><\/figure>\n<\/div>\n<\/div>\n\n\n\n<p>Insbesondere bei zahlreichen Pokalspielen war man in den folgenden Sommern sehr erfolgreich. Nach zweimaligem Gewinn des sog. \u201eEichsfelder Pokals&#8220; (einem ab Anfang der 1960er Jahre j\u00e4hrlich an wechselnden Spielorten stattfindenden Pokalturnier mit den beteiligten Vereinen aus Renshausen, Krebeck, Bodensee, Wollbrandshausen und Seeburg) in den Jahren 1965 in Krebeck und 1967 auf heimischem Platz in Holzerode konnte dieser durch eine gro\u00dfe Nachbarschaftsrivalit\u00e4t hei\u00df umk\u00e4mpfte.<\/p>\n\n\n\n<figure class=\"wp-block-image size-large\"><a href=\"https:\/\/www.tsv-holzerode.de\/wp-content\/uploads\/2021\/07\/33-Sportfest-Fuba-1965.jpg\" target=\"_blank\" rel=\"noopener\"><img loading=\"lazy\" decoding=\"async\" width=\"1024\" height=\"403\" src=\"https:\/\/www.tsv-holzerode.de\/wp-content\/uploads\/2021\/07\/33-Sportfest-Fuba-1965-1024x403.jpg\" alt=\"\" class=\"wp-image-1146\" srcset=\"https:\/\/www.tsv-holzerode.de\/wp-content\/uploads\/2021\/07\/33-Sportfest-Fuba-1965-1024x403.jpg 1024w, https:\/\/www.tsv-holzerode.de\/wp-content\/uploads\/2021\/07\/33-Sportfest-Fuba-1965-300x118.jpg 300w, https:\/\/www.tsv-holzerode.de\/wp-content\/uploads\/2021\/07\/33-Sportfest-Fuba-1965-768x302.jpg 768w, https:\/\/www.tsv-holzerode.de\/wp-content\/uploads\/2021\/07\/33-Sportfest-Fuba-1965-1536x604.jpg 1536w, https:\/\/www.tsv-holzerode.de\/wp-content\/uploads\/2021\/07\/33-Sportfest-Fuba-1965.jpg 2033w\" sizes=\"auto, (max-width: 767px) 89vw, (max-width: 1000px) 54vw, (max-width: 1071px) 543px, 580px\" \/><\/a><figcaption>Sportfest 1965 \u2013 Auswahlmannschaft Holzerode mit Gastspielern vs. 1. Amateure G\u00f6ttingen 05 <br><strong>v.l.n.r.<\/strong> Holzer\u00f6der Mannschaft stehend, Beginn 3. <br><strong>v.r.:<\/strong> Siegfried Daberkow, Klaus Gehrke (Waake), TW Wagner(05), Roland Schulz, Wolfgang Buss, Hubert Nienstedt (Renshausen), Dieter Vollbrecht, Horst Behmke, Heinz Beyer , Kurt Waldmann, Bernd Lechte, Harald Mattick und Hans Wieczorek (1. Vors.)<\/figcaption><\/figure>\n\n\n\n<figure class=\"wp-block-image size-large\"><a href=\"https:\/\/www.tsv-holzerode.de\/wp-content\/uploads\/2021\/07\/34-Pokatlturnier-Fuba-1967.jpg\" target=\"_blank\" rel=\"noopener\"><img loading=\"lazy\" decoding=\"async\" width=\"1024\" height=\"643\" src=\"https:\/\/www.tsv-holzerode.de\/wp-content\/uploads\/2021\/07\/34-Pokatlturnier-Fuba-1967-1024x643.jpg\" alt=\"\" class=\"wp-image-1147\" srcset=\"https:\/\/www.tsv-holzerode.de\/wp-content\/uploads\/2021\/07\/34-Pokatlturnier-Fuba-1967-1024x643.jpg 1024w, https:\/\/www.tsv-holzerode.de\/wp-content\/uploads\/2021\/07\/34-Pokatlturnier-Fuba-1967-300x188.jpg 300w, https:\/\/www.tsv-holzerode.de\/wp-content\/uploads\/2021\/07\/34-Pokatlturnier-Fuba-1967-768x482.jpg 768w, https:\/\/www.tsv-holzerode.de\/wp-content\/uploads\/2021\/07\/34-Pokatlturnier-Fuba-1967-1536x964.jpg 1536w, https:\/\/www.tsv-holzerode.de\/wp-content\/uploads\/2021\/07\/34-Pokatlturnier-Fuba-1967.jpg 2033w\" sizes=\"auto, (max-width: 767px) 89vw, (max-width: 1000px) 54vw, (max-width: 1071px) 543px, 580px\" \/><\/a><figcaption>Die siegreiche 1. Herrenmannschaft des TSV beim Pokakalturnier der \u201eEichsfeld- Runde\u201c 1967 auf dem heimischen Sportplatz \u201eAm Osterholz\u201c <br><strong>stehend v.l.n.r.:<\/strong> Siegfried Daberkow, Ludwig Kauffeld, Dieter Daberkow, Wolfgang Buss, Roland Schulz, Dieter Vollbrecht und Dieter Zwirner knieend <br><strong>v.l.n.r.:<\/strong> Reinhard Kolle, Kurt Waldmann, Klaus Bothmann, Klaus-Dieter Fahlbusch, Horst Behmke und Heinz Beyer<\/figcaption><\/figure>\n\n\n\n<p>Wanderpokal 1969 in Wollbrandshausen ein drittes Mal innerhalb von sieben Jahren gewonnen werden und ging endg\u00fcltig in den Besitz des TSV Holzerode. Das war ein weiterer H\u00f6hepunkt in der Geschichte der Holzer\u00f6der Fu\u00dfballer.<\/p>\n\n\n\n<figure class=\"wp-block-image size-large\"><a href=\"https:\/\/www.tsv-holzerode.de\/wp-content\/uploads\/2021\/07\/35-1969-2-1-Pokalsieg-Holzerode-in-Wollbrandshausen-Eichsfeldpokal02072018-scaled.jpg\" target=\"_blank\" rel=\"noopener\"><img loading=\"lazy\" decoding=\"async\" width=\"1024\" height=\"670\" src=\"https:\/\/www.tsv-holzerode.de\/wp-content\/uploads\/2021\/07\/35-1969-2-1-Pokalsieg-Holzerode-in-Wollbrandshausen-Eichsfeldpokal02072018-1024x670.jpg\" alt=\"\" class=\"wp-image-1148\" srcset=\"https:\/\/www.tsv-holzerode.de\/wp-content\/uploads\/2021\/07\/35-1969-2-1-Pokalsieg-Holzerode-in-Wollbrandshausen-Eichsfeldpokal02072018-1024x670.jpg 1024w, https:\/\/www.tsv-holzerode.de\/wp-content\/uploads\/2021\/07\/35-1969-2-1-Pokalsieg-Holzerode-in-Wollbrandshausen-Eichsfeldpokal02072018-300x196.jpg 300w, https:\/\/www.tsv-holzerode.de\/wp-content\/uploads\/2021\/07\/35-1969-2-1-Pokalsieg-Holzerode-in-Wollbrandshausen-Eichsfeldpokal02072018-768x503.jpg 768w, https:\/\/www.tsv-holzerode.de\/wp-content\/uploads\/2021\/07\/35-1969-2-1-Pokalsieg-Holzerode-in-Wollbrandshausen-Eichsfeldpokal02072018-1536x1005.jpg 1536w, https:\/\/www.tsv-holzerode.de\/wp-content\/uploads\/2021\/07\/35-1969-2-1-Pokalsieg-Holzerode-in-Wollbrandshausen-Eichsfeldpokal02072018-2048x1340.jpg 2048w\" sizes=\"auto, (max-width: 767px) 89vw, (max-width: 1000px) 54vw, (max-width: 1071px) 543px, 580px\" \/><\/a><figcaption>Die siegreiche Mannschaft des TSV beim Pokalturnier 1969 in Wollbrandshausen <br><strong>stehend v.l.n.r.:<\/strong> Kurt Waldmann (verletzt), Gerd Daberkow, Wolfgang Buss, Manfred Daberkow, Dieter Daberkow, Siegfried Daberkow, Roland schulz, Dieter Vollbrecht und Klaus Bothmann <br><strong>knieend v.l.n.r.:<\/strong> unbekannt, Karl-Heinz Fahlbusch, Werner Jaschewski, Lutz Woop und Heinz Beyer<\/figcaption><\/figure>\n\n\n\n<p>Und die gute der Form der Mannschaft hielt in diesem Sommer auch noch ein paar Wochen an. Schon bald danach konnte bei dem traditionellen Ernst-Fahlbusch-Turnier des SC Weende mit einem hohen 5:1-Sieg gegen SV Geismar der dortige Pokal errungen werden und schlie\u00dflich auch noch als weiterer H\u00f6hepunkt beim eigenen Sommersportfest am Osterholz ganz \u00fcberraschend die Bezirksklassenmannschaft des SC Weende mit 2:1 geschlagen werden.<\/p>\n\n\n\n<figure class=\"wp-block-image size-large\"><a href=\"https:\/\/www.tsv-holzerode.de\/wp-content\/uploads\/2021\/07\/36-TSV-Holzerode-Sc-Weende-1967-Kopie-Kopie-scaled.jpg\" target=\"_blank\" rel=\"noopener\"><img loading=\"lazy\" decoding=\"async\" width=\"1024\" height=\"673\" src=\"https:\/\/www.tsv-holzerode.de\/wp-content\/uploads\/2021\/07\/36-TSV-Holzerode-Sc-Weende-1967-Kopie-Kopie-1024x673.jpg\" alt=\"\" class=\"wp-image-1151\" srcset=\"https:\/\/www.tsv-holzerode.de\/wp-content\/uploads\/2021\/07\/36-TSV-Holzerode-Sc-Weende-1967-Kopie-Kopie-1024x673.jpg 1024w, https:\/\/www.tsv-holzerode.de\/wp-content\/uploads\/2021\/07\/36-TSV-Holzerode-Sc-Weende-1967-Kopie-Kopie-300x197.jpg 300w, https:\/\/www.tsv-holzerode.de\/wp-content\/uploads\/2021\/07\/36-TSV-Holzerode-Sc-Weende-1967-Kopie-Kopie-768x504.jpg 768w, https:\/\/www.tsv-holzerode.de\/wp-content\/uploads\/2021\/07\/36-TSV-Holzerode-Sc-Weende-1967-Kopie-Kopie-1536x1009.jpg 1536w, https:\/\/www.tsv-holzerode.de\/wp-content\/uploads\/2021\/07\/36-TSV-Holzerode-Sc-Weende-1967-Kopie-Kopie-2048x1345.jpg 2048w\" sizes=\"auto, (max-width: 767px) 89vw, (max-width: 1000px) 54vw, (max-width: 1071px) 543px, 580px\" \/><\/a><figcaption>Sommerfest 1969 Holzerode vs. SC Weende (Bezirksklasse)<br>die Holzer\u00f6der Mannschaft (links, von vorn): Hans Wieczorek (Vorsitzender), Wolfgang Buss, Lutz Woop, Dieter Vollbrecht, Roland Schulz, Siegfried Daberkow, Klaus Bothmann, Karl-Heinz Fahlbusch, Heinz Kasper, Werner Jaschewski und Dieter Zwirner (Schiedsrichter)<\/figcaption><\/figure>\n\n\n\n<div class=\"wp-block-columns is-layout-flex wp-container-core-columns-is-layout-9d6595d7 wp-block-columns-is-layout-flex\">\n<div class=\"wp-block-column is-layout-flow wp-block-column-is-layout-flow\" style=\"flex-basis:25%\">\n<figure class=\"wp-block-image size-large\"><a href=\"https:\/\/www.tsv-holzerode.de\/wp-content\/uploads\/2021\/07\/37-Siegfried-Daberkow-1961.jpg\" target=\"_blank\" rel=\"noopener\"><img loading=\"lazy\" decoding=\"async\" width=\"272\" height=\"375\" src=\"https:\/\/www.tsv-holzerode.de\/wp-content\/uploads\/2021\/07\/37-Siegfried-Daberkow-1961.jpg\" alt=\"\" class=\"wp-image-1149\" srcset=\"https:\/\/www.tsv-holzerode.de\/wp-content\/uploads\/2021\/07\/37-Siegfried-Daberkow-1961.jpg 272w, https:\/\/www.tsv-holzerode.de\/wp-content\/uploads\/2021\/07\/37-Siegfried-Daberkow-1961-218x300.jpg 218w\" sizes=\"auto, (max-width: 272px) 100vw, 272px\" \/><\/a><figcaption>Siegfried Daberkow<\/figcaption><\/figure>\n<\/div>\n\n\n\n<div class=\"wp-block-column is-layout-flow wp-block-column-is-layout-flow\" style=\"flex-basis:50%\">\n<p>Nach dieser erfolgreichen Sommersaison des Holzer\u00f6der Fu\u00dfballs verabschiedete sich dann aber ein Fu\u00dfballer vom aktiven Wettkampfsport, der sicherlich bis dahin zusammen mit den Jurgeleit-Br\u00fcdern der talentierteste und erfolgreichste Spieler aus den eigenen Reihen war, der langj\u00e4hrige Mittelst\u00fcrmer Siegfried Daberkow. F\u00fcr seine Leistung mit 28 Toren in der letzten Punktspielsaison 1968\/69 erhielt er noch einmal einen Ehrenpreis des Vereins. Dieser Abschied vom aktiven Fu\u00dfballspiel nach 13 Jahren als herausragende St\u00fctze der 1. Mannschaft bedeutete jedoch keinen vollst\u00e4ndigen R\u00fcckzug aus dem Vereinsgeschehen. In der Jahreshauptversammlung im Dezember 1969 trat er durch die Wahl zum 2. Vorsitzenden sogleich wieder aktiv in die Vereinsf\u00fchrung ein.<\/p>\n<\/div>\n\n\n\n<div class=\"wp-block-column is-layout-flow wp-block-column-is-layout-flow\" style=\"flex-basis:25%\">\n<figure class=\"wp-block-image size-large\"><a href=\"https:\/\/www.tsv-holzerode.de\/wp-content\/uploads\/2021\/07\/38-Hans-Wieczorek-II-Kopie.jpg\" target=\"_blank\" rel=\"noopener\"><img loading=\"lazy\" decoding=\"async\" width=\"316\" height=\"457\" src=\"https:\/\/www.tsv-holzerode.de\/wp-content\/uploads\/2021\/07\/38-Hans-Wieczorek-II-Kopie.jpg\" alt=\"\" class=\"wp-image-1150\" srcset=\"https:\/\/www.tsv-holzerode.de\/wp-content\/uploads\/2021\/07\/38-Hans-Wieczorek-II-Kopie.jpg 316w, https:\/\/www.tsv-holzerode.de\/wp-content\/uploads\/2021\/07\/38-Hans-Wieczorek-II-Kopie-207x300.jpg 207w\" sizes=\"auto, (max-width: 316px) 100vw, 316px\" \/><\/a><figcaption>Hans Wieczorek <br>1948-1971<\/figcaption><\/figure>\n<\/div>\n<\/div>\n\n\n\n<p>Als dann jedoch eineinhalb Jahre sp\u00e4ter der 1. Vorsitzende Hans Wieczorek bei einer au\u00dferordentlichen Mitgliederversammlung am 26.02.1971 die B\u00fcrde des Vereinsvorsitzenden abgab, ging mit seinem R\u00fccktritt auch die erste gro\u00dfe \u00c4ra des Fu\u00dfballsports in Holzerode zu Ende. 23 Jahre hindurch hatte er dem Verein mit gro\u00dfem Engagement zur Verf\u00fcgung gestanden und dabei auch viele pers\u00f6nliche Opfer an freier Zeit und Arbeitskraft auf sich genommen. Seine Liebe galt dem Fu\u00dfballsport, dem er seine ganze Kraft mit Leidenschaft widmete. In Anerkennung dieser hohen Verdienste erhielt er daf\u00fcr im April 1971 aus den H\u00e4nden des Landessportbund-Pr\u00e4sidenten Albert Lepa beim Kreissporttag die silberne Ehrennadel des Landessportbundes Niedersachsen.<\/p>\n\n\n\n<h2 class=\"wp-block-heading\"><strong>10. Vom \u201aFu\u00dfballverein\u2018 der ersten Nachkriegszeit zum Breitensport der 1970er Jahre<\/strong><\/h2>\n\n\n\n<p><\/p>\n\n\n\n<div class=\"wp-block-columns is-layout-flex wp-container-core-columns-is-layout-9d6595d7 wp-block-columns-is-layout-flex\">\n<div class=\"wp-block-column is-layout-flow wp-block-column-is-layout-flow\" style=\"flex-basis:66.66%\">\n<p>Der Verein war jedoch zu lange \u00fcberwiegend auf den Fu\u00dfballsport ausgerichtet gewesen und hatte inzwischen nur noch 66 Mitglieder sowie einen d\u00fcrftigen Kassenstand von ca. 600 DM. Nur durch eine \u00d6ffnung f\u00fcr weitere Sportarten \u00fcber das Fu\u00dfballspiel hinaus konnte die Stagnation in der Vereinsentwicklung \u00fcberwunden und neue Mitglieder zur breiteren Unterst\u00fctzung des Vereins im Ort gewonnen werden. Diese Entwicklung leitete nun der Nachfolger von Hans Wieczorek <strong>im Amt des 1. Vorsitzenden, Edmund Behmke<\/strong>, mit einem breiter aufgestellten Vorstand ein, zun\u00e4chst noch mit dem 2. Vorsitzenden Siegfried Daberkow.<\/p>\n<\/div>\n\n\n\n<div class=\"wp-block-column is-layout-flow wp-block-column-is-layout-flow\" style=\"flex-basis:33.33%\">\n<figure class=\"wp-block-image size-large is-resized\"><a href=\"https:\/\/www.tsv-holzerode.de\/wp-content\/uploads\/2021\/07\/39-Edmund-Behmke-1981.jpg\" target=\"_blank\" rel=\"noopener\"><img loading=\"lazy\" decoding=\"async\" src=\"https:\/\/www.tsv-holzerode.de\/wp-content\/uploads\/2021\/07\/39-Edmund-Behmke-1981.jpg\" alt=\"\" class=\"wp-image-1153\" width=\"151\" height=\"238\" srcset=\"https:\/\/www.tsv-holzerode.de\/wp-content\/uploads\/2021\/07\/39-Edmund-Behmke-1981.jpg 256w, https:\/\/www.tsv-holzerode.de\/wp-content\/uploads\/2021\/07\/39-Edmund-Behmke-1981-190x300.jpg 190w\" sizes=\"auto, (max-width: 151px) 100vw, 151px\" \/><\/a><figcaption>Edmund Behmke<br>1972-1979<br>und 1982-1985<\/figcaption><\/figure>\n<\/div>\n<\/div>\n\n\n\n<p>Als es dann aber schon bald wieder Querelen im Vorstand gab, trat auch er von seinem Amt zur\u00fcck und es wurde am 15. Mai 1971 noch einmal ein v\u00f6llig ver\u00e4nderter Vorstand gew\u00e4hlt. In diesem \u00fcbernahm Heinrich Schnur jetzt das Amt des 2. Vorsitzenden und mit Eveline Hartmann als Schriftf\u00fchrerin kam auch erstmals eine Frau in &nbsp;den Vorstand; Schatzmeister wurde August Linnemann. Wie die schnell wieder steigenden Mitgliederzahlen in den 1970er Jahren zeigten, war die \u00dcberlegung, \u00fcber den Fu\u00dfballsport hinaus mehr Sportarten anzubieten, richtig und f\u00fcr die weitere Entwicklung des Vereins zukunftsweisend. Das stie\u00df jetzt auch auf gro\u00dfes Interesse im Dorf, wobei die inzwischen im Lande und vom Deutschen Sportbund initiierte Breitensportbewegung &nbsp;&nbsp;\u201eTrimm-dich\u201c ein weiterer Ausl\u00f6ser war. Bei der notwendigen Umgestaltung der Vereins kam dem Vorstand entgegen, dass er den Start hierzu sogleich mit einem gro\u00dfen Fest anl\u00e4sslich des 50j\u00e4hrigen Gr\u00fcndungsjubil\u00e4ums des ersten Sportvereins von 1921 und der 25j\u00e4hrigen Wiederkehr der Erneuerung des Vereins als TSV nach dem Zweiten Weltkrieg vom 13.-15. August 1971 mit einem umfangreichen sportlichen Programm festlich begehen und eine gro\u00dfe dorf\u00f6ffentliche Aufmerksamkeit erzielen konnte. Am feierlichen Kommersabend wurden u. a. zehn Gr\u00fcndungsmitglieder aus dem Jahre 1921 f\u00fcr langj\u00e4hrige Treue zum Sport geehrt. Es waren dies die Sportkameraden: Karl Kolle, Heinrich B\u00e4hrens, Heinrich Wertheim, Wilhelm R\u00fchling, August Dietrich, Walter Dietrich, August Waldmann, Wilhelm Vollbrecht, Karl Schnur und August Lechte. Aus den H\u00e4nden des Kreissportbundvorsitzenden Friedel Rosenthal erhielten sie eine Ehrenurkunde sowie die silberne Ehrennadel des Landessportbundes Niedersachsen. Das gelungene Jubil\u00e4umsfest erzeugte einen nachhaltigen Aktivit\u00e4tsschub, sodass zur Jahreshaupt-versammlung 1972 schon wieder 138 Mitglieder gez\u00e4hlt werden konnten und sogleich auch die Forderung nach einer neuen, enger am Dorfkern gelegenen Sportanlage aus den Reihen der Mitglieder erhoben wurde. Zugleich wurden in dieser Zeit (01. April 1971) auch die fr\u00fcher schon einmal bestehenden Abteilungen \u201eDamengymnastik\u201c und \u201eTischtennis\u201c reaktiviert. Mit Alfred Frixe \u00fcbernahm sogar ein Mann den \u00dcbungsbetrieb in der jetzt von Gitta D\u00f6ring geleiteten Abteilung Damengymnastik. Gleiches galt f\u00fcr die Sparte \u201eTischtennis\u201c, die schon 1970 reaktiviert worden war und mit Ingo Hoffmann auch einen neuen Abteilungsleiter &nbsp;erhielt. Ihm folgte sp\u00e4ter der langj\u00e4hrige Abteilungsleiter Kurt Waldmann, der es ab Mitte der 1970er Jahre mit zwei Senioren- und einer Jugendmannschaft\/en sogar auf mehr als 50 Aktive in seiner Abteilung brachte. Durch die Erweiterung des Vereinsangebotes mit Aufnahme neuer Sportarten kam nun noch ein weiterer Wunsch zur Optimierung des Sportbetriebs in Holzerode auf die Tagesordnung, der Bau einer Sporthalle. Der Bedarf wurde auch noch durch die Tatsache begr\u00fcndet, dass die bisher einzige gedeckte Sportfl\u00e4che, die traditionelle \u00dcbungsst\u00e4tte des Saales der Gastwirtschaft \u201eR\u00fchling\u201c \u2013 zu dieser Zeit verpachtet an den Vereinswirt Halfar \u2013 durch eine Gasexplosion im September 1973 zerst\u00f6rt worden war. Dies war jedoch eine Aufgabe, die nur zusammen mit der politischen Gemeinde Holzerode realisiert werden konnte. Hierf\u00fcr gab es nicht zuletzt durch besondere Umst\u00e4nde im Zusammenhang mit der zum 01. Januar 1973 sich vollziehende Gebiets- und Verwaltungsreform jedoch eine gute Chance. Bei den Verhandlungen um die Zuordnung von Holzerode als Ortsteil zur neuen Einheitsgemeinde Eberg\u00f6tzen konnte durch geschicktes Agieren der Holzer\u00f6der Kommunalpolitiker \u2013 insbesondere des stellv. B\u00fcrgermeisters und Tischtennisaktiven Willi Vollbrecht (der \u201eKruse\u201c) \u2013 quasi als \u201aKompensation\u2018 f\u00fcr den damals von vielen Holzer\u00f6dern so empfundenen Verlust der Selbst\u00e4ndigkeit der Bau eines neuen Sportplatzes mit Mehrzweckhalle am westlichen Dorfeingang \u201aausgehandelt\u2018 und finanziert werden. Das Projekt wurde umgehend in Angriff genommen, der Kauf des im Eigentum der Kirchengemeinde befindlichen Gel\u00e4ndes durch die Gemeinde Eberg\u00f6tzen get\u00e4tigt, der Bauauftrag vergeben und mit dem TSV Holzerode die Einbringung einer erheblichen Eigenleistung vertraglich vereinbart.<\/p>\n\n\n\n<figure class=\"wp-block-image size-large\"><a href=\"https:\/\/www.tsv-holzerode.de\/wp-content\/uploads\/2021\/07\/40-Einweihung-MZH-1977.jpg\" target=\"_blank\" rel=\"noopener\"><img loading=\"lazy\" decoding=\"async\" width=\"1024\" height=\"661\" src=\"https:\/\/www.tsv-holzerode.de\/wp-content\/uploads\/2021\/07\/40-Einweihung-MZH-1977-1024x661.jpg\" alt=\"\" class=\"wp-image-1154\" srcset=\"https:\/\/www.tsv-holzerode.de\/wp-content\/uploads\/2021\/07\/40-Einweihung-MZH-1977-1024x661.jpg 1024w, https:\/\/www.tsv-holzerode.de\/wp-content\/uploads\/2021\/07\/40-Einweihung-MZH-1977-300x194.jpg 300w, https:\/\/www.tsv-holzerode.de\/wp-content\/uploads\/2021\/07\/40-Einweihung-MZH-1977-768x496.jpg 768w, https:\/\/www.tsv-holzerode.de\/wp-content\/uploads\/2021\/07\/40-Einweihung-MZH-1977-1536x992.jpg 1536w, https:\/\/www.tsv-holzerode.de\/wp-content\/uploads\/2021\/07\/40-Einweihung-MZH-1977-2048x1322.jpg 2048w\" sizes=\"auto, (max-width: 767px) 89vw, (max-width: 1000px) 54vw, (max-width: 1071px) 543px, 580px\" \/><\/a><figcaption>Einweihung der Mehrzweckhalle Holzerode im Herbst 1977 mit einer Ansprache des Landrats Klaus-Peter Bruns<\/figcaption><\/figure>\n\n\n\n<p>Nach zweij\u00e4hriger m\u00fchevoller Arbeit und engagierter T\u00e4tigkeit eines verdienstvollen &nbsp;Kreises von Sportkameradinnen und Sportkameraden konnte zun\u00e4chst <strong>die neue Sportplatzanlage am 16. August 1975 mit einem umfangreichen Festprogramm eingeweiht<\/strong> und von dem B\u00fcrgermeister der Gemeinde Eberg\u00f6tzen\/Holzerode, Werner Edel, den Holzer\u00f6der Sportaktiven zur Nutzung \u00fcbergeben werden. Mehr als zwei Jahre sp\u00e4ter, <strong>am 29. Oktober 1977 konnte dann auch die Mehrzweckhalle in Betrieb genommen werden.<\/strong> Auch dieses erfolgte im Rahmen einer \u00f6ffentlichen Feier mit Anwesenheit des damaligen Landrats Klaus-Peter Bruns.<\/p>\n\n\n\n<p>F\u00fcr den Verein war dies ein weiterer gro\u00dfer Fortschritt, denn nun verf\u00fcgte er erstmals \u00fcber eine moderne Sporthalle am Ort. F\u00fcr die Geschichte des Sports in Holzerode, wie auch f\u00fcr die Geschichte des \u201eTurn- und Sportvereins Holzerode&#8220;, begann damit ein neues Kapitel in der bis dahin 55j\u00e4hrigen Entwicklung. Jetzt konnte die schon seit Beginn der 1970er Jahre von dem Vorstand eingeleitete Breitensportentwicklung kontinuierlich fortgesetzt werden. Die neuen Sportst\u00e4tten f\u00fchrten dem TSV immer mehr Mitglieder zu \u2013 inzwischen waren es schon ca. 250 \u2013, die mit viel Motivation und weiterem Vorw\u00e4rtsdr\u00e4ngen Neues schaffen wollten. Bei all diesen Aktivit\u00e4ten wurden jetzt auch die in den beiden ersten Nachkriegsjahrzehnten infolge der Fu\u00dfballdominanz beim sportlichen Angebot stark \u201avernachl\u00e4ssigten\u2018 Frauen und M\u00e4dchen zu einer mitbestimmenden Kraft. Jetzt differenzierte sich z.B. die seit 1971 bestehende Damen-Gymnastikgruppe noch einmal aus und es wurde am 09. Januar 1976 speziell f\u00fcr die \u00e4lteren Frauen unter Leitung von Gisela Sternberg die Gymnastikgruppe II gegr\u00fcndet; diese &nbsp;war in ihren sportlichen Aktivit\u00e4ten stark gesundheitsorientiert und machte auch ein regelm\u00e4\u00dfiges Schwimmangebot in der Schwimmhalle in N\u00f6rten-Hardenberg. Hierzu geh\u00f6rten auch der Ausbau der Kinderturnabteilung durch Elke Hartmann und Melitta Heise, denen Verena Heise und Ursel Kerll als \u00dcbungsleiterinnen folgten. Hinzu kamen ersten Versuche mit dem Volleyballspiel unter Leitung des Sportkameraden Oppermann. Auch die Fu\u00dfballer hatten ihr Zwischentief zu Beginn der 1970er Jahre \u00fcberwunden und errangen mit einer neuen Mannschaft aus erfahrenen Spielern und jungen Nachwuchstalenten 1975 den Aufstieg in die 1. Kreisklasse und konnten auf dem neuen Sportplatz (allerdings nur vorr\u00fcbergehend) wieder an alte St\u00e4rken ankn\u00fcpfen<\/p>\n\n\n\n<figure class=\"wp-block-image size-large\"><a href=\"https:\/\/www.tsv-holzerode.de\/wp-content\/uploads\/2021\/07\/41-Fuba-1973.jpg\" target=\"_blank\" rel=\"noopener\"><img loading=\"lazy\" decoding=\"async\" width=\"1024\" height=\"650\" src=\"https:\/\/www.tsv-holzerode.de\/wp-content\/uploads\/2021\/07\/41-Fuba-1973-1024x650.jpg\" alt=\"\" class=\"wp-image-1155\" srcset=\"https:\/\/www.tsv-holzerode.de\/wp-content\/uploads\/2021\/07\/41-Fuba-1973-1024x650.jpg 1024w, https:\/\/www.tsv-holzerode.de\/wp-content\/uploads\/2021\/07\/41-Fuba-1973-300x191.jpg 300w, https:\/\/www.tsv-holzerode.de\/wp-content\/uploads\/2021\/07\/41-Fuba-1973-768x488.jpg 768w, https:\/\/www.tsv-holzerode.de\/wp-content\/uploads\/2021\/07\/41-Fuba-1973-1536x975.jpg 1536w, https:\/\/www.tsv-holzerode.de\/wp-content\/uploads\/2021\/07\/41-Fuba-1973.jpg 1551w\" sizes=\"auto, (max-width: 767px) 89vw, (max-width: 1000px) 54vw, (max-width: 1071px) 543px, 580px\" \/><\/a><figcaption>Mit dieser Mannschaft gelang in der Spielzeit 1974\/75 wieder der Aufstieg in die 1. Kreisklasse, dort spielte man unter dem Spielertrainer Dr. Wolfgang Buss bis zum Ende der Saison 1977 und stieg dann wieder ab. <br><strong>stehend v.l.n.r.:<\/strong> Siegfried Daberkow (Trainer), Dieter Daberkow, Lutz Woop, Manfred Daberkow, Detlef Jurgeleit, Wolfgang Hartmann, Heinz Kasper und Dieter Vollbrecht <br><strong>knieend v.l.n.r.:<\/strong> Klaus-Dieter Fahlbusch, Fred Dankenbrink, Fritz Rinne, Bernd Lechte, Manfred Kath und Karl-Heinz Fahlbusch<\/figcaption><\/figure>\n\n\n\n<p>Auch eine Altherrenmannschaft konnte sich bald wieder aus \u201aAltinternationalen\u2018 des Vereins formieren.<\/p>\n\n\n\n<figure class=\"wp-block-image size-large\"><a href=\"https:\/\/www.tsv-holzerode.de\/wp-content\/uploads\/2021\/07\/42-Altherren-Fuba-1980.jpg\" target=\"_blank\" rel=\"noopener\"><img loading=\"lazy\" decoding=\"async\" width=\"1024\" height=\"669\" src=\"https:\/\/www.tsv-holzerode.de\/wp-content\/uploads\/2021\/07\/42-Altherren-Fuba-1980-1024x669.jpg\" alt=\"\" class=\"wp-image-1156\" srcset=\"https:\/\/www.tsv-holzerode.de\/wp-content\/uploads\/2021\/07\/42-Altherren-Fuba-1980-1024x669.jpg 1024w, https:\/\/www.tsv-holzerode.de\/wp-content\/uploads\/2021\/07\/42-Altherren-Fuba-1980-300x196.jpg 300w, https:\/\/www.tsv-holzerode.de\/wp-content\/uploads\/2021\/07\/42-Altherren-Fuba-1980-768x502.jpg 768w, https:\/\/www.tsv-holzerode.de\/wp-content\/uploads\/2021\/07\/42-Altherren-Fuba-1980.jpg 1473w\" sizes=\"auto, (max-width: 767px) 89vw, (max-width: 1000px) 54vw, (max-width: 1071px) 543px, 580px\" \/><\/a><figcaption>Die Alt-Herren Mannschaft von 1980<br><strong>stehend v.l.n.r.:<\/strong> Karl-Heinz Fahlbusch (Schiedsrichter), Wolfgang Buss, Karl-Wilhelm Hunger, Horst G\u00f6bel, Lutz Woop, Dieter Vollbrecht, Fritz Rinne, Reinhardt Vollbrecht, Klaus-Dieter Fahlbusch (Betreuer)<br><strong>knieend v.l.n.r.:<\/strong> Franz Scham, Kurt M\u00fcller, Heino Dressler, Horst Kerll,<br>Heinz Beyer, Siegfried Daberkow<\/figcaption><\/figure>\n\n\n\n<p>Diese vielf\u00e4ltigen sportlichen Aktivit\u00e4ten f\u00fchrten jedoch zugleich auch zu umfangreichen Organisationsanforderungen, die \u00fcber den engeren Vorstand hinaus von einem gr\u00f6\u00dferen Kreis von Helfern mit hohem Zeitaufwand bew\u00e4ltigt werden mussten. Erstmalig hatte der Verein ja so etwas wie eine eigene &#8218;Heimst\u00e4tte&#8216;, die allerdings auch verwaltet und bewirtschaftet werden musste. So stellten sich f\u00fcr alle Verantwortlichen in dieser Zeit beinahe t\u00e4glich neue Aufgaben und Fragen, zu denen man im bisherigen kleinen \u201aVereinsmanagement&#8216; noch keine Erfahrungen sammeln konnte. Dass es dabei auch einmal zu Reibereien und Br\u00fcchen kommen konnte, lag in der Natur der Sache. Nach langen Jahren der relativen Stagnation im allgemeinen Sportbetrieb au\u00dferhalb des Fu\u00dfballs brachte das Tempo der 1970er Jahre auch manche \u00dcberforderung mit sich. Trotzdem war die Motivation zur Neugestaltung aber auch weiterhin ungebrochen. So wurde schon 1977 der Bau einer Flutlichtanlage f\u00fcr den Sportplatz diskutiert und dann mit einem Finanzvolumen von ca. 18.000 DM 1978 auch realisiert, und schlie\u00dflich hielt auch noch der Tennissport in dieser Zeit Einzug beim TSV Holzerode. Schon zur Jahreshauptversammlung Ende 1978 hatten interessierte Tennisspieler den Bau einer Platzanlage gefordert, gr\u00fcndeten im Fr\u00fchjahr 1979 unter Leitung von Dr. Wolfgang Buss eine Tennisabteilung und brachten sogleich auch das Projekt \u201eTennisplatzbau\u201c auf den Weg. Schon ein Jahr sp\u00e4ter konnte auch diese Anlage oberhalb der MZH realisiert werden. In die konkrete Planung kam jetzt auch schon eine Erweiterung der Mehrzweckhalle, um zusammen mit der Laienspielgruppe eine B\u00fchne und zus\u00e4tzliche Wirtschaftsr\u00e4ume zu schaffen.<\/p>\n\n\n\n<figure class=\"wp-block-image size-large\"><a href=\"https:\/\/www.tsv-holzerode.de\/wp-content\/uploads\/2021\/07\/43-Tennis-1981-Spielszene.jpg\" target=\"_blank\" rel=\"noopener\"><img loading=\"lazy\" decoding=\"async\" width=\"791\" height=\"386\" src=\"https:\/\/www.tsv-holzerode.de\/wp-content\/uploads\/2021\/07\/43-Tennis-1981-Spielszene.jpg\" alt=\"\" class=\"wp-image-1157\" srcset=\"https:\/\/www.tsv-holzerode.de\/wp-content\/uploads\/2021\/07\/43-Tennis-1981-Spielszene.jpg 791w, https:\/\/www.tsv-holzerode.de\/wp-content\/uploads\/2021\/07\/43-Tennis-1981-Spielszene-300x146.jpg 300w, https:\/\/www.tsv-holzerode.de\/wp-content\/uploads\/2021\/07\/43-Tennis-1981-Spielszene-768x375.jpg 768w\" sizes=\"auto, (max-width: 767px) 89vw, (max-width: 1000px) 54vw, (max-width: 1071px) 543px, 580px\" \/><\/a><figcaption>Die erste Tennisplatzanlage von 1980, noch Hartplatz mit Kunststoffbelag<\/figcaption><\/figure>\n\n\n\n<p>So war die Gesamtbilanz der Vereinsentwicklung in den 1970er Jahren schon imposant, zumal auch die fortschreitende allgemeine gesellschaftliche und sportliche Entfaltung in der Bundesrepublik diesem Wachsen sehr entgegenkam. Als das F\u00fchrungsduo des Vereins, der 1. Vorsitzende Edmund Behmke und der ihn tatkr\u00e4ftig seit 1971 unterst\u00fctzende 2. Vorsitzende Heinrich Schnur (gleichzeitig als Gesch\u00e4ftsf\u00fchrer), am Ende dieses Jahrzehnts in der Jahreshauptversammlung 1979 Rechenschaft ablegten, verk\u00fcndeten sie eindrucksvolle Vereinszahlen, die eine positive Ver\u00e4nderung des TSV in dem ablaufenden Jahrzehnt dokumentierten: Von ca. 70 Mitgliedern mit <strong>einer <\/strong>einzigenAbteilung 1971 war man jetzt auf 270 Mitglieder in <strong>sechs<\/strong> Abteilungen gewachsen. Dar\u00fcber hinaus hatte der Verein hervorragende Sportst\u00e4tten, \u201eindoor\u201c und \u201eoutdoor\u201c, wie es neudeutsch jetzt hie\u00df \u2013 Sportst\u00e4tten, die eine vielfache Weiterentwicklung nicht nur des reinen Sportbetriebs, sondern \u00fcber die Mehrzweckhalle vor allem auch des sozialen Lebens im Verein erm\u00f6glichten. Diese Zahlen sprachen f\u00fcr sich und waren eine klare Erfolgsbilanz. So erteilte die Versammlung dem 1. Vorsitzenden auch einstimmig Dank und Entlastung als er nach fast neun Jahren engagierter Amtsf\u00fchrung gleichzeitig seinen R\u00fccktritt erkl\u00e4rte. Zum Nachfolger von Edmund Behmke wurde am 07. Dezember 1979 Horst Adam als 1. Vorsitzender gew\u00e4hlt.<\/p>\n\n\n\n<h2 class=\"wp-block-heading\"><strong>11. Ein gro\u00dfes Jubil\u00e4umsfest zum 60j\u00e4hrigen Vereinsbestehen 1981, aber folgend auch unerwartete R\u00fcckschl\u00e4ge in der ersten H\u00e4lfte der 1980er Jahre<\/strong><\/h2>\n\n\n\n<div class=\"wp-block-columns is-layout-flex wp-container-core-columns-is-layout-9d6595d7 wp-block-columns-is-layout-flex\">\n<div class=\"wp-block-column is-layout-flow wp-block-column-is-layout-flow\" style=\"flex-basis:66.66%\">\n<p>Mit dem <strong>Amtsantritt des neuen 1. Vorsitzenden Horst Adam zum Jahresbeginn 1980 <\/strong>hatte der Vorstand aber auch sogleich eine Reihe von noch ungel\u00f6sten bzw. erst auf den Weg gebrachten Aufgaben zu erledigen: Der zu gestaltende Hallenanbau, der Tennisplatz-Neubau, die Sicherstellung einer gut organisierten Bewirtschaftung in der MZH und vor allem die Vorbereitung und dann Durchf\u00fchrung der Jubil\u00e4umsfeierlichkeiten zum 60j\u00e4hrigen Bestehen des Vereins im Sommer 1981. Mit Schwung und gro\u00dfem Einsatz ging man an die Sache heran und machte zun\u00e4chst auf allen Gebieten gute Fortschritte. Schon <strong>am 17. Juni 1980 erfolgte die offizielle Einweihung und \u00dcbergabe der Tennisplatzanlage<\/strong>, die erste vollst\u00e4ndig vereinseigene Sportst\u00e4tte. Danach standen f\u00fcr die n\u00e4chsten Monate fast ausschlie\u00dflich die Festvorbereitungen im Vordergrund. Es wurde ein rundes Sportprogramm erarbeitet und erstmals eine interessante Festzeitschrift mit Bilderausstellung vorbereitet. Dann galt es das Abschlussfest mit einem festlichen Kommersabend zu &nbsp;organisieren.<\/p>\n<\/div>\n\n\n\n<div class=\"wp-block-column is-layout-flow wp-block-column-is-layout-flow\" style=\"flex-basis:33.33%\">\n<figure class=\"wp-block-image size-large\"><a href=\"https:\/\/www.tsv-holzerode.de\/wp-content\/uploads\/2021\/07\/44-Horst-Adam-1.-Vorsitzender-1980-1982.jpg\" target=\"_blank\" rel=\"noopener\"><img loading=\"lazy\" decoding=\"async\" width=\"174\" height=\"201\" src=\"https:\/\/www.tsv-holzerode.de\/wp-content\/uploads\/2021\/07\/44-Horst-Adam-1.-Vorsitzender-1980-1982.jpg\" alt=\"\" class=\"wp-image-1158\"\/><\/a><figcaption>Horst Adam<\/figcaption><\/figure>\n<\/div>\n<\/div>\n\n\n\n<figure class=\"wp-block-image size-large\"><a href=\"https:\/\/www.tsv-holzerode.de\/wp-content\/uploads\/2021\/07\/45-Vereinsjubilaeum-1981-Kopie.jpg\" target=\"_blank\" rel=\"noopener\"><img loading=\"lazy\" decoding=\"async\" width=\"1024\" height=\"523\" src=\"https:\/\/www.tsv-holzerode.de\/wp-content\/uploads\/2021\/07\/45-Vereinsjubilaeum-1981-Kopie-1024x523.jpg\" alt=\"\" class=\"wp-image-1159\" srcset=\"https:\/\/www.tsv-holzerode.de\/wp-content\/uploads\/2021\/07\/45-Vereinsjubilaeum-1981-Kopie-1024x523.jpg 1024w, https:\/\/www.tsv-holzerode.de\/wp-content\/uploads\/2021\/07\/45-Vereinsjubilaeum-1981-Kopie-300x153.jpg 300w, https:\/\/www.tsv-holzerode.de\/wp-content\/uploads\/2021\/07\/45-Vereinsjubilaeum-1981-Kopie-768x392.jpg 768w, https:\/\/www.tsv-holzerode.de\/wp-content\/uploads\/2021\/07\/45-Vereinsjubilaeum-1981-Kopie-1536x785.jpg 1536w, https:\/\/www.tsv-holzerode.de\/wp-content\/uploads\/2021\/07\/45-Vereinsjubilaeum-1981-Kopie.jpg 2045w\" sizes=\"auto, (max-width: 767px) 89vw, (max-width: 1000px) 54vw, (max-width: 1071px) 543px, 580px\" \/><\/a><figcaption>Vereinsbild zum 60j\u00e4hrigen Bestehen des TSV Holzerode vor der neuen Tennisplatzanlage<\/figcaption><\/figure>\n\n\n\n<div class=\"wp-block-columns is-layout-flex wp-container-core-columns-is-layout-9d6595d7 wp-block-columns-is-layout-flex\">\n<div class=\"wp-block-column is-layout-flow wp-block-column-is-layout-flow\">\n<figure class=\"wp-block-image size-large\"><a href=\"https:\/\/www.tsv-holzerode.de\/wp-content\/uploads\/2021\/07\/46-Vereinsvorstand-1981.jpg\" target=\"_blank\" rel=\"noopener\"><img loading=\"lazy\" decoding=\"async\" width=\"1024\" height=\"987\" src=\"https:\/\/www.tsv-holzerode.de\/wp-content\/uploads\/2021\/07\/46-Vereinsvorstand-1981-1024x987.jpg\" alt=\"\" class=\"wp-image-1160\" srcset=\"https:\/\/www.tsv-holzerode.de\/wp-content\/uploads\/2021\/07\/46-Vereinsvorstand-1981-1024x987.jpg 1024w, https:\/\/www.tsv-holzerode.de\/wp-content\/uploads\/2021\/07\/46-Vereinsvorstand-1981-300x289.jpg 300w, https:\/\/www.tsv-holzerode.de\/wp-content\/uploads\/2021\/07\/46-Vereinsvorstand-1981-768x740.jpg 768w, https:\/\/www.tsv-holzerode.de\/wp-content\/uploads\/2021\/07\/46-Vereinsvorstand-1981.jpg 1475w\" sizes=\"auto, (max-width: 767px) 89vw, (max-width: 1000px) 54vw, (max-width: 1071px) 543px, 580px\" \/><\/a><figcaption>Der Vereinsvorstand zum Jubil\u00e4umsfest 1981<br><strong>v.l.n.r.:<\/strong> Gitta D\u00f6ring, Eveline Hartmann, Gisela<br>Sternberg, G\u00fcnther D\u00f6ring, Frank Adam (Fahnentr.),<br>Ursel Kerll, Kurt Waldmann, J\u00fcrgen Struckmeyer,<br>Heinrich Schnur, Horst Adam, Heini Lechte und Friedel<br>Jurgeleit<\/figcaption><\/figure>\n<\/div>\n\n\n\n<div class=\"wp-block-column is-layout-flow wp-block-column-is-layout-flow\">\n<p>Das Jubil\u00e4umsfest selbst brachte dann auch den erhofften guten Erfolg f\u00fcr den Verein. In den Tagen vom 22.-28. Juni 1981 beteiligte sich auch der gr\u00f6\u00dfte Teil der Ortsbev\u00f6lkerung sowie zahlreiche ausw\u00e4rtige G\u00e4ste an dem Fest. Ein besonderer H\u00f6hepunkt war der gro\u00dfe Umzug mit allen Abteilungen des Vereins sowie unter Beteiligung der anderen \u00f6rtlichen Vereine.<\/p>\n<\/div>\n<\/div>\n\n\n\n<div class=\"wp-block-columns is-layout-flex wp-container-core-columns-is-layout-9d6595d7 wp-block-columns-is-layout-flex\">\n<div class=\"wp-block-column is-layout-flow wp-block-column-is-layout-flow\">\n<figure class=\"wp-block-image size-large\"><a href=\"https:\/\/www.tsv-holzerode.de\/wp-content\/uploads\/2021\/07\/47-Tennisgruppe-Umzug-1981.jpg\" target=\"_blank\" rel=\"noopener\"><img loading=\"lazy\" decoding=\"async\" width=\"1024\" height=\"689\" src=\"https:\/\/www.tsv-holzerode.de\/wp-content\/uploads\/2021\/07\/47-Tennisgruppe-Umzug-1981-1024x689.jpg\" alt=\"\" class=\"wp-image-1161\" srcset=\"https:\/\/www.tsv-holzerode.de\/wp-content\/uploads\/2021\/07\/47-Tennisgruppe-Umzug-1981-1024x689.jpg 1024w, https:\/\/www.tsv-holzerode.de\/wp-content\/uploads\/2021\/07\/47-Tennisgruppe-Umzug-1981-300x202.jpg 300w, https:\/\/www.tsv-holzerode.de\/wp-content\/uploads\/2021\/07\/47-Tennisgruppe-Umzug-1981-768x517.jpg 768w, https:\/\/www.tsv-holzerode.de\/wp-content\/uploads\/2021\/07\/47-Tennisgruppe-Umzug-1981-1536x1033.jpg 1536w, https:\/\/www.tsv-holzerode.de\/wp-content\/uploads\/2021\/07\/47-Tennisgruppe-Umzug-1981.jpg 2016w\" sizes=\"auto, (max-width: 767px) 89vw, (max-width: 1000px) 54vw, (max-width: 1071px) 543px, 580px\" \/><\/a><figcaption>Der Festumzug 1981: die Tennispieler\/innen mit ihrem Abteilungsleiter J\u00fcrgen Struckmeyer (vorne<br>in der Mitte)<\/figcaption><\/figure>\n<\/div>\n\n\n\n<div class=\"wp-block-column is-layout-flow wp-block-column-is-layout-flow\">\n<figure class=\"wp-block-image size-large\"><a href=\"https:\/\/www.tsv-holzerode.de\/wp-content\/uploads\/2021\/07\/48-Gymnastigruppe-1981-Kopie.jpg\" target=\"_blank\" rel=\"noopener\"><img loading=\"lazy\" decoding=\"async\" width=\"1024\" height=\"687\" src=\"https:\/\/www.tsv-holzerode.de\/wp-content\/uploads\/2021\/07\/48-Gymnastigruppe-1981-Kopie-1024x687.jpg\" alt=\"\" class=\"wp-image-1162\" srcset=\"https:\/\/www.tsv-holzerode.de\/wp-content\/uploads\/2021\/07\/48-Gymnastigruppe-1981-Kopie-1024x687.jpg 1024w, https:\/\/www.tsv-holzerode.de\/wp-content\/uploads\/2021\/07\/48-Gymnastigruppe-1981-Kopie-300x201.jpg 300w, https:\/\/www.tsv-holzerode.de\/wp-content\/uploads\/2021\/07\/48-Gymnastigruppe-1981-Kopie-768x516.jpg 768w, https:\/\/www.tsv-holzerode.de\/wp-content\/uploads\/2021\/07\/48-Gymnastigruppe-1981-Kopie-1536x1031.jpg 1536w, https:\/\/www.tsv-holzerode.de\/wp-content\/uploads\/2021\/07\/48-Gymnastigruppe-1981-Kopie.jpg 1901w\" sizes=\"auto, (max-width: 767px) 89vw, (max-width: 1000px) 54vw, (max-width: 1071px) 543px, 580px\" \/><\/a><figcaption>Die Gymnastikgruppe II mit ihrer \u00dcbungsleiterin Gisela Sternberg (ganz rechts)<\/figcaption><\/figure>\n<\/div>\n<\/div>\n\n\n\n<figure class=\"wp-block-image size-large\"><a href=\"https:\/\/www.tsv-holzerode.de\/wp-content\/uploads\/2021\/07\/49-Vereinsbild-1981.jpg\" target=\"_blank\" rel=\"noopener\"><img loading=\"lazy\" decoding=\"async\" width=\"1024\" height=\"671\" src=\"https:\/\/www.tsv-holzerode.de\/wp-content\/uploads\/2021\/07\/49-Vereinsbild-1981-1024x671.jpg\" alt=\"\" class=\"wp-image-1163\" srcset=\"https:\/\/www.tsv-holzerode.de\/wp-content\/uploads\/2021\/07\/49-Vereinsbild-1981-1024x671.jpg 1024w, https:\/\/www.tsv-holzerode.de\/wp-content\/uploads\/2021\/07\/49-Vereinsbild-1981-300x197.jpg 300w, https:\/\/www.tsv-holzerode.de\/wp-content\/uploads\/2021\/07\/49-Vereinsbild-1981-768x503.jpg 768w, https:\/\/www.tsv-holzerode.de\/wp-content\/uploads\/2021\/07\/49-Vereinsbild-1981-1536x1007.jpg 1536w, https:\/\/www.tsv-holzerode.de\/wp-content\/uploads\/2021\/07\/49-Vereinsbild-1981.jpg 2022w\" sizes=\"auto, (max-width: 767px) 89vw, (max-width: 1000px) 54vw, (max-width: 1071px) 543px, 580px\" \/><\/a><figcaption>Vereinsbild mit Geehrten zum 60j\u00e4hrigen Jubil\u00e4um des TSV 1981<\/figcaption><\/figure>\n\n\n\n<figure class=\"wp-block-image size-large\"><a href=\"https:\/\/www.tsv-holzerode.de\/wp-content\/uploads\/2021\/07\/50-Jubilaeum-1981-Fussballspiel.png\" target=\"_blank\" rel=\"noopener\"><img loading=\"lazy\" decoding=\"async\" width=\"931\" height=\"391\" src=\"https:\/\/www.tsv-holzerode.de\/wp-content\/uploads\/2021\/07\/50-Jubilaeum-1981-Fussballspiel.png\" alt=\"\" class=\"wp-image-1164\" srcset=\"https:\/\/www.tsv-holzerode.de\/wp-content\/uploads\/2021\/07\/50-Jubilaeum-1981-Fussballspiel.png 931w, https:\/\/www.tsv-holzerode.de\/wp-content\/uploads\/2021\/07\/50-Jubilaeum-1981-Fussballspiel-300x126.png 300w, https:\/\/www.tsv-holzerode.de\/wp-content\/uploads\/2021\/07\/50-Jubilaeum-1981-Fussballspiel-768x323.png 768w\" sizes=\"auto, (max-width: 767px) 89vw, (max-width: 1000px) 54vw, (max-width: 1071px) 543px, 580px\" \/><\/a><figcaption>\u201aJux-Spiel\u2018 1981 \u2013 Gemeinderat gegen Vereinsauswahl Holzerode<br><strong>stehend v.l.n.r:<\/strong> Horst B\u00e4hrens, Siegfried Daberkow, Horst Adam, Karl-Heinz Ilse, Wolfgang Buss, Karl<br>Gleitze, Horst Schulze, Willi Behre (B\u00fcrgermeister), Horst Gleitze, Dirk Lohrberg, Peter Maass, Detlef<br>Jurgeleit, Heinz Beyer, Reinhardt Diederich und Willi Vollbrecht<br><strong>knieend v.l.n.r.:<\/strong> Uwe Vollbrecht, Kurt Waldmann, Wolfgang Schilling, Friedel Jurgeleit, Bernd<br>Elliehausen, Wolfgang Mann, Reinhold Hahn, Kurt Finke, Walter Dankenbrink, unbekannt, Werner<br>Heise, Wolfgang Dankenbrink, Fred Dankenbrink, Erich Germershausen und Helmut Buss.<\/figcaption><\/figure>\n\n\n\n<figure class=\"wp-block-image size-large\"><a href=\"https:\/\/www.tsv-holzerode.de\/wp-content\/uploads\/2021\/07\/51-Seniorenfussballer-1981.jpg\" target=\"_blank\" rel=\"noopener\"><img loading=\"lazy\" decoding=\"async\" width=\"1024\" height=\"649\" src=\"https:\/\/www.tsv-holzerode.de\/wp-content\/uploads\/2021\/07\/51-Seniorenfussballer-1981-1024x649.jpg\" alt=\"\" class=\"wp-image-1165\" srcset=\"https:\/\/www.tsv-holzerode.de\/wp-content\/uploads\/2021\/07\/51-Seniorenfussballer-1981-1024x649.jpg 1024w, https:\/\/www.tsv-holzerode.de\/wp-content\/uploads\/2021\/07\/51-Seniorenfussballer-1981-300x190.jpg 300w, https:\/\/www.tsv-holzerode.de\/wp-content\/uploads\/2021\/07\/51-Seniorenfussballer-1981-768x487.jpg 768w, https:\/\/www.tsv-holzerode.de\/wp-content\/uploads\/2021\/07\/51-Seniorenfussballer-1981-1536x973.jpg 1536w, https:\/\/www.tsv-holzerode.de\/wp-content\/uploads\/2021\/07\/51-Seniorenfussballer-1981.jpg 1772w\" sizes=\"auto, (max-width: 767px) 89vw, (max-width: 1000px) 54vw, (max-width: 1071px) 543px, 580px\" \/><\/a><figcaption>Die Seniorenfu\u00dfballer der ersten (Nachkriegs)Stunde im Festumzug 1981<br><strong>v.l.n.r:<\/strong> Albert Vollbrecht, Otto Klemme, Edmund Behmke, Wilhelm Wertheim, Friedel<br>Jurgeleit, Werner Dankenbrink und D\u00fcnther D\u00f6ring<\/figcaption><\/figure>\n\n\n\n<figure class=\"wp-block-image size-large\"><a href=\"https:\/\/www.tsv-holzerode.de\/wp-content\/uploads\/2021\/07\/52-Tischtennisspieler-1981.jpg\" target=\"_blank\" rel=\"noopener\"><img loading=\"lazy\" decoding=\"async\" width=\"1024\" height=\"711\" src=\"https:\/\/www.tsv-holzerode.de\/wp-content\/uploads\/2021\/07\/52-Tischtennisspieler-1981-1024x711.jpg\" alt=\"\" class=\"wp-image-1166\" srcset=\"https:\/\/www.tsv-holzerode.de\/wp-content\/uploads\/2021\/07\/52-Tischtennisspieler-1981-1024x711.jpg 1024w, https:\/\/www.tsv-holzerode.de\/wp-content\/uploads\/2021\/07\/52-Tischtennisspieler-1981-300x208.jpg 300w, https:\/\/www.tsv-holzerode.de\/wp-content\/uploads\/2021\/07\/52-Tischtennisspieler-1981-768x533.jpg 768w, https:\/\/www.tsv-holzerode.de\/wp-content\/uploads\/2021\/07\/52-Tischtennisspieler-1981-1536x1066.jpg 1536w, https:\/\/www.tsv-holzerode.de\/wp-content\/uploads\/2021\/07\/52-Tischtennisspieler-1981.jpg 1979w\" sizes=\"auto, (max-width: 767px) 89vw, (max-width: 1000px) 54vw, (max-width: 1071px) 543px, 580px\" \/><\/a><figcaption>Die Aktiven der Tischtennisabteilung beim Jubil\u00e4umsfest 1981<br><strong>v.l.n.r.:<\/strong> Alfred Frixe, Kurt Waldmann, Dorothea P\u00f6sse mit Sohn, Willi<br>Vollbrecht und Siegfried Daberkow.<\/figcaption><\/figure>\n\n\n\n<p>Nach diesem bunten und fr\u00f6hlichen H\u00f6hepunkt im Vereinsleben setzte aber bald schon wieder das graue Alltagsleben ein. Das Entwicklungstempo vor allem in der zweiten H\u00e4lfte der 1970er Jahre, die noch ungel\u00f6sten Aufgaben beim Hallenaus- und -anbau sowie die Frage einer transparenten und zuverl\u00e4ssigen Bewirtschaftung der Halle \u00fcberforderten zu diesem Zeitpunkt offensichtlich viele Mitglieder in ihrer Bereitschaft zur Mitarbeit \u2013 das war allerdings unbedingt notwendig, um den Verein am Funktionieren zu halten. Der Vorstand erhielt nicht mehr ausreichend Unterst\u00fctzung durch regelm\u00e4\u00dfige Mitarbeit bei den Arbeitseins\u00e4tzen und auch mehrfache Appelle des 1. Vorsitzenden verhallten ohne den gew\u00fcnschten Effekt. Dieses hatte Horst Adam bei seiner Amts\u00fcbernahme so nicht erwartet und dies war sicherlich auch keine Basis f\u00fcr eine erfolgreiche Vorstandsarbeit. F\u00fcr viele Mitglieder \u00fcberraschend, von der Sachlage her aber nachvollziehbar erkl\u00e4rte er deshalb am 14. Juni 1982 seinen R\u00fccktritt vom Amt des 1. Vorsitzenden. Da sich in dieser Situation kein anderer als Nachfolger f\u00fcr dieses Amt fand, \u00fcbernahm zun\u00e4chst kommissarisch, sp\u00e4ter durch Wahl best\u00e4tigt, der vorherige 1. Vorsitzende Edmund<br>Behmke erneut die Vereinsf\u00fchrung.<\/p>\n\n\n\n<p>Von dieser als doch deutliche \u201aTurbulenz\u2018 im Vorstandsbereich wahrgenommenen Ver\u00e4nderung blieb der t\u00e4gliche sportliche Betrieb jedoch weitgehend unbelastet. Die Weiterentwicklung des Vereins setzte sich fort und der Verein nahm auch an vielen d\u00f6rflichen Aktivit\u00e4ten teil, wie z.B. am Umzug zum 25j\u00e4hrigen Jubil\u00e4umsfest des Sch\u00fctzenvereins 1982.<\/p>\n\n\n\n<figure class=\"wp-block-image size-large\"><a href=\"https:\/\/www.tsv-holzerode.de\/wp-content\/uploads\/2021\/07\/53-Gymnastikgruppe-1981.jpg\" target=\"_blank\" rel=\"noopener\"><img loading=\"lazy\" decoding=\"async\" width=\"1024\" height=\"494\" src=\"https:\/\/www.tsv-holzerode.de\/wp-content\/uploads\/2021\/07\/53-Gymnastikgruppe-1981-1024x494.jpg\" alt=\"\" class=\"wp-image-1167\" srcset=\"https:\/\/www.tsv-holzerode.de\/wp-content\/uploads\/2021\/07\/53-Gymnastikgruppe-1981-1024x494.jpg 1024w, https:\/\/www.tsv-holzerode.de\/wp-content\/uploads\/2021\/07\/53-Gymnastikgruppe-1981-300x145.jpg 300w, https:\/\/www.tsv-holzerode.de\/wp-content\/uploads\/2021\/07\/53-Gymnastikgruppe-1981-768x370.jpg 768w, https:\/\/www.tsv-holzerode.de\/wp-content\/uploads\/2021\/07\/53-Gymnastikgruppe-1981.jpg 1499w\" sizes=\"auto, (max-width: 767px) 89vw, (max-width: 1000px) 54vw, (max-width: 1071px) 543px, 580px\" \/><\/a><figcaption>Sommer 1982- Sch\u00fctzenumzug<br><strong>stehend v.l.n.r.:<\/strong> Gudrun Senge, Margitta Finke, Hertha Kauffeld, Rita Klages, Hilde Thiele,<br>Christa Adam, Angelika Heiligenstadt, Heike Adam, Christa Beyer, Gitta D\u00f6ring, Hanife<br>Finke, Marga Frixe, Ursel Kerll, Brigitte Herz, Giesela G\u00f6bel und Ruth Vollbrecht<br><strong>knieend mit Banner:<\/strong> Thorsten und Karsten Frixe<\/figcaption><\/figure>\n\n\n\n<div class=\"wp-block-columns is-layout-flex wp-container-core-columns-is-layout-9d6595d7 wp-block-columns-is-layout-flex\">\n<div class=\"wp-block-column is-layout-flow wp-block-column-is-layout-flow\" style=\"flex-basis:66.66%\">\n<figure class=\"wp-block-image size-large\"><a href=\"https:\/\/www.tsv-holzerode.de\/wp-content\/uploads\/2021\/07\/54-Tennishuette-Kopie.png\" target=\"_blank\" rel=\"noopener\"><img loading=\"lazy\" decoding=\"async\" width=\"1024\" height=\"703\" src=\"https:\/\/www.tsv-holzerode.de\/wp-content\/uploads\/2021\/07\/54-Tennishuette-Kopie-1024x703.png\" alt=\"\" class=\"wp-image-1168\" srcset=\"https:\/\/www.tsv-holzerode.de\/wp-content\/uploads\/2021\/07\/54-Tennishuette-Kopie-1024x703.png 1024w, https:\/\/www.tsv-holzerode.de\/wp-content\/uploads\/2021\/07\/54-Tennishuette-Kopie-300x206.png 300w, https:\/\/www.tsv-holzerode.de\/wp-content\/uploads\/2021\/07\/54-Tennishuette-Kopie-768x527.png 768w, https:\/\/www.tsv-holzerode.de\/wp-content\/uploads\/2021\/07\/54-Tennishuette-Kopie.png 1324w\" sizes=\"auto, (max-width: 767px) 89vw, (max-width: 1000px) 54vw, (max-width: 1071px) 543px, 580px\" \/><\/a><figcaption>Die \u201eWilli-Finke-H\u00fctte\u201c mit lauschiger Sitzecke <br><strong>v.l.n.r.: <\/strong>Helmut Buss, Walter Dietrich, Hans Klinger, Gerlinde Preusse und Ursel Buss.<\/figcaption><\/figure>\n<\/div>\n\n\n\n<div class=\"wp-block-column is-layout-flow wp-block-column-is-layout-flow\" style=\"flex-basis:33.33%\">\n<p>Die sportliche Ausdifferenzie-<br>rung im Verein wurde vor allem an der Entwicklung in der noch jungen Tennisabteilung deutlich, die ihre Anlage weiter ausbaute und jetzt dort auch eine erste Ger\u00e4te- und Schutzh\u00fctte erstellte, die<br>sp\u00e4ter nach seinem besonderen \u201aF\u00f6rderer\u2018 Willi Finke benannte H\u00fctte.<\/p>\n<\/div>\n<\/div>\n\n\n\n<figure class=\"wp-block-image size-large\"><a href=\"https:\/\/www.tsv-holzerode.de\/wp-content\/uploads\/2021\/07\/55-Tennisgruppe-1984.jpg\" target=\"_blank\" rel=\"noopener\"><img loading=\"lazy\" decoding=\"async\" width=\"1024\" height=\"663\" src=\"https:\/\/www.tsv-holzerode.de\/wp-content\/uploads\/2021\/07\/55-Tennisgruppe-1984-1024x663.jpg\" alt=\"\" class=\"wp-image-1169\" srcset=\"https:\/\/www.tsv-holzerode.de\/wp-content\/uploads\/2021\/07\/55-Tennisgruppe-1984-1024x663.jpg 1024w, https:\/\/www.tsv-holzerode.de\/wp-content\/uploads\/2021\/07\/55-Tennisgruppe-1984-300x194.jpg 300w, https:\/\/www.tsv-holzerode.de\/wp-content\/uploads\/2021\/07\/55-Tennisgruppe-1984-768x497.jpg 768w, https:\/\/www.tsv-holzerode.de\/wp-content\/uploads\/2021\/07\/55-Tennisgruppe-1984-1536x994.jpg 1536w, https:\/\/www.tsv-holzerode.de\/wp-content\/uploads\/2021\/07\/55-Tennisgruppe-1984.jpg 1838w\" sizes=\"auto, (max-width: 767px) 89vw, (max-width: 1000px) 54vw, (max-width: 1071px) 543px, 580px\" \/><\/a><figcaption>Aktive und Fans bei der Tennis-Vereinsmeisterschaft 1984<br><strong>v.l.n.r.:<\/strong> Karin Jurgeleit mit Sohn Henning, Detlef Jurgeleit (verdeckt), unbekannt, unbekannt, Helmut Buss, Rainer Thumann (Trainer), Thorsten Frixe, Ursel Buss, unbekannt, Christa Adam, Horst Adam und Wolfgang Buss.<\/figcaption><\/figure>\n\n\n\n<figure class=\"wp-block-image size-large is-resized\"><a href=\"https:\/\/www.tsv-holzerode.de\/wp-content\/uploads\/2021\/07\/56-Kindertennis-1984.jpg\" target=\"_blank\" rel=\"noopener\"><img loading=\"lazy\" decoding=\"async\" src=\"https:\/\/www.tsv-holzerode.de\/wp-content\/uploads\/2021\/07\/56-Kindertennis-1984-1024x721.jpg\" alt=\"\" class=\"wp-image-1170\" width=\"674\" height=\"474\" srcset=\"https:\/\/www.tsv-holzerode.de\/wp-content\/uploads\/2021\/07\/56-Kindertennis-1984-1024x721.jpg 1024w, https:\/\/www.tsv-holzerode.de\/wp-content\/uploads\/2021\/07\/56-Kindertennis-1984-300x211.jpg 300w, https:\/\/www.tsv-holzerode.de\/wp-content\/uploads\/2021\/07\/56-Kindertennis-1984-768x540.jpg 768w, https:\/\/www.tsv-holzerode.de\/wp-content\/uploads\/2021\/07\/56-Kindertennis-1984-1536x1081.jpg 1536w, https:\/\/www.tsv-holzerode.de\/wp-content\/uploads\/2021\/07\/56-Kindertennis-1984.jpg 1647w\" sizes=\"auto, (max-width: 674px) 100vw, 674px\" \/><\/a><figcaption>Kindertennisschule 1984<br><strong>v.l.n.r.:<\/strong> Claudia Buss, Markus Fahlbusch, Rainer Thumann (Trainer), Oliver Sindram, Marko Werder und S\u00f6ren Steinbach<\/figcaption><\/figure>\n\n\n\n<p>Die Damengymnastikgruppe I feierte 1982 ihr 10j\u00e4hriges Bestehen und im gleichen Jahr hielt auch der Frauenfu\u00dfball Einzug beim TSV Holzerode. Das lange Zeit vom \u201eDeutschen Fu\u00dfballbund\u201c verbotene Spiel f\u00fcr Frauenmannschaften war seit den 1970er Jahren immer popul\u00e4rer geworden \u2013 hier im G\u00f6ttinger Raum nicht zuletzt durch die Mannschaft von \u201eSparta G\u00f6ttingen\u201c mit ihrem 3. Platz in der \u201eDeutschen Meisterschaft\u201c 1976 \u2013 und es bildeten sich vielfach auch in den l\u00e4ndlichen Vereinen Frauen- und M\u00e4dchenteams. Am 09. Juni 1982 spielte erstmals eine Holzer\u00f6der Frauenmannschaft unter Leitung von Siegfried Daberkow und es wurde 1983 sogar eine entsprechende Sparte gegr\u00fcndet. In ein \u201aFormtief\u2018 kam jetzt aber die Holzer\u00f6der Traditionssportart, der M\u00e4nnerfu\u00dfball. Nur noch mit gr\u00f6\u00dften M\u00fchen konnte schon in der Saison 1980\/81 eine vollst\u00e4ndige Mannschaften aufgestellt werden, weshalb man zwecks einer Fu\u00dfballfusion an die mit den mit gleichen Problemen konfrontierten Sportkameraden des TSV Renshausen herantrat. Daraus folgte, dass ab der Saison 1981\/82 eine Spielgemeinschaft Holzerode\/Renshausen in der 2. Kreisklasse antrat und abwechselnd \u201amal auf dem Rensh\u00e4user und \u201amal auf dem Holzer\u00f6der Platz spielte. Auch der Holzer\u00f6der Jugendfu\u00dfball war nicht mehr ausreichend \u201abesetzt\u2018 und musste mit den verbliebenen Spielern und seinen \u00dcbungsleitern Siegfried und Dieter Daberkow zum TSV Eberg\u00f6tzen wechseln. So notwendig und richtig diese Entscheidungen auch waren, sie waren aus der Not der Situation heraus geboren und kein Zeichen von St\u00e4rke, die Fu\u00dfballaktivit\u00e4ten wurden jedoch zun\u00e4chst erhalten.<\/p>\n\n\n\n<p>Noch gr\u00f6\u00dfere Probleme bekam man jetzt auch mit der Bewirtschaftung der MZH. Immer wieder kam es zu Diskussionen um die damit verbundene Organisation und den notwendigen Ordnungsrahmen, auch um die vereinbarten Abgaben an die Gemeinde, die zu zahlenden Steuern und schlie\u00dflich auch um eine korrekte und ordnungsgem\u00e4\u00dfe vereinsinterne Abrechnung. In vielen Vorstandssitzungen und bei den Jahreshauptversammlungen 1983 und 1984 standen diese Themen immer wieder mit auf der Tagesordnung und f\u00fchrten zu zunehmendem Unmut bei den Mitgliedern. Dies schlug sich auch insgesamt in einer schlechten Stimmungslage im Verein nieder und f\u00fchrte nicht zuletzt auch zu einem erstmals wieder r\u00fcckl\u00e4ufigen Mitgliederstand. Als es dem Vorsitzenden und seinem Vorstand offensichtlich nicht gelang, ausreichende Ordnung und Klarheit in die Vereinsgesch\u00e4fte zu bringen, trat Edmund Behmke am 20. Oktober 1984 von dem Vereinsvorsitz zur\u00fcck. Sicherlich nicht Vorsatz und keineswegs pers\u00f6nliche Bereicherung, sondern vielmehr Unerfahrenheit und eine unangemessene Gro\u00dfz\u00fcgigkeit mit den neuen wirtschaftlichen Gegebenheiten hatten den Verein in eine bedrohliche finanzielle Schie\ufb02age gef\u00fchrt. Eine durch eine Steuerkanzlei durchgef\u00fchrte unabh\u00e4ngige \u00dcberpr\u00fcfung stellte einen Verlust von ca. 6500 DM im Wirtschaftsbereich fest, der auch sp\u00e4ter nie aufgekl\u00e4rt werden konnte. In dieser prek\u00e4ren Situation \u00fcbernahm zun\u00e4chst der amtierende 2. Vorsitzende Heinrich Schnur bis zu den regul\u00e4ren Neuwahlen auf der Jahreshauptversammlung im Januar 1985 die Vereinsf\u00fchrung; dann schied auch er nach 14 Jahren engagierter, aber letztlich auch \u201aungl\u00fccklicher\u2018 Amtsf\u00fchrung als 2. Vorsitzender und zeitweise auch als Gesch\u00e4ftsf\u00fchrer aus dem Vorstand aus.<\/p>\n\n\n\n<h2 class=\"wp-block-heading\"><strong>12. Konsolidierung des Vereinsgeschehens mit Generationswechsel in der Vereinsf\u00fchrung ab 1985<\/strong><\/h2>\n\n\n\n<div class=\"wp-block-columns is-layout-flex wp-container-core-columns-is-layout-9d6595d7 wp-block-columns-is-layout-flex\">\n<div class=\"wp-block-column is-layout-flow wp-block-column-is-layout-flow\" style=\"flex-basis:66.66%\">\n<p>Zu diesem Zeitpunkt im <strong>Januar 1985 hatte sich mit Dr. Wolfgang Buss, Heinz Kasper und Detlef Jurgeleit ein neues F\u00fchrungstrio als 1. und 2. Vorsitzender sowie als Sportwart gefunden<\/strong>, das zur Vorstandskandidatur antrat und auch mit gro\u00dfer Unterst\u00fctzung der Versammlung <strong>einstimmig gew\u00e4hlt <\/strong>wurde. F\u00fcr den weitgehend neu zusammengesetzten Vorstand galt es jetzt zun\u00e4chst einmal, die Vereinsgesch\u00e4fte zu ordnen, die gr\u00f6\u00dften Unklarheiten finanzieller und organisatorischer Art kurzfristig aus dem Weg zu r\u00e4umen und damit die Vereinssituation zu konsolidieren. F\u00fcr diesen Neuanfang bedurfte es aber auch der Zustimmung m\u00f6glichst aller Gruppierungen im Verein. Der neue 1. Vorsitzender Wolfgang Buss warb deshalb in einer ersten Amtshandlung mit einem offenen Brief an alle Mitglieder um Unterst\u00fctzung und &#8218;Starthilfe&#8216; bei diesem mehr aus der Not geborenen Vorstandswechsel, der zugleich aber auch ein Generationswechsel war. <\/p>\n<\/div>\n\n\n\n<div class=\"wp-block-column is-layout-flow wp-block-column-is-layout-flow\" style=\"flex-basis:33.33%\">\n<figure class=\"wp-block-image size-large\"><a href=\"https:\/\/www.tsv-holzerode.de\/wp-content\/uploads\/2021\/07\/57-Vorsitzender-Wolfgang-Buss.jpg\" target=\"_blank\" rel=\"noopener\"><img loading=\"lazy\" decoding=\"async\" width=\"340\" height=\"450\" src=\"https:\/\/www.tsv-holzerode.de\/wp-content\/uploads\/2021\/07\/57-Vorsitzender-Wolfgang-Buss.jpg\" alt=\"\" class=\"wp-image-1171\" srcset=\"https:\/\/www.tsv-holzerode.de\/wp-content\/uploads\/2021\/07\/57-Vorsitzender-Wolfgang-Buss.jpg 340w, https:\/\/www.tsv-holzerode.de\/wp-content\/uploads\/2021\/07\/57-Vorsitzender-Wolfgang-Buss-227x300.jpg 227w\" sizes=\"auto, (max-width: 340px) 100vw, 340px\" \/><\/a><figcaption>Dr. Wolfgang Buss 1985-1987 (57)<\/figcaption><\/figure>\n<\/div>\n<\/div>\n\n\n\n<p>Die Zielsetzung des neuen Vorstandes wurde nun auch konsequent umgesetzt und es begann \u2013 insbesondere mit Unterst\u00fctzung aus den Abteilungen \u2013 wieder ein kontinuierlicher Aufschwung im Verein. Zun\u00e4chst einmal wurde die Vorstandsarbeit \u00fcber eine Gesch\u00e4ftsordnung und Aufgabenfestsetzung f\u00fcr den engeren und den erweiterten Kreis klar geordnet, die Abteilungen wurden z.T. neu strukturiert und einer modernen Entwicklung angepasst, sowie auch die Finanzen zun\u00e4chst mit Hilfe des neuen Schatzmeisters Heino Dressler im Rahmen eines erstmals erstellten Haushaltsplanes f\u00fcr alle Mitglieder transparent gemacht wurden. Die sportliche Zukunftsorientierung dr\u00fcckte sich weitgehend in der neuen Abteilungsstruktur aus. Mit der Schaffung einer Seniorensport-, Frauensport- und einer Freizeitsportabteilung neben den schon bestehenden Abteilungen Kinder und Jugendliche, Fu\u00dfball, Tischtennis und Tennis war der Schwerpunkt des Vereinsangebotes jetzt noch deutlicher auf Breitensport ausgerichtet.<\/p>\n\n\n\n<figure class=\"wp-block-image size-large\"><a href=\"https:\/\/www.tsv-holzerode.de\/wp-content\/uploads\/2021\/07\/58-Seniorinnengruppe-1980er-Jahre.jpg\" target=\"_blank\" rel=\"noopener\"><img loading=\"lazy\" decoding=\"async\" width=\"1024\" height=\"715\" src=\"https:\/\/www.tsv-holzerode.de\/wp-content\/uploads\/2021\/07\/58-Seniorinnengruppe-1980er-Jahre-1024x715.jpg\" alt=\"\" class=\"wp-image-1172\" srcset=\"https:\/\/www.tsv-holzerode.de\/wp-content\/uploads\/2021\/07\/58-Seniorinnengruppe-1980er-Jahre-1024x715.jpg 1024w, https:\/\/www.tsv-holzerode.de\/wp-content\/uploads\/2021\/07\/58-Seniorinnengruppe-1980er-Jahre-300x210.jpg 300w, https:\/\/www.tsv-holzerode.de\/wp-content\/uploads\/2021\/07\/58-Seniorinnengruppe-1980er-Jahre-768x536.jpg 768w, https:\/\/www.tsv-holzerode.de\/wp-content\/uploads\/2021\/07\/58-Seniorinnengruppe-1980er-Jahre-1536x1073.jpg 1536w, https:\/\/www.tsv-holzerode.de\/wp-content\/uploads\/2021\/07\/58-Seniorinnengruppe-1980er-Jahre.jpg 1944w\" sizes=\"auto, (max-width: 767px) 89vw, (max-width: 1000px) 54vw, (max-width: 1071px) 543px, 580px\" \/><\/a><figcaption>Die Frauensportgruppe I Ende der 1980er Jahre<br><strong>Hintere Reihe v.l.n.r.:<\/strong> Hilde Thiele, Gitta D\u00f6ring, Lilli Finke, Irmtraut Heise, Christa Beyer<br><strong>Vordere Reihe v.l.n.r.:<\/strong> Dorothea Buss, Irmgard Schulz, Lilo B\u00e4hrens, Eva Hartmann, Sigrun Becker, Gerda<br>Kolle, Gertraud Vollbrecht, Marga Frixe, Ruth Vollbrecht und Annette Zech<\/figcaption><\/figure>\n\n\n\n<p>Mit diesen klaren Vorgaben konnte die Alltagsarbeit im Verein bald wieder konsolidiert werden, so dass weitere besondere Ereignisse und Aufgaben in den Blick genommen wurden. Hierbei stand zuerst das n\u00e4chste kleine Vereinsjubil\u00e4um an, die 65-Jahr-Feier im Sommer 1986, sowie nat\u00fcrlich die Fortsetzung und m\u00f6glichst der Abschluss des noch als &#8218;Altlast&#8216; \u00fcbernommenen Ausbaus der MZH. Beide Aufgaben wurden zu aller Zufriedenheit vom Vorstand und den Abteilungen vorangebracht und mit der <strong>Sportwoche zum 65j\u00e4hrigen Jubil\u00e4um vom 17.-21. Juni 1986<\/strong> auch mit viel Freude und Gewinn f\u00fcr die Vereinsgemeinschaft realisiert. Gerade hierbei zeichnete sich die neue F\u00fchrungsstruktur schon hervorragend aus. Der Sportwart Detlef Jurgeleit hatte die Gesamtkoordination der Abteilungsaktivit\u00e4ten selbst\u00e4ndig in der Hand und der Restvorstand konnte sich anderen Schwerpunkten widmen. F\u00fcr den Ausbau trug der 2. Vorsitzende Heinz Kasper die Verantwortung und brachte die Arbeiten in den zwei Jahren seiner Amtszeit weitgehend zum Abschluss. Die Gesamtleistung des Vorstands in dieser Amtszeit 1985-1987 wurde auch dann nur noch geringf\u00fcgig beeintr\u00e4chtigt, als im Herbst 1986 der Schatzmeister wegen Inaktivit\u00e4t durch Vorstandsbeschluss aus dem Amt entlassen werden musste. Friedel Jurgeleit, altgedientes und verdientes Mitglied, stellte sich umgehend kommissarisch f\u00fcr die Aufgabe des Schatzmeisters zur Verf\u00fcgung und die Finanzgesch\u00e4fte konnten geordnet in die Jahreshauptversammlung 1987 eingebracht werden. Zum Abschluss dieser schwierigen \u00dcbergangszeit hatte der Verein also wieder Anschluss an eine kontinuierliche Aufw\u00e4rtsentwicklung gefunden. Die Turbulenzen aus den Jahren 1983-1985 waren \u00fcberwunden, die organisatorischen Bedingungen geordnet sowie modernisiert und die Stimmung im Verein wieder auf Optimismus ausgerichtet. Auch das Angebot wurde sowohl im Kinderbereich als auch bei den Erwachsenen wieder gut angenommen. Die klare Aufteilung der Abteilungen f\u00fchrte nun zu einer besseren \u00dcbersichtlichkeit und Verantwortlichkeit auch f\u00fcr die Vorstandsarbeit. Schon im Herbst 1986 hatte die Mitgliederzahl erstmalig die Marke 300 \u00fcberschritten. Die bisherige Gymnastikgruppe II, die Seniorinnen, firmierten jetzt als \u201eSeniorensport\u201c und die Gymnastikgruppe I wurde nun als \u201eFrauensport\u201c gef\u00fchrt und machte nun seit 1986 unter Leitung von Heike Adam, die 1987 die \u00dcbungsleiterlizenz A erworben hatte, weitere Fortschritte.&nbsp; Sie umfasste jetzt die Angebote Gymnastik und Tanz sowie sich auch eine Jazzdancegruppe hieraus entwickelte. Gleiches galt f\u00fcr den Kindersport, bei dem vor allem auch der Kinder- und Jugendfu\u00dfball wieder in Eigenst\u00e4ndigkeit belebt wurde.<\/p>\n\n\n\n<figure class=\"wp-block-image size-large\"><a href=\"https:\/\/www.tsv-holzerode.de\/wp-content\/uploads\/2021\/07\/59-Frauensport-1988.jpg\" target=\"_blank\" rel=\"noopener\"><img loading=\"lazy\" decoding=\"async\" width=\"1024\" height=\"590\" src=\"https:\/\/www.tsv-holzerode.de\/wp-content\/uploads\/2021\/07\/59-Frauensport-1988-1024x590.jpg\" alt=\"\" class=\"wp-image-1174\" srcset=\"https:\/\/www.tsv-holzerode.de\/wp-content\/uploads\/2021\/07\/59-Frauensport-1988-1024x590.jpg 1024w, https:\/\/www.tsv-holzerode.de\/wp-content\/uploads\/2021\/07\/59-Frauensport-1988-300x173.jpg 300w, https:\/\/www.tsv-holzerode.de\/wp-content\/uploads\/2021\/07\/59-Frauensport-1988-768x443.jpg 768w, https:\/\/www.tsv-holzerode.de\/wp-content\/uploads\/2021\/07\/59-Frauensport-1988-1536x885.jpg 1536w, https:\/\/www.tsv-holzerode.de\/wp-content\/uploads\/2021\/07\/59-Frauensport-1988-2048x1180.jpg 2048w\" sizes=\"auto, (max-width: 767px) 89vw, (max-width: 1000px) 54vw, (max-width: 1071px) 543px, 580px\" \/><\/a><figcaption>Vorf\u00fchrung der Frauensportgruppe mit ihrer Leiterin Heike Adam zur Weihnachtsfeier 1988 <br><strong>1. Reihe (vorn) v.l.n.r.: <\/strong>Hilde Thiele, Heike Adam, Marina Rosenhagen, <br><strong>2. Reihe:<\/strong> B\u00e4rbel Diedrich, Karin Jurgeleit, Eveline Hartmann, <br><strong>3. Reihe:<\/strong> Sigrun Becker, Ursel Kerll und Christine Behmke<\/figcaption><\/figure>\n\n\n\n<p>Zur Jahreshauptversammlung 1987 gab es allerdings schon wieder einen Personalwechsel an der Spitze des Vereins, dieses Mal aber nicht in Folge von Schwierigkeiten in der Amtsf\u00fchrung. Dem 1. Vorsitzenden Dr. Wolfgang Buss wurde zum Jahresanfang 1987 die ehrenvolle Kandidatur f\u00fcr das Amt des 1. Vorsitzenden des \u201eKreissportbundes G\u00f6ttingen\u201c (KSB), des Dachverbandes der Sportvereine auf Kreisebene, angetragen, und zwar in der Nachfolge des langj\u00e4hrigen Vorsitzenden Friedel Rosenthal und damit erstmalig einem Kandidaten aus einem kleinen, l\u00e4ndlichen Verein. <strong>Wolfgang Buss<\/strong> nahm die Kandidatur an und <strong>wurde einstimmig auf dem Kreissporttag 1987 in Weende zum 1. Vorsitzenden des KSB gew\u00e4hlt.<\/strong> Er behielt dieses Amt 14 Jahre lang bis 2001 inne und vertrat auf dieser Ebene auch seinen Heimatverein, den TSV Holzerode \u2013 blieb aber zwischenzeitlich auch noch in etlichen Funktionen weiterhin seinem Heimatverein erhalten. (Co-Abteilungsleiter Tennis, Teammanager und Spieler der \u201eAltherrenmannschaft\u201c im Fu\u00dfball, Leiter der \u201eFitness-Gruppe \u201eM\u00e4nner\u201c und immer wieder bei der Organisation von Jubil\u00e4umsfesten und als Autor von Festschriften t\u00e4tig) zusammen mit Wolfgang Buss trat auch der 2. Vorsitzende Heinz Kasper aus pers\u00f6nlichen Gr\u00fcnden nicht mehr f\u00fcr eine zweite Wahlperiode an. F\u00fcr die Jahreshauptversammlung am 23. Januar 1987 galt es nun wiederum, neue 1. und 2. Vorsitzende zu finden. Dies gelang jedoch im Sinne des schon 1985 eingeleiteten Generationswechsels sehr konstruktiv und ohne Probleme.<\/p>\n\n\n\n<div class=\"wp-block-columns is-layout-flex wp-container-core-columns-is-layout-9d6595d7 wp-block-columns-is-layout-flex\">\n<div class=\"wp-block-column is-layout-flow wp-block-column-is-layout-flow\" style=\"flex-basis:66.66%\">\n<p><strong>Mit G\u00fcnter Becker wurde einstimmig ein neuer 1. Vorsitzender gew\u00e4hlt,<\/strong> der von nun an lange Zeit bis 1997 das Vereinsgeschick hauptverantwortlich und erfolgreich bestimmte. Ihm zur Seite trat als 2. Vorsitzender sein Altersgenosse Wolfgang Schilling. Das Ruder konnte also bruchlos \u00fcbergeben werden und das Vereinsschiff blieb auf sicherem Erfolgskurs.<\/p>\n<\/div>\n\n\n\n<div class=\"wp-block-column is-layout-flow wp-block-column-is-layout-flow\" style=\"flex-basis:33.33%\">\n<figure class=\"wp-block-image size-large\"><a href=\"https:\/\/www.tsv-holzerode.de\/wp-content\/uploads\/2021\/07\/60-Guenter-Becker.jpg\" target=\"_blank\" rel=\"noopener\"><img loading=\"lazy\" decoding=\"async\" width=\"337\" height=\"315\" src=\"https:\/\/www.tsv-holzerode.de\/wp-content\/uploads\/2021\/07\/60-Guenter-Becker.jpg\" alt=\"\" class=\"wp-image-1175\" srcset=\"https:\/\/www.tsv-holzerode.de\/wp-content\/uploads\/2021\/07\/60-Guenter-Becker.jpg 337w, https:\/\/www.tsv-holzerode.de\/wp-content\/uploads\/2021\/07\/60-Guenter-Becker-300x280.jpg 300w\" sizes=\"auto, (max-width: 337px) 100vw, 337px\" \/><\/a><figcaption>G\u00fcnter Becker<br>1987-1997<\/figcaption><\/figure>\n<\/div>\n<\/div>\n\n\n\n<h2 class=\"wp-block-heading\"><strong>13. Die 1990er Jahre \u2013 weitere Aufw\u00e4rtsentwicklung und ein neuerliches gro\u00dfes Fest<\/strong><\/h2>\n\n\n\n<p>Nachdem die Grundstruktur f\u00fcr eine dauerhafte und konsensf\u00e4hige Plattform im Verein wieder gelegt worden war, konnte sich das neue Vorstandsteam um G\u00fcnter Becker jetzt in Ruhe auf den weiteren Ausbau des Vereins hin zu einem modernen l\u00e4ndlichen Freizeit- und Breitensportverein konzentrieren. Dieses bezog sich sowohl auf die organisatorische als auch auf die bauliche und sportliche Ebene. Zun\u00e4chst einmal wurden die Arbeiten zum Ausbau der MZH konsequent zu Ende gef\u00fchrt, so dass die schon seit 1986 weitgehend in Nutzung be\ufb01ndlichen R\u00e4umlichkeiten von B\u00fchne, K\u00fcche und Vorratslager vollst\u00e4ndig zur Verf\u00fcgung standen und im Januar 1989 \u2013 wiederum nach einer beh\u00f6rdenbedingten Verz\u00f6gerung \u2013 &nbsp;auch offiziell \u00fcbergeben wurden. Fast zehn Jahre hatte damit das Unternehmen &#8218;Ausbau und Anbau der MZH&#8216; bis zu seiner Realisierung gebraucht, was nicht zuletzt zeigt, wie schwierig es in diesen Jahren war, ein solches &#8218;Gro\u00dfprojekt&#8216; in einem kleineren Verein wie dem TSV Holzerode weitgehend in Eigenleistung umzusetzen. Letztlich war die Entscheidung jedoch in jeder Hinsicht richtig und notwendig. Sie hat nicht nur den beiden hauptbeteiligten Vereinen, der Laienspielgruppe und dem TSV, wichtige weitere Entfaltungsm\u00f6glichkeiten gebracht, sondern auch der gesamten Ortsgemeinschaft f\u00fcr Feste und sonstigen Aktivit\u00e4ten eine zentrale Veranstaltungslokalit\u00e4t &nbsp;geboten.<\/p>\n\n\n\n<p>Auf der Jahreshauptversammlung 1989 wurde der bew\u00e4hrte Vorstand satzungsgem\u00e4\u00df f\u00fcr&nbsp; zwei weitere Jahre im Amt wiedergew\u00e4hlt. Gleichzeitig wurde zur Absicherung einer kontinuierlichen Vereinsf\u00fchrung durch Satzungs\u00e4nderung festgelegt, dass zuk\u00fcnftig die \u00c4mter des engeren Vorstandes im j\u00e4hrlichen Wechsel zu besetzen seien. So galt die Wahl des 2. Vorsitzenden und des Schatzmeisters zun\u00e4chst nur f\u00fcr ein Jahr, damit sich der Wechsel realisieren konnte. Zum Schatzmeister wurde mit J\u00f6rg Dix auch eine neue Person ins Amt gebracht, da Friedel Jurgeleit sich altersbedingt aus dem Vorstand verabschiedete. Mit dem besonderen Dank durch die Versammlung und der Ernennung zum Ehrenmitglied wurde sein langj\u00e4hriger Einsatz f\u00fcr das Vereinswohl seit seinen aktiven Zeiten als Fu\u00dfballer in den Jahren 1947\/48 gew\u00fcrdigt.<\/p>\n\n\n\n<p>In dieser Zeit vollzog sich auch die Umstellung der Finanz- und Mitgliedsverwaltung des Vereins auf EDV-Basis. F\u00fcr die Mitgliedsbetreuung wurde jetzt Sigrun Becker, die Ehefrau des Vereinsvorsitzenden G\u00fcnter Becker, zust\u00e4ndig. Wie schon bei ihrer bisherigen Mitarbeit in der Kinder- und Jugendabteilung sowie der dann bald folgenden T\u00e4tigkeit als \u00dcbungsleiterin in der neuen Ju-Jutsu-Abteilung ging sie mit gro\u00dfem Einsatz und Sorgfalt an diese Aufgabe und wurde schnell mehr als nur eine wichtige St\u00fctze f\u00fcr &#8218;ihren&#8216; Vereinsvorsitzenden. G\u00fcnter Becker hat nun mit viel Geschick den Verein gef\u00fchrt, hatte aber auch in all den Jahren das Gl\u00fcck, zumeist ein recht eingespieltes und erfahrenes Vorstandsteam um sich herum zu haben. Als der Schatzmeister J\u00f6rg Dix zur Jahreshauptversammlung 1991 nicht mehr zur Verf\u00fcgung stand, wechselte sogleich der bisherige 2. Vorsitzende Wolfgang Schilling in dieses wichtige Amt her\u00fcber und <strong>mit Jutta B\u00e4hrens<\/strong>, der bisherigen Abteilungsleiterin \u201eKinder- und Jugendsport&#8220;, <strong>wurde erstmals eine Frau zur 2. Vorsitzenden gew\u00e4hlt.<\/strong> Danach folgten in diesem Amt von 1993 bis 1996 Uwe Behmke \u2013 vorher Abteilungsleiter Freizeitsport \u2013 &nbsp;und seit der Jahreshauptversammlung 1996 Dr. Ulrike Libal mit der Erfahrung als Ratsherrin in der Gemeinde. Von besonderer Bedeutung war in dieser Zeit auch das Ausscheiden von Eveline Hartmann nach 22j\u00e4hriger (!), \u00fcberaus verdienstvoller T\u00e4tigkeit im Amt der Schriftf\u00fchrerin zur Jahreshauptversammlung 1993; sie wurde f\u00fcr ihre immer gro\u00dfe Verl\u00e4sslichkeit und Sorgfalt mit nachhaltigem Dank verabschiedet. Auch hier fand sich sogleich mit der schon als Frauenwartin im Vorstand bew\u00e4hrten Christine Behmke eine sehr angemessene Nachfolgerin. &nbsp; &nbsp;&nbsp;&nbsp;&nbsp;&nbsp;Weniger erfreulich war in dieser Zeit der R\u00fcckgang an Aktivit\u00e4ten in der Traditionssportart Fu\u00dfball. Hatte man durch die Fusion mit dem TSV Renshausen 1981 noch an eine langfristige L\u00f6sung der Probleme geglaubt, so &nbsp;zeigte sich, dass dieses Modell f\u00fcr die Strukturen in unseren beiden Orten noch keine Dauerl\u00f6sung war. Es gab zwar keinerlei Differenzen mit den Rensh\u00e4user Sportfreunden, aber hinderliche organisatorische Gr\u00fcnde f\u00fchrten zum Saisonbeginn 1985\/86 zur Beendigung des Modells. Zun\u00e4chst spielte man deshalb in Holzerode jetzt sogar wieder eigenst\u00e4ndig mit zwei Herrenmannschaften in der 1. und 2. Kreisklasse und es schien die Strukturschw\u00e4che Anfang der 1980er Jahre \u00fcberwunden zu sein. Auch eine Altherrenmannschaft (allerdings weiterhin in Spielgemeinschaft mit dem TSV Renshausen) hatte sich zu einer festen Gr\u00f6\u00dfe entwickelt. All das war jedoch nur eine \u201aScheinbl\u00fcte\u2018, denn schon bald reichte die Anzahl der Aktiven wieder nicht aus. So kam nach der Saison 1988\/89 das vorl\u00e4ufige Ende des Fu\u00dfballspiels im Seniorenbereich des TSV und es erfolgte die Abmeldung aus dem Spielbetrieb beim Kreisfu\u00dfballverband. Damit ging zun\u00e4chst einmal eine spezifische Wettkampfkultur im Verein zu Ende, die ihre Anf\u00e4nge schon im Gr\u00fcndungsjahr des Vereins 1921 hatte, sp\u00e4testens aber seit der Nachkriegszeit 1947 immer das Bild des TSV Holzerode entscheidend pr\u00e4gte.&nbsp; Erhalten blieb dem Verein im Herrenbereich aber wenigstens die \u2013 allerdings nur breitensport- und freizeitorientierte &#8211; Spielgemeinschaft und der -betrieb bei den sog. \u201eAlten Herren&#8220;, bis 1994 unter Leitung von Wolfgang Buss, dann langj\u00e4hrig von Lothar Becker.<\/p>\n\n\n\n<figure class=\"wp-block-image size-large\"><a href=\"https:\/\/www.tsv-holzerode.de\/wp-content\/uploads\/2021\/07\/61-Alte-Herren-1990er-Jahre.jpg\" target=\"_blank\" rel=\"noopener\"><img loading=\"lazy\" decoding=\"async\" width=\"906\" height=\"532\" src=\"https:\/\/www.tsv-holzerode.de\/wp-content\/uploads\/2021\/07\/61-Alte-Herren-1990er-Jahre.jpg\" alt=\"\" class=\"wp-image-1176\" srcset=\"https:\/\/www.tsv-holzerode.de\/wp-content\/uploads\/2021\/07\/61-Alte-Herren-1990er-Jahre.jpg 906w, https:\/\/www.tsv-holzerode.de\/wp-content\/uploads\/2021\/07\/61-Alte-Herren-1990er-Jahre-300x176.jpg 300w, https:\/\/www.tsv-holzerode.de\/wp-content\/uploads\/2021\/07\/61-Alte-Herren-1990er-Jahre-768x451.jpg 768w\" sizes=\"auto, (max-width: 767px) 89vw, (max-width: 1000px) 54vw, (max-width: 1071px) 543px, 580px\" \/><\/a><figcaption>Die \u201aAlt-Herren\u2018-Mannschaft Mitte der 1990er Jahre<br><strong>Hintere Reihe v.l.n.r.:<\/strong> Siegfried Daberkow (Schiedrichter), Klaus-Dieter Daberkow, Karl-Heinz Heinemann, Heiko Vollbrecht, Detlef Jurgeleit, Heinz Kasper, Lothar Becker, Christian Governatori und Wolfgang Hartmann. <br><strong>Mittlere Reihe v.l.n.r.:<\/strong> Wolfgang Mann, Zafer Harman, Georg Kaiser, Frank Hartmann und Dietmar Ledel. <br><strong>Vordere Reihe v.l.n.r.:<\/strong> Udo Berndt, Andreas Behmke, Martin Senger, Norbert Schuhmacher und Ralf Ruwisch.<\/figcaption><\/figure>\n\n\n\n<p>Noch wichtiger war aber die Fortsetzung des Spielbetriebes im Kinder- und Jugendfu\u00dfball sogar mit mehreren Mannschaften unterschiedlicher Altersgruppen; sie wurden insbesondere von Dieter Daberkow und einer Reihe von engagierten V\u00e4tern zusammen gehalten und betreut.<\/p>\n\n\n\n<div class=\"wp-block-columns is-layout-flex wp-container-core-columns-is-layout-9d6595d7 wp-block-columns-is-layout-flex\">\n<div class=\"wp-block-column is-layout-flow wp-block-column-is-layout-flow\">\n<figure class=\"wp-block-image size-large\"><a href=\"https:\/\/www.tsv-holzerode.de\/wp-content\/uploads\/2021\/07\/62-E-Jugend-1986.jpg\" target=\"_blank\" rel=\"noopener\"><img loading=\"lazy\" decoding=\"async\" width=\"1024\" height=\"810\" src=\"https:\/\/www.tsv-holzerode.de\/wp-content\/uploads\/2021\/07\/62-E-Jugend-1986-1024x810.jpg\" alt=\"\" class=\"wp-image-1177\" srcset=\"https:\/\/www.tsv-holzerode.de\/wp-content\/uploads\/2021\/07\/62-E-Jugend-1986-1024x810.jpg 1024w, https:\/\/www.tsv-holzerode.de\/wp-content\/uploads\/2021\/07\/62-E-Jugend-1986-300x237.jpg 300w, https:\/\/www.tsv-holzerode.de\/wp-content\/uploads\/2021\/07\/62-E-Jugend-1986-768x608.jpg 768w, https:\/\/www.tsv-holzerode.de\/wp-content\/uploads\/2021\/07\/62-E-Jugend-1986.jpg 1264w\" sizes=\"auto, (max-width: 767px) 89vw, (max-width: 1000px) 54vw, (max-width: 1071px) 543px, 580px\" \/><\/a><figcaption>Die E-Jugend 1986<br><strong>hinten stehend v.l.n.r.:<\/strong> Betreuer Wolfgang<br>Hartmann, Dieter Daberkow und Andreas<br>Behmke<br><strong>Mitte:<\/strong> Markus Schilling, Jens Vollbrecht, Jens<br>Hartmann, Mohammed Khiveh, Christoph<br>K\u00f6hler, Sven Dankenbrink und Lars Lindner<br><strong>vorn:<\/strong> Hendrik Behmke, Dominik Behmke,<br>Alireza Khiveh<\/figcaption><\/figure>\n<\/div>\n\n\n\n<div class=\"wp-block-column is-layout-flow wp-block-column-is-layout-flow\">\n<figure class=\"wp-block-image size-large\"><a href=\"https:\/\/www.tsv-holzerode.de\/wp-content\/uploads\/2021\/07\/63-D-Jugendfussballer-1989.jpg\" target=\"_blank\" rel=\"noopener\"><img loading=\"lazy\" decoding=\"async\" width=\"1024\" height=\"768\" src=\"https:\/\/www.tsv-holzerode.de\/wp-content\/uploads\/2021\/07\/63-D-Jugendfussballer-1989-1024x768.jpg\" alt=\"\" class=\"wp-image-1178\" srcset=\"https:\/\/www.tsv-holzerode.de\/wp-content\/uploads\/2021\/07\/63-D-Jugendfussballer-1989-1024x768.jpg 1024w, https:\/\/www.tsv-holzerode.de\/wp-content\/uploads\/2021\/07\/63-D-Jugendfussballer-1989-300x225.jpg 300w, https:\/\/www.tsv-holzerode.de\/wp-content\/uploads\/2021\/07\/63-D-Jugendfussballer-1989-768x576.jpg 768w, https:\/\/www.tsv-holzerode.de\/wp-content\/uploads\/2021\/07\/63-D-Jugendfussballer-1989.jpg 1065w\" sizes=\"auto, (max-width: 767px) 89vw, (max-width: 1000px) 54vw, (max-width: 1071px) 543px, 580px\" \/><\/a><figcaption>Die D-Jugend 1989<br><strong>hinten stehend v.l.n.r.:<\/strong> Betreuer Uwe Vollbrecht<br>und Dieter Moritz<br><strong>Mitte<\/strong>: Hendrik Bleckert, Hendrik Behmke,<br>Dominik Behmke, Asariel Kriener und Jens<br>Vollbrecht,<br><strong>vorn<\/strong>: Benjamin Kriener und Markus Schilling<\/figcaption><\/figure>\n<\/div>\n<\/div>\n\n\n\n<figure class=\"wp-block-image size-large\"><a href=\"https:\/\/www.tsv-holzerode.de\/wp-content\/uploads\/2021\/07\/64-E-Jugend-1990.jpg\" target=\"_blank\" rel=\"noopener\"><img loading=\"lazy\" decoding=\"async\" width=\"1024\" height=\"651\" src=\"https:\/\/www.tsv-holzerode.de\/wp-content\/uploads\/2021\/07\/64-E-Jugend-1990-1024x651.jpg\" alt=\"\" class=\"wp-image-1179\" srcset=\"https:\/\/www.tsv-holzerode.de\/wp-content\/uploads\/2021\/07\/64-E-Jugend-1990-1024x651.jpg 1024w, https:\/\/www.tsv-holzerode.de\/wp-content\/uploads\/2021\/07\/64-E-Jugend-1990-300x191.jpg 300w, https:\/\/www.tsv-holzerode.de\/wp-content\/uploads\/2021\/07\/64-E-Jugend-1990-768x488.jpg 768w, https:\/\/www.tsv-holzerode.de\/wp-content\/uploads\/2021\/07\/64-E-Jugend-1990.jpg 1033w\" sizes=\"auto, (max-width: 767px) 89vw, (max-width: 1000px) 54vw, (max-width: 1071px) 543px, 580px\" \/><\/a><figcaption>Die E-Jugend 1990<br><strong>v.l.n.r.:<\/strong> Daniel Schilling, Julia Dankenbrink, Annika Behmke, Jan B\u00e4hrens, Frauke Jurgeleit, Katharina Vogel, Henning Jurgeleit, Stefan Dankenbrink und Bj\u00f6rn Jaschewski<\/figcaption><\/figure>\n\n\n\n<p>Doch so schmerzlich die Einstellung des Wettkampfbetriebes im M\u00e4nnerfu\u00dfball auch von vielen Mitgliedern empfunden wurde, so gab es insgesamt in dieser Zeit aber keineswegs einen R\u00fcckschritt im sonstigen sportlichen Vereinsleben. Im Gegenteil, der Verlust im Fu\u00dfballbereich wurde durch neue Aktivit\u00e4ten in anderen Bereichen ausgeglichen. Im sportlichen Bereich vollzog sich jetzt endg\u00fcltig auch im TSV der Um- und Durchbruch zu den inzwischen f\u00fcr viele Vereine charakteristischen &#8217;neuen Ufern&#8216; der vereinsgebundenen Freizeit- und Bewegungskultur, insbesondere in der Ausrichtung als \u201eGesundheitssport\u201c. Zum einen entwickelten sich gerade der Kinder- sowie der Seniorensport in gro\u00dfer Vielfalt, und zum anderen kam mit Ju- Jutsu im September 1989 noch eine neue Abteilung dazu, die vor\u00fcbergehend mit 60 Mitgliedern die gr\u00f6\u00dfte im Verein werden sollte und mit dem Kampfsport eine v\u00f6llig neue Akzentuierung brachte. In dieser Abteilung wurde unter Leitung von Sigrun Becker eine<\/p>\n\n\n\n<div class=\"wp-block-columns is-layout-flex wp-container-core-columns-is-layout-9d6595d7 wp-block-columns-is-layout-flex\">\n<div class=\"wp-block-column is-layout-flow wp-block-column-is-layout-flow\">\n<figure class=\"wp-block-image size-large\"><a href=\"https:\/\/www.tsv-holzerode.de\/wp-content\/uploads\/2021\/07\/65a-JuJutsu-1989.jpg\" target=\"_blank\" rel=\"noopener\"><img loading=\"lazy\" decoding=\"async\" width=\"1024\" height=\"989\" src=\"https:\/\/www.tsv-holzerode.de\/wp-content\/uploads\/2021\/07\/65a-JuJutsu-1989-1024x989.jpg\" alt=\"\" class=\"wp-image-1180\" srcset=\"https:\/\/www.tsv-holzerode.de\/wp-content\/uploads\/2021\/07\/65a-JuJutsu-1989-1024x989.jpg 1024w, https:\/\/www.tsv-holzerode.de\/wp-content\/uploads\/2021\/07\/65a-JuJutsu-1989-300x290.jpg 300w, https:\/\/www.tsv-holzerode.de\/wp-content\/uploads\/2021\/07\/65a-JuJutsu-1989-768x741.jpg 768w, https:\/\/www.tsv-holzerode.de\/wp-content\/uploads\/2021\/07\/65a-JuJutsu-1989.jpg 1476w\" sizes=\"auto, (max-width: 767px) 89vw, (max-width: 1000px) 54vw, (max-width: 1071px) 543px, 580px\" \/><\/a><figcaption>1989 &#8211; die ersten Handgriffe im Ju Jutsu werden geschult &#8211; Ursel Kerll mit Sigrun Becker (liegend) beim Genickhebel<\/figcaption><\/figure>\n<\/div>\n\n\n\n<div class=\"wp-block-column is-layout-flow wp-block-column-is-layout-flow\">\n<figure class=\"wp-block-image size-large is-resized\"><a href=\"https:\/\/www.tsv-holzerode.de\/wp-content\/uploads\/2021\/07\/66-JuJutsu-Kinder-1994.jpg\" target=\"_blank\" rel=\"noopener\"><img loading=\"lazy\" decoding=\"async\" src=\"https:\/\/www.tsv-holzerode.de\/wp-content\/uploads\/2021\/07\/66-JuJutsu-Kinder-1994-1024x747.jpg\" alt=\"\" class=\"wp-image-1181\" width=\"321\" height=\"234\" srcset=\"https:\/\/www.tsv-holzerode.de\/wp-content\/uploads\/2021\/07\/66-JuJutsu-Kinder-1994-1024x747.jpg 1024w, https:\/\/www.tsv-holzerode.de\/wp-content\/uploads\/2021\/07\/66-JuJutsu-Kinder-1994-300x219.jpg 300w, https:\/\/www.tsv-holzerode.de\/wp-content\/uploads\/2021\/07\/66-JuJutsu-Kinder-1994-768x560.jpg 768w, https:\/\/www.tsv-holzerode.de\/wp-content\/uploads\/2021\/07\/66-JuJutsu-Kinder-1994-1536x1121.jpg 1536w, https:\/\/www.tsv-holzerode.de\/wp-content\/uploads\/2021\/07\/66-JuJutsu-Kinder-1994-2048x1494.jpg 2048w\" sizes=\"auto, (max-width: 321px) 100vw, 321px\" \/><\/a><figcaption>und bald gibt es auch eine gr\u00f6\u00dfere Anzahl von Kinder in dieser Abteilung \u2013 1994 v.l.n.r.: Arne Dettmar, Tobias Dressler, Sebastian Kolle und Nicola Garbe mit ihren ersten Leistungsurkunden (Halbgurt wei\u00df\/gelb)<\/figcaption><\/figure>\n<\/div>\n<\/div>\n\n\n\n<figure class=\"wp-block-image size-large\"><a href=\"https:\/\/www.tsv-holzerode.de\/wp-content\/uploads\/2021\/07\/67-Jujutsu-Abteilung-1994Jujutsu-1994.jpg\" target=\"_blank\" rel=\"noopener\"><img loading=\"lazy\" decoding=\"async\" width=\"825\" height=\"636\" src=\"https:\/\/www.tsv-holzerode.de\/wp-content\/uploads\/2021\/07\/67-Jujutsu-Abteilung-1994Jujutsu-1994.jpg\" alt=\"\" class=\"wp-image-1182\" srcset=\"https:\/\/www.tsv-holzerode.de\/wp-content\/uploads\/2021\/07\/67-Jujutsu-Abteilung-1994Jujutsu-1994.jpg 825w, https:\/\/www.tsv-holzerode.de\/wp-content\/uploads\/2021\/07\/67-Jujutsu-Abteilung-1994Jujutsu-1994-300x231.jpg 300w, https:\/\/www.tsv-holzerode.de\/wp-content\/uploads\/2021\/07\/67-Jujutsu-Abteilung-1994Jujutsu-1994-768x592.jpg 768w\" sizes=\"auto, (max-width: 767px) 89vw, (max-width: 1000px) 54vw, (max-width: 1071px) 543px, 580px\" \/><\/a><figcaption>Die JuJutsu-Abteilung 1994 <br><strong>stehend obere Reihe v.l.n.r.:<\/strong> Sigrun Becker (\u00dcbungsleiterin), Anika Christophersen, Jens Hartmann, Markus Schilling und Birgit Fiedler<br><strong>stehend mittlere Reihe v.l.n.r.:<\/strong> Tanja Kerll, Heike Fahlbusch, Karin \u00d6sterheld, Jan \u00d6sterheld<br><strong>knieend v.l.n.r.:<\/strong> Julia Hartmann, Kathrin Becker, Sandra Vollbrecht<\/figcaption><\/figure>\n\n\n\n<p>systematische Ausbildung betrieben, die schon in den folgenden Jahren kontinuierlich zur Vergabe von aufsteigenden Qualifikationen f\u00fchrte (erkennbar durch die G\u00fcrtelfarbe) sowie auch zu Meisterschaften und Wettkampferfolgen. Herausragend waren dabei in den 1990er Jahren eine Bezirksmeisterschaft von &nbsp;Marko Werder in der Erwachsenenklasse und die Bezirks-, Landes- und Nordeutsche Meisterschaft von Jan B\u00e4hrens in der Klasse \u201eJugend B\u201c. Diese Entwicklung war insgesamt f\u00fcr den Verein gut, wenn auch das Herz aller Traditionalisten und treuen Fu\u00dfballanh\u00e4nger traurig war. Die neuen bzw. erweiterten Aktivit\u00e4ten wurden wie bisher durch den Tischtennis-, den Tennis-, den Seniorinnen- &nbsp;und den Frauensport erg\u00e4nzt, wobei auch diese Abteilungen zwischendurch immer einmal mit wechselndem Zuspruch zu k\u00e4mpfen hatten, als inzwischen etablierte Sportarten aber nie in Frage gestellt waren. In der Tischtennisabteilung ruhte allerdings von 1993 bis zum Fr\u00fchjahr des Jahres 1996 sogar der Spielbetrieb; danach erfolgte aber auch hier eine Reaktivierung von bew\u00e4hrten Kr\u00e4ften und die Tradition der Abteilung wurde fortgesetzt. <strong>Letztlich aber hatte die Jazzdancegruppe der bisherigen Nr. 1 im Angebot des TSV, dem Fu\u00dfballsport, den Rang abgelaufen.<\/strong> Absoluter H\u00f6hepunkt jeweils in der Wintersaison waren in dieser Zeit schon die Darbietungen unserer Tanz- und Gymnastikgruppen in den \u201aHallenshows\u2018 unter der Leitung von Heike Adam. Heike, die ein sog. \u201aEigengew\u00e4chs\u2018 des Vereins schon aus Kinder- und Jugendjahren war und dies auch noch lange Zeit blieb; sie war und blieb die Seele dieser Veranstaltungen und hat mit gr\u00f6\u00dftem Engagement, Kreativit\u00e4t und viel k\u00fcnstlerischem Talent immer wieder bewirkt, dass die \u201aShowabende\u2018 in der Holzer\u00f6der MZH nicht nur mit den eigenen Aktiven, sondern auch immer wieder mit Gastgruppen aus befreundeten Vereinen bereichert wurden. Die Besucher dieser Veranstaltungen kamen nicht nur aus Holzerode, sondern auch stets aus den umliegenden D\u00f6rfern. Im Juli 1992 berichtete z.B. das \u201eG\u00f6ttinger Tageblatt\u201c \u00fcber solch einen Holzer\u00f6der Showabend, bei dem sich 13 Gruppen vom Kinder- bis zu den Seniorinnenbereich (diese jetzt auch erstmalig mit ihrer neuen \u00dcbungsleiterin Hannelore G\u00f6ttinger aus Eberg\u00f6tzen) pr\u00e4sentierten und die ganze Breite des Fitnesssports und Tanzens zeigten, von Aerobic \u00fcber Jazzdance, Standard- und Formationstanz bis zum Rock\u2019n Roll. Der H\u00f6hepunkt war die Auff\u00fchrung der Jazztanzgruppe des TSV, die unter dem Motto \u201eSonne, Mond und Sterne\u201c zur Musik von Georg Jacobi eine von Heike Adam choreografierte Pr\u00e4sentation zeigte.<\/p>\n\n\n\n<div class=\"wp-block-columns is-layout-flex wp-container-core-columns-is-layout-9d6595d7 wp-block-columns-is-layout-flex\">\n<div class=\"wp-block-column is-layout-flow wp-block-column-is-layout-flow\">\n<figure class=\"wp-block-image size-large\"><a href=\"https:\/\/www.tsv-holzerode.de\/wp-content\/uploads\/2021\/07\/68-Jazzdacegruppe-1992.jpg\" target=\"_blank\" rel=\"noopener\"><img loading=\"lazy\" decoding=\"async\" width=\"516\" height=\"412\" src=\"https:\/\/www.tsv-holzerode.de\/wp-content\/uploads\/2021\/07\/68-Jazzdacegruppe-1992.jpg\" alt=\"\" class=\"wp-image-1183\" srcset=\"https:\/\/www.tsv-holzerode.de\/wp-content\/uploads\/2021\/07\/68-Jazzdacegruppe-1992.jpg 516w, https:\/\/www.tsv-holzerode.de\/wp-content\/uploads\/2021\/07\/68-Jazzdacegruppe-1992-300x240.jpg 300w\" sizes=\"auto, (max-width: 516px) 100vw, 516px\" \/><\/a><figcaption>G\u00f6ttinger Tageblatt vom 11.07.1992<br>\u201eTanzvielfalt bei der Hallenschau des TSV Holzerode\u201c :13 Kinder-, Senioren- und Frauengruppen (\u2026)<br>pr\u00e4sentierten die gesamte Vielfalt des Tanzens. (\u2026) Den Abschluss der Schau bildete die Jazztanz-Gruppe des gastgebenden TSV , die unter dem Motto \u201eSonne, Mond und Sterne\u201c (\u2026) auftrat. <strong>Stehend v.l.n.r.: <\/strong>Ines Kolle, Martina Kopp\/Bergolte, Eveline Hartmann, Ulrike Ronge und Sabrina Lechte <strong>knieend<\/strong>: Heike Adam, Astrit B\u00f6cker und Karin Jurgeleit<\/figcaption><\/figure>\n<\/div>\n\n\n\n<div class=\"wp-block-column is-layout-flow wp-block-column-is-layout-flow\">\n<figure class=\"wp-block-image size-large\"><a href=\"https:\/\/www.tsv-holzerode.de\/wp-content\/uploads\/2021\/07\/69-Frauensport-1994.jpg\" target=\"_blank\" rel=\"noopener\"><img loading=\"lazy\" decoding=\"async\" width=\"1024\" height=\"714\" src=\"https:\/\/www.tsv-holzerode.de\/wp-content\/uploads\/2021\/07\/69-Frauensport-1994-1024x714.jpg\" alt=\"\" class=\"wp-image-1184\" srcset=\"https:\/\/www.tsv-holzerode.de\/wp-content\/uploads\/2021\/07\/69-Frauensport-1994-1024x714.jpg 1024w, https:\/\/www.tsv-holzerode.de\/wp-content\/uploads\/2021\/07\/69-Frauensport-1994-300x209.jpg 300w, https:\/\/www.tsv-holzerode.de\/wp-content\/uploads\/2021\/07\/69-Frauensport-1994-768x535.jpg 768w, https:\/\/www.tsv-holzerode.de\/wp-content\/uploads\/2021\/07\/69-Frauensport-1994.jpg 1405w\" sizes=\"auto, (max-width: 767px) 89vw, (max-width: 1000px) 54vw, (max-width: 1071px) 543px, 580px\" \/><\/a><figcaption>Die Jazzdancegruppe zur Kirmes 1994<br><strong>stehend v.l.n.r.:<\/strong> Martina Kasper, Martina Kopp, Astrit<br>B\u00f6cker, Christine Behmke, Eveline Hartmann und Ines Kolle <br><strong>knieend:<\/strong> Heike Adam, Karin Jurgeleit und<br>B\u00e4rbel Diedrich<\/figcaption><\/figure>\n<\/div>\n<\/div>\n\n\n\n<p><strong>Und die noch \u201ajunge\u2018 Jazztanzgruppe blieb auch weiterhin das attraktive Aush\u00e4ngeschild\u2018 des TSV.<\/strong> Auch im geselligen Bereich hat der Verein in diesen 1990er Jahren vielerlei Aktivit\u00e4ten entwickelt. Als H\u00f6hepunkte waren da zun\u00e4chst die <strong>Sportwoche zum 70j\u00e4hrigen Vereinsbestehen vom 23.-30. Juni 1991<\/strong>, dann die regelm\u00e4\u00dfigen Weihnachts- und Faschingsfeiern der Seniorinnen, Ausfl\u00fcge der einzelnen<\/p>\n\n\n\n<figure class=\"wp-block-image size-large\"><a href=\"https:\/\/www.tsv-holzerode.de\/wp-content\/uploads\/2021\/07\/70-Ausflug-Seniorinnengruppe-1994.jpg\" target=\"_blank\" rel=\"noopener\"><img loading=\"lazy\" decoding=\"async\" width=\"1024\" height=\"674\" src=\"https:\/\/www.tsv-holzerode.de\/wp-content\/uploads\/2021\/07\/70-Ausflug-Seniorinnengruppe-1994-1024x674.jpg\" alt=\"\" class=\"wp-image-1185\" srcset=\"https:\/\/www.tsv-holzerode.de\/wp-content\/uploads\/2021\/07\/70-Ausflug-Seniorinnengruppe-1994-1024x674.jpg 1024w, https:\/\/www.tsv-holzerode.de\/wp-content\/uploads\/2021\/07\/70-Ausflug-Seniorinnengruppe-1994-300x197.jpg 300w, https:\/\/www.tsv-holzerode.de\/wp-content\/uploads\/2021\/07\/70-Ausflug-Seniorinnengruppe-1994-768x505.jpg 768w, https:\/\/www.tsv-holzerode.de\/wp-content\/uploads\/2021\/07\/70-Ausflug-Seniorinnengruppe-1994.jpg 1354w\" sizes=\"auto, (max-width: 767px) 89vw, (max-width: 1000px) 54vw, (max-width: 1071px) 543px, 580px\" \/><\/a><figcaption>1994 Ausflug der Seniorinnengruppe mit G\u00e4sten in die Heide mit ihrer \u00dcbungsleiterin Hannelore G\u00f6ttinger (untere Reihe liegend, 6ste von links)<\/figcaption><\/figure>\n\n\n\n<p>Abteilungen sowie Knobel- und Grillabende der Altherren-Fu\u00dfballer, seit 1993 eine Adventswanderung jeweils zum Jahresende sowie im Sommer regelm\u00e4\u00dfig eine Sportwoche unter Beteiligung aller Abteilungen, dar\u00fcber hinaus Turniere der Altherren-Fu\u00dfballer, der Freizeitsportler auf der Beachvolleyballanlage des Vereins und nat\u00fcrlich zahlreiche Tennisturniere auf der Anlage oberhalb der MZH. Zus\u00e4tzlich hatte sich die seit 1979 bestehende Vereinsfreundschaft mit dem Verein \u201eTSV Westerwalsede\u201c aus dem Landkreis Rotenburg (W\u00fcmme), einem Verein mit gleicher d\u00f6rflicher Struktur, stabil entwickelt und f\u00fchrte zu j\u00e4hrlichen gegenseitigen Besuchen.<\/p>\n\n\n\n<figure class=\"wp-block-image size-large\"><a href=\"https:\/\/www.tsv-holzerode.de\/wp-content\/uploads\/2021\/07\/71-Freundschaftstreffen-mit-Westerwalsede-1992.jpg\" target=\"_blank\" rel=\"noopener\"><img loading=\"lazy\" decoding=\"async\" width=\"1024\" height=\"594\" src=\"https:\/\/www.tsv-holzerode.de\/wp-content\/uploads\/2021\/07\/71-Freundschaftstreffen-mit-Westerwalsede-1992-1024x594.jpg\" alt=\"\" class=\"wp-image-1186\" srcset=\"https:\/\/www.tsv-holzerode.de\/wp-content\/uploads\/2021\/07\/71-Freundschaftstreffen-mit-Westerwalsede-1992-1024x594.jpg 1024w, https:\/\/www.tsv-holzerode.de\/wp-content\/uploads\/2021\/07\/71-Freundschaftstreffen-mit-Westerwalsede-1992-300x174.jpg 300w, https:\/\/www.tsv-holzerode.de\/wp-content\/uploads\/2021\/07\/71-Freundschaftstreffen-mit-Westerwalsede-1992-768x445.jpg 768w, https:\/\/www.tsv-holzerode.de\/wp-content\/uploads\/2021\/07\/71-Freundschaftstreffen-mit-Westerwalsede-1992-1536x891.jpg 1536w, https:\/\/www.tsv-holzerode.de\/wp-content\/uploads\/2021\/07\/71-Freundschaftstreffen-mit-Westerwalsede-1992-2048x1188.jpg 2048w\" sizes=\"auto, (max-width: 767px) 89vw, (max-width: 1000px) 54vw, (max-width: 1071px) 543px, 580px\" \/><\/a><figcaption>Freundschaftstreffen mit dem Heide-Verein SV Westerwalsede 1992 in Holzerode<\/figcaption><\/figure>\n\n\n\n<p>Diese gute Entwicklung in den \u201aneuen\u2018 Abteilungen strahlte auch auf die anderen Abteilungen ab, sodass der Verein 1996, in seinem 75sten Jahr des Bestehens, eine breite Palette an sportlichen Aktivit\u00e4ten anbieten konnte. Man hatte sich inzwischen weitgehend vom leistungsorientierten Wettkampfsport gel\u00f6st, ohne das hierauf der Vorstand oder eine bestimmte Gruppierung gezielt hingearbeitet hatten. Dies war der \u201eZeitgeist\u201c in den Sportvereinen, bei denen die Sportarten \u201anur zum Zuschauen&#8216; weniger wurden, daf\u00fcr aber die \u201aMitmach- und Fitnesssportarten\u2018 zunahmen. Nie vorher waren so viele Mitglieder im TSV regelm\u00e4\u00dfig aktiv. Vor allem unter gesundheitlichen und den ebenso wichtigen kommunikativen Gr\u00fcnden war dies eine sehr erfreuliche Entwicklung, zumal Ver\u00e4nderungen und Anpassungen an Bed\u00fcrfnisse z.B. nach einem sp\u00e4teren, neuerlichen Wettkampfbetrieb damit nicht grunds\u00e4tzlich ausgeschlossen wurden \u2013 wie die sp\u00e4tere Entwicklung im Fu\u00dfball im TSV zeigen sollte.<\/p>\n\n\n\n<p>Dementsprechend pr\u00e4sentierten sich die Abteilungen auch stolz und repr\u00e4sentativ dem Fotografen im Festjahr 1996. Besonders erfreulich war die Entwicklung in der Freizeit- und Gesundheitssportabteilung, in der seit Ende 1992 durch eine Ausdifferenzierung drei verschiedene Angebote bestanden: Allgemeiner Spiel- und Sportbetrieb f\u00fcr alle Altersklassen, Fitness- und Gesundheitssport f\u00fcr M\u00e4nner ab 40 sowie pr\u00e4ventive Wirbels\u00e4ulengymnastik.<\/p>\n\n\n\n<figure class=\"wp-block-image size-large\"><a href=\"https:\/\/www.tsv-holzerode.de\/wp-content\/uploads\/2021\/07\/72-Fitnesssport-Maenner-1996-scaled.jpg\" target=\"_blank\" rel=\"noopener\"><img loading=\"lazy\" decoding=\"async\" width=\"1024\" height=\"678\" src=\"https:\/\/www.tsv-holzerode.de\/wp-content\/uploads\/2021\/07\/72-Fitnesssport-Maenner-1996-1024x678.jpg\" alt=\"\" class=\"wp-image-1187\" srcset=\"https:\/\/www.tsv-holzerode.de\/wp-content\/uploads\/2021\/07\/72-Fitnesssport-Maenner-1996-1024x678.jpg 1024w, https:\/\/www.tsv-holzerode.de\/wp-content\/uploads\/2021\/07\/72-Fitnesssport-Maenner-1996-300x199.jpg 300w, https:\/\/www.tsv-holzerode.de\/wp-content\/uploads\/2021\/07\/72-Fitnesssport-Maenner-1996-768x508.jpg 768w, https:\/\/www.tsv-holzerode.de\/wp-content\/uploads\/2021\/07\/72-Fitnesssport-Maenner-1996-1536x1016.jpg 1536w, https:\/\/www.tsv-holzerode.de\/wp-content\/uploads\/2021\/07\/72-Fitnesssport-Maenner-1996-2048x1355.jpg 2048w\" sizes=\"auto, (max-width: 767px) 89vw, (max-width: 1000px) 54vw, (max-width: 1071px) 543px, 580px\" \/><\/a><figcaption>Die Fitness- und Gesundheitssportgruppe \u201eM\u00e4nner\u201c 1996 <br><strong>hintere Reihe v.l.n.r.:<\/strong> J\u00fcrgen Sohnrey, Dominik Behmke, Detlef Jurgeleit, Wolfgang Hartmann, Frank Ronge, Andreas Behmke und G\u00fcnther Becker <br><strong>mittlere Reihe:<\/strong> Wolfgang Buss (\u00dcbungsleiter), Hendrik Behmke und Erich Weibel vordere Reihe: Uwe Behmke, Uwe Heilmann, Alfred Frixe und Lothar Becker<\/figcaption><\/figure>\n\n\n\n<figure class=\"wp-block-image size-large\"><a href=\"https:\/\/www.tsv-holzerode.de\/wp-content\/uploads\/2021\/07\/73-Frauensport-1996.jpg\" target=\"_blank\" rel=\"noopener\"><img loading=\"lazy\" decoding=\"async\" width=\"889\" height=\"591\" src=\"https:\/\/www.tsv-holzerode.de\/wp-content\/uploads\/2021\/07\/73-Frauensport-1996.jpg\" alt=\"\" class=\"wp-image-1188\" srcset=\"https:\/\/www.tsv-holzerode.de\/wp-content\/uploads\/2021\/07\/73-Frauensport-1996.jpg 889w, https:\/\/www.tsv-holzerode.de\/wp-content\/uploads\/2021\/07\/73-Frauensport-1996-300x199.jpg 300w, https:\/\/www.tsv-holzerode.de\/wp-content\/uploads\/2021\/07\/73-Frauensport-1996-768x511.jpg 768w\" sizes=\"auto, (max-width: 767px) 89vw, (max-width: 1000px) 54vw, (max-width: 1071px) 543px, 580px\" \/><\/a><figcaption>Die Frauensportgruppe 1996<br><strong>hintere Reihe v.l.n.r.:<\/strong> Martina Bergolte, Ulrike Libal, Ines Kolle, Ulrike Ronge, Eveline Hartmann. <br><strong>vordere Reihe v.l.n.r.:<\/strong> Manuela Jaschewski, Barbara Jaschewski, Anja Waldmann, B\u00e4rbel Diedrich, Heike Adam (\u00dcbungsleiterin), Astrit B\u00f6cker, Karin Jurgeleit, Doris Behmke und Martina Kasper<\/figcaption><\/figure>\n\n\n\n<figure class=\"wp-block-image size-large\"><a href=\"https:\/\/www.tsv-holzerode.de\/wp-content\/uploads\/2021\/07\/74-Seniorinnengruppe-1994-Kopie.jpg\" target=\"_blank\" rel=\"noopener\"><img loading=\"lazy\" decoding=\"async\" width=\"1024\" height=\"716\" src=\"https:\/\/www.tsv-holzerode.de\/wp-content\/uploads\/2021\/07\/74-Seniorinnengruppe-1994-Kopie-1024x716.jpg\" alt=\"\" class=\"wp-image-1189\" srcset=\"https:\/\/www.tsv-holzerode.de\/wp-content\/uploads\/2021\/07\/74-Seniorinnengruppe-1994-Kopie-1024x716.jpg 1024w, https:\/\/www.tsv-holzerode.de\/wp-content\/uploads\/2021\/07\/74-Seniorinnengruppe-1994-Kopie-300x210.jpg 300w, https:\/\/www.tsv-holzerode.de\/wp-content\/uploads\/2021\/07\/74-Seniorinnengruppe-1994-Kopie-768x537.jpg 768w, https:\/\/www.tsv-holzerode.de\/wp-content\/uploads\/2021\/07\/74-Seniorinnengruppe-1994-Kopie-1536x1074.jpg 1536w, https:\/\/www.tsv-holzerode.de\/wp-content\/uploads\/2021\/07\/74-Seniorinnengruppe-1994-Kopie.jpg 1636w\" sizes=\"auto, (max-width: 767px) 89vw, (max-width: 1000px) 54vw, (max-width: 1071px) 543px, 580px\" \/><\/a><figcaption>Die Seniorinnensportgruppe 1996<br><strong>v.l.n.r.:<\/strong> B\u00e4rbel Dankenbrink, Christa Beyer, Lisa Daberkow, Hilda Gerstmann, Marga Frixe, Irmgard Schulz, Gertraud Vollbrecht, Sieghilde Dankenbrink, Eva Hartmann, Gerda Kolle, Dorothea Buss, Karla Waldmann, Erika \u00d6sterheld, Lilli Finke, Gitta D\u00f6ring, Liselotte B\u00e4hrens, Hilde Thiele, Waltraud Schilling, Ulla Deppe, Hannelore G\u00f6ttinger (\u00dcbungsleiterin), Irmtraud Heise und Luzie Bergolte<\/figcaption><\/figure>\n\n\n\n<figure class=\"wp-block-image size-large\"><a href=\"https:\/\/www.tsv-holzerode.de\/wp-content\/uploads\/2021\/07\/75-Tennisabteilung-1996-scaled.jpg\" target=\"_blank\" rel=\"noopener\"><img loading=\"lazy\" decoding=\"async\" width=\"1024\" height=\"669\" src=\"https:\/\/www.tsv-holzerode.de\/wp-content\/uploads\/2021\/07\/75-Tennisabteilung-1996-1024x669.jpg\" alt=\"\" class=\"wp-image-1190\" srcset=\"https:\/\/www.tsv-holzerode.de\/wp-content\/uploads\/2021\/07\/75-Tennisabteilung-1996-1024x669.jpg 1024w, https:\/\/www.tsv-holzerode.de\/wp-content\/uploads\/2021\/07\/75-Tennisabteilung-1996-300x196.jpg 300w, https:\/\/www.tsv-holzerode.de\/wp-content\/uploads\/2021\/07\/75-Tennisabteilung-1996-768x501.jpg 768w, https:\/\/www.tsv-holzerode.de\/wp-content\/uploads\/2021\/07\/75-Tennisabteilung-1996-1536x1003.jpg 1536w, https:\/\/www.tsv-holzerode.de\/wp-content\/uploads\/2021\/07\/75-Tennisabteilung-1996-2048x1337.jpg 2048w\" sizes=\"auto, (max-width: 767px) 89vw, (max-width: 1000px) 54vw, (max-width: 1071px) 543px, 580px\" \/><\/a><figcaption>Die Aktiven der Tennisabteilung zum Jubil\u00e4umsfest 1996<br><strong>hintere Reihe v.l.n.r.:<\/strong> Detlef Jurgeleit, Karin Weber, Matthias Zilinski, Hans Kolodzik, Karlo Preusse, Horst Adam und Klaus-Peter Hoch.<br><strong>mittelere Reihe v.l.n.r.:<\/strong> J\u00fcrgen Sohnrey, Marianne Gauglitz, Christa Adam, Ursel Buss, Rotraud Kolodzik, Gerlinde Preu\u00dfe, Wolfgang Buss und Alfred Frixe.<br><strong>vordere Reihe v.l.n.r.: <\/strong>Jan B\u00e4hrens, Henning Jurgeleit und Frauke Jurgeleit.<\/figcaption><\/figure>\n\n\n\n<p>und die Kindersportgruppen:<\/p>\n\n\n\n<figure class=\"wp-block-image size-large\"><a href=\"https:\/\/www.tsv-holzerode.de\/wp-content\/uploads\/2021\/07\/76-Kindersportgruppe-Juengsten-1996.jpg\" target=\"_blank\" rel=\"noopener\"><img loading=\"lazy\" decoding=\"async\" width=\"1024\" height=\"693\" src=\"https:\/\/www.tsv-holzerode.de\/wp-content\/uploads\/2021\/07\/76-Kindersportgruppe-Juengsten-1996-1024x693.jpg\" alt=\"\" class=\"wp-image-1191\" srcset=\"https:\/\/www.tsv-holzerode.de\/wp-content\/uploads\/2021\/07\/76-Kindersportgruppe-Juengsten-1996-1024x693.jpg 1024w, https:\/\/www.tsv-holzerode.de\/wp-content\/uploads\/2021\/07\/76-Kindersportgruppe-Juengsten-1996-300x203.jpg 300w, https:\/\/www.tsv-holzerode.de\/wp-content\/uploads\/2021\/07\/76-Kindersportgruppe-Juengsten-1996-768x520.jpg 768w, https:\/\/www.tsv-holzerode.de\/wp-content\/uploads\/2021\/07\/76-Kindersportgruppe-Juengsten-1996-1536x1039.jpg 1536w, https:\/\/www.tsv-holzerode.de\/wp-content\/uploads\/2021\/07\/76-Kindersportgruppe-Juengsten-1996.jpg 1763w\" sizes=\"auto, (max-width: 767px) 89vw, (max-width: 1000px) 54vw, (max-width: 1071px) 543px, 580px\" \/><\/a><figcaption>Die \u201aJ\u00fcngsten\u2018 im Mai 1996<br><strong>hintere Reihev.l.n.r.: <\/strong>Franziska Brill, Timo Dankenbrink, Jeremy Kath und Jonas Reinecke<br><strong>vordere Reihe:<\/strong> Louissa Tanhnee Ropeter, Richard Osang, Laureen Lechte, Philipp Lange, Sina G\u00f6temann und Birte Libal (\u00dcbungsleiterin Karin Jurgeleit)<\/figcaption><\/figure>\n\n\n\n<figure class=\"wp-block-image size-large\"><a href=\"https:\/\/www.tsv-holzerode.de\/wp-content\/uploads\/2021\/07\/77-Kindersport-II-1996.jpg\" target=\"_blank\" rel=\"noopener\"><img loading=\"lazy\" decoding=\"async\" width=\"961\" height=\"1024\" src=\"https:\/\/www.tsv-holzerode.de\/wp-content\/uploads\/2021\/07\/77-Kindersport-II-1996-961x1024.jpg\" alt=\"\" class=\"wp-image-1192\" srcset=\"https:\/\/www.tsv-holzerode.de\/wp-content\/uploads\/2021\/07\/77-Kindersport-II-1996-961x1024.jpg 961w, https:\/\/www.tsv-holzerode.de\/wp-content\/uploads\/2021\/07\/77-Kindersport-II-1996-282x300.jpg 282w, https:\/\/www.tsv-holzerode.de\/wp-content\/uploads\/2021\/07\/77-Kindersport-II-1996-768x818.jpg 768w, https:\/\/www.tsv-holzerode.de\/wp-content\/uploads\/2021\/07\/77-Kindersport-II-1996.jpg 1197w\" sizes=\"auto, (max-width: 767px) 89vw, (max-width: 1000px) 54vw, (max-width: 1071px) 543px, 580px\" \/><\/a><figcaption>Die 8-10j\u00e4hrigen Kinder im Mai 1996 <br><strong>stehend v.l.n.r.:<\/strong> Anna Jahn, Anna-Lena Kolle, Christina Becker, Julia Becker und Nicola Garbe <br><strong>vorn liegend:<\/strong> Alexander Vogel und Julian Kasper (\u00dcbungsleiterin Doris Behmke)<\/figcaption><\/figure>\n\n\n\n<figure class=\"wp-block-image size-large\"><a href=\"https:\/\/www.tsv-holzerode.de\/wp-content\/uploads\/2021\/07\/78-Kindersport-III-1996.jpg\" target=\"_blank\" rel=\"noopener\"><img loading=\"lazy\" decoding=\"async\" width=\"1024\" height=\"557\" src=\"https:\/\/www.tsv-holzerode.de\/wp-content\/uploads\/2021\/07\/78-Kindersport-III-1996-1024x557.jpg\" alt=\"\" class=\"wp-image-1193\" srcset=\"https:\/\/www.tsv-holzerode.de\/wp-content\/uploads\/2021\/07\/78-Kindersport-III-1996-1024x557.jpg 1024w, https:\/\/www.tsv-holzerode.de\/wp-content\/uploads\/2021\/07\/78-Kindersport-III-1996-300x163.jpg 300w, https:\/\/www.tsv-holzerode.de\/wp-content\/uploads\/2021\/07\/78-Kindersport-III-1996-768x418.jpg 768w, https:\/\/www.tsv-holzerode.de\/wp-content\/uploads\/2021\/07\/78-Kindersport-III-1996-1536x835.jpg 1536w, https:\/\/www.tsv-holzerode.de\/wp-content\/uploads\/2021\/07\/78-Kindersport-III-1996.jpg 1740w\" sizes=\"auto, (max-width: 767px) 89vw, (max-width: 1000px) 54vw, (max-width: 1071px) 543px, 580px\" \/><\/a><figcaption>Die 10-12j\u00e4hrigen Kinder im Mai 1996 <br><strong>stehend v.l.n.r.:<\/strong> Christine Vogel, Annika Schilling, Svenja Garbe und Sarah Kolle<br><strong>knieend:<\/strong> Daniela Kasper, Annika Behmke, Nadine Lebensieg und Nadine Schill<br><strong>liegend:<\/strong> Clara Libal, Katharina Vogel und Frauke Jurgeleit (\u00dcbungsleieterin Doris Behmke)<\/figcaption><\/figure>\n\n\n\n<figure class=\"wp-block-image size-large\"><a href=\"https:\/\/www.tsv-holzerode.de\/wp-content\/uploads\/2021\/07\/79-Jugendsport-1996.jpg\" target=\"_blank\" rel=\"noopener\"><img loading=\"lazy\" decoding=\"async\" width=\"821\" height=\"1024\" src=\"https:\/\/www.tsv-holzerode.de\/wp-content\/uploads\/2021\/07\/79-Jugendsport-1996-821x1024.jpg\" alt=\"\" class=\"wp-image-1194\" srcset=\"https:\/\/www.tsv-holzerode.de\/wp-content\/uploads\/2021\/07\/79-Jugendsport-1996-821x1024.jpg 821w, https:\/\/www.tsv-holzerode.de\/wp-content\/uploads\/2021\/07\/79-Jugendsport-1996-241x300.jpg 241w, https:\/\/www.tsv-holzerode.de\/wp-content\/uploads\/2021\/07\/79-Jugendsport-1996-768x958.jpg 768w, https:\/\/www.tsv-holzerode.de\/wp-content\/uploads\/2021\/07\/79-Jugendsport-1996.jpg 991w\" sizes=\"auto, (max-width: 767px) 89vw, (max-width: 1000px) 54vw, (max-width: 1071px) 543px, 580px\" \/><\/a><figcaption>Die 13-15j\u00e4hrigen im Mai 1996 <br><strong>stehend v.l.n.r.:<\/strong> Carina Linnemann, Janina Behmke, Martina Fahlbusch, Lucienne Diedrich und Kathrin Becker<br><strong>sitzend:<\/strong> Sandra Vollbrecht und Meike B\u00e4hrens (\u00dcbungsleiterin Doris Behmke)<\/figcaption><\/figure>\n\n\n\n<p>Der H\u00f6hepunkt im Vereinsgeschehen der 1990er Jahre war dann aber das <strong>Jubil\u00e4umsfest zum 75j\u00e4hrigen Bestehen des TSV Holzerode im Sommer 1996.<\/strong> Das Fest wurde <strong>mit einer gro\u00dfen Sportwoche vom 10.-18. August<\/strong> rund um die Sportanlagen an und in der MHZ gefeiert.<\/p>\n\n\n\n<figure class=\"wp-block-image size-large\"><a href=\"https:\/\/www.tsv-holzerode.de\/wp-content\/uploads\/2021\/07\/80-Programm-Jubilaeum-1996.jpg\" target=\"_blank\" rel=\"noopener\"><img loading=\"lazy\" decoding=\"async\" width=\"1024\" height=\"666\" src=\"https:\/\/www.tsv-holzerode.de\/wp-content\/uploads\/2021\/07\/80-Programm-Jubilaeum-1996-1024x666.jpg\" alt=\"\" class=\"wp-image-1195\" srcset=\"https:\/\/www.tsv-holzerode.de\/wp-content\/uploads\/2021\/07\/80-Programm-Jubilaeum-1996-1024x666.jpg 1024w, https:\/\/www.tsv-holzerode.de\/wp-content\/uploads\/2021\/07\/80-Programm-Jubilaeum-1996-300x195.jpg 300w, https:\/\/www.tsv-holzerode.de\/wp-content\/uploads\/2021\/07\/80-Programm-Jubilaeum-1996-768x499.jpg 768w, https:\/\/www.tsv-holzerode.de\/wp-content\/uploads\/2021\/07\/80-Programm-Jubilaeum-1996.jpg 1097w\" sizes=\"auto, (max-width: 767px) 89vw, (max-width: 1000px) 54vw, (max-width: 1071px) 543px, 580px\" \/><\/a><\/figure>\n\n\n\n<p>Mit einem engagierten Vorstand und vielen Helfern konnte G\u00fcnther Becker mit diesem Jubil\u00e4umsfest<\/p>\n\n\n\n<figure class=\"wp-block-image size-large\"><a href=\"https:\/\/www.tsv-holzerode.de\/wp-content\/uploads\/2021\/07\/81-Vorstand-1996-Kopie.jpg\" target=\"_blank\" rel=\"noopener\"><img loading=\"lazy\" decoding=\"async\" width=\"1024\" height=\"747\" src=\"https:\/\/www.tsv-holzerode.de\/wp-content\/uploads\/2021\/07\/81-Vorstand-1996-Kopie-1024x747.jpg\" alt=\"\" class=\"wp-image-1196\" srcset=\"https:\/\/www.tsv-holzerode.de\/wp-content\/uploads\/2021\/07\/81-Vorstand-1996-Kopie-1024x747.jpg 1024w, https:\/\/www.tsv-holzerode.de\/wp-content\/uploads\/2021\/07\/81-Vorstand-1996-Kopie-300x219.jpg 300w, https:\/\/www.tsv-holzerode.de\/wp-content\/uploads\/2021\/07\/81-Vorstand-1996-Kopie-768x560.jpg 768w, https:\/\/www.tsv-holzerode.de\/wp-content\/uploads\/2021\/07\/81-Vorstand-1996-Kopie-1536x1120.jpg 1536w, https:\/\/www.tsv-holzerode.de\/wp-content\/uploads\/2021\/07\/81-Vorstand-1996-Kopie.jpg 1877w\" sizes=\"auto, (max-width: 767px) 89vw, (max-width: 1000px) 54vw, (max-width: 1071px) 543px, 580px\" \/><\/a><figcaption>erweiterter Vorstand 1996<br><strong>stehend v.l.n.r.:<\/strong> Willi Vollbrecht Sozialwart), Sigrun Becker (Mitglieds-und Beitragsverwaltung sowie Abteilungsleiterin JuJutsu), Wolfgang Schilling (Kassenwart), G\u00fcnther Becker (1. Vorsitzender), Dr. Wolfgang Buss (Festausschuss und Sprechergruppe Tennis), Edmund Behmke (Ger\u00e4tewart), Horst B\u00e4hrens (Festausschuss) und Andreas Behmke (Abteilungsleiter Freizeit- und Gesundheitssport)<br><strong>knieend v.l.n.r.:<\/strong> Doris Behmke (Abteilung Kinder- und Jugendsport), Dr. Ulrike Libal (2. Vorsitzende), Christine Behmke (Schriftf\u00fchrerin) und Karin Jurgeleit (Abteilung Frauensport)<\/figcaption><\/figure>\n\n\n\n<p>der Geschichte des TSV Holzerode ein weiteres glanzvolles Kapitel hinzuf\u00fcgen. Es waren erlebnisreiche Tage, wie sie in der Breite des Sports Holzerode bis dahin noch nicht erlebt hatte&nbsp; und an denen sich nicht nur beim Festball zum Ende der Woche, sondern auch beim abschlie\u00dfenden Festumzug am 18. August 1996 alle \u00f6rtlichen Vereine und etliche Gastvereine beteiligten. Gleichzeitig konnten sich die Abteilungen des Vereins auch wieder einmal der \u00d6ffentlichkeit pr\u00e4sentieren und f\u00fcr den Sport werben.<\/p>\n\n\n\n<figure class=\"wp-block-image size-large\"><a href=\"https:\/\/www.tsv-holzerode.de\/wp-content\/uploads\/2021\/07\/82-Sportfest-Platz-JuJutsu-1996.jpg\" target=\"_blank\" rel=\"noopener\"><img loading=\"lazy\" decoding=\"async\" width=\"1024\" height=\"581\" src=\"https:\/\/www.tsv-holzerode.de\/wp-content\/uploads\/2021\/07\/82-Sportfest-Platz-JuJutsu-1996-1024x581.jpg\" alt=\"\" class=\"wp-image-1197\" srcset=\"https:\/\/www.tsv-holzerode.de\/wp-content\/uploads\/2021\/07\/82-Sportfest-Platz-JuJutsu-1996-1024x581.jpg 1024w, https:\/\/www.tsv-holzerode.de\/wp-content\/uploads\/2021\/07\/82-Sportfest-Platz-JuJutsu-1996-300x170.jpg 300w, https:\/\/www.tsv-holzerode.de\/wp-content\/uploads\/2021\/07\/82-Sportfest-Platz-JuJutsu-1996-768x436.jpg 768w, https:\/\/www.tsv-holzerode.de\/wp-content\/uploads\/2021\/07\/82-Sportfest-Platz-JuJutsu-1996-1536x872.jpg 1536w, https:\/\/www.tsv-holzerode.de\/wp-content\/uploads\/2021\/07\/82-Sportfest-Platz-JuJutsu-1996-2048x1163.jpg 2048w\" sizes=\"auto, (max-width: 767px) 89vw, (max-width: 1000px) 54vw, (max-width: 1071px) 543px, 580px\" \/><\/a><figcaption>Sonntag, der 11. August 1996 \u2013 das \u201aSportfest\u2018 auf dem Sportplatz an der Mehrzweckhalle:<\/figcaption><\/figure>\n\n\n\n<p>Das Jubil\u00e4umssportfest mit Pr\u00e4sentationen einzelner Abteilungen \u2013 hier der Ju-Jutsu-Aktiven \u2013 und einem \u201aSpiel ohne Grenzen\u2018 f\u00fcr alle Besucher des Festes.<\/p>\n\n\n\n<div class=\"wp-block-columns is-layout-flex wp-container-core-columns-is-layout-9d6595d7 wp-block-columns-is-layout-flex\">\n<div class=\"wp-block-column is-layout-flow wp-block-column-is-layout-flow\">\n<figure class=\"wp-block-image size-large\"><a href=\"https:\/\/www.tsv-holzerode.de\/wp-content\/uploads\/2021\/07\/83-Spiel-ohne-Grenzen-1996.jpg\" target=\"_blank\" rel=\"noopener\"><img loading=\"lazy\" decoding=\"async\" width=\"1001\" height=\"1024\" src=\"https:\/\/www.tsv-holzerode.de\/wp-content\/uploads\/2021\/07\/83-Spiel-ohne-Grenzen-1996-1001x1024.jpg\" alt=\"\" class=\"wp-image-1198\" srcset=\"https:\/\/www.tsv-holzerode.de\/wp-content\/uploads\/2021\/07\/83-Spiel-ohne-Grenzen-1996-1001x1024.jpg 1001w, https:\/\/www.tsv-holzerode.de\/wp-content\/uploads\/2021\/07\/83-Spiel-ohne-Grenzen-1996-293x300.jpg 293w, https:\/\/www.tsv-holzerode.de\/wp-content\/uploads\/2021\/07\/83-Spiel-ohne-Grenzen-1996-768x786.jpg 768w, https:\/\/www.tsv-holzerode.de\/wp-content\/uploads\/2021\/07\/83-Spiel-ohne-Grenzen-1996-1501x1536.jpg 1501w, https:\/\/www.tsv-holzerode.de\/wp-content\/uploads\/2021\/07\/83-Spiel-ohne-Grenzen-1996.jpg 1508w\" sizes=\"auto, (max-width: 767px) 89vw, (max-width: 1000px) 54vw, (max-width: 1071px) 543px, 580px\" \/><\/a><figcaption>Spiel ohne Grenzen mit Horst<br>und Christa Adam sowie<br>Wolfgang Hartmann<\/figcaption><\/figure>\n<\/div>\n\n\n\n<div class=\"wp-block-column is-layout-flow wp-block-column-is-layout-flow\">\n<figure class=\"wp-block-image size-large\"><a href=\"https:\/\/www.tsv-holzerode.de\/wp-content\/uploads\/2021\/07\/84-kampfsport_Demo-1996.jpg\" target=\"_blank\" rel=\"noopener\"><img loading=\"lazy\" decoding=\"async\" width=\"1024\" height=\"602\" src=\"https:\/\/www.tsv-holzerode.de\/wp-content\/uploads\/2021\/07\/84-kampfsport_Demo-1996-1024x602.jpg\" alt=\"\" class=\"wp-image-1199\" srcset=\"https:\/\/www.tsv-holzerode.de\/wp-content\/uploads\/2021\/07\/84-kampfsport_Demo-1996-1024x602.jpg 1024w, https:\/\/www.tsv-holzerode.de\/wp-content\/uploads\/2021\/07\/84-kampfsport_Demo-1996-300x176.jpg 300w, https:\/\/www.tsv-holzerode.de\/wp-content\/uploads\/2021\/07\/84-kampfsport_Demo-1996-768x452.jpg 768w, https:\/\/www.tsv-holzerode.de\/wp-content\/uploads\/2021\/07\/84-kampfsport_Demo-1996-1536x904.jpg 1536w, https:\/\/www.tsv-holzerode.de\/wp-content\/uploads\/2021\/07\/84-kampfsport_Demo-1996-2048x1205.jpg 2048w\" sizes=\"auto, (max-width: 767px) 89vw, (max-width: 1000px) 54vw, (max-width: 1071px) 543px, 580px\" \/><\/a><figcaption>und die Pr\u00e4sentation<\/figcaption><\/figure>\n<\/div>\n\n\n\n<div class=\"wp-block-column is-layout-flow wp-block-column-is-layout-flow\">\n<figure class=\"wp-block-image size-large\"><a href=\"https:\/\/www.tsv-holzerode.de\/wp-content\/uploads\/2021\/07\/85-Kampfsport-Waldo-Brandt-1996.jpg\" target=\"_blank\" rel=\"noopener\"><img loading=\"lazy\" decoding=\"async\" width=\"1024\" height=\"931\" src=\"https:\/\/www.tsv-holzerode.de\/wp-content\/uploads\/2021\/07\/85-Kampfsport-Waldo-Brandt-1996-1024x931.jpg\" alt=\"\" class=\"wp-image-1200\" srcset=\"https:\/\/www.tsv-holzerode.de\/wp-content\/uploads\/2021\/07\/85-Kampfsport-Waldo-Brandt-1996-1024x931.jpg 1024w, https:\/\/www.tsv-holzerode.de\/wp-content\/uploads\/2021\/07\/85-Kampfsport-Waldo-Brandt-1996-300x273.jpg 300w, https:\/\/www.tsv-holzerode.de\/wp-content\/uploads\/2021\/07\/85-Kampfsport-Waldo-Brandt-1996-768x698.jpg 768w, https:\/\/www.tsv-holzerode.de\/wp-content\/uploads\/2021\/07\/85-Kampfsport-Waldo-Brandt-1996-1536x1396.jpg 1536w, https:\/\/www.tsv-holzerode.de\/wp-content\/uploads\/2021\/07\/85-Kampfsport-Waldo-Brandt-1996.jpg 1755w\" sizes=\"auto, (max-width: 767px) 89vw, (max-width: 1000px) 54vw, (max-width: 1071px) 543px, 580px\" \/><\/a><figcaption>von Kampfsport durch<br>Waldo Brandt und<br>seiner Tochter Linda<\/figcaption><\/figure>\n<\/div>\n<\/div>\n\n\n\n<p><strong>Der Festumzug am 18. August 1996<\/strong> unter Teilnahme aller Abteilungen des TSV und der anderen \u00f6rtlichen Vereine:<\/p>\n\n\n\n<figure class=\"wp-block-image size-large\"><a href=\"https:\/\/www.tsv-holzerode.de\/wp-content\/uploads\/2021\/07\/86-Festumzug-Spitze.jpg\" target=\"_blank\" rel=\"noopener\"><img loading=\"lazy\" decoding=\"async\" width=\"1024\" height=\"512\" src=\"https:\/\/www.tsv-holzerode.de\/wp-content\/uploads\/2021\/07\/86-Festumzug-Spitze-1024x512.jpg\" alt=\"\" class=\"wp-image-1202\" srcset=\"https:\/\/www.tsv-holzerode.de\/wp-content\/uploads\/2021\/07\/86-Festumzug-Spitze-1024x512.jpg 1024w, https:\/\/www.tsv-holzerode.de\/wp-content\/uploads\/2021\/07\/86-Festumzug-Spitze-300x150.jpg 300w, https:\/\/www.tsv-holzerode.de\/wp-content\/uploads\/2021\/07\/86-Festumzug-Spitze-768x384.jpg 768w, https:\/\/www.tsv-holzerode.de\/wp-content\/uploads\/2021\/07\/86-Festumzug-Spitze-1536x767.jpg 1536w, https:\/\/www.tsv-holzerode.de\/wp-content\/uploads\/2021\/07\/86-Festumzug-Spitze-2048x1023.jpg 2048w\" sizes=\"auto, (max-width: 767px) 89vw, (max-width: 1000px) 54vw, (max-width: 1071px) 543px, 580px\" \/><\/a><figcaption>An der Spitze des Zuges der Vorstand des TSV mit Fahnentr\u00e4ger Dieter Daberkow in Begleitung von Sandra Vollbrecht und Kathrin Becker &#8211; in der 2. Reihe v.l.n.r. die Vorstandsmitglieder Willi Vollbrecht, Ulrike Libal, G\u00fcnter Becker, Christine Behmke und Wolfgang Schilling (alle in tradioneller Vereinskluft und den -farben seit den 1920er Jahre)<\/figcaption><\/figure>\n\n\n\n<figure class=\"wp-block-image size-large\"><a href=\"https:\/\/www.tsv-holzerode.de\/wp-content\/uploads\/2021\/07\/87-Festumzug-Ju-Jutsu.jpg\" target=\"_blank\" rel=\"noopener\"><img loading=\"lazy\" decoding=\"async\" width=\"1024\" height=\"524\" src=\"https:\/\/www.tsv-holzerode.de\/wp-content\/uploads\/2021\/07\/87-Festumzug-Ju-Jutsu-1024x524.jpg\" alt=\"\" class=\"wp-image-1203\" srcset=\"https:\/\/www.tsv-holzerode.de\/wp-content\/uploads\/2021\/07\/87-Festumzug-Ju-Jutsu-1024x524.jpg 1024w, https:\/\/www.tsv-holzerode.de\/wp-content\/uploads\/2021\/07\/87-Festumzug-Ju-Jutsu-300x154.jpg 300w, https:\/\/www.tsv-holzerode.de\/wp-content\/uploads\/2021\/07\/87-Festumzug-Ju-Jutsu-768x393.jpg 768w, https:\/\/www.tsv-holzerode.de\/wp-content\/uploads\/2021\/07\/87-Festumzug-Ju-Jutsu-1536x787.jpg 1536w, https:\/\/www.tsv-holzerode.de\/wp-content\/uploads\/2021\/07\/87-Festumzug-Ju-Jutsu-2048x1049.jpg 2048w\" sizes=\"auto, (max-width: 767px) 89vw, (max-width: 1000px) 54vw, (max-width: 1071px) 543px, 580px\" \/><\/a><figcaption>Die Ju-Jutsu-Abteilung mit ihrer Leiterin Sigrun Becker (vorn Mitte)<\/figcaption><\/figure>\n\n\n\n<figure class=\"wp-block-image size-large\"><a href=\"https:\/\/www.tsv-holzerode.de\/wp-content\/uploads\/2021\/07\/88-Festumzug-Seniorinnen.jpg\" target=\"_blank\" rel=\"noopener\"><img loading=\"lazy\" decoding=\"async\" width=\"1024\" height=\"414\" src=\"https:\/\/www.tsv-holzerode.de\/wp-content\/uploads\/2021\/07\/88-Festumzug-Seniorinnen-1024x414.jpg\" alt=\"\" class=\"wp-image-1204\" srcset=\"https:\/\/www.tsv-holzerode.de\/wp-content\/uploads\/2021\/07\/88-Festumzug-Seniorinnen-1024x414.jpg 1024w, https:\/\/www.tsv-holzerode.de\/wp-content\/uploads\/2021\/07\/88-Festumzug-Seniorinnen-300x121.jpg 300w, https:\/\/www.tsv-holzerode.de\/wp-content\/uploads\/2021\/07\/88-Festumzug-Seniorinnen-768x310.jpg 768w, https:\/\/www.tsv-holzerode.de\/wp-content\/uploads\/2021\/07\/88-Festumzug-Seniorinnen-1536x620.jpg 1536w, https:\/\/www.tsv-holzerode.de\/wp-content\/uploads\/2021\/07\/88-Festumzug-Seniorinnen-2048x827.jpg 2048w\" sizes=\"auto, (max-width: 767px) 89vw, (max-width: 1000px) 54vw, (max-width: 1071px) 543px, 580px\" \/><\/a><figcaption>Die Abteilung \u201eSeniorinnensport\u201c mit ihrer Leiterin Marga Frixe (2. von links)<\/figcaption><\/figure>\n\n\n\n<figure class=\"wp-block-image size-large\"><a href=\"https:\/\/www.tsv-holzerode.de\/wp-content\/uploads\/2021\/07\/89-Festumzug-1996-Radfahrer.jpg\" target=\"_blank\" rel=\"noopener\"><img loading=\"lazy\" decoding=\"async\" width=\"1024\" height=\"524\" src=\"https:\/\/www.tsv-holzerode.de\/wp-content\/uploads\/2021\/07\/89-Festumzug-1996-Radfahrer-1024x524.jpg\" alt=\"\" class=\"wp-image-1205\" srcset=\"https:\/\/www.tsv-holzerode.de\/wp-content\/uploads\/2021\/07\/89-Festumzug-1996-Radfahrer-1024x524.jpg 1024w, https:\/\/www.tsv-holzerode.de\/wp-content\/uploads\/2021\/07\/89-Festumzug-1996-Radfahrer-300x154.jpg 300w, https:\/\/www.tsv-holzerode.de\/wp-content\/uploads\/2021\/07\/89-Festumzug-1996-Radfahrer-768x393.jpg 768w, https:\/\/www.tsv-holzerode.de\/wp-content\/uploads\/2021\/07\/89-Festumzug-1996-Radfahrer-1536x786.jpg 1536w, https:\/\/www.tsv-holzerode.de\/wp-content\/uploads\/2021\/07\/89-Festumzug-1996-Radfahrer.jpg 1831w\" sizes=\"auto, (max-width: 767px) 89vw, (max-width: 1000px) 54vw, (max-width: 1071px) 543px, 580px\" \/><\/a><figcaption>Die Fitnesssparte \u201cM\u00e4nner\u201c in traditioneller Kluft in Erinnerung an die Fahrradgruppe der \u201eFreien Turner\u201c von 1924 (siehe Bild S. 3) mit ihrem Leiter Wolfgang Buss an der Spitze<\/figcaption><\/figure>\n\n\n\n<figure class=\"wp-block-image size-large\"><a href=\"https:\/\/www.tsv-holzerode.de\/wp-content\/uploads\/2021\/07\/90-Festumzug-1996-Kinder.jpg\" target=\"_blank\" rel=\"noopener\"><img loading=\"lazy\" decoding=\"async\" width=\"1024\" height=\"282\" src=\"https:\/\/www.tsv-holzerode.de\/wp-content\/uploads\/2021\/07\/90-Festumzug-1996-Kinder-1024x282.jpg\" alt=\"\" class=\"wp-image-1206\" srcset=\"https:\/\/www.tsv-holzerode.de\/wp-content\/uploads\/2021\/07\/90-Festumzug-1996-Kinder-1024x282.jpg 1024w, https:\/\/www.tsv-holzerode.de\/wp-content\/uploads\/2021\/07\/90-Festumzug-1996-Kinder-300x83.jpg 300w, https:\/\/www.tsv-holzerode.de\/wp-content\/uploads\/2021\/07\/90-Festumzug-1996-Kinder-768x211.jpg 768w, https:\/\/www.tsv-holzerode.de\/wp-content\/uploads\/2021\/07\/90-Festumzug-1996-Kinder-1536x423.jpg 1536w, https:\/\/www.tsv-holzerode.de\/wp-content\/uploads\/2021\/07\/90-Festumzug-1996-Kinder-2048x564.jpg 2048w\" sizes=\"auto, (max-width: 767px) 89vw, (max-width: 1000px) 54vw, (max-width: 1071px) 543px, 580px\" \/><\/a><figcaption>Die Kinder aller Altersgruppen des Vereins im Festumzug 1996<\/figcaption><\/figure>\n\n\n\n<figure class=\"wp-block-image size-large\"><a href=\"https:\/\/www.tsv-holzerode.de\/wp-content\/uploads\/2021\/07\/91-Festumzug-Jazztanzerinnen.jpg\" target=\"_blank\" rel=\"noopener\"><img loading=\"lazy\" decoding=\"async\" width=\"1024\" height=\"465\" src=\"https:\/\/www.tsv-holzerode.de\/wp-content\/uploads\/2021\/07\/91-Festumzug-Jazztanzerinnen-1024x465.jpg\" alt=\"\" class=\"wp-image-1207\" srcset=\"https:\/\/www.tsv-holzerode.de\/wp-content\/uploads\/2021\/07\/91-Festumzug-Jazztanzerinnen-1024x465.jpg 1024w, https:\/\/www.tsv-holzerode.de\/wp-content\/uploads\/2021\/07\/91-Festumzug-Jazztanzerinnen-300x136.jpg 300w, https:\/\/www.tsv-holzerode.de\/wp-content\/uploads\/2021\/07\/91-Festumzug-Jazztanzerinnen-768x349.jpg 768w, https:\/\/www.tsv-holzerode.de\/wp-content\/uploads\/2021\/07\/91-Festumzug-Jazztanzerinnen-1536x697.jpg 1536w, https:\/\/www.tsv-holzerode.de\/wp-content\/uploads\/2021\/07\/91-Festumzug-Jazztanzerinnen-2048x930.jpg 2048w\" sizes=\"auto, (max-width: 767px) 89vw, (max-width: 1000px) 54vw, (max-width: 1071px) 543px, 580px\" \/><\/a><figcaption>Die Jazzdancegruppe mit ihrer Leiterin Heike Adam, 2. von rechts<\/figcaption><\/figure>\n\n\n\n<figure class=\"wp-block-image size-large\"><a href=\"https:\/\/www.tsv-holzerode.de\/wp-content\/uploads\/2021\/07\/92-Festumzug-1996-Tennis.jpg\" target=\"_blank\" rel=\"noopener\"><img loading=\"lazy\" decoding=\"async\" width=\"1024\" height=\"627\" src=\"https:\/\/www.tsv-holzerode.de\/wp-content\/uploads\/2021\/07\/92-Festumzug-1996-Tennis-1024x627.jpg\" alt=\"\" class=\"wp-image-1208\" srcset=\"https:\/\/www.tsv-holzerode.de\/wp-content\/uploads\/2021\/07\/92-Festumzug-1996-Tennis-1024x627.jpg 1024w, https:\/\/www.tsv-holzerode.de\/wp-content\/uploads\/2021\/07\/92-Festumzug-1996-Tennis-300x184.jpg 300w, https:\/\/www.tsv-holzerode.de\/wp-content\/uploads\/2021\/07\/92-Festumzug-1996-Tennis-768x471.jpg 768w, https:\/\/www.tsv-holzerode.de\/wp-content\/uploads\/2021\/07\/92-Festumzug-1996-Tennis-1536x941.jpg 1536w, https:\/\/www.tsv-holzerode.de\/wp-content\/uploads\/2021\/07\/92-Festumzug-1996-Tennis.jpg 2009w\" sizes=\"auto, (max-width: 767px) 89vw, (max-width: 1000px) 54vw, (max-width: 1071px) 543px, 580px\" \/><\/a><figcaption>Die Tennisabteilung 1996 mit Christa und Horst Adam an der Spitze<\/figcaption><\/figure>\n\n\n\n<p>Und die Tennisabteilung war nat\u00fcrlich auch wieder dabei, denn ein besonderer H\u00f6hepunkt w\u00e4hrend dieses Festes war auch die <strong>Einweihung des neuen Tennishauses<\/strong>. Die Abteilung hatte sich so gut entwickelt, dass 1995 ihre Mitglieder beschlossen, am Eingang des Tennisplatzgel\u00e4ndes ein festes kleines Tennishaus zu bauen und zwar vollst\u00e4ndig durch Eigenfinanzierung der Abteilung. Eine Vereinsversammlung stimmte mit gro\u00dfer Mehrheit unter diesen Bedingungen zu und die vorbereitenden Ma\u00dfnahmen konnten in Angriff genommen werden. Der Baubeginn mit <strong>Erstellung der Streifenfundamenteerfolgte am 07. Juni 1996 und die feierliche Einweihung schon wenige Wochen sp\u00e4ter am 17. August 1996<\/strong> passend im Rahmen der Festwoche zum 75j\u00e4hrigen Jubil\u00e4um des TSV Holzerode <strong>(siehe hierzu auch die ausf\u00fchrliche Geschichte der Tennisabteilung des TSV auch auf dieser Homepage).<\/strong><\/p>\n\n\n\n<div class=\"wp-block-columns is-layout-flex wp-container-core-columns-is-layout-9d6595d7 wp-block-columns-is-layout-flex\">\n<div class=\"wp-block-column is-layout-flow wp-block-column-is-layout-flow\">\n<figure class=\"wp-block-image size-large\"><a href=\"https:\/\/www.tsv-holzerode.de\/wp-content\/uploads\/2021\/07\/93-Bau-Tennishaus-1996.png\" target=\"_blank\" rel=\"noopener\"><img loading=\"lazy\" decoding=\"async\" width=\"1024\" height=\"614\" src=\"https:\/\/www.tsv-holzerode.de\/wp-content\/uploads\/2021\/07\/93-Bau-Tennishaus-1996-1024x614.png\" alt=\"\" class=\"wp-image-1210\" srcset=\"https:\/\/www.tsv-holzerode.de\/wp-content\/uploads\/2021\/07\/93-Bau-Tennishaus-1996-1024x614.png 1024w, https:\/\/www.tsv-holzerode.de\/wp-content\/uploads\/2021\/07\/93-Bau-Tennishaus-1996-300x180.png 300w, https:\/\/www.tsv-holzerode.de\/wp-content\/uploads\/2021\/07\/93-Bau-Tennishaus-1996-768x460.png 768w, https:\/\/www.tsv-holzerode.de\/wp-content\/uploads\/2021\/07\/93-Bau-Tennishaus-1996.png 1458w\" sizes=\"auto, (max-width: 767px) 89vw, (max-width: 1000px) 54vw, (max-width: 1071px) 543px, 580px\" \/><\/a><figcaption>Bauarbeiten am neuen Tennishaus im Juli\/August 1996<\/figcaption><\/figure>\n<\/div>\n\n\n\n<div class=\"wp-block-column is-layout-flow wp-block-column-is-layout-flow\">\n<figure class=\"wp-block-image size-large\"><a href=\"https:\/\/www.tsv-holzerode.de\/wp-content\/uploads\/2021\/07\/94-Einweihung-Tennishaus-1996.jpg\" target=\"_blank\" rel=\"noopener\"><img loading=\"lazy\" decoding=\"async\" width=\"800\" height=\"600\" src=\"https:\/\/www.tsv-holzerode.de\/wp-content\/uploads\/2021\/07\/94-Einweihung-Tennishaus-1996.jpg\" alt=\"\" class=\"wp-image-1211\" srcset=\"https:\/\/www.tsv-holzerode.de\/wp-content\/uploads\/2021\/07\/94-Einweihung-Tennishaus-1996.jpg 800w, https:\/\/www.tsv-holzerode.de\/wp-content\/uploads\/2021\/07\/94-Einweihung-Tennishaus-1996-300x225.jpg 300w, https:\/\/www.tsv-holzerode.de\/wp-content\/uploads\/2021\/07\/94-Einweihung-Tennishaus-1996-768x576.jpg 768w\" sizes=\"auto, (max-width: 767px) 89vw, (max-width: 1000px) 54vw, (max-width: 1071px) 543px, 580px\" \/><\/a><figcaption>Die Einweihungsparty des Tennishauses am 17. August 1996<\/figcaption><\/figure>\n<\/div>\n<\/div>\n\n\n\n<figure class=\"wp-block-image size-large\"><a href=\"https:\/\/www.tsv-holzerode.de\/wp-content\/uploads\/2021\/07\/95-Tennisspieler-1996.png\" target=\"_blank\" rel=\"noopener\"><img loading=\"lazy\" decoding=\"async\" width=\"1024\" height=\"691\" src=\"https:\/\/www.tsv-holzerode.de\/wp-content\/uploads\/2021\/07\/95-Tennisspieler-1996-1024x691.png\" alt=\"\" class=\"wp-image-1212\" srcset=\"https:\/\/www.tsv-holzerode.de\/wp-content\/uploads\/2021\/07\/95-Tennisspieler-1996-1024x691.png 1024w, https:\/\/www.tsv-holzerode.de\/wp-content\/uploads\/2021\/07\/95-Tennisspieler-1996-300x202.png 300w, https:\/\/www.tsv-holzerode.de\/wp-content\/uploads\/2021\/07\/95-Tennisspieler-1996-768x518.png 768w, https:\/\/www.tsv-holzerode.de\/wp-content\/uploads\/2021\/07\/95-Tennisspieler-1996.png 1478w\" sizes=\"auto, (max-width: 767px) 89vw, (max-width: 1000px) 54vw, (max-width: 1071px) 543px, 580px\" \/><\/a><figcaption>Aktive Tennisspieler beim Festturnier anl\u00e4sslich des Vereinsjubil\u00e4ums. v.l.n.r.: Wolfgang Buss, Heinz Kasper, Georg Kaiser, Hans Kolodzik, Karlo Preusse, Werner Krell und Gerald Leifeit.<\/figcaption><\/figure>\n\n\n\n<h2 class=\"wp-block-heading\"><strong>14. Noch mehr \u201aFrauenpower\u2018 ab 1997<\/strong><\/h2>\n\n\n\n<div class=\"wp-block-columns is-layout-flex wp-container-core-columns-is-layout-9d6595d7 wp-block-columns-is-layout-flex\">\n<div class=\"wp-block-column is-layout-flow wp-block-column-is-layout-flow\" style=\"flex-basis:66.66%\">\n<p>Auf der Jahreshauptversammlung im Januar 1997 kandidierte G\u00fcnther Becker nach 10 Jahren nicht mehr f\u00fcr das Amt des 1. Vorsitzenden. <strong>Ulrike Ronge wurde seine Nachfolgerin<\/strong> <strong>und \u00fcbernahm das \u201aVereinsruder\u2018 mit einer fast vollst\u00e4ndigen Frauencrew im engeren Vorstandsbereich.<\/strong> Und waren in den ersten 50 Jahren des Vereinsbestehens keinerlei Frauen im Vorstand, in den folgenden 25 Jahren auch nur die Schriftf\u00fchrerin Eveline Hartmann dabei, dann sollte sich das nun grunds\u00e4tzlich \u00e4ndern.<\/p>\n<\/div>\n\n\n\n<div class=\"wp-block-column is-layout-flow wp-block-column-is-layout-flow\" style=\"flex-basis:33.33%\">\n<figure class=\"wp-block-image size-large is-resized\"><a href=\"https:\/\/www.tsv-holzerode.de\/wp-content\/uploads\/2021\/07\/96-Ukrike-Ronge.jpg\" target=\"_blank\" rel=\"noopener\"><img loading=\"lazy\" decoding=\"async\" src=\"https:\/\/www.tsv-holzerode.de\/wp-content\/uploads\/2021\/07\/96-Ukrike-Ronge.jpg\" alt=\"\" class=\"wp-image-1213\" width=\"143\" height=\"173\"\/><\/a><figcaption>Ulrike Ronge<br>1997-2003<\/figcaption><\/figure>\n<\/div>\n<\/div>\n\n\n\n<p>Neben Ulrike Ronge als 1. Vorsitzende bildeten zwei weitere Frauen die engere Vereinsf\u00fchrung, Dr. Ulrike Libal als 2. Vorsitzende und Christine Behmke als Schriftf\u00fchrerin, die dieses Amt aber schon seit 1993 bekleidete. Einziger Mann im engeren Vorstand blieb Wolfgang Schilling im Amt des Kassenwartes. Und dieses Geschehen war nur logisch, denn die Entwicklung hin zum \u00fcberwiegend breiten-, freizeit- und gesundheitssportlich ausgerichteten Verein war ja auch vor allem von Frauen getragen worden. Die Seniorinnenabteilung mit ihrer Gymnastik- und&nbsp; Tanzgruppe, zun\u00e4chst unter Leitung Gisela Sternberg, jetzt von Marga Frixe (1993-2003) mit ihrer \u00dcbungsleiterin Hannelore G\u00f6ttinger, die Frauensportabteilung mit Gymnastik, Fitness und Jazzdance, zun\u00e4chst unter Leitung von Heike Adam, dann ab 1995 unter Leitung von Karin Jurgeleit mit weiterhin Heike Adam als \u00dcbungsleiterin sowie die inzwischen gro\u00dfe Gruppe \u201eJu-Jutsu\u201c mit ihren Abteilungsleiterinnen Sigrun Becker&nbsp; und Petra Kolle bildeten dabei den Kern der neuen \u201aFrauenpower\u2018; diese war aber auch in den Abteilungen Tennis und Volleyball gut vertreten. Die H\u00f6hepunkte in der Amtszeit von Ulrike Ronge waren weiterhin die \u201aHolzer\u00f6der Hallenshows\u2019 stets unter Leitung von Heike Adam, die immer mehr Qualit\u00e4t bekamen und nun schon seit ein paar Jahren auch zusammen mit den S\u00e4ngern des \u00f6rtlichen M\u00e4nnergsangvereins \u201eWaldesgr\u00fcn\u201c nicht nur ein t\u00e4nzerisches Programm pr\u00e4sentierten, sondern auch den musikalischen Rahmen einem jeweiligen Motto anpassten, hier zum Thema \u201e<strong>Mein kleiner gr\u00fcner Kaktus\u201c <\/strong>mit Songs der\u201eComedian Harmonists\u201c.<\/p>\n\n\n\n<figure class=\"wp-block-image size-large\"><a href=\"https:\/\/www.tsv-holzerode.de\/wp-content\/uploads\/2021\/07\/97-Jazztanzerinnen-mit-MGV.jpg\" target=\"_blank\" rel=\"noopener\"><img loading=\"lazy\" decoding=\"async\" width=\"581\" height=\"308\" src=\"https:\/\/www.tsv-holzerode.de\/wp-content\/uploads\/2021\/07\/97-Jazztanzerinnen-mit-MGV.jpg\" alt=\"\" class=\"wp-image-1214\" srcset=\"https:\/\/www.tsv-holzerode.de\/wp-content\/uploads\/2021\/07\/97-Jazztanzerinnen-mit-MGV.jpg 581w, https:\/\/www.tsv-holzerode.de\/wp-content\/uploads\/2021\/07\/97-Jazztanzerinnen-mit-MGV-300x159.jpg 300w\" sizes=\"auto, (max-width: 581px) 100vw, 581px\" \/><\/a><figcaption>Die Pr\u00e4sentation der Jazzdancegruppe des TSV zusammen mit dem Chor des MGV Holzerode unter dem Motto \u201eMein kleiner gr\u00fcner Kaktus\u201c zur Hallenshow 1999 <strong>v.l.n.r.:<\/strong> Kurt Finke, Astrit B\u00f6cker, Uwe Behmke, Ines Kolle, Barbara Brandt, Frank Schwarzer, Heike Adam, Wolfgang Schilling, Ulrike Ronge, Werner Heise, Eveline Hartmann, Andreas Behmke, Karin Jurgeleit, Reinhold Dehne, Martina Kopp und Horst B\u00e4hrens<\/figcaption><\/figure>\n\n\n\n<div class=\"wp-block-columns is-layout-flex wp-container-core-columns-is-layout-9d6595d7 wp-block-columns-is-layout-flex\">\n<div class=\"wp-block-column is-layout-flow wp-block-column-is-layout-flow\" style=\"flex-basis:66.66%\">\n<figure class=\"wp-block-image size-large\"><a href=\"https:\/\/www.tsv-holzerode.de\/wp-content\/uploads\/2021\/07\/98-Jazztanzerinnen-Gruoppenbild-1999.jpg\" target=\"_blank\" rel=\"noopener\"><img loading=\"lazy\" decoding=\"async\" width=\"561\" height=\"359\" src=\"https:\/\/www.tsv-holzerode.de\/wp-content\/uploads\/2021\/07\/98-Jazztanzerinnen-Gruoppenbild-1999.jpg\" alt=\"\" class=\"wp-image-1216\" srcset=\"https:\/\/www.tsv-holzerode.de\/wp-content\/uploads\/2021\/07\/98-Jazztanzerinnen-Gruoppenbild-1999.jpg 561w, https:\/\/www.tsv-holzerode.de\/wp-content\/uploads\/2021\/07\/98-Jazztanzerinnen-Gruoppenbild-1999-300x192.jpg 300w\" sizes=\"auto, (max-width: 561px) 100vw, 561px\" \/><\/a><figcaption>und hier noch einmal die \u201aM\u00e4dels vom Gr\u00fcnen Kaktus\u2018<br><strong>v.l.n.r. <\/strong>Eveline Hartmann, Barbara Brandt, Heike Adam, Ines Kolle, Astrit<br>B\u00f6cker, Martina (Kopp) Bergolte, Ulrike Ronge und Karin Jurgeleit<\/figcaption><\/figure>\n\n\n\n<p><\/p>\n<\/div>\n\n\n\n<div class=\"wp-block-column is-layout-flow wp-block-column-is-layout-flow\" style=\"flex-basis:33.33%\">\n<figure class=\"wp-block-image size-large\"><a href=\"https:\/\/www.tsv-holzerode.de\/wp-content\/uploads\/2021\/07\/99-Jazztanzerinnen-in-Reihe-1999.jpg\" target=\"_blank\" rel=\"noopener\"><img loading=\"lazy\" decoding=\"async\" width=\"147\" height=\"236\" src=\"https:\/\/www.tsv-holzerode.de\/wp-content\/uploads\/2021\/07\/99-Jazztanzerinnen-in-Reihe-1999.jpg\" alt=\"\" class=\"wp-image-1217\"\/><\/a><\/figure>\n<\/div>\n<\/div>\n\n\n\n<p>Gro\u00dfen Wert wurde auch weiterhin auf den \u201afamili\u00e4ren\u2018 Zusammenhalt im Verein gelegt, wozu jetzt auch weiterhin die regelm\u00e4\u00dfigen Weihnachtsfeiern zum Jahresende, die Abteilungsessen und \u2013feiern vor allem im Seniorinnen- und Frauensport sowie die Faschingsfeiern und Ausfl\u00fcge sogar mit Zelt\u00fcbernachtungen vor allem f\u00fcr die nun wieder zahlreichen Kinder im Verein.<\/p>\n\n\n\n<div class=\"wp-block-columns is-layout-flex wp-container-core-columns-is-layout-9d6595d7 wp-block-columns-is-layout-flex\">\n<div class=\"wp-block-column is-layout-flow wp-block-column-is-layout-flow\">\n<figure class=\"wp-block-image size-large\"><a href=\"https:\/\/www.tsv-holzerode.de\/wp-content\/uploads\/2021\/07\/100-Zeltuebernachtung-Spotzplatz-mit-Jungen.jpg\" target=\"_blank\" rel=\"noopener\"><img loading=\"lazy\" decoding=\"async\" width=\"906\" height=\"1024\" src=\"https:\/\/www.tsv-holzerode.de\/wp-content\/uploads\/2021\/07\/100-Zeltuebernachtung-Spotzplatz-mit-Jungen-906x1024.jpg\" alt=\"\" class=\"wp-image-1218\" srcset=\"https:\/\/www.tsv-holzerode.de\/wp-content\/uploads\/2021\/07\/100-Zeltuebernachtung-Spotzplatz-mit-Jungen-906x1024.jpg 906w, https:\/\/www.tsv-holzerode.de\/wp-content\/uploads\/2021\/07\/100-Zeltuebernachtung-Spotzplatz-mit-Jungen-265x300.jpg 265w, https:\/\/www.tsv-holzerode.de\/wp-content\/uploads\/2021\/07\/100-Zeltuebernachtung-Spotzplatz-mit-Jungen-768x868.jpg 768w, https:\/\/www.tsv-holzerode.de\/wp-content\/uploads\/2021\/07\/100-Zeltuebernachtung-Spotzplatz-mit-Jungen.jpg 1177w\" sizes=\"auto, (max-width: 767px) 89vw, (max-width: 1000px) 54vw, (max-width: 1071px) 543px, 580px\" \/><\/a><\/figure>\n<\/div>\n\n\n\n<div class=\"wp-block-column is-layout-flow wp-block-column-is-layout-flow\">\n<figure class=\"wp-block-image size-large\"><a href=\"https:\/\/www.tsv-holzerode.de\/wp-content\/uploads\/2021\/07\/101-Zeltuebernachtung-Sportplatz-mit-Petra.jpg\" target=\"_blank\" rel=\"noopener\"><img loading=\"lazy\" decoding=\"async\" width=\"1024\" height=\"664\" src=\"https:\/\/www.tsv-holzerode.de\/wp-content\/uploads\/2021\/07\/101-Zeltuebernachtung-Sportplatz-mit-Petra-1024x664.jpg\" alt=\"\" class=\"wp-image-1219\" srcset=\"https:\/\/www.tsv-holzerode.de\/wp-content\/uploads\/2021\/07\/101-Zeltuebernachtung-Sportplatz-mit-Petra-1024x664.jpg 1024w, https:\/\/www.tsv-holzerode.de\/wp-content\/uploads\/2021\/07\/101-Zeltuebernachtung-Sportplatz-mit-Petra-300x195.jpg 300w, https:\/\/www.tsv-holzerode.de\/wp-content\/uploads\/2021\/07\/101-Zeltuebernachtung-Sportplatz-mit-Petra-768x498.jpg 768w, https:\/\/www.tsv-holzerode.de\/wp-content\/uploads\/2021\/07\/101-Zeltuebernachtung-Sportplatz-mit-Petra-1536x997.jpg 1536w, https:\/\/www.tsv-holzerode.de\/wp-content\/uploads\/2021\/07\/101-Zeltuebernachtung-Sportplatz-mit-Petra.jpg 1578w\" sizes=\"auto, (max-width: 767px) 89vw, (max-width: 1000px) 54vw, (max-width: 1071px) 543px, 580px\" \/><\/a><\/figure>\n<\/div>\n<\/div>\n\n\n\n<div class=\"wp-block-columns is-layout-flex wp-container-core-columns-is-layout-9d6595d7 wp-block-columns-is-layout-flex\">\n<div class=\"wp-block-column is-layout-flow wp-block-column-is-layout-flow\">\n<figure class=\"wp-block-image size-large\"><a href=\"https:\/\/www.tsv-holzerode.de\/wp-content\/uploads\/2021\/07\/102-Hockeyspiel-mit-Jan-Baehrens.jpg\" target=\"_blank\" rel=\"noopener\"><img loading=\"lazy\" decoding=\"async\" width=\"1024\" height=\"375\" src=\"https:\/\/www.tsv-holzerode.de\/wp-content\/uploads\/2021\/07\/102-Hockeyspiel-mit-Jan-Baehrens-1024x375.jpg\" alt=\"\" class=\"wp-image-1220\" srcset=\"https:\/\/www.tsv-holzerode.de\/wp-content\/uploads\/2021\/07\/102-Hockeyspiel-mit-Jan-Baehrens-1024x375.jpg 1024w, https:\/\/www.tsv-holzerode.de\/wp-content\/uploads\/2021\/07\/102-Hockeyspiel-mit-Jan-Baehrens-300x110.jpg 300w, https:\/\/www.tsv-holzerode.de\/wp-content\/uploads\/2021\/07\/102-Hockeyspiel-mit-Jan-Baehrens-768x281.jpg 768w, https:\/\/www.tsv-holzerode.de\/wp-content\/uploads\/2021\/07\/102-Hockeyspiel-mit-Jan-Baehrens-1536x562.jpg 1536w, https:\/\/www.tsv-holzerode.de\/wp-content\/uploads\/2021\/07\/102-Hockeyspiel-mit-Jan-Baehrens-2048x749.jpg 2048w\" sizes=\"auto, (max-width: 767px) 89vw, (max-width: 1000px) 54vw, (max-width: 1071px) 543px, 580px\" \/><\/a><\/figure>\n<\/div>\n\n\n\n<div class=\"wp-block-column is-layout-flow wp-block-column-is-layout-flow\">\n<figure class=\"wp-block-image size-large\"><a href=\"https:\/\/www.tsv-holzerode.de\/wp-content\/uploads\/2021\/07\/103-Wasserschlacht-Sportplatz-1997.jpg\" target=\"_blank\" rel=\"noopener\"><img loading=\"lazy\" decoding=\"async\" width=\"1024\" height=\"460\" src=\"https:\/\/www.tsv-holzerode.de\/wp-content\/uploads\/2021\/07\/103-Wasserschlacht-Sportplatz-1997-1024x460.jpg\" alt=\"\" class=\"wp-image-1221\" srcset=\"https:\/\/www.tsv-holzerode.de\/wp-content\/uploads\/2021\/07\/103-Wasserschlacht-Sportplatz-1997-1024x460.jpg 1024w, https:\/\/www.tsv-holzerode.de\/wp-content\/uploads\/2021\/07\/103-Wasserschlacht-Sportplatz-1997-300x135.jpg 300w, https:\/\/www.tsv-holzerode.de\/wp-content\/uploads\/2021\/07\/103-Wasserschlacht-Sportplatz-1997-768x345.jpg 768w, https:\/\/www.tsv-holzerode.de\/wp-content\/uploads\/2021\/07\/103-Wasserschlacht-Sportplatz-1997-1536x690.jpg 1536w, https:\/\/www.tsv-holzerode.de\/wp-content\/uploads\/2021\/07\/103-Wasserschlacht-Sportplatz-1997.jpg 1733w\" sizes=\"auto, (max-width: 767px) 89vw, (max-width: 1000px) 54vw, (max-width: 1071px) 543px, 580px\" \/><\/a><\/figure>\n<\/div>\n<\/div>\n\n\n\n<p>Sommer 1997 \u2013 Zeltlager mit sportlichen Aktivit\u00e4ten am und auf dem Holzer\u00f6der Sportplatz u.a. mit Conny Sulewski, Marianne Kath und Petra Kolle als Betreuerinnen sowie den Kindern Jeremy Kath, Stefan Sulwewski, Tommy Linnemann, Jan B\u00e4hrens, Nikolas Bleckert, Andr\u00e9 Engelhardt, Sebastian und Christoffer Kolle.<\/p>\n\n\n\n<div class=\"wp-block-columns is-layout-flex wp-container-core-columns-is-layout-9d6595d7 wp-block-columns-is-layout-flex\">\n<div class=\"wp-block-column is-layout-flow wp-block-column-is-layout-flow\">\n<figure class=\"wp-block-image size-large\"><a href=\"https:\/\/www.tsv-holzerode.de\/wp-content\/uploads\/2021\/07\/104-Kanufahrt-Weser-1997.jpg\" target=\"_blank\" rel=\"noopener\"><img loading=\"lazy\" decoding=\"async\" width=\"1024\" height=\"753\" src=\"https:\/\/www.tsv-holzerode.de\/wp-content\/uploads\/2021\/07\/104-Kanufahrt-Weser-1997-1024x753.jpg\" alt=\"\" class=\"wp-image-1222\" srcset=\"https:\/\/www.tsv-holzerode.de\/wp-content\/uploads\/2021\/07\/104-Kanufahrt-Weser-1997-1024x753.jpg 1024w, https:\/\/www.tsv-holzerode.de\/wp-content\/uploads\/2021\/07\/104-Kanufahrt-Weser-1997-300x221.jpg 300w, https:\/\/www.tsv-holzerode.de\/wp-content\/uploads\/2021\/07\/104-Kanufahrt-Weser-1997-768x564.jpg 768w, https:\/\/www.tsv-holzerode.de\/wp-content\/uploads\/2021\/07\/104-Kanufahrt-Weser-1997-1536x1129.jpg 1536w, https:\/\/www.tsv-holzerode.de\/wp-content\/uploads\/2021\/07\/104-Kanufahrt-Weser-1997.jpg 1668w\" sizes=\"auto, (max-width: 767px) 89vw, (max-width: 1000px) 54vw, (max-width: 1071px) 543px, 580px\" \/><\/a><\/figure>\n<\/div>\n\n\n\n<div class=\"wp-block-column is-layout-flow wp-block-column-is-layout-flow\">\n<figure class=\"wp-block-image size-large is-resized\"><a href=\"https:\/\/www.tsv-holzerode.de\/wp-content\/uploads\/2021\/07\/105-abfahrt-Kanufahrt-1998-guenther-Becker.jpg\" target=\"_blank\" rel=\"noopener\"><img loading=\"lazy\" decoding=\"async\" src=\"https:\/\/www.tsv-holzerode.de\/wp-content\/uploads\/2021\/07\/105-abfahrt-Kanufahrt-1998-guenther-Becker-1024x555.jpg\" alt=\"\" class=\"wp-image-1223\" width=\"397\" height=\"214\" srcset=\"https:\/\/www.tsv-holzerode.de\/wp-content\/uploads\/2021\/07\/105-abfahrt-Kanufahrt-1998-guenther-Becker-1024x555.jpg 1024w, https:\/\/www.tsv-holzerode.de\/wp-content\/uploads\/2021\/07\/105-abfahrt-Kanufahrt-1998-guenther-Becker-300x162.jpg 300w, https:\/\/www.tsv-holzerode.de\/wp-content\/uploads\/2021\/07\/105-abfahrt-Kanufahrt-1998-guenther-Becker-768x416.jpg 768w, https:\/\/www.tsv-holzerode.de\/wp-content\/uploads\/2021\/07\/105-abfahrt-Kanufahrt-1998-guenther-Becker-1536x832.jpg 1536w, https:\/\/www.tsv-holzerode.de\/wp-content\/uploads\/2021\/07\/105-abfahrt-Kanufahrt-1998-guenther-Becker-2048x1109.jpg 2048w\" sizes=\"auto, (max-width: 397px) 100vw, 397px\" \/><\/a><figcaption>Sommer 1998 \u2013 Familienausflug mit Kanufahrt auf  er Weser u.a. mit Bettina Heilmann und Tochter Nicola, Marko Werder, Sascha Heise, Nikolas Bleckert, Nicola Garbe, Birgit Fiedler sowie Reiner und Petra Kolle<\/figcaption><\/figure>\n\n\n\n<figure class=\"wp-block-image size-large\"><a href=\"https:\/\/www.tsv-holzerode.de\/wp-content\/uploads\/2021\/07\/106-Petra-Kolle-vor-Zelten.jpg\" target=\"_blank\" rel=\"noopener\"><img loading=\"lazy\" decoding=\"async\" width=\"1024\" height=\"768\" src=\"https:\/\/www.tsv-holzerode.de\/wp-content\/uploads\/2021\/07\/106-Petra-Kolle-vor-Zelten-1024x768.jpg\" alt=\"\" class=\"wp-image-1224\" srcset=\"https:\/\/www.tsv-holzerode.de\/wp-content\/uploads\/2021\/07\/106-Petra-Kolle-vor-Zelten-1024x768.jpg 1024w, https:\/\/www.tsv-holzerode.de\/wp-content\/uploads\/2021\/07\/106-Petra-Kolle-vor-Zelten-300x225.jpg 300w, https:\/\/www.tsv-holzerode.de\/wp-content\/uploads\/2021\/07\/106-Petra-Kolle-vor-Zelten-768x576.jpg 768w, https:\/\/www.tsv-holzerode.de\/wp-content\/uploads\/2021\/07\/106-Petra-Kolle-vor-Zelten-1536x1152.jpg 1536w, https:\/\/www.tsv-holzerode.de\/wp-content\/uploads\/2021\/07\/106-Petra-Kolle-vor-Zelten.jpg 1818w\" sizes=\"auto, (max-width: 767px) 89vw, (max-width: 1000px) 54vw, (max-width: 1071px) 543px, 580px\" \/><\/a><figcaption>Petra Kolle mit Andr\u00e9 Engelhardt aus Renshausen vor den Zelten beim Fr\u00fchst\u00fcck am Weserstrand<\/figcaption><\/figure>\n<\/div>\n<\/div>\n\n\n\n<p>In den Sommermonaten wurde wiederum das Angebot im Tennissport und im (Beach)Volleyball gepflegt, im Juli\/August regelm\u00e4\u00dfig mit einem Sportfest, bei dem sich der Verein stets der gesamten Ortsbev\u00f6lkerung \u00f6ffnete und vor allem den Kindern mit lustigen Spielen und kreativen Bewegungsangeboten der fr\u00fche Zugang zum Verein \u201aschmackhaft\u2018 gemacht wurde.<\/p>\n\n\n\n<p>Zu diesen \u2013 jetzt modern als \u201eOutdoor-Aktivit\u00e4ten\u201c \u2013 bezeichneten Angeboten geh\u00f6rte jetzt auch wieder der Wettkampfbetrieb im Herrenfu\u00dfball. Am 14. Juni 2002 kam es zu einer Versammlung der fu\u00dfballinteressierten Aktiven im Herrenbereich des TSV und es wurde beschlossen, ab der kommenden Saison 2002\/03 wieder eine&nbsp; Mannschaft f\u00fcr die 3. Kreisklasse im Kreisfu\u00dfballverband G\u00f6ttingen zu melden. Ca. 20 junge Spieler nahmen mit dem erstmals von \u201aau\u00dfen\u2018 verpflichteten Trainer Wolfgang Markmeyer den Trainings- und Spielbetrieb auf, nat\u00fcrlich mit dem Ziel des baldm\u00f6glichsten Aufstieges in die 2. Kreisklasse. Doch dieser Weg wurde l\u00e4nger als erwartet und dauerte noch vier Jahre bis zur Meisterschaft in dieser Klasse am Ende der Saison 2005\/2006. Bestimmende Kraft, Organisator und Abteilungsleiter war schon in diesen Jahren der seit 1995 als \u201aTeammanager\u2018 der Alten Herren-Mannschaft fungierende Lothar Becker.<\/p>\n\n\n\n<p>Der Verein erreichte nun eine zahlreiche Sportarten umfassende Gr\u00f6\u00dfe, wobei vor allem der Gesundheitssport viele neue Mitglieder in die Vereinsgemeinschaft f\u00fchrte. Unter der neu f\u00fcr diesen Bereich von \u201aau\u00dfen\u2018 gewonnenen \u00dcbungsleiterin Sonja Schwoch wurde jetzt auch \u201eAerobic\u201c und \u201eWalken\u201c angeboten. Dar\u00fcber hinaus hatte sich inzwischen eine Gruppe \u201eGesellschaftstanz\u201c etabliert, die mit einem Tanzlehrer w\u00f6chentlich \u00fcbte und die Anzahl der im Verein angebotenen Tanzdisziplinen noch einmal erweiterte. Stilgerecht inszenierte sie Auftritte und schloss ihre Kurse \u2013 wie in der Tanzstunde \u2013 auch jeweils mit einem Abschlussball ab. So erreichte der TSV zur Jahreshauptversammlung im Januar 2003 eine neue Mitgliederh\u00f6chstzahl von 357 und steuerte auf eine Quote von fast 50% aller Holzer\u00f6der Einwohner zu.<\/p>\n\n\n\n<div class=\"wp-block-columns is-layout-flex wp-container-core-columns-is-layout-9d6595d7 wp-block-columns-is-layout-flex\">\n<div class=\"wp-block-column is-layout-flow wp-block-column-is-layout-flow\" style=\"flex-basis:33.33%\">\n<figure class=\"wp-block-image size-large is-resized\"><a href=\"https:\/\/www.tsv-holzerode.de\/wp-content\/uploads\/2021\/07\/107-Ines-Kolle.jpg\" target=\"_blank\" rel=\"noopener\"><img loading=\"lazy\" decoding=\"async\" src=\"https:\/\/www.tsv-holzerode.de\/wp-content\/uploads\/2021\/07\/107-Ines-Kolle.jpg\" alt=\"\" class=\"wp-image-1226\" width=\"157\" height=\"222\"\/><\/a><figcaption>Ines Kolle<br>2003-2005<\/figcaption><\/figure>\n<\/div>\n\n\n\n<div class=\"wp-block-column is-layout-flow wp-block-column-is-layout-flow\" style=\"flex-basis:66.66%\">\n<p>Doch diese Jahreshauptversammlung (JHV) brachte auch wieder Ver\u00e4nderungen in der F\u00fchrung des Vereins, die \u201aFrauenpower\u2018 aber blieb. Ulrike Ronge konnte aus gesundheitlichen Gr\u00fcnden nicht wieder f\u00fcr den Vorsitz des Vereins kandidieren und legte nach sechs erfolgreichen Jahren auch als Aktive vor allem im Jazzdance ihr Amt nieder; sie blieb aber dem Vorstand als Schriftf\u00fchrerin erhalten. Zu ihrer Nachfolgerin wurde im Amt der <strong>1. Vorsitzenden Ines Kolle<\/strong> gew\u00e4hlt, 2. Vorsitzende wurde Monika Becker. Aber auch in anderen wichtigen Bereichen der sportlichen Vereinspraxis gab es bei brachte diese Jahreshauptversammlung Ver\u00e4nderungen. Marga Frixe wurde nach 10 Jahren als Abteilungsleiterin im Bereich des Seniorinnensports verabschiedet und Irmgard Schulze \u00fcbernahm dieses Amt. <strong>Gleicherma\u00dfen schied nach verdienstvoller Auf- und Ausbauarbeit \u00fcber 15 Jahre hinweg Sigrun Becker als Abteilungsleiterin \u201eJu-Jutsu\u201c aus. Gro\u00dfe Verdienste hatte sie sich in dieser Zeit auch als Mitgliedswartin sowie bei der Unterst\u00fctzung ihres Mannes G\u00fcnther w\u00e4hrend&nbsp; seiner Jahre als 1. Vorsitzender erworben.<\/strong><\/p>\n<\/div>\n<\/div>\n\n\n\n<p>So war der Verein Anfang der 2000er Jahre gut aufgestellt und auf allen Sportanlagen war munteres Leben, insbesondere nat\u00fcrlich in der MZH, die rundum belegt war, wie das Sportangebot f\u00fcr 2004 exemplarisch zeigt.<\/p>\n\n\n\n<div class=\"wp-block-columns is-layout-flex wp-container-core-columns-is-layout-9d6595d7 wp-block-columns-is-layout-flex\">\n<div class=\"wp-block-column is-layout-flow wp-block-column-is-layout-flow\">\n<figure class=\"wp-block-image size-large\"><a href=\"https:\/\/www.tsv-holzerode.de\/wp-content\/uploads\/2021\/07\/108-Sportangebot-2004.png\" target=\"_blank\" rel=\"noopener\"><img loading=\"lazy\" decoding=\"async\" width=\"394\" height=\"562\" src=\"https:\/\/www.tsv-holzerode.de\/wp-content\/uploads\/2021\/07\/108-Sportangebot-2004.png\" alt=\"\" class=\"wp-image-1227\" srcset=\"https:\/\/www.tsv-holzerode.de\/wp-content\/uploads\/2021\/07\/108-Sportangebot-2004.png 394w, https:\/\/www.tsv-holzerode.de\/wp-content\/uploads\/2021\/07\/108-Sportangebot-2004-210x300.png 210w\" sizes=\"auto, (max-width: 394px) 100vw, 394px\" \/><\/a><\/figure>\n<\/div>\n\n\n\n<div class=\"wp-block-column is-layout-flow wp-block-column-is-layout-flow\">\n<p>W\u00e4hrend in dieser Zeit die Fu\u00dfballer mit&nbsp;der 1. Herrenmannschaft&nbsp; noch m\u00fchselig den (Wieder)Anschluss ein h\u00f6heres Spielneveau suchte (inzwischen hatte mit Wolfgang Markmeyer auch schon wieder der erste ausw\u00e4rtige Trainer wieder den Verein verlassen und mit Detlef Jurgeleit ein \u201aAltinternationaler\u2018 den Trainingsbetrieb \u00fcbernommen), bl\u00fchten andere Sportarten aus dem Freizeitsport weiter auf. Der Beachvolleyball f\u00fchrte sein j\u00e4hrliches \u201agro\u00dfes\u2018 Sommerturnier mit beachtlicher Beteiligung auf der Anlage neben dem Fu\u00dfballfeld durch und die Tennisabteilung feierte im gro\u00dfen Stil ihr 25j\u00e4hriges Bestehen, jetzt unter Leitung von Karlo Preusse.<\/p>\n<\/div>\n<\/div>\n\n\n\n<div class=\"wp-block-columns is-layout-flex wp-container-core-columns-is-layout-9d6595d7 wp-block-columns-is-layout-flex\">\n<div class=\"wp-block-column is-layout-flow wp-block-column-is-layout-flow\">\n<figure class=\"wp-block-image size-large\"><a href=\"https:\/\/www.tsv-holzerode.de\/wp-content\/uploads\/2021\/07\/109-2004-25-Jahrfeier-Tennis.jpg\" target=\"_blank\" rel=\"noopener\"><img loading=\"lazy\" decoding=\"async\" width=\"1024\" height=\"768\" src=\"https:\/\/www.tsv-holzerode.de\/wp-content\/uploads\/2021\/07\/109-2004-25-Jahrfeier-Tennis-1024x768.jpg\" alt=\"\" class=\"wp-image-1228\" srcset=\"https:\/\/www.tsv-holzerode.de\/wp-content\/uploads\/2021\/07\/109-2004-25-Jahrfeier-Tennis-1024x768.jpg 1024w, https:\/\/www.tsv-holzerode.de\/wp-content\/uploads\/2021\/07\/109-2004-25-Jahrfeier-Tennis-300x225.jpg 300w, https:\/\/www.tsv-holzerode.de\/wp-content\/uploads\/2021\/07\/109-2004-25-Jahrfeier-Tennis-768x576.jpg 768w, https:\/\/www.tsv-holzerode.de\/wp-content\/uploads\/2021\/07\/109-2004-25-Jahrfeier-Tennis-1536x1152.jpg 1536w, https:\/\/www.tsv-holzerode.de\/wp-content\/uploads\/2021\/07\/109-2004-25-Jahrfeier-Tennis.jpg 1600w\" sizes=\"auto, (max-width: 767px) 89vw, (max-width: 1000px) 54vw, (max-width: 1071px) 543px, 580px\" \/><\/a><figcaption>B\u00fcrgermeister Willi Behre gratuliert dem Verein<br>(in der Mitte die 1. Vorsitzende Ines Kolle) und<br>der Tennisabteilung zum 25j\u00e4hrigen Bestehen<\/figcaption><\/figure>\n<\/div>\n\n\n\n<div class=\"wp-block-column is-layout-flow wp-block-column-is-layout-flow\">\n<figure class=\"wp-block-image size-large\"><a href=\"https:\/\/www.tsv-holzerode.de\/wp-content\/uploads\/2021\/07\/111-Beachvolleyballer-.jpg\" target=\"_blank\" rel=\"noopener\"><img loading=\"lazy\" decoding=\"async\" width=\"570\" height=\"353\" src=\"https:\/\/www.tsv-holzerode.de\/wp-content\/uploads\/2021\/07\/111-Beachvolleyballer-.jpg\" alt=\"\" class=\"wp-image-1230\" srcset=\"https:\/\/www.tsv-holzerode.de\/wp-content\/uploads\/2021\/07\/111-Beachvolleyballer-.jpg 570w, https:\/\/www.tsv-holzerode.de\/wp-content\/uploads\/2021\/07\/111-Beachvolleyballer--300x186.jpg 300w\" sizes=\"auto, (max-width: 570px) 100vw, 570px\" \/><\/a><figcaption>Beachvolleyballturnier im Sommer auf der Holzer\u00f6der Anlage auch mit ausw\u00e4rtigen G\u00e4sten<\/figcaption><\/figure>\n\n\n\n<figure class=\"wp-block-image size-large\"><a href=\"https:\/\/www.tsv-holzerode.de\/wp-content\/uploads\/2021\/07\/110-2004-Pokaluebergabe-an-Marianne-Gauglitz.jpg\" target=\"_blank\" rel=\"noopener\"><img loading=\"lazy\" decoding=\"async\" width=\"1024\" height=\"768\" src=\"https:\/\/www.tsv-holzerode.de\/wp-content\/uploads\/2021\/07\/110-2004-Pokaluebergabe-an-Marianne-Gauglitz-1024x768.jpg\" alt=\"\" class=\"wp-image-1229\" srcset=\"https:\/\/www.tsv-holzerode.de\/wp-content\/uploads\/2021\/07\/110-2004-Pokaluebergabe-an-Marianne-Gauglitz-1024x768.jpg 1024w, https:\/\/www.tsv-holzerode.de\/wp-content\/uploads\/2021\/07\/110-2004-Pokaluebergabe-an-Marianne-Gauglitz-300x225.jpg 300w, https:\/\/www.tsv-holzerode.de\/wp-content\/uploads\/2021\/07\/110-2004-Pokaluebergabe-an-Marianne-Gauglitz-768x576.jpg 768w, https:\/\/www.tsv-holzerode.de\/wp-content\/uploads\/2021\/07\/110-2004-Pokaluebergabe-an-Marianne-Gauglitz-1536x1152.jpg 1536w, https:\/\/www.tsv-holzerode.de\/wp-content\/uploads\/2021\/07\/110-2004-Pokaluebergabe-an-Marianne-Gauglitz.jpg 1600w\" sizes=\"auto, (max-width: 767px) 89vw, (max-width: 1000px) 54vw, (max-width: 1071px) 543px, 580px\" \/><\/a><figcaption>Abteilungsleiter Karlo Preusse \u00fcberreicht Marianne Gauglitz den Siegerpokal im Frauenturnier<\/figcaption><\/figure>\n<\/div>\n<\/div>\n\n\n\n<figure class=\"wp-block-image size-large\"><a href=\"https:\/\/www.tsv-holzerode.de\/wp-content\/uploads\/2021\/07\/112-Gruppenbild-2004-Tennis.jpg\" target=\"_blank\" rel=\"noopener\"><img loading=\"lazy\" decoding=\"async\" width=\"1024\" height=\"555\" src=\"https:\/\/www.tsv-holzerode.de\/wp-content\/uploads\/2021\/07\/112-Gruppenbild-2004-Tennis-1024x555.jpg\" alt=\"\" class=\"wp-image-1231\" srcset=\"https:\/\/www.tsv-holzerode.de\/wp-content\/uploads\/2021\/07\/112-Gruppenbild-2004-Tennis-1024x555.jpg 1024w, https:\/\/www.tsv-holzerode.de\/wp-content\/uploads\/2021\/07\/112-Gruppenbild-2004-Tennis-300x163.jpg 300w, https:\/\/www.tsv-holzerode.de\/wp-content\/uploads\/2021\/07\/112-Gruppenbild-2004-Tennis-768x416.jpg 768w, https:\/\/www.tsv-holzerode.de\/wp-content\/uploads\/2021\/07\/112-Gruppenbild-2004-Tennis-1536x833.jpg 1536w, https:\/\/www.tsv-holzerode.de\/wp-content\/uploads\/2021\/07\/112-Gruppenbild-2004-Tennis.jpg 1549w\" sizes=\"auto, (max-width: 767px) 89vw, (max-width: 1000px) 54vw, (max-width: 1071px) 543px, 580px\" \/><\/a><figcaption>Aktive der Tennisabteilung bei der Jubil\u00e4umsfeier 25 Jahre Tennis im TSV<br><strong>v.l.n.r. stehend:<\/strong> Karlo Preusse, Leander Beljan, Ansgar J\u00fcnemann, Werner Krell, Willi M\u00f6ller, Heinz Kasper, Simon Kaiser, Uwe Dettmar, Klaus-Peter Hoch, J\u00fcrgen Sohnrey und Wolfgang Buss, <br><strong>sitzend:<\/strong> Marianne Gauglitz, Georg Kaiser, Ursel Buss und Christa Adam<\/figcaption><\/figure>\n\n\n\n<p>Zur JHV im Januar 2005 wurde Ines Kolle im Amt best\u00e4tigt und es sollte ein ereignisreiches Jahr nicht nur f\u00fcr den TSV, sondern f\u00fcr ganz Holzerode werden. Im Verein kam in diesem Jahr eine weitere Gruppierung im Tanzbereich dazu. Unter Leitung von Sonja Schwoch entstand im Fr\u00fchjahr 2005 die Gruppe der \u201eLine Dancer\u201c, die von nun an viele Jahre mit ihren Auftritten das Publikum im Verein und bei ausw\u00e4rtigen Auff\u00fchrungen erfreuen sollte und mit teilweise bis zu 20 Aktiven fast ausschlie\u00dflich auch eine reine Frauengruppe war. Leider konnte die gro\u00dfe Anfangsbegeisterung f\u00fcr diese aus dem amerikanischen Square Dance entstandene Tanzbewegung f\u00fcr gr\u00f6\u00dfere Gruppen nicht \u00fcber die Jahre bis heute aufrecht erhalten werden; die Gruppe besteht im Jubil\u00e4umsjahr 2021 noch, hat aber zur Zeit mit Verena Rommel als \u00dcbungsleiterin nur noch sieben Aktive.<\/p>\n\n\n\n<figure class=\"wp-block-image size-large is-resized\"><a href=\"https:\/\/www.tsv-holzerode.de\/wp-content\/uploads\/2021\/07\/113-Gruppenbild-Line-Dance-2009-scaled.jpg\" target=\"_blank\" rel=\"noopener\"><img loading=\"lazy\" decoding=\"async\" src=\"https:\/\/www.tsv-holzerode.de\/wp-content\/uploads\/2021\/07\/113-Gruppenbild-Line-Dance-2009-1024x750.jpg\" alt=\"\" class=\"wp-image-1232\" width=\"674\" height=\"493\" srcset=\"https:\/\/www.tsv-holzerode.de\/wp-content\/uploads\/2021\/07\/113-Gruppenbild-Line-Dance-2009-1024x750.jpg 1024w, https:\/\/www.tsv-holzerode.de\/wp-content\/uploads\/2021\/07\/113-Gruppenbild-Line-Dance-2009-300x220.jpg 300w, https:\/\/www.tsv-holzerode.de\/wp-content\/uploads\/2021\/07\/113-Gruppenbild-Line-Dance-2009-768x563.jpg 768w, https:\/\/www.tsv-holzerode.de\/wp-content\/uploads\/2021\/07\/113-Gruppenbild-Line-Dance-2009-1536x1125.jpg 1536w, https:\/\/www.tsv-holzerode.de\/wp-content\/uploads\/2021\/07\/113-Gruppenbild-Line-Dance-2009-2048x1500.jpg 2048w\" sizes=\"auto, (max-width: 674px) 100vw, 674px\" \/><\/a><figcaption><strong>obere Reihe v. l.:<\/strong> Wiebke Grimmig, Gudrun Neumann, Petra Kolle, Nadine Jaschewski und Carola<br>Grub<br><strong>mittlere Reihe v. l.:<\/strong> Christine\u2026, Sonja Schwoch, Jutta Vollbrecht, Verena Rommel, Thomas Rommel<br>und Claudia Neumann<br><strong>untere Reihe v.l.:<\/strong> Karin \u00d6sterheld, Ursel Kerll, Ina Vollbrecht und Wilma J\u00fcnemann.<\/figcaption><\/figure>\n\n\n\n<div class=\"wp-block-columns is-layout-flex wp-container-core-columns-is-layout-9d6595d7 wp-block-columns-is-layout-flex\">\n<div class=\"wp-block-column is-layout-flow wp-block-column-is-layout-flow\">\n<figure class=\"wp-block-image size-large\"><a href=\"https:\/\/www.tsv-holzerode.de\/wp-content\/uploads\/2021\/07\/115-Line-Dance_Formationstanz.jpg\" target=\"_blank\" rel=\"noopener\"><img loading=\"lazy\" decoding=\"async\" width=\"1024\" height=\"654\" src=\"https:\/\/www.tsv-holzerode.de\/wp-content\/uploads\/2021\/07\/115-Line-Dance_Formationstanz-1024x654.jpg\" alt=\"\" class=\"wp-image-1233\" srcset=\"https:\/\/www.tsv-holzerode.de\/wp-content\/uploads\/2021\/07\/115-Line-Dance_Formationstanz-1024x654.jpg 1024w, https:\/\/www.tsv-holzerode.de\/wp-content\/uploads\/2021\/07\/115-Line-Dance_Formationstanz-300x192.jpg 300w, https:\/\/www.tsv-holzerode.de\/wp-content\/uploads\/2021\/07\/115-Line-Dance_Formationstanz-768x490.jpg 768w, https:\/\/www.tsv-holzerode.de\/wp-content\/uploads\/2021\/07\/115-Line-Dance_Formationstanz.jpg 1322w\" sizes=\"auto, (max-width: 767px) 89vw, (max-width: 1000px) 54vw, (max-width: 1071px) 543px, 580px\" \/><\/a><figcaption><strong>v.l.:<\/strong> Jutta Vollbrecht, Jasmin\u2026, Verena und Thomas<br>Rommel, Wilma J\u00fcnemann, Martina Kopp und Petra<br>Kolle<\/figcaption><\/figure>\n<\/div>\n\n\n\n<div class=\"wp-block-column is-layout-flow wp-block-column-is-layout-flow\">\n<figure class=\"wp-block-image size-large\"><a href=\"https:\/\/www.tsv-holzerode.de\/wp-content\/uploads\/2021\/07\/114-Line-Dance-Demo-im-Kreis.jpg\" target=\"_blank\" rel=\"noopener\"><img loading=\"lazy\" decoding=\"async\" width=\"1024\" height=\"615\" src=\"https:\/\/www.tsv-holzerode.de\/wp-content\/uploads\/2021\/07\/114-Line-Dance-Demo-im-Kreis-1024x615.jpg\" alt=\"\" class=\"wp-image-1234\" srcset=\"https:\/\/www.tsv-holzerode.de\/wp-content\/uploads\/2021\/07\/114-Line-Dance-Demo-im-Kreis-1024x615.jpg 1024w, https:\/\/www.tsv-holzerode.de\/wp-content\/uploads\/2021\/07\/114-Line-Dance-Demo-im-Kreis-300x180.jpg 300w, https:\/\/www.tsv-holzerode.de\/wp-content\/uploads\/2021\/07\/114-Line-Dance-Demo-im-Kreis-768x461.jpg 768w, https:\/\/www.tsv-holzerode.de\/wp-content\/uploads\/2021\/07\/114-Line-Dance-Demo-im-Kreis.jpg 1506w\" sizes=\"auto, (max-width: 767px) 89vw, (max-width: 1000px) 54vw, (max-width: 1071px) 543px, 580px\" \/><\/a><figcaption><strong>v.l.:<\/strong> Sabrina Richter, Karin \u00d6sterheld, Wilma<br>J\u00fcnemann, Wiebke Grimmig, Sonja Schwoch,<br>Petra Kolle und Martina Kopp<\/figcaption><\/figure>\n<\/div>\n<\/div>\n\n\n\n<p>Aber auch der schon lange durch das Engagement von Heike Adam im Verein etablierte Jazzdance bekam im gleichen Jahr 2005 Verein noch einmal Zuwachs. Inzwischen f\u00fchlten sich auch vermehrt junge M\u00e4dchen und Frauen durch die Erfolge der \u201aerwachsenen\u2018 Jazzdancerinnen angesprochen, sodass in diesem Jahr unter Leitung von Ulrike Ronge auch eine Jugend-Jazzdancegruppe gegr\u00fcndet werden konnte.<\/p>\n\n\n\n<figure class=\"wp-block-image size-large\"><a href=\"https:\/\/www.tsv-holzerode.de\/wp-content\/uploads\/2021\/07\/116-Jazzdance-Jugend-weiss-scaled.jpg\" target=\"_blank\" rel=\"noopener\"><img loading=\"lazy\" decoding=\"async\" width=\"1024\" height=\"638\" src=\"https:\/\/www.tsv-holzerode.de\/wp-content\/uploads\/2021\/07\/116-Jazzdance-Jugend-weiss-1024x638.jpg\" alt=\"\" class=\"wp-image-1235\" srcset=\"https:\/\/www.tsv-holzerode.de\/wp-content\/uploads\/2021\/07\/116-Jazzdance-Jugend-weiss-1024x638.jpg 1024w, https:\/\/www.tsv-holzerode.de\/wp-content\/uploads\/2021\/07\/116-Jazzdance-Jugend-weiss-300x187.jpg 300w, https:\/\/www.tsv-holzerode.de\/wp-content\/uploads\/2021\/07\/116-Jazzdance-Jugend-weiss-768x479.jpg 768w, https:\/\/www.tsv-holzerode.de\/wp-content\/uploads\/2021\/07\/116-Jazzdance-Jugend-weiss-1536x957.jpg 1536w, https:\/\/www.tsv-holzerode.de\/wp-content\/uploads\/2021\/07\/116-Jazzdance-Jugend-weiss-2048x1276.jpg 2048w\" sizes=\"auto, (max-width: 767px) 89vw, (max-width: 1000px) 54vw, (max-width: 1071px) 543px, 580px\" \/><\/a><figcaption>Die Jugend-Jazzdancegruppe des TSV 2006<br><strong>stehend v.l.n.r.:<\/strong> Ulrike Ronge (Trainerin), Julia Ronge, Mareike Radunz, Annika Faust, Malaika Rommel<br>und Caprice Emmert<br><strong>knieend:<\/strong> Marie Kasper, Jacqueline Berg, Katharina Rosenhagen und Lisa Sosnowski<\/figcaption><\/figure>\n\n\n\n<figure class=\"wp-block-image size-large\"><a href=\"https:\/\/www.tsv-holzerode.de\/wp-content\/uploads\/2021\/07\/118-Jazzdance-Jugend-lila.jpg\" target=\"_blank\" rel=\"noopener\"><img loading=\"lazy\" decoding=\"async\" width=\"1024\" height=\"602\" src=\"https:\/\/www.tsv-holzerode.de\/wp-content\/uploads\/2021\/07\/118-Jazzdance-Jugend-lila-1024x602.jpg\" alt=\"\" class=\"wp-image-1236\" srcset=\"https:\/\/www.tsv-holzerode.de\/wp-content\/uploads\/2021\/07\/118-Jazzdance-Jugend-lila-1024x602.jpg 1024w, https:\/\/www.tsv-holzerode.de\/wp-content\/uploads\/2021\/07\/118-Jazzdance-Jugend-lila-300x176.jpg 300w, https:\/\/www.tsv-holzerode.de\/wp-content\/uploads\/2021\/07\/118-Jazzdance-Jugend-lila-768x451.jpg 768w, https:\/\/www.tsv-holzerode.de\/wp-content\/uploads\/2021\/07\/118-Jazzdance-Jugend-lila-1536x903.jpg 1536w, https:\/\/www.tsv-holzerode.de\/wp-content\/uploads\/2021\/07\/118-Jazzdance-Jugend-lila-2048x1204.jpg 2048w\" sizes=\"auto, (max-width: 767px) 89vw, (max-width: 1000px) 54vw, (max-width: 1071px) 543px, 580px\" \/><\/a><figcaption><strong>v.l.n.r.:<\/strong> Mareike Radunz, Katharina Rosenhagen, Theresa Vogel, Jacqueline Berg, Julia<br>Ronge, Lisa Sosnowski und Annika Faust<\/figcaption><\/figure>\n\n\n\n<p>Der H\u00f6hepunkt in Holzerode und damit auch f\u00fcr den TSV war in diesem <strong>Jahr 2005<\/strong> aber die <strong>\u201e950Jahr-Feier\u201c des Ortes Holzerode<\/strong> im Juli, an der sich auch der TSV mit vielen verantwortlichen Mitgliedern und Gruppen sowohl in der Vorbereitung als auch der Gestaltung des 10t\u00e4gigen Festes beteiligte. Dies galt sowohl f\u00fcr die Teilnahme am Festkommers als auch beim gro\u00dfen historischen Festumzug am 26.06. sowie f\u00fcr die gro\u00dfe Sportshow am 29. Juni 2005.<\/p>\n\n\n\n<figure class=\"wp-block-image size-large\"><a href=\"https:\/\/www.tsv-holzerode.de\/wp-content\/uploads\/2021\/07\/117-Jazzdance-Can-Can-2005.jpg\" target=\"_blank\" rel=\"noopener\"><img loading=\"lazy\" decoding=\"async\" width=\"490\" height=\"337\" src=\"https:\/\/www.tsv-holzerode.de\/wp-content\/uploads\/2021\/07\/117-Jazzdance-Can-Can-2005.jpg\" alt=\"\" class=\"wp-image-1237\" srcset=\"https:\/\/www.tsv-holzerode.de\/wp-content\/uploads\/2021\/07\/117-Jazzdance-Can-Can-2005.jpg 490w, https:\/\/www.tsv-holzerode.de\/wp-content\/uploads\/2021\/07\/117-Jazzdance-Can-Can-2005-300x206.jpg 300w\" sizes=\"auto, (max-width: 490px) 100vw, 490px\" \/><\/a><figcaption>\u201aCan-Can\u2018 mit den Holzer\u00f6der Jazzdancerinnen beim Kommersabend anl\u00e4sslich der 950-Jahr-Feier des Dorfes<br>v.l.n.r.: Barbara Brandt, Martina Kopp, Heike Adam, Ulrike Ronge, Ines Kolle, Karin Jurgeleit und Eveline Hartmann<\/figcaption><\/figure>\n\n\n\n<div class=\"wp-block-columns is-layout-flex wp-container-core-columns-is-layout-9d6595d7 wp-block-columns-is-layout-flex\">\n<div class=\"wp-block-column is-layout-flow wp-block-column-is-layout-flow\">\n<figure class=\"wp-block-image size-large\"><a href=\"https:\/\/www.tsv-holzerode.de\/wp-content\/uploads\/2021\/07\/119-Jazzdancerinnen-2005-auf-Wiese.jpg\" target=\"_blank\" rel=\"noopener\"><img loading=\"lazy\" decoding=\"async\" width=\"565\" height=\"319\" src=\"https:\/\/www.tsv-holzerode.de\/wp-content\/uploads\/2021\/07\/119-Jazzdancerinnen-2005-auf-Wiese.jpg\" alt=\"\" class=\"wp-image-1238\" srcset=\"https:\/\/www.tsv-holzerode.de\/wp-content\/uploads\/2021\/07\/119-Jazzdancerinnen-2005-auf-Wiese.jpg 565w, https:\/\/www.tsv-holzerode.de\/wp-content\/uploads\/2021\/07\/119-Jazzdancerinnen-2005-auf-Wiese-300x169.jpg 300w\" sizes=\"auto, (max-width: 565px) 100vw, 565px\" \/><\/a><figcaption>Die Jazzdancegruppe im Dauereinsatz, links Marketenderinnen beim Festumzug und rechts als Tanzgruppe bei der Sportshow<\/figcaption><\/figure>\n<\/div>\n\n\n\n<div class=\"wp-block-column is-layout-flow wp-block-column-is-layout-flow\">\n<figure class=\"wp-block-image size-large\"><a href=\"https:\/\/www.tsv-holzerode.de\/wp-content\/uploads\/2021\/07\/120Jazddancerinnen-2005-Gruppenbild-auf-Festplatz.jpg\" target=\"_blank\" rel=\"noopener\"><img loading=\"lazy\" decoding=\"async\" width=\"384\" height=\"289\" src=\"https:\/\/www.tsv-holzerode.de\/wp-content\/uploads\/2021\/07\/120Jazddancerinnen-2005-Gruppenbild-auf-Festplatz.jpg\" alt=\"\" class=\"wp-image-1239\" srcset=\"https:\/\/www.tsv-holzerode.de\/wp-content\/uploads\/2021\/07\/120Jazddancerinnen-2005-Gruppenbild-auf-Festplatz.jpg 384w, https:\/\/www.tsv-holzerode.de\/wp-content\/uploads\/2021\/07\/120Jazddancerinnen-2005-Gruppenbild-auf-Festplatz-300x226.jpg 300w\" sizes=\"auto, (max-width: 384px) 100vw, 384px\" \/><\/a><\/figure>\n<\/div>\n<\/div>\n\n\n\n<div class=\"wp-block-columns is-layout-flex wp-container-core-columns-is-layout-9d6595d7 wp-block-columns-is-layout-flex\">\n<div class=\"wp-block-column is-layout-flow wp-block-column-is-layout-flow\">\n<figure class=\"wp-block-image size-large\"><a href=\"https:\/\/www.tsv-holzerode.de\/wp-content\/uploads\/2021\/07\/121-Tanz-Seniorinnen-2005-.2.jpg\" target=\"_blank\" rel=\"noopener\"><img loading=\"lazy\" decoding=\"async\" width=\"800\" height=\"533\" src=\"https:\/\/www.tsv-holzerode.de\/wp-content\/uploads\/2021\/07\/121-Tanz-Seniorinnen-2005-.2.jpg\" alt=\"\" class=\"wp-image-1240\" srcset=\"https:\/\/www.tsv-holzerode.de\/wp-content\/uploads\/2021\/07\/121-Tanz-Seniorinnen-2005-.2.jpg 800w, https:\/\/www.tsv-holzerode.de\/wp-content\/uploads\/2021\/07\/121-Tanz-Seniorinnen-2005-.2-300x200.jpg 300w, https:\/\/www.tsv-holzerode.de\/wp-content\/uploads\/2021\/07\/121-Tanz-Seniorinnen-2005-.2-768x512.jpg 768w\" sizes=\"auto, (max-width: 767px) 89vw, (max-width: 1000px) 54vw, (max-width: 1071px) 543px, 580px\" \/><\/a><figcaption>links: Die Seniorinnen bei der Sportshow, mittig und rechts die Radfahrer und Tennisspieler der 1920er Jahre<\/figcaption><\/figure>\n\n\n\n<p><\/p>\n<\/div>\n\n\n\n<div class=\"wp-block-column is-layout-flow wp-block-column-is-layout-flow\">\n<figure class=\"wp-block-image size-large\"><a href=\"https:\/\/www.tsv-holzerode.de\/wp-content\/uploads\/2021\/07\/122-Fahrradgruppe-im-Festumzug-2005.jpg\" target=\"_blank\" rel=\"noopener\"><img loading=\"lazy\" decoding=\"async\" width=\"800\" height=\"533\" src=\"https:\/\/www.tsv-holzerode.de\/wp-content\/uploads\/2021\/07\/122-Fahrradgruppe-im-Festumzug-2005.jpg\" alt=\"\" class=\"wp-image-1241\" srcset=\"https:\/\/www.tsv-holzerode.de\/wp-content\/uploads\/2021\/07\/122-Fahrradgruppe-im-Festumzug-2005.jpg 800w, https:\/\/www.tsv-holzerode.de\/wp-content\/uploads\/2021\/07\/122-Fahrradgruppe-im-Festumzug-2005-300x200.jpg 300w, https:\/\/www.tsv-holzerode.de\/wp-content\/uploads\/2021\/07\/122-Fahrradgruppe-im-Festumzug-2005-768x512.jpg 768w\" sizes=\"auto, (max-width: 767px) 89vw, (max-width: 1000px) 54vw, (max-width: 1071px) 543px, 580px\" \/><\/a><\/figure>\n<\/div>\n\n\n\n<div class=\"wp-block-column is-layout-flow wp-block-column-is-layout-flow\">\n<figure class=\"wp-block-image size-large\"><a href=\"https:\/\/www.tsv-holzerode.de\/wp-content\/uploads\/2021\/07\/123-Tennisgruppe-im-Festumzug-2005.jpg\" target=\"_blank\" rel=\"noopener\"><img loading=\"lazy\" decoding=\"async\" width=\"800\" height=\"533\" src=\"https:\/\/www.tsv-holzerode.de\/wp-content\/uploads\/2021\/07\/123-Tennisgruppe-im-Festumzug-2005.jpg\" alt=\"\" class=\"wp-image-1242\" srcset=\"https:\/\/www.tsv-holzerode.de\/wp-content\/uploads\/2021\/07\/123-Tennisgruppe-im-Festumzug-2005.jpg 800w, https:\/\/www.tsv-holzerode.de\/wp-content\/uploads\/2021\/07\/123-Tennisgruppe-im-Festumzug-2005-300x200.jpg 300w, https:\/\/www.tsv-holzerode.de\/wp-content\/uploads\/2021\/07\/123-Tennisgruppe-im-Festumzug-2005-768x512.jpg 768w\" sizes=\"auto, (max-width: 767px) 89vw, (max-width: 1000px) 54vw, (max-width: 1071px) 543px, 580px\" \/><\/a><\/figure>\n<\/div>\n<\/div>\n\n\n\n<p>Es waren \u201atolle\u2018 Tage und ganz Holzerode feierte bei sch\u00f6nstem Sommerwetter ein rauschendes Fest. Doch schon wenige Tage sp\u00e4ter tr\u00fcbte sich die Stimmung wieder ein, denn <strong>am 27. Juli 2005 verstarb ganz \u00fcberraschend das zu dieser Zeit am l\u00e4ngsten amtierende Mitglied im Vorstand, der Sozialwart und stellvertr. B\u00fcrgermeister Willi Vollbrecht, unser \u201eKruse\u201c. <\/strong>Willi war mehr als 20 Jahre kontinuierlich in der F\u00fchrungsriege des Vereins und hat mit seiner kommunalpolitischen T\u00e4tigkeit auch \u00fcberaus viel f\u00fcr die gerade in seiner Zeit so gro\u00dfartigen Entwicklung des Vereins bewirken k\u00f6nnen. Auch als Aktiver in der Tischtennisabteilung hat er lange Jahre bei Punktspielen die Farben des TSV hoch gehalten; die Trauer und Betroffenheit \u00fcber diesen Verlust war gro\u00df. Und dann kam am <strong>19. Oktober 2005 auch noch der \u00fcberraschende R\u00fccktritt der 1. Vorsitzenden Ines Kolle von ihrem Amt<\/strong>; sie konnte &nbsp;ihre Aufgabe aus \u201egesundheitlichen und personellen Gr\u00fcnden\u201c nicht weiterf\u00fchren. Bis dahin hatte sie in ihrer zweij\u00e4hrigen Amtszeit ihre Verpflichtungen mit gro\u00dfem Engagement und mit sehr viel Disziplin wahrgenommen. In dieser Situation <strong>bestellte der amtierende Vorstand den Abteilungsleiter Lothar Becker mit der Aufgabe des \u201akommissarischen 1. Vorsitzenden\u2018<\/strong>, zun\u00e4chst bis zu der turnusm\u00e4\u00dfigen Neuwahl auf der Jahreshauptversammlung 2007. Lothar schien allen insbesondere auch durch seine berufliche Kompetenz als Jurist im Richteramt sowie seine schon langj\u00e4hrige F\u00fchrung der Fu\u00dfballabteilung f\u00fcr die anstehenden Aufgaben bestens geeignet und war auch sofort bereit, diese pl\u00f6tzliche Aufgabenstellung zu \u00fcbernehmen. Etwas \u201aErfreuliches\u2018 brachte dieses ausgehende Jahr 2005 dann auch noch mit sich. Heike Adam und Ulrike Ronge wurden vom Kreissportbund G\u00f6ttingen noch mit der Ehrung als \u201eStille Stars des Sports\u201c ausgezeichnet und standen damit auch stellvertretend f\u00fcr das gro\u00dfe Engagement von Frauen in F\u00fchrungspositionen des TSV, sp\u00e4testens seit den 1990er Jahren.<\/p>\n\n\n\n<h2 class=\"wp-block-heading\"><strong>15. Die \u00c4ra Lothar Becker &#8211; Der Fu\u00dfball kommt gro\u00df mit \u201aBlack Power\u2018 zur\u00fcck<\/strong><\/h2>\n\n\n\n<div class=\"wp-block-columns is-layout-flex wp-container-core-columns-is-layout-9d6595d7 wp-block-columns-is-layout-flex\">\n<div class=\"wp-block-column is-layout-flow wp-block-column-is-layout-flow\" style=\"flex-basis:33.33%\">\n<figure class=\"wp-block-image size-large\"><a href=\"https:\/\/www.tsv-holzerode.de\/wp-content\/uploads\/2021\/07\/124-Lothar-Becker.png\" target=\"_blank\" rel=\"noopener\"><img loading=\"lazy\" decoding=\"async\" width=\"218\" height=\"296\" src=\"https:\/\/www.tsv-holzerode.de\/wp-content\/uploads\/2021\/07\/124-Lothar-Becker.png\" alt=\"\" class=\"wp-image-1243\"\/><\/a><\/figure>\n<\/div>\n\n\n\n<div class=\"wp-block-column is-layout-flow wp-block-column-is-layout-flow\" style=\"flex-basis:66.66%\">\n<p>Das Jahr 2006 war das erste volle Jahr des TSV unter der dann zehnj\u00e4hrigen F\u00fchrung von <strong>Lothar Becker als 1. Vorsitzender <\/strong>und es wurde wieder ereignisreich. Auf der Jahreshauptversammlung im Januar trat zun\u00e4chst mit <strong>Wolfgang Schilling<\/strong> das \u00e4lteste amtierende Vorstandsmitglied nicht wieder als Kassenwart an. <strong>16 Jahre hat er mit gro\u00dfem Durchhalteverm\u00f6gen dieses zunehmend schwierige Amt wahrgenommen<\/strong> und wurde jetzt von der Versammlung mit Dank und Anerkennung verabschiedet. Zu seinem Nachfolger wurde Frank Ronge gew\u00e4hlt und die Vorstandsarbeit konnte auch in diesem Bereich problemlos fortgesetzt werden. F\u00fcr den Vorsitzenden und in Personalunion auch Abteilungsleiter \u201eFu\u00dfball\u201c, Lothar Becker, sollte das Jahr jedoch noch weitere erfreuliche Entwicklungen bringen.<\/p>\n<\/div>\n<\/div>\n\n\n\n<p> Zum Ende der Saison 2005\/2006 kann die 1. Herrenmannschaft endlich die Meisterschaft in der 3. Kreisklasse erringen und in die 2. Kreisklasse aufsteigen. Diese Entwicklung kam zum richtigen Zeitpunkt, denn in diesem Sommer bestand die Fu\u00dfballabteilung 60 Jahre und so konnten mit einem Turnier zwei besondere Ereignisse im Holzer\u00f6der Fu\u00dfball zusammen gefeiert werden. Mit dem \u201aMeisterst\u00fcck\u2019 verabschiedete sich allerdings zugleich auch der bisherige Trainer Detlef Jurgeleit und Marko Rehm wurde sein Nachfolger. Doch Marko blieb wegen Differenzen mit der Mannschaft nur zwei Saisons bis zum Sommer 2009. Ihm folgte mit dem Sportstudenten Michael Fraenkel ein neuer junger Trainer, der mit einer verst\u00e4rkten Mannschaft (u.a. dem Seniorenspieler&nbsp; J\u00fcrgen Tautz als \u201aStabilisator\u2018) ein weiteres Aufstiegsziel in die 1. Kreisklasse avisierte. Zu der Verst\u00e4rkung z\u00e4hlten auch zum ersten Mal drei Kameruner Spieler, Kommilitonen des Holzer\u00f6der Stammspielers Tim Hartmann von der Universit\u00e4t Clausthal-Zellerfeld. Aber nicht nur im Fu\u00dfball gab es in diesem Jahr etwas zum Feiern, auch wieder bei der Tennisabteilung. Das Tennishaus wurde 10 Jahre alt und dieses kleine Jubil\u00e4um wurde im August 2006 von der Tennisabteilung mit einem z\u00fcnftigen \u201aH\u00fcttenfest\u2018 begangen. Aber das Jahr brachte noch ein weiteres Jubil\u00e4um. Mit einer weiteren gro\u00dfen Hallenshow wurde die 20j\u00e4hrige Trainert\u00e4tigkeit von Heike Adam im Tanzsport gew\u00fcrdigt. Erst mit ihrem Wirken begann die gro\u00dfe Popularit\u00e4t des Jazzdance in Holzerode und zog auch alle anderen Tanzgruppen des Vereins mit sich. Die Pr\u00e4sentationen der TSV-T\u00e4nzerinnen \u2013 sowohl bei den Seniorinnen als auch der \u201aJ\u00fcngeren\u2018 \u2014&nbsp; waren inzwischen \u00fcberall gern gesehen, ob nun bei Gemeindefesten, Weihnachtsfeiern, Jubil\u00e4en befreundeter Vereine oder der eigenen j\u00e4hrlichen Hallenshow. Die JHV 2007 brachte dann auch die formale Best\u00e4tigung von Lothar Becker als 1. Vorsitzenden durch die Wahlversammlung. Zugleich galt es neuerlich ein weiteres bauliches Gro\u00dfprojekt f\u00fcr die Verbesserung der sportlichen Infrastruktur nun endlich auf den Weg zu bringen, den Bau eines Schleppdaches auf der Westseite der MZH. Seitdem die Fu\u00dfballer wieder regelm\u00e4\u00dfig und mit zunehmendem Erfolg sonntags ihre Punktspiele auf dem angrenzenden Platz austrugen, war der Wetterschutz f\u00fcr die Zuschauer sowie das Versorgungsteam mehr als \u00fcberf\u00e4llig. Mit einem Gesamtkostenaufwand von ca. 7000\u20ac (bei einer Bezuschussung in H\u00f6he von 5000\u20ac durch die Gemeinde Eberg\u00f6tzen) wurde das Projekt unter fachlicher Leitung von Dieter Daberkow und Horst Adam im Sommer 2007 begonnen und im Oktober in Eigenleistung fertiggestellt. Insgesamt wurden von 18 Helfern 355 freiwillige Arbeitsstunden eingebracht. Das Schleppdach wurde am 27. April 2008 mit dem Punktspiel gegen den SV Fuhrbach seiner Bestimmung \u00fcbergeben.<\/p>\n\n\n\n<figure class=\"wp-block-image size-large\"><a href=\"https:\/\/www.tsv-holzerode.de\/wp-content\/uploads\/2021\/07\/125-Schleppdach-MZH.jpg\" target=\"_blank\" rel=\"noopener\"><img loading=\"lazy\" decoding=\"async\" width=\"1024\" height=\"424\" src=\"https:\/\/www.tsv-holzerode.de\/wp-content\/uploads\/2021\/07\/125-Schleppdach-MZH-1024x424.jpg\" alt=\"\" class=\"wp-image-1244\" srcset=\"https:\/\/www.tsv-holzerode.de\/wp-content\/uploads\/2021\/07\/125-Schleppdach-MZH-1024x424.jpg 1024w, https:\/\/www.tsv-holzerode.de\/wp-content\/uploads\/2021\/07\/125-Schleppdach-MZH-300x124.jpg 300w, https:\/\/www.tsv-holzerode.de\/wp-content\/uploads\/2021\/07\/125-Schleppdach-MZH-768x318.jpg 768w, https:\/\/www.tsv-holzerode.de\/wp-content\/uploads\/2021\/07\/125-Schleppdach-MZH-1536x635.jpg 1536w, https:\/\/www.tsv-holzerode.de\/wp-content\/uploads\/2021\/07\/125-Schleppdach-MZH.jpg 1661w\" sizes=\"auto, (max-width: 767px) 89vw, (max-width: 1000px) 54vw, (max-width: 1071px) 543px, 580px\" \/><\/a><figcaption>Die Mehrzweckhalle mit dem neuen Schleppdach auf der Westseite<\/figcaption><\/figure>\n\n\n\n<div class=\"wp-block-columns is-layout-flex wp-container-core-columns-is-layout-9d6595d7 wp-block-columns-is-layout-flex\">\n<div class=\"wp-block-column is-layout-flow wp-block-column-is-layout-flow\">\n<p>Im Oktober d.J. gab es im Vereinsangebot aber noch einen zweiten H\u00f6hepunkt, die 20. Hallenshow seit 1987. Auch dieses Ereignis wurde angemessen gew\u00fcrdigt und die Halle war wieder bis zum letzten Platz mit Vereinsangeh\u00f6rigen, Fans und zahlreichen ausw\u00e4rtigen Besuchern gef\u00fcllt. Den Jahresabschluss auch in 2007 stellte wiederum das traditionelle Doppelkopfturnier zwischen Weihnachten und Silvester dar, das von Siegfried Daberkow schon damals etliche Jahre organisiert und geleitet wurde. Auch diese Veranstaltung im Clubraum der MZH erfreute sich stets gro\u00dfer Beliebtheit nicht nur bei den Vereinsmitgliedern, sondern auch bei Teilnehmern aus Spanbeck, Billingshausen, Renshausen und sp\u00e4ter auch von weiter her.<\/p>\n<\/div>\n\n\n\n<div class=\"wp-block-column is-layout-flow wp-block-column-is-layout-flow\">\n<figure class=\"wp-block-image size-large\"><a href=\"https:\/\/www.tsv-holzerode.de\/wp-content\/uploads\/2021\/07\/126-Jazzdancerinnen-Gruene-Woche-2009-Gruppenbild-in-Pose.jpg\" target=\"_blank\" rel=\"noopener\"><img loading=\"lazy\" decoding=\"async\" width=\"1024\" height=\"773\" src=\"https:\/\/www.tsv-holzerode.de\/wp-content\/uploads\/2021\/07\/126-Jazzdancerinnen-Gruene-Woche-2009-Gruppenbild-in-Pose-1024x773.jpg\" alt=\"\" class=\"wp-image-1247\" srcset=\"https:\/\/www.tsv-holzerode.de\/wp-content\/uploads\/2021\/07\/126-Jazzdancerinnen-Gruene-Woche-2009-Gruppenbild-in-Pose-1024x773.jpg 1024w, https:\/\/www.tsv-holzerode.de\/wp-content\/uploads\/2021\/07\/126-Jazzdancerinnen-Gruene-Woche-2009-Gruppenbild-in-Pose-300x226.jpg 300w, https:\/\/www.tsv-holzerode.de\/wp-content\/uploads\/2021\/07\/126-Jazzdancerinnen-Gruene-Woche-2009-Gruppenbild-in-Pose-768x580.jpg 768w, https:\/\/www.tsv-holzerode.de\/wp-content\/uploads\/2021\/07\/126-Jazzdancerinnen-Gruene-Woche-2009-Gruppenbild-in-Pose-1536x1159.jpg 1536w, https:\/\/www.tsv-holzerode.de\/wp-content\/uploads\/2021\/07\/126-Jazzdancerinnen-Gruene-Woche-2009-Gruppenbild-in-Pose-2048x1546.jpg 2048w\" sizes=\"auto, (max-width: 767px) 89vw, (max-width: 1000px) 54vw, (max-width: 1071px) 543px, 580px\" \/><\/a><figcaption>Die Jazzdance-Gruppe auf der<br>\u201eGr\u00fcnen Woche\u201c in Berlin<br><strong>v.l.n.r.:<\/strong> Eveline Hartmann, Heike Adam,<br>Nadine Masur, Franziska Kolle, Ulrike<br>Ronge und Karin Jurgeleit<\/figcaption><\/figure>\n<\/div>\n<\/div>\n\n\n\n<p>Die kommenden Sportjahre 2008 und 2009 waren wiederum von dem schon etablierten reichhaltigen Sportprogramm des Vereins bestimmt; in allen Abteilungen herrschte reges Leben und die H\u00f6hepunkte waren jeweils die Sportwochen im Sommer mit Fu\u00dfballspielen der \u201aAltherren\u2018,Tennisturnieren, Kinderbelustigungen und den vielf\u00e4ltigen Tanzvorf\u00fchrungen. Das ganz besondere Ereignisse war aber die Einladung zur Pr\u00e4sentation der Jazzdancegruppe auf der <strong>\u201eGr\u00fcnen Woche\u201c<\/strong>, der weltweit bekannten Leistungsschau zur Landwirtschaft, Ern\u00e4hrung und l\u00e4ndlichem Leben, in den Messehallen <strong>von Berlin<\/strong>. Dort stellte sich die Gemeinde Eberg\u00f6tzen mit einem Querschnitt ihrer kulturellen Vielfalt aus beiden Ortsteilen vor und den Holzer\u00f6der&nbsp; Beitrag \u201alieferten\u2018 die S\u00e4nger vom \u201eM\u00e4nnergesangverein\u201c zusammen mit der Jazzdancegruppe des TSV.<\/p>\n\n\n\n<figure class=\"wp-block-image size-large\"><a href=\"https:\/\/www.tsv-holzerode.de\/wp-content\/uploads\/2021\/07\/127-Jazzdancerinnen-Gruene-Woche-Strecktanz.jpg\" target=\"_blank\" rel=\"noopener\"><img loading=\"lazy\" decoding=\"async\" width=\"1024\" height=\"538\" src=\"https:\/\/www.tsv-holzerode.de\/wp-content\/uploads\/2021\/07\/127-Jazzdancerinnen-Gruene-Woche-Strecktanz-1024x538.jpg\" alt=\"\" class=\"wp-image-1246\" srcset=\"https:\/\/www.tsv-holzerode.de\/wp-content\/uploads\/2021\/07\/127-Jazzdancerinnen-Gruene-Woche-Strecktanz-1024x538.jpg 1024w, https:\/\/www.tsv-holzerode.de\/wp-content\/uploads\/2021\/07\/127-Jazzdancerinnen-Gruene-Woche-Strecktanz-300x158.jpg 300w, https:\/\/www.tsv-holzerode.de\/wp-content\/uploads\/2021\/07\/127-Jazzdancerinnen-Gruene-Woche-Strecktanz-768x404.jpg 768w, https:\/\/www.tsv-holzerode.de\/wp-content\/uploads\/2021\/07\/127-Jazzdancerinnen-Gruene-Woche-Strecktanz-1536x807.jpg 1536w, https:\/\/www.tsv-holzerode.de\/wp-content\/uploads\/2021\/07\/127-Jazzdancerinnen-Gruene-Woche-Strecktanz.jpg 2006w\" sizes=\"auto, (max-width: 767px) 89vw, (max-width: 1000px) 54vw, (max-width: 1071px) 543px, 580px\" \/><\/a><figcaption>Berlin 2009 &#8211; der begeisternde Auftritt in den Berliner Messehallen \u2013 ein H\u00f6hepunkt in der langen \u201aShowkarriere\u2018 der Holzer\u00f6der Jazzdancerinnen <br><strong>v.l.n.r. vorn:<\/strong> Evi Hartmann, Karin Jurgeleit, Heike Zapf, <br><strong>hinten:<\/strong> Franziska Kolle, Nadine Masur, Heike Adam und Ulrike Ronge<\/figcaption><\/figure>\n\n\n\n<p>Intern war auch weiterhin die Tennisabteilung eine der Leistungstr\u00e4gerinnen des Vereins. Unter ihrem Leiter Karlo Preusse bestens organisiert, wirtschafte sie auf der Anlage oberhalb des Sportplatzes und stabilisierte den Holzer\u00f6der Tennissport zunehmend. Die bis dahin vom \u201eF\u00f6rderverein Tennis\u201c getragene weitgehende Selbstfinanzierung der Anlage war soweit voran geschritten, dass die Mitgliederversammlung des TSV auf der JHV 2008 beschloss, die noch offenen Restbelastungen aus der Erstellung der Tennisplatzanlage zu \u00fcbernehmen und damit diese Anlage als bisher einzige in das Eigentum des Vereins zu \u00fcberf\u00fchren. Dieser Vorgang wurde am 25. Mai 2008 auch formell besiegelt. Einer der \u201aGr\u00fcndungsv\u00e4ter\u2018 der Tennisabteilung war Horst Adam und diese Abteilung wurde letztlich auch sein Hauptbet\u00e4tigungsfeld im Verein. Zusammen mit seiner Frau Christa k\u00fcmmerte er sich von Anfang an vorbildlich um die Anlage und war ja auch eine l\u00e4ngere Zeit der Abteilungsleiter. Nicht nur wegen dieser Verdienste, auch wegen seiner zahlreichen Aktivit\u00e4ten f\u00fcr den Gesamtverein \u2013 als Fu\u00dfballaktiver in den 1960er Jahren, 1. Vorsitzender und nicht zuletzt in seiner Funktion als (Mit)Bauleiter bei dem gerade fertig gestellten Schleppdach der MZH \u2013 schlug ihn der Verein f\u00fcr eine besondere Ehrung durch den KSB G\u00f6ttingen vor. Bei der im November 2008 vom Kreissportbund G\u00f6ttingen wiederum durchgef\u00fchrten Veranstaltung \u201eStille Stars des Sports\u201c wurde Horst Adam als ein solcher \u201aStiller Star\u2018 auf Kreisebene geehrt. Und weiterhin wurde auch die Verbindung mit den Freunden in Westerwalsede gesucht und gepflegt, jeweils mit wechselnden Besuchsfahrten in die Heide bzw. nach S\u00fcdniedersachsen.<\/p>\n\n\n\n<figure class=\"wp-block-image size-large\"><a href=\"https:\/\/www.tsv-holzerode.de\/wp-content\/uploads\/2021\/07\/128-Westerwalsede-Gruppenbild-2009.png\" target=\"_blank\" rel=\"noopener\"><img loading=\"lazy\" decoding=\"async\" width=\"955\" height=\"458\" src=\"https:\/\/www.tsv-holzerode.de\/wp-content\/uploads\/2021\/07\/128-Westerwalsede-Gruppenbild-2009.png\" alt=\"\" class=\"wp-image-1248\" srcset=\"https:\/\/www.tsv-holzerode.de\/wp-content\/uploads\/2021\/07\/128-Westerwalsede-Gruppenbild-2009.png 955w, https:\/\/www.tsv-holzerode.de\/wp-content\/uploads\/2021\/07\/128-Westerwalsede-Gruppenbild-2009-300x144.png 300w, https:\/\/www.tsv-holzerode.de\/wp-content\/uploads\/2021\/07\/128-Westerwalsede-Gruppenbild-2009-768x368.png 768w\" sizes=\"auto, (max-width: 767px) 89vw, (max-width: 1000px) 54vw, (max-width: 1071px) 543px, 580px\" \/><\/a><figcaption>Besuch in Westerwalsede im Sommer 2009<br><strong>von links nach rechts stehend hintere Reihen:<\/strong> Oliver Meyer, Andrea K\u00f6necke, Klaus Delventhal, Heino S\u00fcndermann, Annette Seidel, Jens Hartmann, Karin Drewes, Werner Drewes, Janine Drewes, Janina Behmke, Antje Delventhal, Christian van Leeuwen, Edgar Pannier, Lothar Becker, Annette Pannier, Monika Becker, Roland Seidel, Elke Gebers, Renate Rodieck, Jochen Heestermann, Wolfgang Hartmann, Patrick Rosenhagen und Petra Mann <strong>von links nach rechts vordere Reihen:<\/strong> Horst K\u00f6necke, Lucas K\u00f6necke, Jana K\u00f6necke, Michelle Seidel ( mit M\u00fctze), Charlene Seidel, Heinz-Erich Pramm mit Hund, Benjamin Gebers, Vanessa Meyer, Jannek Delventhal, Wolfgang Mann, Nico Mann, Eveline Hartmann und Regina Schmal<\/figcaption><\/figure>\n\n\n\n<p>Die besondere Entwicklung des Fu\u00dfballs war in dieser Zeit von einem Wechselbad der Gef\u00fchle bestimmt, sowohl in Bezug auf die Fu\u00dfballentwicklung im Verein als auch in Bezug auf die im TSV gespaltene \u201aAnteilnahme\u2018 am gro\u00dfen Fu\u00dfballgeschehen in der Bundesliga. Letzteres f\u00fchrte zu manch kuriosem, manchmal auch grenzwertigen Ereignissen. Der \u201aVereins- und Fu\u00dfballchef\u2018 Lothar Becker geh\u00f6rte vor allem mit dem ehemaligen Spieler der 1. Mannschaft und lange Jahre f\u00fcr den Verein auch als Schiedsrichter t\u00e4tigen Karl-Heinz Fahlbusch zum Fanlager von Bayern M\u00fcnchen. Gro\u00dfe Teile der Holzer\u00f6der Fu\u00dfballgemeinde geh\u00f6rten jedoch zu den SV Werder Bremen-Fans, an ihrer Spitze der quasi \u201aVereinswirt\u2018 Jochen Lechte mit dem in seinem Lokal ans\u00e4ssigen Fan-Club \u201eWerder Recken\u201c.&nbsp; Grunds\u00e4tzlich ging man \u00fcberwiegend friedlich und freundlich, wenn auch stets etwas sp\u00f6ttisch und stichelnd miteinander um. Mit der Erringung der Deutschen Meisterschaft durch den SV Werder im Jahre 2004, kam es allerdings doch beinahe zu einem vereinsinternen Eklat. Die \u201aWerder-Recken\u2018 feierten die Meisterschaft des SV Werder \u00fcberschw\u00e4nglich bei \u201aGitte und Jochen\u2018 in der \u201eLippbergschenke\u201c und anschlie\u00dfend mit einem gro\u00dfen Autocorso durch das Dorf; dabei wurde jeweils vor den H\u00e4usern vermeintlicher Bayern-Anh\u00e4nger gestoppt und lautstark mit wenig schmeichelhaften Siegesparolen in Richtung der Bayern-Fans triumphiert \u2013 letzteres war zumindest grenzwertig.<\/p>\n\n\n\n<figure class=\"wp-block-gallery columns-3 is-cropped wp-block-gallery-1 is-layout-flex wp-block-gallery-is-layout-flex\"><ul class=\"blocks-gallery-grid\"><li class=\"blocks-gallery-item\"><figure><a href=\"https:\/\/www.tsv-holzerode.de\/wp-content\/uploads\/2021\/07\/130-Jochen-Lechte-auf-Festwagen-2004.jpg\"><img loading=\"lazy\" decoding=\"async\" width=\"1024\" height=\"768\" src=\"https:\/\/www.tsv-holzerode.de\/wp-content\/uploads\/2021\/07\/130-Jochen-Lechte-auf-Festwagen-2004-1024x768.jpg\" alt=\"\" data-id=\"1250\" data-full-url=\"https:\/\/www.tsv-holzerode.de\/wp-content\/uploads\/2021\/07\/130-Jochen-Lechte-auf-Festwagen-2004.jpg\" data-link=\"https:\/\/www.tsv-holzerode.de\/?attachment_id=1250\" class=\"wp-image-1250\" srcset=\"https:\/\/www.tsv-holzerode.de\/wp-content\/uploads\/2021\/07\/130-Jochen-Lechte-auf-Festwagen-2004-1024x768.jpg 1024w, https:\/\/www.tsv-holzerode.de\/wp-content\/uploads\/2021\/07\/130-Jochen-Lechte-auf-Festwagen-2004-300x225.jpg 300w, https:\/\/www.tsv-holzerode.de\/wp-content\/uploads\/2021\/07\/130-Jochen-Lechte-auf-Festwagen-2004-768x576.jpg 768w, https:\/\/www.tsv-holzerode.de\/wp-content\/uploads\/2021\/07\/130-Jochen-Lechte-auf-Festwagen-2004-1536x1152.jpg 1536w, https:\/\/www.tsv-holzerode.de\/wp-content\/uploads\/2021\/07\/130-Jochen-Lechte-auf-Festwagen-2004-2048x1536.jpg 2048w\" sizes=\"auto, (max-width: 767px) 89vw, (max-width: 1000px) 54vw, (max-width: 1071px) 543px, 580px\" \/><\/a><\/figure><\/li><li class=\"blocks-gallery-item\"><figure><a href=\"https:\/\/www.tsv-holzerode.de\/wp-content\/uploads\/2021\/07\/132-Lothar-Werderfete.jpg\"><img loading=\"lazy\" decoding=\"async\" width=\"983\" height=\"1024\" src=\"https:\/\/www.tsv-holzerode.de\/wp-content\/uploads\/2021\/07\/132-Lothar-Werderfete-983x1024.jpg\" alt=\"\" data-id=\"1252\" data-full-url=\"https:\/\/www.tsv-holzerode.de\/wp-content\/uploads\/2021\/07\/132-Lothar-Werderfete.jpg\" data-link=\"https:\/\/www.tsv-holzerode.de\/?attachment_id=1252\" class=\"wp-image-1252\" srcset=\"https:\/\/www.tsv-holzerode.de\/wp-content\/uploads\/2021\/07\/132-Lothar-Werderfete-983x1024.jpg 983w, https:\/\/www.tsv-holzerode.de\/wp-content\/uploads\/2021\/07\/132-Lothar-Werderfete-288x300.jpg 288w, https:\/\/www.tsv-holzerode.de\/wp-content\/uploads\/2021\/07\/132-Lothar-Werderfete-768x800.jpg 768w, https:\/\/www.tsv-holzerode.de\/wp-content\/uploads\/2021\/07\/132-Lothar-Werderfete-1475x1536.jpg 1475w, https:\/\/www.tsv-holzerode.de\/wp-content\/uploads\/2021\/07\/132-Lothar-Werderfete.jpg 1528w\" sizes=\"auto, (max-width: 767px) 89vw, (max-width: 1000px) 54vw, (max-width: 1071px) 543px, 580px\" \/><\/a><\/figure><\/li><li class=\"blocks-gallery-item\"><figure><a href=\"https:\/\/www.tsv-holzerode.de\/wp-content\/uploads\/2021\/07\/131-Didi-Werderfete.jpg\"><img loading=\"lazy\" decoding=\"async\" width=\"875\" height=\"1024\" src=\"https:\/\/www.tsv-holzerode.de\/wp-content\/uploads\/2021\/07\/131-Didi-Werderfete-875x1024.jpg\" alt=\"\" data-id=\"1251\" data-full-url=\"https:\/\/www.tsv-holzerode.de\/wp-content\/uploads\/2021\/07\/131-Didi-Werderfete.jpg\" data-link=\"https:\/\/www.tsv-holzerode.de\/?attachment_id=1251\" class=\"wp-image-1251\" srcset=\"https:\/\/www.tsv-holzerode.de\/wp-content\/uploads\/2021\/07\/131-Didi-Werderfete-875x1024.jpg 875w, https:\/\/www.tsv-holzerode.de\/wp-content\/uploads\/2021\/07\/131-Didi-Werderfete-256x300.jpg 256w, https:\/\/www.tsv-holzerode.de\/wp-content\/uploads\/2021\/07\/131-Didi-Werderfete-768x899.jpg 768w, https:\/\/www.tsv-holzerode.de\/wp-content\/uploads\/2021\/07\/131-Didi-Werderfete-1312x1536.jpg 1312w, https:\/\/www.tsv-holzerode.de\/wp-content\/uploads\/2021\/07\/131-Didi-Werderfete.jpg 1393w\" sizes=\"auto, (max-width: 767px) 89vw, (max-width: 1000px) 54vw, (max-width: 1071px) 543px, 580px\" \/><\/a><\/figure><\/li><li class=\"blocks-gallery-item\"><figure><a href=\"https:\/\/www.tsv-holzerode.de\/wp-content\/uploads\/2021\/07\/129-Werderfete-bei-Jochen-2004.jpg\"><img loading=\"lazy\" decoding=\"async\" width=\"1024\" height=\"903\" src=\"https:\/\/www.tsv-holzerode.de\/wp-content\/uploads\/2021\/07\/129-Werderfete-bei-Jochen-2004-1024x903.jpg\" alt=\"\" data-id=\"1249\" data-full-url=\"https:\/\/www.tsv-holzerode.de\/wp-content\/uploads\/2021\/07\/129-Werderfete-bei-Jochen-2004.jpg\" data-link=\"https:\/\/www.tsv-holzerode.de\/?attachment_id=1249\" class=\"wp-image-1249\" srcset=\"https:\/\/www.tsv-holzerode.de\/wp-content\/uploads\/2021\/07\/129-Werderfete-bei-Jochen-2004-1024x903.jpg 1024w, https:\/\/www.tsv-holzerode.de\/wp-content\/uploads\/2021\/07\/129-Werderfete-bei-Jochen-2004-300x265.jpg 300w, https:\/\/www.tsv-holzerode.de\/wp-content\/uploads\/2021\/07\/129-Werderfete-bei-Jochen-2004-768x677.jpg 768w, https:\/\/www.tsv-holzerode.de\/wp-content\/uploads\/2021\/07\/129-Werderfete-bei-Jochen-2004-1536x1355.jpg 1536w, https:\/\/www.tsv-holzerode.de\/wp-content\/uploads\/2021\/07\/129-Werderfete-bei-Jochen-2004.jpg 1959w\" sizes=\"auto, (max-width: 767px) 89vw, (max-width: 1000px) 54vw, (max-width: 1071px) 543px, 580px\" \/><\/a><\/figure><\/li><\/ul><figcaption class=\"blocks-gallery-caption\">Die Feier der \u201eWerder-Recken\u201c in der Lippbergschenke und der skeptisch \u201adreinblickende Bayern-Fan Lothar Becker<\/figcaption><\/figure>\n\n\n\n<p>Diese Konkurrenz zwischen dem Bayern- und Werder-Lager ist bis heute geblieben, obwohl sportlich l\u00e4ngst entschieden. Im diesem Jubil\u00e4umsjahr des TSV errang der FC Bayern M\u00fcnchen gerade die 9. Deutsche Meisterschaft nacheinander und ist zur Zeit die erfolgreichste Vereinsmannschaft der Welt, w\u00e4hrend der SV Werder Bremen Jahr f\u00fcr Jahr nur noch gegen den Abstieg k\u00e4mpft und letztlich 2021 auch abgestiegen ist. Das mussten auch die Werder-Fans im Verein (incl. der Autor) l\u00e4ngst anerkennen und dementsprechend kommen aus diesem Lager keine lautstarken Parolen mehr, sie halten dem Verein im Herzen wohl noch die Treue, sind aber l\u00e4ngst verstummt. Und das \u201aWechselbad der Gef\u00fchle\u2018 betraf auch die Entwicklung des Wettkampf-Fu\u00dfballs der 1. Herrenmannschaft. Nach dem Aufstieg in die 2. Kreisklasse war keineswegs der im Stillen erhoffte schnelle Durchmarsch in die 1. Kreisklasse zu realisieren. Man bewegte sich in diesen Jahren zwischen 2006 und 2010 zwar im oberen Mittelfeld der Tabelle, aber kam nicht an die Spitze. Vielmehr \u201awackelte\u2018 nach dem berufsbedingten Ausscheiden des Trainers Michael Freankel am Ende der Saison 2010\/11 das ganze Mannschaftsgef\u00fcge und es wurde sogar eine Aufl\u00f6sung der Mannschaft bzw. eine Fusion mit dem TSV Eberg\u00f6tzen diskutiert und auch schon verhandelt. Als dann jedoch auf der Abteilungsversammlung am 18. Juni 2011 schon abgestimmt werden sollte, er\u00f6ffneten sich pl\u00f6tzlich neue Perspektiven f\u00fcr die Holzer\u00f6der Mannschaft. Tim Hartmann konnte noch etliche weitere Kameruner und Togolesische &nbsp;Kommilitonen mit sehr gutem Spielniveau f\u00fcr den Holzer\u00f6der Fu\u00dfball gewinnen sowie auch andere Spieler von \u201aau\u00dfen\u2018 sich neu im TSV anmeldeten. Damit war die m\u00f6gliche Spielgemeinschaft mit Eberg\u00f6tzen wieder vom Tisch, die Anzahl der spielf\u00e4higen Fu\u00dfballer war stark gestiegen und die Spielst\u00e4rke erheblich angehoben worden. Mario Fischer \u00fcbernahm jetzt das Training und Coachen der Mannschaft als Spielertrainer zur Saison 2011\/2012 und das Ziel Aufstieg in die 1. Kreisklasse konnte wieder ernsthaft in den Blick genommen werden.&nbsp; Aber auch Mario Fischer musste schon zum Ende des Jahres 2011 den Verein \u2013 auch studienbedingt \u2013 wieder verlassen und Jan B\u00e4hrens \u2013 ein \u201aEigengew\u00e4chs\u2018 auch der Holzer\u00f6der \u201aFu\u00dfballschule\u2018\u2013 \u00fcbernahm das Amt des Trainers. Mit dem gest\u00e4rkten Spielerkader n\u00e4herte man sich nun kontinuierlich einer Spitzenposition in der 2. Kreisklasse an und die Holzer\u00f6der Mannschaft kam aufgrund ihrer vielen feinen afrikanischen Techniker immer mehr in den Blickpunkt der \u00d6ffentlichkeit. Wenn es auch viel Engagement und Aufwand erforderte, das bunte V\u00f6lkchen der zumeist dunkelh\u00e4utigen Spieler sowohl zum Training als vor allem auch zum sonnt\u00e4glichen Punktspiel von und nach Clausthal-Zellerfeld zu transportieren (was vor allem von den Familien Becker und Hartmann \u00fcbernommen wurde), lohnte es sich.<\/p>\n\n\n\n<figure class=\"wp-block-image size-large is-resized\"><a href=\"https:\/\/www.tsv-holzerode.de\/wp-content\/uploads\/2021\/07\/133-Mannschaftsfoto-2012.jpg\" target=\"_blank\" rel=\"noopener\"><img loading=\"lazy\" decoding=\"async\" src=\"https:\/\/www.tsv-holzerode.de\/wp-content\/uploads\/2021\/07\/133-Mannschaftsfoto-2012.jpg\" alt=\"\" class=\"wp-image-1254\" width=\"653\" height=\"370\" srcset=\"https:\/\/www.tsv-holzerode.de\/wp-content\/uploads\/2021\/07\/133-Mannschaftsfoto-2012.jpg 653w, https:\/\/www.tsv-holzerode.de\/wp-content\/uploads\/2021\/07\/133-Mannschaftsfoto-2012-300x170.jpg 300w\" sizes=\"auto, (max-width: 653px) 100vw, 653px\" \/><\/a><figcaption>Mannschaftsfoto Saison 2011\/2012 auf dem Holzer\u00f6der Sportplatz<\/figcaption><\/figure>\n\n\n\n<p>Die afrikanischen Spieler wurden bald ein fester Bestandteil der Holzer\u00f6der Spielgemeinschaft und die Mannschaft fand wieder viel Zustimmung im Verein und im Dorf. Dies war gelebte Integration \u00fcber den Sport, weil es eine Entwicklung mit gegenseitigem Gewinn war \u2013 f\u00fcr den Verein ein sportlicher Zugewinn und f\u00fcr die Studierenden aus Afrika, die M\u00f6glichkeit in ihrem Gastland nicht nur ihrem geliebten Fu\u00dfballspiel nachgehen zu k\u00f6nnen, sondern zugleich auch Teil der sozialen Gemeinschaft des Vereins und des ganzen Ortes zu werden. Dies wurde inzwischen auch vom \u201eNieders\u00e4chsischen Fu\u00dfballverband\u201c (NFV)&nbsp; anerkannt und ausgezeichnet. Beim Kreisfu\u00dfballtag 2012 wurde dem TSV Holzerode durch den Pr\u00e4sidenten des NFV, Karl Rothermund, in Anwesenheit des G\u00f6ttinger Landrates Bernhard Reuter der \u201eIntegrationspreis\u201c f\u00fcr besondere Leistungen bei der Integration ausl\u00e4ndischer Mitb\u00fcrger verliehen. Dies erzeugte nat\u00fcrlich auch einige \u00f6ffentliche Aufmerksamkeit, sodass angesichts des auch immer erfolgreicheren Teams das \u201eG\u00f6ttinger Tageblatt\u201c am 15. M\u00e4rz 2013 mit einem gro\u00dfen Bericht \u00fcber das f\u00fcr ein Dorfleben au\u00dfergew\u00f6hnliche \u201eIntegrationsgeschehen\u201c berichtete.<\/p>\n\n\n\n<div class=\"wp-block-columns is-layout-flex wp-container-core-columns-is-layout-9d6595d7 wp-block-columns-is-layout-flex\">\n<div class=\"wp-block-column is-layout-flow wp-block-column-is-layout-flow\">\n<figure class=\"wp-block-image size-large\"><a href=\"https:\/\/www.tsv-holzerode.de\/wp-content\/uploads\/2021\/07\/134-15-Afrikaner-GT-Bericht.png\" target=\"_blank\" rel=\"noopener\"><img loading=\"lazy\" decoding=\"async\" width=\"565\" height=\"521\" src=\"https:\/\/www.tsv-holzerode.de\/wp-content\/uploads\/2021\/07\/134-15-Afrikaner-GT-Bericht.png\" alt=\"\" class=\"wp-image-1255\" srcset=\"https:\/\/www.tsv-holzerode.de\/wp-content\/uploads\/2021\/07\/134-15-Afrikaner-GT-Bericht.png 565w, https:\/\/www.tsv-holzerode.de\/wp-content\/uploads\/2021\/07\/134-15-Afrikaner-GT-Bericht-300x277.png 300w\" sizes=\"auto, (max-width: 565px) 100vw, 565px\" \/><\/a><\/figure>\n<\/div>\n\n\n\n<div class=\"wp-block-column is-layout-flow wp-block-column-is-layout-flow\">\n<p>Zum Ende der Saison 2012\/2013 konnte zwar die Meisterschaft noch nicht errungen werden, aber man kam in der Pokalrunde der 2. Kreisklasse ins Endspiel. Mit gro\u00dfen Hoffnungen und Fanunterst\u00fctzung fuhr man im Juni 2013 zum Endspielort Imbsen, wo allerdings ungl\u00fccklich im Elfmeterschie\u00dfen gegen den SV Sattenhausen verloren wurde. Trotzdem war es ein erster gro\u00dfer Erfolg f\u00fcr diese wahrlich \u201aau\u00dfergew\u00f6hnlich\u2018 zusammengesetzte Mannschaft mit Spielern aus so unterschiedlichen Kulturkreisen und sehr verschiedenartigen Mentalit\u00e4ten.<\/p>\n<\/div>\n<\/div>\n\n\n\n<figure class=\"wp-block-image size-large\"><a href=\"https:\/\/www.tsv-holzerode.de\/wp-content\/uploads\/2021\/07\/135-Pokalfinale-Imbsen-2012-scaled.jpg\" target=\"_blank\" rel=\"noopener\"><img loading=\"lazy\" decoding=\"async\" width=\"1024\" height=\"451\" src=\"https:\/\/www.tsv-holzerode.de\/wp-content\/uploads\/2021\/07\/135-Pokalfinale-Imbsen-2012-1024x451.jpg\" alt=\"\" class=\"wp-image-1256\" srcset=\"https:\/\/www.tsv-holzerode.de\/wp-content\/uploads\/2021\/07\/135-Pokalfinale-Imbsen-2012-1024x451.jpg 1024w, https:\/\/www.tsv-holzerode.de\/wp-content\/uploads\/2021\/07\/135-Pokalfinale-Imbsen-2012-300x132.jpg 300w, https:\/\/www.tsv-holzerode.de\/wp-content\/uploads\/2021\/07\/135-Pokalfinale-Imbsen-2012-768x338.jpg 768w, https:\/\/www.tsv-holzerode.de\/wp-content\/uploads\/2021\/07\/135-Pokalfinale-Imbsen-2012-1536x676.jpg 1536w, https:\/\/www.tsv-holzerode.de\/wp-content\/uploads\/2021\/07\/135-Pokalfinale-Imbsen-2012-2048x901.jpg 2048w\" sizes=\"auto, (max-width: 767px) 89vw, (max-width: 1000px) 54vw, (max-width: 1071px) 543px, 580px\" \/><\/a><figcaption>Die Pokalfinalisten in Imbsen 2012<br><strong>stehend v.l.n.r.:<\/strong>Henning Henning Jurgeleit, Tim Lechte, Pr\u00e4sident und Fachwart Lothar Becker, Stephan Tchana,<br>Florian Lechte, Landry Kan, Sponsor und Betreuer Wolfgang Hartmann, Mike Thiele, Manuel Linnemann, Lukas<br>Gr\u00fcnewald, Idriss Moffo Tidonzong, Christien Petcha, Julian Hartmann, Christoph Breckerbohm, Boris Divkovic,<br>Jan Gundelach, Jan-Philipp Vakalopoulos, Betreuer und Linienrichter Gerd Daberkow; <br><strong>vorn hockend von links nach rechts:<\/strong> Alexander Thiele, Johannes Diedrich, Jan B\u00e4hrens und Kokou Etse.<\/figcaption><\/figure>\n\n\n\n<div class=\"wp-block-columns is-layout-flex wp-container-core-columns-is-layout-9d6595d7 wp-block-columns-is-layout-flex\">\n<div class=\"wp-block-column is-layout-flow wp-block-column-is-layout-flow\">\n<figure class=\"wp-block-image size-large\"><a href=\"https:\/\/www.tsv-holzerode.de\/wp-content\/uploads\/2021\/07\/136-Fans-im-Bus-2012-scaled.jpg\" target=\"_blank\" rel=\"noopener\"><img loading=\"lazy\" decoding=\"async\" width=\"1024\" height=\"596\" src=\"https:\/\/www.tsv-holzerode.de\/wp-content\/uploads\/2021\/07\/136-Fans-im-Bus-2012-1024x596.jpg\" alt=\"\" class=\"wp-image-1257\" srcset=\"https:\/\/www.tsv-holzerode.de\/wp-content\/uploads\/2021\/07\/136-Fans-im-Bus-2012-1024x596.jpg 1024w, https:\/\/www.tsv-holzerode.de\/wp-content\/uploads\/2021\/07\/136-Fans-im-Bus-2012-300x175.jpg 300w, https:\/\/www.tsv-holzerode.de\/wp-content\/uploads\/2021\/07\/136-Fans-im-Bus-2012-768x447.jpg 768w, https:\/\/www.tsv-holzerode.de\/wp-content\/uploads\/2021\/07\/136-Fans-im-Bus-2012-1536x895.jpg 1536w, https:\/\/www.tsv-holzerode.de\/wp-content\/uploads\/2021\/07\/136-Fans-im-Bus-2012-2048x1193.jpg 2048w\" sizes=\"auto, (max-width: 767px) 89vw, (max-width: 1000px) 54vw, (max-width: 1071px) 543px, 580px\" \/><\/a><figcaption>im Holzer\u00f6der Fan-Bus auf der Fahrt nach Imbsen<\/figcaption><\/figure>\n<\/div>\n\n\n\n<div class=\"wp-block-column is-layout-flow wp-block-column-is-layout-flow\">\n<figure class=\"wp-block-image size-large\"><a href=\"https:\/\/www.tsv-holzerode.de\/wp-content\/uploads\/2021\/07\/137-3-Altinternationale-scaled.jpg\" target=\"_blank\" rel=\"noopener\"><img loading=\"lazy\" decoding=\"async\" width=\"1024\" height=\"773\" src=\"https:\/\/www.tsv-holzerode.de\/wp-content\/uploads\/2021\/07\/137-3-Altinternationale-1024x773.jpg\" alt=\"\" class=\"wp-image-1258\" srcset=\"https:\/\/www.tsv-holzerode.de\/wp-content\/uploads\/2021\/07\/137-3-Altinternationale-1024x773.jpg 1024w, https:\/\/www.tsv-holzerode.de\/wp-content\/uploads\/2021\/07\/137-3-Altinternationale-300x227.jpg 300w, https:\/\/www.tsv-holzerode.de\/wp-content\/uploads\/2021\/07\/137-3-Altinternationale-768x580.jpg 768w, https:\/\/www.tsv-holzerode.de\/wp-content\/uploads\/2021\/07\/137-3-Altinternationale-1536x1160.jpg 1536w, https:\/\/www.tsv-holzerode.de\/wp-content\/uploads\/2021\/07\/137-3-Altinternationale-2048x1546.jpg 2048w\" sizes=\"auto, (max-width: 767px) 89vw, (max-width: 1000px) 54vw, (max-width: 1071px) 543px, 580px\" \/><\/a><figcaption>die drei Holzer\u00f6der \u201aAltinternationalen\u2018 der 1960er<br>Jahre Horst Adam, Siegfried Daberkow und Wolfgang Buss<\/figcaption><\/figure>\n<\/div>\n<\/div>\n\n\n\n<figure class=\"wp-block-image size-large\"><a href=\"https:\/\/www.tsv-holzerode.de\/wp-content\/uploads\/2021\/07\/138-Fans-und-Spieler-auf-dem-PLatz-2012-scaled.jpg\" target=\"_blank\" rel=\"noopener\"><img loading=\"lazy\" decoding=\"async\" width=\"1024\" height=\"585\" src=\"https:\/\/www.tsv-holzerode.de\/wp-content\/uploads\/2021\/07\/138-Fans-und-Spieler-auf-dem-PLatz-2012-1024x585.jpg\" alt=\"\" class=\"wp-image-1259\" srcset=\"https:\/\/www.tsv-holzerode.de\/wp-content\/uploads\/2021\/07\/138-Fans-und-Spieler-auf-dem-PLatz-2012-1024x585.jpg 1024w, https:\/\/www.tsv-holzerode.de\/wp-content\/uploads\/2021\/07\/138-Fans-und-Spieler-auf-dem-PLatz-2012-300x171.jpg 300w, https:\/\/www.tsv-holzerode.de\/wp-content\/uploads\/2021\/07\/138-Fans-und-Spieler-auf-dem-PLatz-2012-768x439.jpg 768w, https:\/\/www.tsv-holzerode.de\/wp-content\/uploads\/2021\/07\/138-Fans-und-Spieler-auf-dem-PLatz-2012-1536x877.jpg 1536w, https:\/\/www.tsv-holzerode.de\/wp-content\/uploads\/2021\/07\/138-Fans-und-Spieler-auf-dem-PLatz-2012-2048x1170.jpg 2048w\" sizes=\"auto, (max-width: 767px) 89vw, (max-width: 1000px) 54vw, (max-width: 1071px) 543px, 580px\" \/><\/a><figcaption>nach dem Finale in Imbsen 2013<\/figcaption><\/figure>\n\n\n\n<h2 class=\"wp-block-heading\">Der TSV hatte aber noch viel mehr als Fu\u00dfball zu bieten<\/h2>\n\n\n\n<p>Wenn auch das Fu\u00dfballgeschehen in dieser Zeit das Vereinsleben \u00fcberdurchschnittlich pr\u00e4gte, so waren die besonderen Aktivit\u00e4ten des Vorstandes f\u00fcr die Gesamtentwicklung des Vereins nicht von minderer Bedeutung. Hierbei spielte die gute Kommunikation mit dem Kreissportbund G\u00f6ttingen eine gro\u00dfe Rolle. Der 1. Vorsitzende Lothar Becker war mit seinem beruflichen Fachwissen als Jurist regelm\u00e4\u00dfig Referent bei Fortbildungsveranstaltungen des KSB und der Verein war auch nicht selten Gastgeber f\u00fcr solche \u00fcber\u00f6rtlichen Fortbildungsveranstaltungen wie z.B. das sog. \u201aFrauenforum\u2018 mit dem Schwerpunkt Gesundheitssport f\u00fcr Frauen 2013.<\/p>\n\n\n\n<div class=\"wp-block-columns is-layout-flex wp-container-core-columns-is-layout-9d6595d7 wp-block-columns-is-layout-flex\">\n<div class=\"wp-block-column is-layout-flow wp-block-column-is-layout-flow\">\n<figure class=\"wp-block-image size-large\"><a href=\"https:\/\/www.tsv-holzerode.de\/wp-content\/uploads\/2021\/07\/139-Frauenforum-Holzerode-2013-I.jpg\" target=\"_blank\" rel=\"noopener\"><img loading=\"lazy\" decoding=\"async\" width=\"1024\" height=\"517\" src=\"https:\/\/www.tsv-holzerode.de\/wp-content\/uploads\/2021\/07\/139-Frauenforum-Holzerode-2013-I-1024x517.jpg\" alt=\"\" class=\"wp-image-1261\" srcset=\"https:\/\/www.tsv-holzerode.de\/wp-content\/uploads\/2021\/07\/139-Frauenforum-Holzerode-2013-I-1024x517.jpg 1024w, https:\/\/www.tsv-holzerode.de\/wp-content\/uploads\/2021\/07\/139-Frauenforum-Holzerode-2013-I-300x152.jpg 300w, https:\/\/www.tsv-holzerode.de\/wp-content\/uploads\/2021\/07\/139-Frauenforum-Holzerode-2013-I-768x388.jpg 768w, https:\/\/www.tsv-holzerode.de\/wp-content\/uploads\/2021\/07\/139-Frauenforum-Holzerode-2013-I-1536x776.jpg 1536w, https:\/\/www.tsv-holzerode.de\/wp-content\/uploads\/2021\/07\/139-Frauenforum-Holzerode-2013-I-2048x1035.jpg 2048w\" sizes=\"auto, (max-width: 767px) 89vw, (max-width: 1000px) 54vw, (max-width: 1071px) 543px, 580px\" \/><\/a><\/figure>\n\n\n\n<p><\/p>\n<\/div>\n\n\n\n<div class=\"wp-block-column is-layout-flow wp-block-column-is-layout-flow\">\n<figure class=\"wp-block-image size-large\"><a href=\"https:\/\/www.tsv-holzerode.de\/wp-content\/uploads\/2021\/07\/140-Frauenforum-2013-II.jpg\" target=\"_blank\" rel=\"noopener\"><img loading=\"lazy\" decoding=\"async\" width=\"1024\" height=\"576\" src=\"https:\/\/www.tsv-holzerode.de\/wp-content\/uploads\/2021\/07\/140-Frauenforum-2013-II-1024x576.jpg\" alt=\"\" class=\"wp-image-1262\" srcset=\"https:\/\/www.tsv-holzerode.de\/wp-content\/uploads\/2021\/07\/140-Frauenforum-2013-II-1024x576.jpg 1024w, https:\/\/www.tsv-holzerode.de\/wp-content\/uploads\/2021\/07\/140-Frauenforum-2013-II-300x169.jpg 300w, https:\/\/www.tsv-holzerode.de\/wp-content\/uploads\/2021\/07\/140-Frauenforum-2013-II-768x432.jpg 768w, https:\/\/www.tsv-holzerode.de\/wp-content\/uploads\/2021\/07\/140-Frauenforum-2013-II-1536x864.jpg 1536w, https:\/\/www.tsv-holzerode.de\/wp-content\/uploads\/2021\/07\/140-Frauenforum-2013-II-2048x1152.jpg 2048w\" sizes=\"auto, (max-width: 767px) 89vw, (max-width: 1000px) 54vw, (max-width: 1071px) 543px, 580px\" \/><\/a><figcaption>Frauenforum des KSB 2013 in der Holzer\u00f6der MZH<\/figcaption><\/figure>\n<\/div>\n<\/div>\n\n\n\n<p>Selbstverst\u00e4ndlich beteiligte man sich auch an solch herausragenden Ereignissen wie dem <strong>\u201eTag der Niedersachsen\u201c am 14.Juli 2012 in Duderstadt, wo auf der B\u00fchne des \u201eLandesportbundes Niedersachsen\u201c Heike Adam mit ihrer Jazzdancegruppe die hohe (Jazz)Tanzkultur im TSV pr\u00e4sentierte.<\/strong> Ein H\u00f6hepunkt im Veranstaltungsreigen dieser Jahre war aber die Gastgeberschaft f\u00fcr die vom KSB initiierte und organisierte j\u00e4hrliche Aktion \u201cWandern mit Andern\u201c am 18. September 2011 rund um Holzerode. 270 Wanderinnen und Wanderer aus den Vereinen des gesamten Kreisgebietes nahmen daran teil und lobten uneingeschr\u00e4nkt die bestens vorbereitete Wanderung, die sch\u00f6nen Sportst\u00e4tten, aber vor allem auch die tolle&nbsp; Holzer\u00f6der \u201aWanderlandschaft\u2018. &nbsp;&nbsp;&nbsp; In diese Zeit fiel auch eine wichtige Entscheidung f\u00fcr die Fortentwicklung nicht nur der Vereinsarbeit, sondern auch f\u00fcr das gesamte kulturelle Angebot im Dorf. Die zentrale Sport- und Begegnungsst\u00e4tte des Ortes, die Mehrzweckhalle, musste saniert werden. Voraussetzung f\u00fcr die Zuweisung entsprechender F\u00f6rdermittel des Landessportbundes an den Verein war dessen Eigent\u00fcmerschaft, zumindest aber die \u00dcbertragung der Nutzungsrechte auf den Verein durch einen <strong>l\u00e4ngerfristigen Pachtvertrag zwischen der Gemeinde Eberg\u00f6tzen und dem TSV<\/strong>. <strong>Dieser Pachtvertrag wurde am 15. Oktober 2012 f\u00fcr 15 Jahre abgeschlossen und es konnten F\u00f6rdermittel in H\u00f6he von 167.000 \u20ac eingeworben werden. <\/strong>Seitdem ist der TSV alleiniger P\u00e4chter der MZH, muss diese jedoch auch anderen Kulturtr\u00e4gern \u2013 wie bisher \u2013 zur Verf\u00fcgung stellen. Mit den Landes- und Gemeindezusch\u00fcssen konnte dann die Sanierung der Halle in Angriff genommen werden, wobei die Errichtung einer v\u00f6llig neuen Dachkonstruktion der gr\u00f6\u00dfte Einzelposten war; daneben wurde auch die K\u00fcche auf Kosten der Gemeinde Eberg\u00f6tzen vollst\u00e4ndig renoviert. Dies alles waren komplizierte Vorg\u00e4nge und Abl\u00e4ufe, die aber im Zusammenspiel mit der Gemeinde Eberg\u00f6tzen vom Vorstand bestens gel\u00f6st wurden. Nicht nur f\u00fcr diese exzellente Vorstandsarbeit, sondern auch f\u00fcr seine vielf\u00e4ltigen anderen Funktionen im Verein seit Mitte der 1990er Jahre wurde Lothar Becker in diesem Jahr auch als \u201eStiller Star des Sports\u201c durch den Kreissportbund geehrt, die gleiche Ehrung erhielt auch Marie Kasper f\u00fcr ein besonderes Engagement im Jugendbereich; damit wurden Jugendliche ausgezeichnet, um sie weiterhin f\u00fcr die Vereinsarbeit zu motivieren. Geehrt wurden in diesen Jahren auch immer mehr Mitglieder, die dem Verein inzwischen schon mehr als einige Jahrzehnte angeh\u00f6rten, in einzelnen F\u00e4llen auch schon 50&nbsp; und 60 Jahre.<\/p>\n\n\n\n<figure class=\"wp-block-image size-large\"><a href=\"https:\/\/www.tsv-holzerode.de\/wp-content\/uploads\/2021\/07\/141-Ehrungen-Vereinsmitglieder--scaled.jpg\" target=\"_blank\" rel=\"noopener\"><img loading=\"lazy\" decoding=\"async\" width=\"1024\" height=\"697\" src=\"https:\/\/www.tsv-holzerode.de\/wp-content\/uploads\/2021\/07\/141-Ehrungen-Vereinsmitglieder--1024x697.jpg\" alt=\"\" class=\"wp-image-1264\" srcset=\"https:\/\/www.tsv-holzerode.de\/wp-content\/uploads\/2021\/07\/141-Ehrungen-Vereinsmitglieder--1024x697.jpg 1024w, https:\/\/www.tsv-holzerode.de\/wp-content\/uploads\/2021\/07\/141-Ehrungen-Vereinsmitglieder--300x204.jpg 300w, https:\/\/www.tsv-holzerode.de\/wp-content\/uploads\/2021\/07\/141-Ehrungen-Vereinsmitglieder--768x523.jpg 768w, https:\/\/www.tsv-holzerode.de\/wp-content\/uploads\/2021\/07\/141-Ehrungen-Vereinsmitglieder--1536x1046.jpg 1536w, https:\/\/www.tsv-holzerode.de\/wp-content\/uploads\/2021\/07\/141-Ehrungen-Vereinsmitglieder--2048x1395.jpg 2048w\" sizes=\"auto, (max-width: 767px) 89vw, (max-width: 1000px) 54vw, (max-width: 1071px) 543px, 580px\" \/><\/a><figcaption>Ehrung langj\u00e4hriger Vereinsmitglieder 2014<br><strong>hintere Reihe v.l.n.r.:<\/strong> Lothar Becker (1. Vors.), Holger B\u00e4hrens, Wolfgang Buss (60 Jahre), Heinz Kasper (50<br>Jahre), Wolfgang Hartmann, Jan B\u00e4hrens und Gerhard Str\u00fcber;<br><strong>vordere Reihe v.l.n.r.:<\/strong> Wolfgang Mann, Hilde Dankenbrink, Gitta D\u00f6ring, Ursula Kerll, Uwe Behmke, Daniela Scharff (2. Vors.) und Gerhard Str\u00fcber<\/figcaption><\/figure>\n\n\n\n<p>Und damit die Qualit\u00e4t des Sportangebots im Verein auch stets auf gutem Niveau gesichert werden konnte, wurden auch weiterhin regelm\u00e4\u00dfig die Fortbildungen des KSB und der Sportfachverb\u00e4nde von Holzer\u00f6der \u00dcbungsleitern besucht und erfolgreich abgeschlossen; in diesem Jahr erwarb Heike Adam zus\u00e4tzlich die Ausbildungslizenz f\u00fcr Yoga und Jan B\u00e4hrens als Fu\u00dfballtrainer.<\/p>\n\n\n\n<p><strong><em>Ein langj\u00e4hrige Engagement im Gleichschritt f\u00fcr den Verein \u2013 Eveline und Wolfgang Hartmann<\/em><\/strong><\/p>\n\n\n\n<p>Ein besonderes Engagement auf diesem Gebiet zeigten Eveline und Wolfgang Hartmann. Sie schlossen im November 2012 ihre \u00fcber einen l\u00e4ngeren Zeitraum andauernde und aufw\u00e4ndige Ausbildung zu \u00dcbungsleitern im Breitensport mit dem abschlie\u00dfenden Erwerb der entsprechenden Lizenz ab. Damit verbunden war das nun erfolgende Angebot von ihnen im Bereich z.B. der Grundlagenausbildung \u00fcber leichtathletische Disziplinen, aber auch von nun ab die Abnahme von Sportabzeichenpr\u00fcfungen \u201avor Ort\u2018 im TSV. F\u00fcr &nbsp;Eveline war es jetzt schon das 31. Jahr ihrer Aktivit\u00e4ten im und f\u00fcr den Sport, nachdem sie 1971 als Schriftf\u00fchrerin im Vorstand angefangen und dieses Amt bis 1993 innehatte, zugleich aktives Mitglied der besonders erfolgreichen Jazzdancegruppe war und 1996 zus\u00e4tzlich noch mit 43 Jahren wettkampfm\u00e4\u00dfig in den Langlaufsport einstieg. Seitdem war und ist sie ein Aush\u00e4ngeschild f\u00fcr den TSV Holzerode, da sie regelm\u00e4\u00dfig j\u00e4hrlich zahlreiche Siege und Bestplatzierungen bei den Laufevents in ganz S\u00fcdniedernachsen in ihrer Altersklasse erringen konnte.<\/p>\n\n\n\n<div class=\"wp-block-columns is-layout-flex wp-container-core-columns-is-layout-9d6595d7 wp-block-columns-is-layout-flex\">\n<div class=\"wp-block-column is-layout-flow wp-block-column-is-layout-flow\">\n<figure class=\"wp-block-image size-large is-resized\"><a href=\"https:\/\/www.tsv-holzerode.de\/wp-content\/uploads\/2021\/07\/142-Altstadtlauf-Evi-Hartmann.jpg\" target=\"_blank\" rel=\"noopener\"><img loading=\"lazy\" decoding=\"async\" src=\"https:\/\/www.tsv-holzerode.de\/wp-content\/uploads\/2021\/07\/142-Altstadtlauf-Evi-Hartmann.jpg\" alt=\"\" class=\"wp-image-1265\" width=\"221\" height=\"148\" srcset=\"https:\/\/www.tsv-holzerode.de\/wp-content\/uploads\/2021\/07\/142-Altstadtlauf-Evi-Hartmann.jpg 452w, https:\/\/www.tsv-holzerode.de\/wp-content\/uploads\/2021\/07\/142-Altstadtlauf-Evi-Hartmann-300x202.jpg 300w\" sizes=\"auto, (max-width: 221px) 100vw, 221px\" \/><\/a><\/figure>\n<\/div>\n\n\n\n<div class=\"wp-block-column is-layout-flow wp-block-column-is-layout-flow\">\n<figure class=\"wp-block-image size-large\"><a href=\"https:\/\/www.tsv-holzerode.de\/wp-content\/uploads\/2021\/07\/143-Urkunde-LaufenEvi-Hartmann.jpg\" target=\"_blank\" rel=\"noopener\"><img loading=\"lazy\" decoding=\"async\" width=\"714\" height=\"1024\" src=\"https:\/\/www.tsv-holzerode.de\/wp-content\/uploads\/2021\/07\/143-Urkunde-LaufenEvi-Hartmann-714x1024.jpg\" alt=\"\" class=\"wp-image-1266\" srcset=\"https:\/\/www.tsv-holzerode.de\/wp-content\/uploads\/2021\/07\/143-Urkunde-LaufenEvi-Hartmann-714x1024.jpg 714w, https:\/\/www.tsv-holzerode.de\/wp-content\/uploads\/2021\/07\/143-Urkunde-LaufenEvi-Hartmann-209x300.jpg 209w, https:\/\/www.tsv-holzerode.de\/wp-content\/uploads\/2021\/07\/143-Urkunde-LaufenEvi-Hartmann-768x1101.jpg 768w, https:\/\/www.tsv-holzerode.de\/wp-content\/uploads\/2021\/07\/143-Urkunde-LaufenEvi-Hartmann.jpg 787w\" sizes=\"auto, (max-width: 714px) 100vw, 714px\" \/><\/a><figcaption>Eveline beim Altstadtlauf G\u00f6ttingen, den sie in ihrer Altersklasse auch gewinnen konnte (letztlich 2018), und als mehrfache Siegerin im \u201eS\u00fcdniedersachsen Cup\u201c, wie hier auf der Urkunde f\u00fcr das Jahr 2014 ausgewiesen<\/figcaption><\/figure>\n\n\n\n<p><\/p>\n<\/div>\n\n\n\n<div class=\"wp-block-column is-layout-flow wp-block-column-is-layout-flow\">\n<figure class=\"wp-block-image size-large\"><a href=\"https:\/\/www.tsv-holzerode.de\/wp-content\/uploads\/2021\/07\/144-Evi-Hartmann-als-Wettkaempeferin.jpg\" target=\"_blank\" rel=\"noopener\"><img loading=\"lazy\" decoding=\"async\" width=\"341\" height=\"518\" src=\"https:\/\/www.tsv-holzerode.de\/wp-content\/uploads\/2021\/07\/144-Evi-Hartmann-als-Wettkaempeferin.jpg\" alt=\"\" class=\"wp-image-1267\" srcset=\"https:\/\/www.tsv-holzerode.de\/wp-content\/uploads\/2021\/07\/144-Evi-Hartmann-als-Wettkaempeferin.jpg 341w, https:\/\/www.tsv-holzerode.de\/wp-content\/uploads\/2021\/07\/144-Evi-Hartmann-als-Wettkaempeferin-197x300.jpg 197w\" sizes=\"auto, (max-width: 341px) 100vw, 341px\" \/><\/a><\/figure>\n<\/div>\n<\/div>\n\n\n\n<p>Aber auch f\u00fcr Wolfgang war der kontinuierliche Einsatz nach der aktiven Zeit als Spieler der 1. Herrenmannschaft in den 1970er Jahren und dann in der Altherrenmannschaft eine quasi Selbstverpflichtung. Er betreute und trainierte Jugendmannschaften, war \u201aTeammanager\u2018 der<\/p>\n\n\n\n<div class=\"wp-block-columns is-layout-flex wp-container-core-columns-is-layout-9d6595d7 wp-block-columns-is-layout-flex\">\n<div class=\"wp-block-column is-layout-flow wp-block-column-is-layout-flow\">\n<figure class=\"wp-block-image size-large\"><a href=\"https:\/\/www.tsv-holzerode.de\/wp-content\/uploads\/2021\/07\/145-Evi-Hartmann-als-Laeuferin.jpg\" target=\"_blank\" rel=\"noopener\"><img loading=\"lazy\" decoding=\"async\" width=\"663\" height=\"1024\" src=\"https:\/\/www.tsv-holzerode.de\/wp-content\/uploads\/2021\/07\/145-Evi-Hartmann-als-Laeuferin-663x1024.jpg\" alt=\"\" class=\"wp-image-1268\" srcset=\"https:\/\/www.tsv-holzerode.de\/wp-content\/uploads\/2021\/07\/145-Evi-Hartmann-als-Laeuferin-663x1024.jpg 663w, https:\/\/www.tsv-holzerode.de\/wp-content\/uploads\/2021\/07\/145-Evi-Hartmann-als-Laeuferin-194x300.jpg 194w, https:\/\/www.tsv-holzerode.de\/wp-content\/uploads\/2021\/07\/145-Evi-Hartmann-als-Laeuferin-768x1187.jpg 768w, https:\/\/www.tsv-holzerode.de\/wp-content\/uploads\/2021\/07\/145-Evi-Hartmann-als-Laeuferin.jpg 891w\" sizes=\"auto, (max-width: 663px) 100vw, 663px\" \/><\/a><figcaption>Evi beim Strassenlauf<\/figcaption><\/figure>\n<\/div>\n\n\n\n<div class=\"wp-block-column is-layout-flow wp-block-column-is-layout-flow\">\n<figure class=\"wp-block-image size-large is-resized\"><a href=\"https:\/\/www.tsv-holzerode.de\/wp-content\/uploads\/2021\/07\/146-Wolfgang-Hartmann-als-Laeufer.jpg\" target=\"_blank\" rel=\"noopener\"><img loading=\"lazy\" decoding=\"async\" src=\"https:\/\/www.tsv-holzerode.de\/wp-content\/uploads\/2021\/07\/146-Wolfgang-Hartmann-als-Laeufer-768x1024.jpg\" alt=\"\" class=\"wp-image-1269\" width=\"370\" height=\"493\" srcset=\"https:\/\/www.tsv-holzerode.de\/wp-content\/uploads\/2021\/07\/146-Wolfgang-Hartmann-als-Laeufer-768x1024.jpg 768w, https:\/\/www.tsv-holzerode.de\/wp-content\/uploads\/2021\/07\/146-Wolfgang-Hartmann-als-Laeufer-225x300.jpg 225w, https:\/\/www.tsv-holzerode.de\/wp-content\/uploads\/2021\/07\/146-Wolfgang-Hartmann-als-Laeufer-1152x1536.jpg 1152w, https:\/\/www.tsv-holzerode.de\/wp-content\/uploads\/2021\/07\/146-Wolfgang-Hartmann-als-Laeufer.jpg 1536w\" sizes=\"auto, (max-width: 370px) 100vw, 370px\" \/><\/a><figcaption>und Wolfgang als\u2019Mitl\u00e4ufer\u2018<\/figcaption><\/figure>\n<\/div>\n<\/div>\n\n\n\n<p>Altherrentruppe, dann Mannschaftsbetreuer seit Beginn der 2000er Jahre und schlie\u00dflich von Anfang 2014 bis 2017 auch Trainer der 1.Herrenmannschaft. Dann coachte und begleitete er auch Eveline bei ihren L\u00e4ufen (war auch manchmal Mitl\u00e4ufer) und seit 2014 auch verantwortlich f\u00fcr die Ausbildung und Pr\u00fcfungen zum Erwerb des Sportabzeichens; schlie\u00dflich war und ist er aktuell auch noch als Sozialwart des Vereins t\u00e4tig. Letztlich k\u00fcmmerten sich Eveline und Wolfgang auch in besonderem Ma\u00dfe um die Vereinsfreundschaft mit Westerwalsede \u2013 <strong>nie hatte der TSV \u00fcber solch einen langen Zeitraum ein so erfolgreiches und engagiertes Ehepaar in seinen Reihen.<\/strong><\/p>\n\n\n\n<p>Und inzwischen haben auch schon eine Reihe von Mitgliedern im Laufe der Jahre hier im Verein ihre Sportabzeichenpr\u00fcfungen absolviert und durch Evi und Wolfgang ihre Urkunden erhalten.<\/p>\n\n\n\n<div class=\"wp-block-columns is-layout-flex wp-container-core-columns-is-layout-9d6595d7 wp-block-columns-is-layout-flex\">\n<div class=\"wp-block-column is-layout-flow wp-block-column-is-layout-flow\">\n<figure class=\"wp-block-image size-large\"><a href=\"https:\/\/www.tsv-holzerode.de\/wp-content\/uploads\/2021\/07\/147-Sportabzeichengirls-.jpg\" target=\"_blank\" rel=\"noopener\"><img loading=\"lazy\" decoding=\"async\" width=\"411\" height=\"295\" src=\"https:\/\/www.tsv-holzerode.de\/wp-content\/uploads\/2021\/07\/147-Sportabzeichengirls-.jpg\" alt=\"\" class=\"wp-image-1270\" srcset=\"https:\/\/www.tsv-holzerode.de\/wp-content\/uploads\/2021\/07\/147-Sportabzeichengirls-.jpg 411w, https:\/\/www.tsv-holzerode.de\/wp-content\/uploads\/2021\/07\/147-Sportabzeichengirls--300x215.jpg 300w\" sizes=\"auto, (max-width: 411px) 100vw, 411px\" \/><\/a><figcaption>v.l.n.r.: Marion Engelhard, Lina M\u00f6llenkamp, Carola Grub und Lisa Wand<\/figcaption><\/figure>\n<\/div>\n\n\n\n<div class=\"wp-block-column is-layout-flow wp-block-column-is-layout-flow\">\n<figure class=\"wp-block-image size-large\"><a href=\"https:\/\/www.tsv-holzerode.de\/wp-content\/uploads\/2021\/07\/148-Uebergabe-Sportabzeichenurkunden-2016-1-scaled.jpg\" target=\"_blank\" rel=\"noopener\"><img loading=\"lazy\" decoding=\"async\" width=\"1024\" height=\"944\" src=\"https:\/\/www.tsv-holzerode.de\/wp-content\/uploads\/2021\/07\/148-Uebergabe-Sportabzeichenurkunden-2016-1-1024x944.jpg\" alt=\"\" class=\"wp-image-1271\" srcset=\"https:\/\/www.tsv-holzerode.de\/wp-content\/uploads\/2021\/07\/148-Uebergabe-Sportabzeichenurkunden-2016-1-1024x944.jpg 1024w, https:\/\/www.tsv-holzerode.de\/wp-content\/uploads\/2021\/07\/148-Uebergabe-Sportabzeichenurkunden-2016-1-300x277.jpg 300w, https:\/\/www.tsv-holzerode.de\/wp-content\/uploads\/2021\/07\/148-Uebergabe-Sportabzeichenurkunden-2016-1-768x708.jpg 768w, https:\/\/www.tsv-holzerode.de\/wp-content\/uploads\/2021\/07\/148-Uebergabe-Sportabzeichenurkunden-2016-1-1536x1416.jpg 1536w, https:\/\/www.tsv-holzerode.de\/wp-content\/uploads\/2021\/07\/148-Uebergabe-Sportabzeichenurkunden-2016-1-2048x1888.jpg 2048w\" sizes=\"auto, (max-width: 767px) 89vw, (max-width: 1000px) 54vw, (max-width: 1071px) 543px, 580px\" \/><\/a><figcaption>v.l.n.r.: Wolfgang Hartmann, Karin Jurgeleit, Timo Fr\u00f6lich, Niels Heilmann und Eveline Hartmann<\/figcaption><\/figure>\n<\/div>\n\n\n\n<div class=\"wp-block-column is-layout-flow wp-block-column-is-layout-flow\">\n<figure class=\"wp-block-image size-large\"><a href=\"https:\/\/www.tsv-holzerode.de\/wp-content\/uploads\/2021\/07\/149-2018-sportabzeichenvergabe.jpg\" target=\"_blank\" rel=\"noopener\"><img loading=\"lazy\" decoding=\"async\" width=\"492\" height=\"328\" src=\"https:\/\/www.tsv-holzerode.de\/wp-content\/uploads\/2021\/07\/149-2018-sportabzeichenvergabe.jpg\" alt=\"\" class=\"wp-image-1272\" srcset=\"https:\/\/www.tsv-holzerode.de\/wp-content\/uploads\/2021\/07\/149-2018-sportabzeichenvergabe.jpg 492w, https:\/\/www.tsv-holzerode.de\/wp-content\/uploads\/2021\/07\/149-2018-sportabzeichenvergabe-300x200.jpg 300w\" sizes=\"auto, (max-width: 492px) 100vw, 492px\" \/><\/a><figcaption>v.l.n.r:: Manuel Linnemann, Karin Jurgeleit (2018: 10stes \u201eGoldenes Sportabzeichen\u201c), Marion Engelhard, Bettina Heilmann, Carola Grub und Wolfgang Hartmann<\/figcaption><\/figure>\n<\/div>\n<\/div>\n\n\n\n<p>Mit dieser Breite an Aktivit\u00e4ten im Sportangebot war vor allem das winterliche Hallenangebot f\u00fcr den kleinen Ort Holzerode mehr als reichhaltig, zumal inzwischen auch noch Yoga- und Zumba-Kurse (jeweils mit z\u00fcnftigen \u201aZumba-Partys\u201c) dazu gekommen waren \u2013 beide bestens nachgefragt, sodass der Yoga-Kurs 2013 schon eine \u201a\u00dcberbelegung\u2018 melden musste. Diese Vielfalt schlug sich dann auch in den Jahresberichten der folgenden JHV 2014 nieder: 14 (!) Berichte von Abteilungsaktivit\u00e4ten und zus\u00e4tzlichen Sportangeboten wurden gehalten, allerdings bei einer gesunkenen Mitgliederzahl auf 282. Dies war ein Faktum, das noch nicht bedrohlich war, aber erstmalig auf kommende schwierige Entwicklungen f\u00fcr den TSV und generell f\u00fcr kleine und mittlere l\u00e4ndliche Vereine hinwies. Etwas \u00fcberaus Erfreuliches konnte bei dieser JHV aber von den Fu\u00dfballern vermeldet werden, denn zum Ende der Saison 2012\/2013 hatte die 1. Herrenmannschaft die Meisterschaft in ihrer Klasse errungen.<\/p>\n\n\n\n<p><strong><em>Endlich am Ziel \u2013 Meisterschaft und Aufstieg bei den Fu\u00dfballern<\/em><\/strong><\/p>\n\n\n\n<p>War der Saisonabschluss 2013 mit dem Erreichen des Pokalendspiels schon \u00fcberaus erfolgreich gewesen, so war das eigentliche Ziel, der Aufstieg in die 1. Kreisklasse G\u00f6ttingen, noch nicht erreicht; in dieser Spielklasse hatte man nur in den Jahren von 1975-1977 und kurzzeitig auch in den 1980er Jahren gespielt. Und dies sollte mit einer inzwischen \u00fcberaus \u201ainternationalen\u2018 Truppe endlich in der Saison 2013\/2014 gelingen. Jetzt spielten beim TSV nicht nur die seit nun schon etlichen Jahren zum Verein geh\u00f6renden afrikanischen Sportkameraden aus Kamerun und Togo, jetzt hatten sich auch einzelne Spieler aus Argentinien, Mexico, Kolumbien, Irak, Libyen oder Italien angemeldet, sodass der nun amtierende Trainer Wolfgang Hartmann (Jan B\u00e4hrens ging zur Saisonh\u00e4lfte Ende 2013 studienbedingt ins Ausland) teilweise bis zu 60 P\u00e4sse f\u00fcr spielberechtigte Fu\u00dfballer \u201aaus aller Herren L\u00e4nder\u2018 in den H\u00e4nden hielt. So hatte er eine gro\u00dfe Auswahl, aber auch die Schwierigkeit, die Truppe als Einheit zusammen zu halten. Dieses gelang ihm aber zun\u00e4chst ganz ausgezeichnet. In der Saison 2013\/2014 wurde die 1. Herrenmannschaft des TSV mit \u00fcberragenden 52 von 54 Punkten und dem Torverh\u00e4ltnis von 102: 6 (!!) Meister der 2. Kreisklasse und stieg auf.<\/p>\n\n\n\n<figure class=\"wp-block-image size-large\"><a href=\"https:\/\/www.tsv-holzerode.de\/wp-content\/uploads\/2021\/07\/150-Meistermannschaft-2014-scaled.jpg\" target=\"_blank\" rel=\"noopener\"><img loading=\"lazy\" decoding=\"async\" width=\"1024\" height=\"607\" src=\"https:\/\/www.tsv-holzerode.de\/wp-content\/uploads\/2021\/07\/150-Meistermannschaft-2014-1024x607.jpg\" alt=\"\" class=\"wp-image-1273\" srcset=\"https:\/\/www.tsv-holzerode.de\/wp-content\/uploads\/2021\/07\/150-Meistermannschaft-2014-1024x607.jpg 1024w, https:\/\/www.tsv-holzerode.de\/wp-content\/uploads\/2021\/07\/150-Meistermannschaft-2014-300x178.jpg 300w, https:\/\/www.tsv-holzerode.de\/wp-content\/uploads\/2021\/07\/150-Meistermannschaft-2014-768x456.jpg 768w, https:\/\/www.tsv-holzerode.de\/wp-content\/uploads\/2021\/07\/150-Meistermannschaft-2014-1536x911.jpg 1536w, https:\/\/www.tsv-holzerode.de\/wp-content\/uploads\/2021\/07\/150-Meistermannschaft-2014-2048x1215.jpg 2048w\" sizes=\"auto, (max-width: 767px) 89vw, (max-width: 1000px) 54vw, (max-width: 1071px) 543px, 580px\" \/><\/a><figcaption>Die Meistermannschaft mit Betreuer und Trainer im Juni 2014<br><strong>Stehend v.l.n.r.:<\/strong> Lothar Becker (TSV Vorsitzender, Fu\u00dfballfachwart und Betreuer), Idriss Moffo Tidonzong, Jan Gundlach, Julian Hartmann, Tim Hartmann, Landry Kan, Bryan Nfor Nyanga, Johannes Diedrich, Stephane Fotsing Wamba, Trainer Wolfgang Hartmann.<br><strong>Hockend:<\/strong> Pit M\u00fcller, Stephane Njeyon Tchana, Alexander Thiele, Mike Thiele, Augustin Djiedeu Tchatcheu. <strong>Liegend:<\/strong> Dennis Nickel. Fehlend auf diesem Bild: Jan B\u00e4hrens, Christoph Breckerbohm, Edmond DeMfouangoum, Boris Divkovic, Kokou Etse, Lukas Gr\u00fcnewald, Henning Jurgeleit, Florian Lechte, Tim Lechte, Manuel Linnemann, Navarro Njioda Ndangang, Christien Petcha, Jan-Philipp Vakalopoulos und Steven Vollbrecht.<\/figcaption><\/figure>\n\n\n\n<div class=\"wp-block-columns is-layout-flex wp-container-core-columns-is-layout-9d6595d7 wp-block-columns-is-layout-flex\">\n<div class=\"wp-block-column is-layout-flow wp-block-column-is-layout-flow\" style=\"flex-basis:33.33%\">\n<figure class=\"wp-block-image size-large\"><a href=\"https:\/\/www.tsv-holzerode.de\/wp-content\/uploads\/2021\/07\/151-Meisterehrung-Tim-Hartmann-scaled.jpg\" target=\"_blank\" rel=\"noopener\"><img loading=\"lazy\" decoding=\"async\" width=\"683\" height=\"1024\" src=\"https:\/\/www.tsv-holzerode.de\/wp-content\/uploads\/2021\/07\/151-Meisterehrung-Tim-Hartmann-683x1024.jpg\" alt=\"\" class=\"wp-image-1274\" srcset=\"https:\/\/www.tsv-holzerode.de\/wp-content\/uploads\/2021\/07\/151-Meisterehrung-Tim-Hartmann-683x1024.jpg 683w, https:\/\/www.tsv-holzerode.de\/wp-content\/uploads\/2021\/07\/151-Meisterehrung-Tim-Hartmann-200x300.jpg 200w, https:\/\/www.tsv-holzerode.de\/wp-content\/uploads\/2021\/07\/151-Meisterehrung-Tim-Hartmann-768x1152.jpg 768w, https:\/\/www.tsv-holzerode.de\/wp-content\/uploads\/2021\/07\/151-Meisterehrung-Tim-Hartmann-1024x1536.jpg 1024w, https:\/\/www.tsv-holzerode.de\/wp-content\/uploads\/2021\/07\/151-Meisterehrung-Tim-Hartmann-1365x2048.jpg 1365w, https:\/\/www.tsv-holzerode.de\/wp-content\/uploads\/2021\/07\/151-Meisterehrung-Tim-Hartmann-scaled.jpg 1707w\" sizes=\"auto, (max-width: 683px) 100vw, 683px\" \/><\/a><figcaption>Meisterehrung durch den Staffelleiter der 2. Kreisklasse des KFV\u2013 Mannschaftsf\u00fchrer Tim Hartmann erh\u00e4lt den \u201aMeisterball\u2018 <\/figcaption><\/figure>\n<\/div>\n\n\n\n<div class=\"wp-block-column is-layout-flow wp-block-column-is-layout-flow\" style=\"flex-basis:66.66%\">\n<p>\u00dcber die Spielkunst der Mannschaft in diesem Meisterjahr berichtete auch das \u201eG\u00f6ttinger Tageblatt\u201c am 02. Januar 2014: \u201eDer Tabellen &#8211; f\u00fchrer der 2. Kreisklasse (\u2026) begeisterte nicht nur den eigenen lautstarken Anhang, sondern auch die neutralen Zuschauer und viele Aktive der anderen Mannschaften mit Spa\u00dffu\u00dfball und technischen Kabinettst\u00fcckchen.Teilweise kam das Gef\u00fchl auf, beim Afrikacup zu sein, schmunzelte der Bovender Abteilungsleiter Wolfgang Hungerland\u201c. Und im Jahresbericht von Lothar Becker hie\u00df es: \u201eGefeiert wurde auch: Der Saisonabschluss, der Kameruner Kulturabend in Clausthal-Zellerfeld, war ein Genuss f\u00fcr Augen, Ohren und Gaumen\u201c. Bei der Weihnachtsfeier 2014 wurden dann noch 50 Liter Bier, der Gewinn vom Krombacher Pokal, \u201avernichtet\u2018.<\/p>\n<\/div>\n<\/div>\n\n\n\n<figure class=\"wp-block-image size-large\"><a href=\"https:\/\/www.tsv-holzerode.de\/wp-content\/uploads\/2021\/07\/152-Siegerfeier-mit-Fans-2014-scaled.jpg\" target=\"_blank\" rel=\"noopener\"><img loading=\"lazy\" decoding=\"async\" width=\"1024\" height=\"464\" src=\"https:\/\/www.tsv-holzerode.de\/wp-content\/uploads\/2021\/07\/152-Siegerfeier-mit-Fans-2014-1024x464.jpg\" alt=\"\" class=\"wp-image-1275\" srcset=\"https:\/\/www.tsv-holzerode.de\/wp-content\/uploads\/2021\/07\/152-Siegerfeier-mit-Fans-2014-1024x464.jpg 1024w, https:\/\/www.tsv-holzerode.de\/wp-content\/uploads\/2021\/07\/152-Siegerfeier-mit-Fans-2014-300x136.jpg 300w, https:\/\/www.tsv-holzerode.de\/wp-content\/uploads\/2021\/07\/152-Siegerfeier-mit-Fans-2014-768x348.jpg 768w, https:\/\/www.tsv-holzerode.de\/wp-content\/uploads\/2021\/07\/152-Siegerfeier-mit-Fans-2014-1536x696.jpg 1536w, https:\/\/www.tsv-holzerode.de\/wp-content\/uploads\/2021\/07\/152-Siegerfeier-mit-Fans-2014-2048x928.jpg 2048w\" sizes=\"auto, (max-width: 767px) 89vw, (max-width: 1000px) 54vw, (max-width: 1071px) 543px, 580px\" \/><\/a><figcaption>Die Siegerfeier im Juni 2014 mit den Freunden\/innen, Fans und Familienangeh\u00f6rigen<br><strong>Stehend v.l.n.r.:<\/strong> Martin Kunze; Dieter Daberkow, 1. Vorsitzender Lothar Becker, Landry Kann, Adjaga Njianjek, Mike Thiele, Jan Gundelach, Julian Hartmann, Yassin Bekkar, Pit M\u00fcller, Simon Kerll, Christien Petcha, Kapit\u00e4n Tim Hartmann, Trainer Wolfgang Hartmann, Jens Hartmann, Hansi Scharff, Andreas Behmke, Jens Vollbrecht, Uwe Behmke, Constant Amoga und Vanessa Carolle. <br><strong>Vorn v.l.n.r.:<\/strong> Johannes Diedrich, Stephane Njeyon Tchana, Idriss Moffo Tidonzong, Augustin Djiedeu Tchatcheu, Dennis Nickel, Alexander Thiele, Bryan Nfor Nyanga, Barbara Ndom` Ewane, Line Zoumotcha, Paul Diedrich, Nadine Diedrich, Anika Reiter, Frauke Jurgeleit und Kim Scharff.<\/figcaption><\/figure>\n\n\n\n<p>Doch solch ein Erfolg hat auch immer eine zweite Seite (der Medaille). Die \u00f6ffentliche Aufmerksamkeit zog auch \u201aInteressierte\u2018 aus h\u00f6herklassigen Vereinen an und nach und nach verlie\u00dfen die besten Spieler wieder den Verein, sie wurden quasi \u201aweggekauft\u2018. Dies war bitter f\u00fcr den TSV, der au\u00dfer einer guten Kameradschaft, einem freundschaftlichen Klima und der einen oder anderen kleinen materiellen Unterst\u00fctzung (auch einmal ein Essen) keine finanziellen Leistungen zu bieten hatte. Das alles war den \u201adahinziehenden\u2018 Spielern nicht vorzuwerfen, denn einige hatten wirklich die sportliche Kapazit\u00e4t, auch noch h\u00f6herklassig zu spielen, und anderen erleichterte solch eine \u201aNebeneinnahme\u2018 nat\u00fcrlich ihre z.T. schwierige finanzielle Situation als Student im Ausland.&nbsp; Das Ganze zeigte aber nur nachdr\u00fccklich, wie kommerziell und fl\u00fcchtig das Fu\u00dfballgesch\u00e4ft auch bis hinunter in die Kreisklasse inzwischen geworden war. Sogenannte kleine \u201aFu\u00dfballlegion\u00e4re\u2018 bestimmten durch ihren st\u00e4ndigen Wechsel auch hier schon das \u201aAuf und Ab\u2018 einzelner Mannschaften und Vereine, egal ob erlaubt und regelkonform oder auch nicht. Der normale Vereinsetat und die Zuschauereinnahmen reichten jedenfalls in Holzerode nicht aus, um an der Spitze in den Kreisligen mitspielen zu k\u00f6nnen. Da h\u00e4tten schon \u00f6rtliche M\u00e4zene immer wieder Finanzmittel zur Verf\u00fcgung stellen m\u00fcssen, die aber nicht vorhanden waren bzw. letztlich auch keinerlei Kontinuit\u00e4t gew\u00e4hrleistet h\u00e4tten. So waren die Leistungsimpulse im Holzer\u00f6der Fu\u00dfball der Jahre zwischen 2010 und 2015 auch nur eine vor\u00fcbergehende &nbsp;Erscheinung, in diesem besonderen Fall jedoch von keinerlei \u201aFinanzspritze\u2018 von \u201aau\u00dfen\u2018 getragen, sondern durch eine einmalige, zuf\u00e4llige und auch gesellschaftlich sehr vertr\u00e4gliche Konstellation bedingt. Hier hatte der Sport \u201aGastgeber\u2018 und \u201aG\u00e4ste\u2018 mit dem gleichen Interessen zusammengef\u00fchrt und auf Zeit miteinander verbunden. Und G\u00e4ste gehen nun einmal nach einer bestimmten Zeit wieder \u201anach Haus\u2018. Das ist der Normallfall und so war es auch hier beim TSV der 2010er Jahre \u2013 eine gute und interessante Zeit zum gegenseitigen Nutzen, von der alle profitiert haben und miteinander lernen konnten: \u201aGelebte Integration\u2018 \u2013 allerdings nur auf Zeit!<\/p>\n\n\n\n<h2 class=\"wp-block-heading\"><strong>15. Vorstandswechsel und schwierige Zeiten ab 2015<\/strong><\/h2>\n\n\n\n<p>Die allgemeine Hochphase einer Entwicklung ist selten zu \u201atoppen\u2018, auch nur schwer zu verstetigen, zumal wenn die gesellschaftlichen Rahmenbedingungen und besondere Ereignisse sich verschlechtern. Und dies trifft auch f\u00fcr die letzten, aktuellen f\u00fcnf Jahre der Geschichte des TSV Holzerode zu. Dabei unterliegt der TSV nur einer Entwicklung, die zurzeit viele vergleichbare Sportvereine trifft. Gerade f\u00fcr die kleinen und mittleren l\u00e4ndlichen Vereine (nicht nur) im Sportbereich haben sich die organisatorischen Bedingungen durch zunehmende b\u00fcrokratische Vorgaben der staatlichen Beh\u00f6rden, der \u00fcbergeordneten Sportverwaltung, durch erh\u00f6hte mediale Anforderungen, den demografischen Wandel mit einem relativen R\u00fcckgang der \u201aJ\u00fcngeren\u2018 und einer Zunahme der \u201a\u00c4lteren Generation\u2018, durch die Konkurrenz au\u00dferverbandlicher, kommerzieller Anbieter von&nbsp; \u201aSport\u2018 und durch einer abnehmende Kontinuit\u00e4t in der Nachfrage von Sportangeboten im Verein (stattdessen lieber Kursangebote bez\u00fcglich relativ schnell wechselnder Sportartentrends) erheblich erschwert. Diese Entwicklung unterliegt schon einem l\u00e4ngeren Vorlauf, hat aber im letzten Jahrzehnt kontinuierlich zugenommen. Konnte bis ca. 2015 der TSV hierauf mit aufw\u00e4ndigen Anpassungen \u00fcber neue Kursangebote, personelle Umorganisationen und Modernisierungen noch einigerma\u00dfen angemessen reagieren, so wurden die Arbeitsbedingungen insbesondere f\u00fcr den Vorstand st\u00e4ndig schwieriger.<\/p>\n\n\n\n<div class=\"wp-block-columns is-layout-flex wp-container-core-columns-is-layout-9d6595d7 wp-block-columns-is-layout-flex\">\n<div class=\"wp-block-column is-layout-flow wp-block-column-is-layout-flow\" style=\"flex-basis:33.33%\">\n<figure class=\"wp-block-image size-large\"><a href=\"https:\/\/www.tsv-holzerode.de\/wp-content\/uploads\/2021\/07\/153-Portrait-Soeren-Steinbach-scaled.jpg\" target=\"_blank\" rel=\"noopener\"><img loading=\"lazy\" decoding=\"async\" width=\"832\" height=\"1024\" src=\"https:\/\/www.tsv-holzerode.de\/wp-content\/uploads\/2021\/07\/153-Portrait-Soeren-Steinbach-832x1024.jpg\" alt=\"\" class=\"wp-image-1276\" srcset=\"https:\/\/www.tsv-holzerode.de\/wp-content\/uploads\/2021\/07\/153-Portrait-Soeren-Steinbach-832x1024.jpg 832w, https:\/\/www.tsv-holzerode.de\/wp-content\/uploads\/2021\/07\/153-Portrait-Soeren-Steinbach-244x300.jpg 244w, https:\/\/www.tsv-holzerode.de\/wp-content\/uploads\/2021\/07\/153-Portrait-Soeren-Steinbach-768x945.jpg 768w, https:\/\/www.tsv-holzerode.de\/wp-content\/uploads\/2021\/07\/153-Portrait-Soeren-Steinbach-1249x1536.jpg 1249w, https:\/\/www.tsv-holzerode.de\/wp-content\/uploads\/2021\/07\/153-Portrait-Soeren-Steinbach-1665x2048.jpg 1665w\" sizes=\"auto, (max-width: 767px) 89vw, (max-width: 1000px) 54vw, (max-width: 1071px) 543px, 580px\" \/><\/a><figcaption>S\u00f6ren Steinbach 2015-2019<\/figcaption><\/figure>\n<\/div>\n\n\n\n<div class=\"wp-block-column is-layout-flow wp-block-column-is-layout-flow\" style=\"flex-basis:66.66%\">\n<p>Gerade in diese Zeit fiel nun ein neuerlicher Wechsel im Vorsitz des Vereins, denn der bisherige 1. Vorsitzende Lothar Becker kandidierte auf der JHV im Januar 2015 nach 10 Jahre im Amt nicht mehr \u2013 wie vorher schon angek\u00fcndigt. Zu seinem <strong>Nachfolger wurdeS\u00f6ren Steinbach aus der Volleyballsparte <\/strong>einstimmig&nbsp;gew\u00e4hlt. Die Versammlung dankte Lothar Becker f\u00fcr sein&nbsp;gro\u00dfes und erfolgreiches Engagement in dieser Zeit. Lothar wies in seiner Abschiedsrede darauf hin, dass er dieses Amt an der Spitze des Vereins nur so realisieren konnte, weil ihn dabei seine ganze Familie unterst\u00fctzte und insbesondere seine Frau Monika in dieser Zeit auch wichtige Funktionen im Verein mit \u00fcbernahm.<\/p>\n<\/div>\n<\/div>\n\n\n\n<p>Sie war zeitweise 2. Vorsitzende, Teil des technischen Teams rund um die sonnt\u00e4glichen Fu\u00dfballspiele auf dem Holzer\u00f6der Sportplatz und nicht selten Fahrdienst f\u00fcr die Spieler von und nach Clausthal-Zellerfeld. Nur mit solch einer famili\u00e4ren Unterst\u00fctzung k\u00f6nnte man dieses Amt \u00fcber l\u00e4ngere Zeit sinnvoll gestalten \u2013 so wie das beim&nbsp;TSV und auch den meisten kleinen Vereinen schon immer gewesen sei. Die zu 100% ehrenamtlichen t\u00e4tigen F\u00fchrungspersonen m\u00fcssten sich der Unterst\u00fctzung ihrer Familie, zumindest aber ihrer Partner\/in sicher sein, um Erfolg zu haben. Dies galt auch f\u00fcr <strong>Christine Behmke<\/strong>, die so wie Lothar Becker \u2013 allerdings mit Unterbrechungen \u2013 als Schriftf\u00fchrerin nach <strong>mehr als&nbsp;20 Jahren im Amt (!)<\/strong> nicht&nbsp; mehr&nbsp;kandidierte und ebenfalls mit einem Pr\u00e4sent und dem nachhaltigen Dank der Versammlung in verdienten&nbsp;\u201aVorstandsruhestand\u2018 verabschiedet wurde. Trotz der schwieriger werdenden Ausgangsbedingungen ging der neue Vorstand die anstehenden Aufgaben mit Zuversicht an.<\/p>\n\n\n\n<figure class=\"wp-block-image size-large\"><a href=\"https:\/\/www.tsv-holzerode.de\/wp-content\/uploads\/2021\/07\/154-Ehrungen-Lothar-Becker-2015-scaled.jpg\" target=\"_blank\" rel=\"noopener\"><img loading=\"lazy\" decoding=\"async\" width=\"1024\" height=\"773\" src=\"https:\/\/www.tsv-holzerode.de\/wp-content\/uploads\/2021\/07\/154-Ehrungen-Lothar-Becker-2015-1024x773.jpg\" alt=\"\" class=\"wp-image-1277\" srcset=\"https:\/\/www.tsv-holzerode.de\/wp-content\/uploads\/2021\/07\/154-Ehrungen-Lothar-Becker-2015-1024x773.jpg 1024w, https:\/\/www.tsv-holzerode.de\/wp-content\/uploads\/2021\/07\/154-Ehrungen-Lothar-Becker-2015-300x226.jpg 300w, https:\/\/www.tsv-holzerode.de\/wp-content\/uploads\/2021\/07\/154-Ehrungen-Lothar-Becker-2015-768x580.jpg 768w, https:\/\/www.tsv-holzerode.de\/wp-content\/uploads\/2021\/07\/154-Ehrungen-Lothar-Becker-2015-1536x1159.jpg 1536w, https:\/\/www.tsv-holzerode.de\/wp-content\/uploads\/2021\/07\/154-Ehrungen-Lothar-Becker-2015-2048x1546.jpg 2048w\" sizes=\"auto, (max-width: 767px) 89vw, (max-width: 1000px) 54vw, (max-width: 1071px) 543px, 580px\" \/><\/a><figcaption>Dank an Lothar Becker f\u00fcr den 10j\u00e4hrigen Vorsitz des Vereins, zugleich Ehrung f\u00fcr langj\u00e4hrige Mitgliedschaften <strong>v.l.n.r.:<\/strong> Daniela Scharff (2. Vors.), Lothar Becker, Monika Becker (25 J.), S\u00f6ren Steinbach, Christina Becker (25 J.), Erika \u00d6sterheld (25 J.) und Detlef Jurgeleit (50 J.); es fehlte Karl-Heinz Fahlbusch (50 J.)<\/figcaption><\/figure>\n\n\n\n<p>Das Sportprogramm lief zun\u00e4chst wie bisher weiter, die Fu\u00dfballer spielten jetzt in der 1. Kreisklasse, die Gesundheitskurse waren wie bisher gut besucht und die Tennisabteilung f\u00fchrte sowieso ein sehr stabiles und eigenst\u00e4ndiges Dasein auf der jetzt vereinseigenen Anlage. F\u00fcr den Vorstand ging es also vor allem darum, das Vereinsschiff \u201aauf Kurs zu halten\u2018, die Renovierung der Infrastruktur weiterzuf\u00fchren&nbsp; (bei der MZH ging es jetzt vor allem um die Sanierung der n\u00f6rdlichen Au\u00dfenwand) sowie den hohen Leistungsstand des Vereins vor allem in den breiten- und gesundheitssportorientierten Sparten zu sichern. Dies wurde auch weiterhin vom Kreissportbund honoriert, wozu ihr Sprecher Klaus Dressler zur JHV 2016 in Holzerode pers\u00f6nlich erschien, um einige Ehrungen vorzunehmen. Er ehrte insbesondere Lothar Becker f\u00fcr dessen zehnj\u00e4hrige Amtszeit als 1. Vorsitzender und 20 Jahre als Abteilungsleiter Fu\u00dfball mit der &nbsp;\u201aSilbernen Ehrennadel\u2018 des Landessportbundes Niedersachsen\u201c. Dar\u00fcber hinaus wurden Heinz Beyer und Siegfried Daberkow f\u00fcr ihre 60j\u00e4hrige sowie Lilli Finke, Marga Frixe, Erika J\u00e4ger und Hilde Thiele &nbsp;f\u00fcr 45j\u00e4hrige sowie Eva Hartmann und Jochen Lechte f\u00fcr 40j\u00e4hrige Mitgliedschaft geehrt. &nbsp;Mit Eva Hartmann und Lilli Finke wurden damit sogleich die mit weit \u00fcber 90 Jahren zwei \u00e4ltesten Mitglieder im Verein geehrt; seit den 1970er Jahren hatten sie den Aufbau der Frauensport- und dann der Seniorinnensportabteilung aktiv mitgestaltet. 2016 und 2017 lief nun noch alles weitgehend rund, wenn auch schon erste\u201a dunklere Wolken am Vereinshorizont aufzogen. Der 1. Vorsitzende S\u00f6ren Steinbach konnte mit seinem Jahresbericht und denen aus den Abteilungen und Sparten auf der JHV im Januar 2017 noch ein&nbsp;reichhaltiges Sportprogramm &nbsp;sowie ein vielf\u00e4ltiges Vereinsleben pr\u00e4sentieren, \u00e4u\u00dferte aber auch schon \u201eBedenken zur Zukunft des &nbsp;Vereins \u2013 nicht ohne Grund (siehe Protokoll vom&nbsp; 28.01.2017).<\/p>\n\n\n\n<figure class=\"wp-block-image size-large\"><a href=\"https:\/\/www.tsv-holzerode.de\/wp-content\/uploads\/2021\/07\/156-Ehrungen-Lilli-Finke-und-Eva-Hartmann-scaled.jpg\" target=\"_blank\" rel=\"noopener\"><img loading=\"lazy\" decoding=\"async\" width=\"1024\" height=\"861\" src=\"https:\/\/www.tsv-holzerode.de\/wp-content\/uploads\/2021\/07\/156-Ehrungen-Lilli-Finke-und-Eva-Hartmann-1024x861.jpg\" alt=\"\" class=\"wp-image-1278\" srcset=\"https:\/\/www.tsv-holzerode.de\/wp-content\/uploads\/2021\/07\/156-Ehrungen-Lilli-Finke-und-Eva-Hartmann-1024x861.jpg 1024w, https:\/\/www.tsv-holzerode.de\/wp-content\/uploads\/2021\/07\/156-Ehrungen-Lilli-Finke-und-Eva-Hartmann-300x252.jpg 300w, https:\/\/www.tsv-holzerode.de\/wp-content\/uploads\/2021\/07\/156-Ehrungen-Lilli-Finke-und-Eva-Hartmann-768x646.jpg 768w, https:\/\/www.tsv-holzerode.de\/wp-content\/uploads\/2021\/07\/156-Ehrungen-Lilli-Finke-und-Eva-Hartmann-1536x1291.jpg 1536w, https:\/\/www.tsv-holzerode.de\/wp-content\/uploads\/2021\/07\/156-Ehrungen-Lilli-Finke-und-Eva-Hartmann-2048x1722.jpg 2048w\" sizes=\"auto, (max-width: 767px) 89vw, (max-width: 1000px) 54vw, (max-width: 1071px) 543px, 580px\" \/><\/a><figcaption>JHV 2016 v.l.n.r.: Klaus Dressler (KSB G\u00f6ttingen), Sieg-fried Daberkow, Lilli Finke, Eva Hartmann, Lothar Becker, Marga Frixe, Heinz Beyer und S\u00f6ren Steinbach (1. Vors.)<\/figcaption><\/figure>\n\n\n\n<p>Schlie\u00dflich musste er weiter r\u00fcckl\u00e4ufige Mitgliederzahlen feststellen (seitdem H\u00f6chststand im Jahre 2003 mit 357 Mitgliedern waren es&nbsp; 2017 ca. inzwischen 100 Mitglieder weniger) und zugleich eine zunehmende Un\u00fcbersichtlichkeit von Angeboten und Nachfragen. So standen die grundlegenden Fragen im Raum: \u201eWie kann der Verein wieder attraktiver werden?\u201c, \u201eWas soll zuk\u00fcnftig noch angeboten werden?\u201c, \u201eWelche zentralen Interessen verbinden die Mitglieder mit dem Verein?\u201c. Dabei spielte auch eine gro\u00dfe Rolle, dass zum einen die ehrenamtliche Mitarbeit insbesondere bei spontan notwendig werdenden \u201aSondereins\u00e4tzen\u2018 wie z.B. Renovierungen, S\u00e4uberungen und Pflege der Anlagen oder bei Weihnachtsmarktstand&nbsp; weiter nachlie\u00df und zum anderen bew\u00e4hrte \u00dcbungsleiter nach langen aktiven Jahren&nbsp; ausschieden. Dies betraf Wolfgang Hartmann im Bereich Fu\u00dfball und Hannelore G\u00f6ttinger im Seniorinnensport (nach mehr als 20 Jahren), vor allem aber Heike Adam, die nach fast 30 Jahren aus gesundheitlichen Gr\u00fcnden ihren Einsatz f\u00fcr den Verein einstellen musste. Das betraf zu diesem Zeitpunkt Aufgaben im Frauensport und die Yoga-Angebote. Alle bedauerten diesen R\u00fcckzug von Heike, die stets eine stabile, kreative und hochkompetente&nbsp; Aktive und \u201aLehrkraft\u2018 im Sportangebot des TSV gewesen war.<\/p>\n\n\n\n<div class=\"wp-block-columns is-layout-flex wp-container-core-columns-is-layout-9d6595d7 wp-block-columns-is-layout-flex\">\n<div class=\"wp-block-column is-layout-flow wp-block-column-is-layout-flow\" style=\"flex-basis:33.33%\">\n<figure class=\"wp-block-image size-large\"><a href=\"https:\/\/www.tsv-holzerode.de\/wp-content\/uploads\/2021\/07\/157-Heike-Adam-I.jpg\" target=\"_blank\" rel=\"noopener\"><img loading=\"lazy\" decoding=\"async\" width=\"1024\" height=\"930\" src=\"https:\/\/www.tsv-holzerode.de\/wp-content\/uploads\/2021\/07\/157-Heike-Adam-I-1024x930.jpg\" alt=\"\" class=\"wp-image-1280\" srcset=\"https:\/\/www.tsv-holzerode.de\/wp-content\/uploads\/2021\/07\/157-Heike-Adam-I-1024x930.jpg 1024w, https:\/\/www.tsv-holzerode.de\/wp-content\/uploads\/2021\/07\/157-Heike-Adam-I-300x272.jpg 300w, https:\/\/www.tsv-holzerode.de\/wp-content\/uploads\/2021\/07\/157-Heike-Adam-I-768x697.jpg 768w, https:\/\/www.tsv-holzerode.de\/wp-content\/uploads\/2021\/07\/157-Heike-Adam-I-1536x1395.jpg 1536w, https:\/\/www.tsv-holzerode.de\/wp-content\/uploads\/2021\/07\/157-Heike-Adam-I-2048x1860.jpg 2048w\" sizes=\"auto, (max-width: 767px) 89vw, (max-width: 1000px) 54vw, (max-width: 1071px) 543px, 580px\" \/><\/a><figcaption>&#8211; 1986 Abteilungsleiterin \u201eFrauensport\u201c<br>&#8211; 1987 Erwerb der \u00dcbungsleiterlizenz \u201eA\u201c<br>&#8211; 1987 Auswahlteilnehmerin der Griechenlandfahrt f\u00fcr den Sportnachwuchs der \u201eDeutschen Olympischen Gesellschaft\u201c<br>&#8211; Aufbau verschiedener Tanzgruppen, insbesondere der erfolgreichen Jazzdance-Gruppe des TSV<br>&#8211; Initiatorin und Gestalterin der Holzer\u00f6der Hallenshows<br>&#8211; 2014 Erwerb der Yoga-\u00dcbungsleiterlizenz und dementsprechender Angebote mit gr\u00f6\u00dfter Nachfrage<br><strong>Heike war die erfolgreichste \u00dcbungsleiterin im TSV \u00fcber mehr als 30 Jahre<\/strong><\/figcaption><\/figure>\n<\/div>\n\n\n\n<div class=\"wp-block-column is-layout-flow wp-block-column-is-layout-flow\" style=\"flex-basis:66.66%\">\n<p>Symptomatisch f\u00fcr die Probleme, die sich in der 2. H\u00e4lfte der 2010er Jahre im Verein er\u00f6ffneten, war auch die jetzige Entwicklung in der Traditionssportart \u201eFu\u00dfball\u201c \u2013 im Jugendbereich bestand nur noch eine Spielgemeinschaft mit Gillersheim, eine Altherrenmannschaft gab es auch nicht mehr und das \u201aAush\u00e4ngeschild\u2018, die 1. Herrenmannschaft, konnte zwar in der ersten Saison nach dem Aufstieg noch einen hervorragenden 5. Platz in der 1. Kreisklasse erringen, litt dann jedoch in der folgenden Saison &nbsp;&nbsp;&nbsp;&nbsp;&nbsp;&nbsp; 2016\/2017 unter dem Abgang von Leistungstr\u00e4gern und auch einer ausreichenden personellen Infrastruktur in der F\u00fchrung dieser Abteilung (wohlauch nicht ausreichender Kommunikation mit der Vereinsf\u00fchrung). So konnte dieses so heterogene Gebilde aus Spielern von jetzt mehr als 10 Herkunftsl\u00e4ndern (s.o. Kap. 14) nicht mehr zusammengehalten werden. Dies war auch dadurch bedingt, dass der Mannschaftsf\u00fchrer Tim Hartmann mit seinem Studienabschluss aus Clausthal-Zellerfeld wegging und damit auch der entscheidende Kontakt zu den dortigen afrikanischen Kommilitonen abriss. So stieg man am Ende der Saison 2016\/2017 wieder ab und die Mannschaft l\u00f6ste sich ganz auf. Seitdem spielt der TSV nur noch in der 4. Kreisklasse mit einer sog. \u201e6er-Mannschaft\u201c und muss seinen Fu\u00dfballbereich \u2013 soweit \u00fcberhaupt m\u00f6glich \u2013 wieder ganz von der Basis her aufbauen.<\/p>\n<\/div>\n<\/div>\n\n\n\n<p><strong><em>Notgedrungen Satzungs\u00e4nderung und ein neues Vorstandsmodell<\/em><\/strong><\/p>\n\n\n\n<p>Der 1. Vorsitzende S\u00f6ren Steinbach ging also mit seinem Vorstandsteam in eine belastete zweite Amtszeit, nachdem er auf der JHV 2017 wieder einstimmig zum 1. Vorsitzenden gew\u00e4hlt worden war. Aber auch in dieser Zeit ergaben sich keine neuen, die schwieriger gewordene Gesamtsituation des Vereins positiv ver\u00e4ndernden Impulse. Die beiden ehemals gro\u00dfen Abteilungen bzw. Sparten Ju-Jutsu und Frauensport (und hier insbesondere im Tanzbereich mit der auch altersbedingten Aufl\u00f6sung der Jazzdancegruppe oder dem nachlassenden Teilnehmerinteresse am Line Dance) waren aus unterschiedlichen Gr\u00fcnden \u201azusammengeschrumpft\u2018, der Fu\u00dfball hatte seine Attraktivit\u00e4t verloren und es wurde bei mehreren Sportgruppen ein Wechsel bei den \u00dcbungsleitern (aus Krankheitsgr\u00fcnden wie z.B. bei Hannelore G\u00f6ttinger im Seniorinnenbereich oder dem Ausscheiden ausw\u00e4rtiger \u201aKr\u00e4fte\u2018) immer h\u00e4ufiger. Damit ging vor allem die lange Jahre gegebene Kontinuit\u00e4t \u00fcber das Wirken vereinseigener F\u00fchrungskr\u00e4fte verloren (siehe beispielsweise die mehr als 20j\u00e4hrige T\u00e4tigkeit von Sigrun Becker im Bereich Ju-Jutsu oder Heike Adams Wirken \u00fcber mehr als 30 Jahre in den verschiedensten Bereichen). Insgesamt war offensichtlich auch eine strukturelle Krise in der Vereinsentwicklung eingetreten, die sicherlich spezielle Holzer\u00f6der Ursachen hatte, die in dieser Zeit aber auch zunehmend bei vergleichbaren kleineren l\u00e4ndlichen Sportvereinen mit dem Anspruch eines breiten Angebotes \u201avor Ort\u2018 zu beobachten war \u2013 und noch immer ist. Insgesamt waren also neuerliche \u00dcberlegungen und Ma\u00dfnahmen der Anpassung an sich ver\u00e4ndernde Verh\u00e4ltnisse notwendig, was sicherlich ein besonderes Engagement und eine besondere Kraftanstrengung des Vorstandes bedurfte. Dazu sah sich jedoch der 1. Vorsitzende S\u00f6ren Steinbach offensichtlich nicht in der Lage sowie er wohl auch die notwendige Unterst\u00fctzung bzw. Aufbruchsstimmung, die er sich w\u00fcnschte, vermisste. Jedenfalls kandidierte er nach vier Jahren redlichen Bem\u00fchens im Amt auf der JHV 2019 nicht wieder als 1. Vorsitzender. Diese Entwicklung kam nicht ganz \u00fcberraschend, traf den Verein jedoch trotzdem unvorbereitet. Da in dieser Versammlung kein\/e Nachfolgekandidat\/in f\u00fcr das Amt des Vorsitzes im Verein gefunden werden konnte, trat zun\u00e4chst einmal die durch die Satzung vorbestimmte Reglung in solch einem Fall in Kraft: Der noch f\u00fcr mindestens ein Jahr gew\u00e4hlte 2. Vorsitzende Johannes Diedrich \u00fcbernahm das Amtsgesch\u00e4ft der F\u00fchrung des Vereins.&nbsp; Das Jahr 2019 war damit f\u00fcr den Vorstand vornehmlich von der Beratung bestimmt, wie und wer den Verein in die Zukunft des zweiten Jahrhunderts seines Bestehens f\u00fchren sollte. Dabei ging der Sportbetrieb den Umst\u00e4nden entsprechend mit den bew\u00e4hrten Angeboten im Breiten- und Gesundheitssport weiter. Die&nbsp; auf der JHV im Januar 2020 eingebrachten Jahresberichte der einzelnen Sparten zeigten aber schon deutlich die inzwischen eingetretene Stagnation im Vereinsgeschehen. Im Zentrum standen noch die Angebote Kinderturnen, Gesundheitssport, Seniorentanz und Tennis. Die Sparten Line Dance und Volleyball \u201aschw\u00e4chelten\u2018 schon seit l\u00e4ngerem und der Fu\u00dfballsport war\u2013 wie schon erw\u00e4hnt &nbsp;\u2013 auf das Kleinfeld mit einer 6er-Mannschaft reduziert. <\/p>\n\n\n\n<p>Eine Abteilung war von dieser Entwicklung aber ausgenommen. Die kleine, aber seit Jahren \u00fcberaus stabil und best\u00e4ndig organisierte Abteilung <strong>\u201eTennis\u201c<\/strong> konnte in diesem Jahr 2019 wieder einmal ein \u201aHighlight\u2018 in das Vereinsgeschehen einbringen. <strong>Am 18. und 24. August feierte die Abteilung mit einem Turnier, einem kleinen Festakt und nat\u00fcrlich auch mit einer z\u00fcnftigen feuchtfr\u00f6hlichen Feier ihr 40j\u00e4hriges Bestehen,<\/strong> eine Erfolgsgeschichte f\u00fcr alle Tennisinteressierten und den TSV Holzerode insgesamt. W\u00e4hrend mit der \u201aBl\u00fcte\u2018 des \u201aBecker- und Grafschen Tennisbooms\u2018 in den 1980er auch in vielen anderen Orten neue Tennisplatzanlagen entstanden, diese dann jedoch nur eine relativ kurze \u201aKonjunktur\u2018 in zu kleinen Tennisabteilungen mit sich brachten und die Anlagen heut schon nicht<\/p>\n\n\n\n<figure class=\"wp-block-image size-large\"><a href=\"https:\/\/www.tsv-holzerode.de\/wp-content\/uploads\/2021\/07\/158-40Jahre-Tennis-Gruppenfoto.jpg\" target=\"_blank\" rel=\"noopener\"><img loading=\"lazy\" decoding=\"async\" width=\"1025\" height=\"573\" src=\"https:\/\/www.tsv-holzerode.de\/wp-content\/uploads\/2021\/07\/158-40Jahre-Tennis-Gruppenfoto.jpg\" alt=\"\" class=\"wp-image-1281\" srcset=\"https:\/\/www.tsv-holzerode.de\/wp-content\/uploads\/2021\/07\/158-40Jahre-Tennis-Gruppenfoto.jpg 1025w, https:\/\/www.tsv-holzerode.de\/wp-content\/uploads\/2021\/07\/158-40Jahre-Tennis-Gruppenfoto-300x168.jpg 300w, https:\/\/www.tsv-holzerode.de\/wp-content\/uploads\/2021\/07\/158-40Jahre-Tennis-Gruppenfoto-768x429.jpg 768w\" sizes=\"auto, (max-width: 767px) 89vw, (max-width: 1000px) 54vw, (max-width: 1071px) 543px, 580px\" \/><\/a><figcaption>Die Aktiven der Tennisabteilung im Jubil\u00e4umsjahr 2019<br><strong>v.l.n.r. obere Reihe:<\/strong> Ansgar J\u00fcnemann, Gerald Leifeit, Karlo Preusse und Udo Berndt; <br><strong>mittlere Reihe:<\/strong> Simon Kaiser, Christian M\u00fcller, Klaus-Peter Hoch, Gerhard Str\u00fcber, Frank Hartmann und Patrick Str\u00fcber;<br><strong>vordere Reihe:<\/strong> Erwin Beisel, Alexander Heckmann, Hans Kolodzik, Wolfgang Buss, Christa Adam, Horst Adam,<br>Werner Krell, J\u00fcrgen Sohnrey und Uwe Dettmar<br>Es fehlt auf diesem Bild der ehemalige Abteilungsleiter Willi M\u00f6ller<\/figcaption><\/figure>\n\n\n\n<p>mehr bestehen, verstetigte sich die Holzer\u00f6der Tennisabteilung kontinuierlich, baute unter engagierten und klugen Abteilungsleitungen kontinuierlich ihre Anlage aus und wurde eine sehr gefestigte Gemeinschaft als inzwischen unbestrittenes Zentrum des Tennissports nicht nur der Holzer\u00f6der, sondern auch f\u00fcr die umliegenden Orte von Billingshausen \u00fcber Spanbeck, Renshausen bis Eberg\u00f6tzen. Damit ist die Tennisabteilung auch ein wenig ein Modell f\u00fcr die grunds\u00e4tzlichen L\u00f6sungen bei den strukturellen Problemen der kleineren l\u00e4ndlichen Vereine. Diese werden die gew\u00fcnschte Breite und die immer neuen Trends zu den \u201aNachfragen\u2018 im Sportangebot in Zukunft nicht mehr selbst realisieren k\u00f6nnen und sollten nach Kooprationen mit benachbarten Vereinen streben. In den daran beteiligten Vereinen k\u00f6nnten dann zu den jeweiligen Sportarten \u201alebensf\u00e4hige\u2018 Schwerpunkte gebildet werden \u2013 so, wie es der TSV mit seinem Tennisangebot schon seit langem f\u00fcr die interessierten Tennisspieler des ganzen \u201aUmlandes\u2019 bietet.<\/p>\n\n\n\n<p>Dieser Kooperationsgedanke bestimmte dann auch die Suche nach einer L\u00f6sung beim Problem der Vereinsf\u00fchrung des TSV. Nach entsprechenden Vorschl\u00e4gen aus der Mitgliedschaft und ausf\u00fchrlichen Beratungen mit dem Kreissportbund G\u00f6ttingen schlug der amtierende Vorstand in der JHV <strong>am 21. Februar 2020<\/strong> als Vereinsspitze nicht mehr die traditionelle hierarchische Vorstandsstruktur mit 1. und 2. Vorsitzender\/dem und den weiteren \u00c4mtern vor, sondern die <strong>Wahl einer \u201eKollegiale F\u00fchrungsgruppe\u201c. <\/strong>Nach der entsprechen Satzungs\u00e4nderung verfuhr <strong>die Versammlung dementsprechend und w\u00e4hlte eine \u201egesch\u00e4ftsf\u00fchrende Vorstandsgruppe\u201c, in der alle Mitglieder gleichberechtigt den Verein f\u00fchren, aber schwerpunktm\u00e4\u00dfig f\u00fcr gesonderte Bereiche zust\u00e4ndig sind. F\u00fcr den Bereich \u201eOrganisation\u201c wurde Johannes Diedrich gew\u00e4hlt (Amtszeit 2 Jahre), f\u00fcr \u201eFinanzen und Mitgliederverwaltung\u201c Petra Kolle (Amtszeit 2 Jahre), F\u00fcr den \u201eSportbetrieb\u201c Maik Kaufhold (Amtszeit 1 Jahr), f\u00fcr den \u201eSchriftverkehr und \u00d6ffentlichkeitsarbeit\u201c Janina Behmke (Amtszeit 1 Jahr) und f\u00fcr \u201eVeranstaltungen\u201c Carola Grub (Amtszeit 1 Jahr). <\/strong>Daneben gibt es einen Ehrenrat, insbesondere f\u00fcr die Schlichtung von m\u00f6glichen Konflikten im Verein, f\u00fcr den mit einer Amtszeit von 5 Jahren einstimmig Bettina Heilmann, Jan B\u00e4hrens und Irmgard Schulz gew\u00e4hlt wurden.<\/p>\n\n\n\n<figure class=\"wp-block-image size-large\"><a href=\"https:\/\/www.tsv-holzerode.de\/wp-content\/uploads\/2021\/07\/159a-Vorstand-2021-scaled.jpg\" target=\"_blank\" rel=\"noopener\"><img loading=\"lazy\" decoding=\"async\" width=\"1024\" height=\"489\" src=\"https:\/\/www.tsv-holzerode.de\/wp-content\/uploads\/2021\/07\/159a-Vorstand-2021-1024x489.jpg\" alt=\"\" class=\"wp-image-1282\" srcset=\"https:\/\/www.tsv-holzerode.de\/wp-content\/uploads\/2021\/07\/159a-Vorstand-2021-1024x489.jpg 1024w, https:\/\/www.tsv-holzerode.de\/wp-content\/uploads\/2021\/07\/159a-Vorstand-2021-300x143.jpg 300w, https:\/\/www.tsv-holzerode.de\/wp-content\/uploads\/2021\/07\/159a-Vorstand-2021-768x367.jpg 768w, https:\/\/www.tsv-holzerode.de\/wp-content\/uploads\/2021\/07\/159a-Vorstand-2021-1536x733.jpg 1536w, https:\/\/www.tsv-holzerode.de\/wp-content\/uploads\/2021\/07\/159a-Vorstand-2021-2048x978.jpg 2048w\" sizes=\"auto, (max-width: 767px) 89vw, (max-width: 1000px) 54vw, (max-width: 1071px) 543px, 580px\" \/><\/a><figcaption>Das aktuelle F\u00fchrungsquintett des TSV Holzerode seit 2020<br>v.l.n.r.: Petra Kolle, Johannes Diedrich, Janina Behmke, Carola Grub und Mike Kaufhold<\/figcaption><\/figure>\n\n\n\n<p>Ja, und dann kam wenige Wochen sp\u00e4ter \u201eCorona\u201c und diese Pandemie legte nicht nur jegliches&nbsp; Vereinsgeschehen weitgehend still, sondern auch weitestgehend alle anderen gesellschaftlichen Bereiche. Im TSV musste von nun an bis heute die meiste Zeit der Sportbetrieb ruhen und erst jetzt im Mai des Jubil\u00e4umsjahres 2021 w\u00e4chst die Hoffnung auf \u201aneues sportliches Leben\u2018 in den kommenden Wochen, wobei die \u201aAu\u00dfensportart\u2018 Tennis schon einmal den Anfang gemacht hat. M\u00f6ge die noch unsichere \u201aPflanze der Hoffnung\u2018 bald und schnell wieder aufbl\u00fchen und mit ihrem Lichte den TSV Holzerode gest\u00e4rkt in eine sichere Zukunft in sein jetzt am 01. Juni 2021 beginnendes zweites Jahrhundert der Vereinsgeschichte f\u00fchren.<\/p>\n\n\n\n<h2 class=\"wp-block-heading\"><strong>16. 100 Jahre TSV Holzerode von 1921 e.V. \u2013 Entwicklungslinien, Strukturen und Perspektive<\/strong><\/h2>\n\n\n\n<p>Die 100j\u00e4hrige Geschichte des \u201eTurn- und Sportvereins Holzerode\u201c (TSV) ist mit der allgemeinen politischen und kulturellen Entwicklung unseres Heimatortes eng verbunden. Der R\u00fcckblick in die Vereinsgeschichte ist deshalb auch durchg\u00e4ngig ein St\u00fcck der Politik- und Sozialgeschichte Holzerodes in den vergangenen 100 Jahren \u2013 vom Anfang der 1920er Jahre, den ersten Jahren nach dem 1. Weltkrieg und dem Beginn der Weimarer Republik, bis in die heutige Zeit noch am Beginn des 21sten Jahrhunderts, einer sicherlich auch geschichtstr\u00e4chtigen \u201eEpoche\u2018 mit der seit dem Winter\/Fr\u00fchjahr 2020 andauernden, auch weltweiten \u201eCorona-Pandemie\u201c.<\/p>\n\n\n\n<p>In den 1920er Jahren waren es die politischen Auseinandersetzungen zwischen dem sog. \u201eb\u00fcrgerlichen Lager\u201c und dem der \u201eArbeiter\u201c, die in dem kleinen D\u00f6rfchen von nur ca. 500 Einwohnern zur Gr\u00fcndung zweier miteinander konkurrierender, sich scheinbar unvers\u00f6hnlich gegen\u00fcber stehender Sportvereine f\u00fchrten. In der nachfolgenden Zeit der nationalsozialistischen Diktatur wurden alle sozialen Lebensbereiche \u201agleichgeschaltet\u2018 und nicht nur den oppositionellen Arbeiterorganisationen wie auch dem \u201eArbeitersportverein Holzerode von 1921\u201c die Freiheit und Existenzberechtigung genommen, sondern letztlich auch dem lange Zeit angepassten Verein der Holzer\u00f6der Turner von \u201eTreu deutsch\u201c.<\/p>\n\n\n\n<p>Nach dem Ende des 2. Weltkrieges und der NS-Diktatur&nbsp; ab 1945 ver\u00e4nderte sich auch in Holzerode die soziale Struktur durch den Zustrom vieler Fl\u00fcchtlinge aus dem Osten und Evakuierter aus dem Westen. Diese \u201aNeub\u00fcrger\u2018, die die Einwohnerschaft Holzerodes bei unver\u00e4ndertem \u201aalten\u2018 Wohnraum auf das Doppelte von ca. 1000 Personen erh\u00f6hten, bestimmten jetzt auch das kulturelle Leben im Ort mit \u2013 so auch die Wiederbegr\u00fcndung eines Sportvereins, des jetzt beide Traditionslinien verbindenden TSV Holzerode. Und sie beeinflussten mit der \u201aEtablierung\u2018 des Fu\u00dfballspiels auch ganz entscheidend die nun f\u00fcr Jahrzehnte bestimmende Sportkultur im TSV; er wurde de facto ein monostrukturierter Sportverein. Hier in Holzerode wurde jetzt fast ausschlie\u00dflich Fu\u00dfball gespielt, w\u00e4hrend im benachbarten Billingshausen und Spanbeck die dortigen Fl\u00fcchtlinge das Handballspiel mit einbrachten. Alles war ein wenig ein Zufall, wer wohin \u201evertrieben\u201c worden war. Mit der Zeit des sog. \u201eWirtschaftswunders\u201c ab Mitte der 1950er Jahre erweiterte sich auch das Freizeitverhalten der Menschen. Neben dem bisherigen Bezug weitestgehend auf die \u00f6rtlichen Vereinsangebote kamen durch eine zunehmende Mobilit\u00e4t auch zus\u00e4tzliche Aktivit\u00e4ten wie erstes Reisen und Vergn\u00fcgungsangebote in den benachbarten St\u00e4dten dazu, was zun\u00e4chst das Interesse am Sportverein beeintr\u00e4chtigte. &nbsp;&nbsp;&nbsp;&nbsp;&nbsp;<\/p>\n\n\n\n<p>Erst eine neue, junge Nachkriegsgeneration belebte im \u00dcbergang von den 1950er zu den 1960er Jahren wieder das Sportgeschehen im TSV, wobei immer noch der Fu\u00dfball dominierte. Ab Anfang der 1970er Jahre setzte aber ein auch die Sportstruktur im TSV nachhaltig ver\u00e4ndernder Wandel ein. Der \u201eDeutsche Sportbund\u201c hatte vor allem unter gesundheitlichen Aspekten die \u201eTrimm-Dich-Bewegung\u201c ins Rollen gebracht, womit verst\u00e4rkt vor allem breitensportliche Aktivit\u00e4ten f\u00fcr alle, von den Kindern bis zu den Senioren beiderlei Geschlechts, propagiert wurden. Und dies fruchtete mit ersten Ans\u00e4tzen auch in Holzerode. Hier entstanden bzw. erneuerten sich nun neben dem Fu\u00dfballsport mit dem Tischtennis, der Frauengymnastik und dem Kinderturnen weitere Sparten im Verein, die vor allem auch Frauen sportliche Aktivit\u00e4ten erm\u00f6glichten. Dabei spielte auch eine gro\u00dfe Rolle, dass der Ort ab 1973 v\u00f6llig neue Sportanlagen mit Sportplatz und einer Mehrzweckhalle auf dem alten Kirchenland westlich des \u201eWaaker &nbsp;Stieges\u201c erhielt. Von jetzt an nahm das Sportinteresse im Ort und damit der Zugang zum TSV Holzerode kontinuierlich zu und der Verein entwickelte sich in den 1980er Jahren zu einem immer vielf\u00e4ltiger&nbsp; und differenzierter aufgestellten l\u00e4ndlichen Breitensportverein, nicht zuletzt als seit 1980 hier auch der Tennissport mit einer Zweiplatzanlage oberhalb des Sportplatzes im TSV heimisch geworden war.<\/p>\n\n\n\n<p>Im \u00dcbergang zu den 1990er Jahren vollzog sich nun auch die Abl\u00f6sung des Fu\u00dfballsports durch die Tanz- und Gymnastikgruppen bzw. den Kampfsport Ju-Jutsu als Sportart Nr. 1. Jetzt war das Geschlechterverh\u00e4ltnis in der Mitgliedschaft schon fast ausgeglichen, was sich schlie\u00dflich auch in der F\u00fchrung des Vereins niederschlug. Waren die Frauen schon seit l\u00e4ngerem auch im engeren Vorstand mit \u00c4mtern wie einer 2. Vorsitzenden oder einer Schriftf\u00fchrerin vertreten, \u00fcbernahmen sie 1997 mit der Wahl von Ulrike Ronge zur 1. Vorsitzenden, Dr. Ulrike Libal zur 2. Vorsitzenden und Christine Behmke zur Schriftf\u00fchrerin gleich drei Spitzen\u00e4mter, die noch durch die von Frauen besetzten Abteilungsleitungen im Bereich Senioren- und Gesundheitssport, dem Kinder- und Jugendsport, dem Frauensport sowie dem Kampfsport Ju-Jutsu erg\u00e4nzt wurden. Dies war nicht nur Ausdruck einer fr\u00fchen Geschlechtergleichstellung, sondern hatte als Ursache auch die Bildung eines Schwerpunktes mit vornehmlich frauenbezogenen Sportarten wie Tanz und Gymnastik, wobei hier die Jazztanzgruppe der j\u00fcngeren Frauen und die Volkstanzgruppe der \u00e4lteren Frauen herausragten. Mit dieser Entwicklung konnte im Jahre 2003 auch der Mitgliederh\u00f6chsstand von 357 verzeichnet werden, was einen Anteil von ca. 50% der Ortsbev\u00f6lkerung bedeutete. &nbsp;&nbsp;&nbsp;&nbsp;&nbsp;&nbsp;&nbsp;&nbsp;&nbsp;&nbsp;&nbsp; &nbsp;<\/p>\n\n\n\n<p>Die letzten 20 Jahre des Vereinsgeschehens waren von drei sich zum Teil \u00fcberlappenden Entwicklungen gepr\u00e4gt: Der Wettkampffu\u00dfball kam zur\u00fcck, zus\u00e4tzliche neue Trendsportarten wurden vermehrt nachgefragt sowie angeboten und der demografische Wandel gepaart mit zunehmenden Bindungvorbehalten zur \u00dcbernahme von \u00c4mtern und Aufgaben im Verein belastete zunehmend das traditionelle Vereinsgef\u00fcge. Im Fu\u00dfball wurde 2014 durch eine gezielte Aufbauarbeit sowie aus einer zuf\u00e4lligen Konstellation heraus mit vornehmlich afrikanischen Spielern kurzzeitig ein Leistungsh\u00f6chststand mit Aufstieg in die 1. Kreisklasse erreicht. Voraussetzung hierf\u00fcr war auch eine bemerkenswert positive Bereitschaft und Aufgeschlossenheit zur Integration ausl\u00e4ndischer \u201aGastspieler\u2018 im ganzen Verein. Das gesamtgesellschaftliche Ph\u00e4nomen des Wandelns der Altersstruktur hin zu immer mehr \u201a\u00c4lteren\u2018 und weniger \u201aJ\u00fcngeren\u2018 in der Bev\u00f6lkerungspyramide hat auch den TSV beeinflusst, \u00fcberall dort wo der Mannschafts- und Gruppensport auf kontinuierlichen Nachwuchs angewiesen ist. Dies beeintr\u00e4chtigte im TSV in den letzten 10 Jahren kontinuierlich die Bereiche Fu\u00dfball, Seniorinnen- und Frauensport, aber auch die Tanzgruppen und die Abteilung Ju-Jutsu sowie Tennis. Letztlich hat der Trend zu immer neuen, \u201akonjunkturabh\u00e4ngigen\u2018 Sportarten wie z.B. Aerobic,&nbsp; Zumba oder Yoga (m\u00f6glichst auch nur in Kursangeboten) die Gestaltung eines attraktiven und nachhaltigen Angebotes durch den verantwortlichen Vereinsvorstand immer schwieriger gemacht. Hinzu kamen in den letzten Jahren kontinuierlich b\u00fcrokratischere Vorgaben der \u00fcbergeordneten Sportverwaltungen, sodass die Bereitschaft insbesondere zu einer l\u00e4ngerfristigen Verantwortungs\u00fcbernahme gerade bei den j\u00fcngeren Mitgliedern erheblich nachgelassen hat \u2013 eine Entwicklung, der die meisten Vereine nicht nur im Sport unterliegen. So war das Scheitern bei der Suche nach einem\/einer 1. Vorsitzenden bei der Vorstandswahl 2019 geradezu programmiert. Die alte, fast 100 Jahre bew\u00e4hrte hierarchische Vorstandsstruktur des TSV war und ist offensichtlich \u00fcberholt \u2013 ein neues F\u00fchrungsmodell wurde gesucht und mit der \u201eKollegialen F\u00fchrungsgruppe\u201c an der Spitze des Vereins 2021 gefunden.<\/p>\n\n\n\n<p>Die neue Vereinsf\u00fchrung konnte das Vereinsgeschehen coronabedingt noch nicht gestalten. Diese Aufgabe liegt nun am \u00dcbergang zum zweiten Jahrhundert vor der neuen \u201aCrew\u2018, beginnend mit der Erinnerung an das 100j\u00e4hrige Vereinsjubil\u00e4um am 01. Juni 2021. So schwierig die Gestaltung eines modernen, den aktuellen und zuk\u00fcnftigen Anforderungen entsprechenden Sportvereins auch erscheinen mag, so wenig ist die Sorge um eine existenzielle Gef\u00e4hrdung des Vereins berechtigt. Ein Blick auf die Geschichte des TSV Holzerode zeigt, dass die Mitglieder in noch viel schwierigeren Zeiten immer einen Weg aus der Krise gefunden haben und der Verein auch st\u00e4ndig daran gewachsen ist. Voraussetzung hierf\u00fcr ist jedoch, stets auf gesamtgesellschaftliche und sportspezifische Ver\u00e4nderungen einzugehen und ad\u00e4quate L\u00f6sungen zu finden, sich also zu \u201abewegen\u2018. Und eins ist sicher: Bewegung \u2013 physischer und sozialer Art \u2013 ist eines der gro\u00dfen Themen der n\u00e4chsten Jahrzehnte. Hierf\u00fcr ist und wird auch in Zukunft in Holzerode der \u201eTurn- und Sportverein von 1921\u201c die erste Ansprechadresse sein. Viel Gl\u00fcck auf diesem Wege!<\/p>\n\n\n\n<p>Prof. Dr. Wolfgang Buss, Holzerode im Mai 2021.<\/p>\n\n\n\n<p>Zum Schluss noch eine \u00dcbersicht der Sportarten, die aktuell in unserem Verein angeboten werden:<\/p>\n\n\n\n<p>Tennis<\/p>\n\n\n\n<p>Fu\u00dfball<\/p>\n\n\n\n<p>Ju-Jutsu<\/p>\n\n\n\n<p>Volleyball<\/p>\n\n\n\n<p>Kinderturnen<\/p>\n\n\n\n<p>Eltern-Kind-Turnen<\/p>\n\n\n\n<p>Frauensport<\/p>\n\n\n\n<p>Gesundheitssport<\/p>\n\n\n\n<p>Linedance<\/p>\n\n\n\n<p>Tabata<\/p>\n\n\n\n<p>Sportabzeichen<\/p>\n\n\n\n<p>und nach den Sommerferien auch wieder Tischtennis Wir freuen uns auf jedes neue Mitglied. Die genauen Trainingszeiten entnehmen Sie bitte der Homepage. Bei Fragen stehen wir gern per E-Mail zur Verf\u00fcgung.<\/p>\n\n\n\n<p><\/p>\n\n\n\n<p><\/p>\n\n\n\n<p><strong>TSV Holzerode von 1921 e.V.<\/strong><\/p>\n\n\n\n<p>Am Sportplatz 37<\/p>\n\n\n\n<p>37136 Eberg\u00f6tzen-Holzerode<\/p>\n\n\n\n<p>info@tsv-holzerode.de<\/p>\n\n\n\n<p>www.tsv-holzerode.de<\/p>\n","protected":false},"excerpt":{"rendered":"<p>Liebe Mitglieder, liebe Holzer\u00f6der\/innen, liebe Freunde des TSV Holzerode von 1921 e.V., der TSV Holzerode von 1921 e.V. feiert in diesem Jahr sein 100-j\u00e4hriges Jubil\u00e4um. Das Jahr 2021 sowie auch das vergangene Jahr sind f\u00fcr uns alle eine besondere Zeit. Die Pandemie hat uns alle immer noch fest im Griff und mit sehr gro\u00dfem Bedauern &hellip; <\/p>\n<p class=\"link-more\"><a href=\"https:\/\/www.tsv-holzerode.de\/?page_id=1100\" class=\"more-link\"><span class=\"screen-reader-text\">\u201eGeschichte\u201c <\/span>weiterlesen<\/a><\/p>\n","protected":false},"author":1,"featured_media":0,"parent":0,"menu_order":0,"comment_status":"closed","ping_status":"closed","template":"","meta":{"footnotes":""},"class_list":["post-1100","page","type-page","status-publish","hentry"],"_links":{"self":[{"href":"https:\/\/www.tsv-holzerode.de\/index.php?rest_route=\/wp\/v2\/pages\/1100","targetHints":{"allow":["GET"]}}],"collection":[{"href":"https:\/\/www.tsv-holzerode.de\/index.php?rest_route=\/wp\/v2\/pages"}],"about":[{"href":"https:\/\/www.tsv-holzerode.de\/index.php?rest_route=\/wp\/v2\/types\/page"}],"author":[{"embeddable":true,"href":"https:\/\/www.tsv-holzerode.de\/index.php?rest_route=\/wp\/v2\/users\/1"}],"replies":[{"embeddable":true,"href":"https:\/\/www.tsv-holzerode.de\/index.php?rest_route=%2Fwp%2Fv2%2Fcomments&post=1100"}],"version-history":[{"count":31,"href":"https:\/\/www.tsv-holzerode.de\/index.php?rest_route=\/wp\/v2\/pages\/1100\/revisions"}],"predecessor-version":[{"id":1295,"href":"https:\/\/www.tsv-holzerode.de\/index.php?rest_route=\/wp\/v2\/pages\/1100\/revisions\/1295"}],"wp:attachment":[{"href":"https:\/\/www.tsv-holzerode.de\/index.php?rest_route=%2Fwp%2Fv2%2Fmedia&parent=1100"}],"curies":[{"name":"wp","href":"https:\/\/api.w.org\/{rel}","templated":true}]}}